{"id":2193,"date":"2024-12-18T11:10:34","date_gmt":"2024-12-18T10:10:34","guid":{"rendered":"https:\/\/kreftforeningen.no\/stafettforlivet\/?page_id=2193"},"modified":"2026-03-30T12:35:51","modified_gmt":"2026-03-30T10:35:51","slug":"forside","status":"publish","type":"page","link":"https:\/\/kreftforeningen.no\/stafettforlivet\/","title":{"rendered":"Kreftforeningens Stafett for livet"},"content":{"rendered":"\n<div class=\"wp-block-kf-ingress\"><div class=\"kf-header__ingress\"><p><\/p><\/div><\/div>\n\n\n\t<div style=\"min-height:400px\" class=\"alignwide has-background-dim has-purple-light-background-color is-vertically-aligned-center alignwide alignwide is-style-content-left wp-block-teft-banner\" id=\"wp-block-teft-banner-cd4e161bf471\">\n\t\t\t\t\t<div class=\"wp-block-teft-banner__media\" style=\"background-image: url(https:\/\/kreftforeningen.no\/content\/uploads\/2026\/02\/SFL-Odda-fighterrunde.jpg);background-position: 48% 37%\">\n\t\t\t<\/div>\n\t\t\t\t<div class=\"wp-block-teft-banner__inner-container\">\n\t\t\t\n\n<h1 class=\"wp-block-heading has-black-color has-text-color\" id=\"kreftforeningens-stafett-for-livet\">Kreftforeningens Stafett for livet <\/h1>\n\n\n\n<p>Kreftforeningens Stafett for livet er en hyllest til alle som er rammet av kreft. Familie, venner, skoler, foreninger, arbeidsplasser og andre danner lag for en person de vil st\u00f8tte eller minnes. &nbsp;Sammen skal de g\u00e5 eller l\u00f8pe i et helt d\u00f8gn for vise at det alltid b\u00f8r v\u00e6re noen p\u00e5 banen for den som er syk.<\/p>\n\n\n\n<div class=\"wp-block-buttons is-layout-flex wp-block-buttons-is-layout-flex\">\n<div class=\"wp-block-button\"><a class=\"wp-block-button__link has-purple-background-color has-background wp-element-button\" href=\"https:\/\/kreftforeningen.no\/stafettforlivet\/stafettene\/\">Stafetter 2026<\/a><\/div>\n\n\n\n<div class=\"wp-block-button is-style-fill\"><a class=\"wp-block-button__link has-white-color has-purple-background-color has-text-color has-background has-link-color wp-element-button\" href=\"https:\/\/pamelding.stafettforlivet.no\/stafett\/\" target=\"_blank\" rel=\"noreferrer noopener\">G\u00e5 til p\u00e5melding<\/a><\/div>\n<\/div>\n\n\t\t<\/div>\n\t<\/div>\n\t\n\n\n<blockquote class=\"wp-block-quote is-layout-flow wp-block-quote-is-layout-flow\">\n<p>P\u00e5fyll av energi. Min sorg over en n\u00e6r som d\u00f8de er g\u00e5tt fra tung til lett. Jeg har opplevd at sorgen b\u00e6res av mange. Jeg er ikke alene. Stafett for livet er et nettverk, det knytter mennesker sammen. Uansett hvem du er eller hvor gammel du er.<\/p>\n<cite>Deltaker Stafett for livet<\/cite><\/blockquote>\n\n\n\t<div style=\"min-height:400px\" class=\"alignwide has-background-dim has-grey_light-background-color alignwide alignwide is-style-content-left wp-block-teft-banner\" id=\"wp-block-teft-banner-067b8bfb968a\">\n\t\t\t\t\t<div class=\"wp-block-teft-banner__media\" style=\"background-image: url(https:\/\/kreftforeningen.no\/content\/uploads\/2025\/11\/tegner-lyspose-til-pappa-scaled.jpg);background-position: 53% 40%\">\n\t\t\t<\/div>\n\t\t\t\t<div class=\"wp-block-teft-banner__inner-container\">\n\t\t\t\n\n<h2 class=\"wp-block-heading\" id=\"h-fighter-aeresgjest\">Fighter = \u00e6resgjest<\/h2>\n\n\n\n<p>Har du, eller har du hatt kreft inviterer vi deg til \u00e5 delta som fighter under Stafett for livet. Fighterne er v\u00e5re hedersgjester. Her kan du senke skuldrene, og f\u00e5 en pause fra hverdagen sammen med andre som har det som deg. P\u00e5meldingen \u00e5pner i november!<\/p>\n\n\n\n<div class=\"wp-block-buttons is-style-default is-layout-flex wp-block-buttons-is-layout-flex\">\n<div class=\"wp-block-button\"><a class=\"wp-block-button__link has-purple-background-color has-background wp-element-button\" href=\"https:\/\/kreftforeningen.no\/stafettforlivet\/fighter-aeresgjest\/\">Les mer om \u00e5 v\u00e6re fighter<\/a><\/div>\n\n\n\n<div class=\"wp-block-button is-style-fill\"><a class=\"wp-block-button__link has-white-color has-purple-background-color has-text-color has-background has-link-color wp-element-button\" href=\"https:\/\/pamelding.stafettforlivet.no\/meld-interesse-som-fighter\/\">Meld interesse som fighter<\/a><\/div>\n<\/div>\n\n\t\t<\/div>\n\t<\/div>\n\t\n\n\t<div style=\"min-height:400px\" class=\"alignwide has-background-dim has-purple-light-background-color alignwide alignwide is-style-content-right wp-block-teft-banner\" id=\"wp-block-teft-banner-73f42366e17b\">\n\t\t\t\t\t<div class=\"wp-block-teft-banner__media\" style=\"background-image: url(https:\/\/kreftforeningen.no\/content\/uploads\/2026\/02\/20250913_152142660_iOS-scaled.jpg)\">\n\t\t\t<\/div>\n\t\t\t\t<div class=\"wp-block-teft-banner__inner-container\">\n\t\t\t\n\n<h2 class=\"wp-block-heading\" id=\"h-bli-frivillig\">Bli frivillig!<\/h2>\n\n\n\n<p>Som frivillig kan du v\u00e6re med over en lengre periode i en av arbeidsgruppene som st\u00e5r for planleggingen og gjennomf\u00f8ringen av stafetten, eller du kan v\u00e6re med som frivillig kun p\u00e5 selve arrangementet. Noe for deg?<\/p>\n\n\n\n<div class=\"wp-block-button\"><a class=\"wp-block-button__link has-purple-background-color has-background wp-element-button\" href=\"https:\/\/kreftforeningen.no\/stafettforlivet\/bli-frivillig\/\">Meld deg som frivillig<\/a><\/div>\n\n\t\t<\/div>\n\t<\/div>\n\t\n\n\n<blockquote class=\"wp-block-quote is-layout-flow wp-block-quote-is-layout-flow\">\n<p> Utan tvil den fineste helga. Ei helg fylt med s\u00e5 enormt mykje latter, takknemlighet, sorg, gode samtalar, t\u00e5rer og et fantastisk samhold. Eg har gleda meg lenge til denne helga, men likevel gjekk det over alle forventingar. Ei helg eg kjem til \u00e5 leva lenge p\u00e5.  <\/p>\n<cite>Henriette Hals Guddal, lagleder og deltaker, Stafett for livet F\u00f8rde<\/cite><\/blockquote>\n\n\n\n<div class=\"wp-block-kf-media-links alignwide\"><div class=\"kf-media-content\"><div class=\"kf-media-content__image\"><img decoding=\"async\" loading=\"lazy\" srcset=\"\" sizes=\"(max-width: 800px) calc(100vw - 48px), (max-width: 1376px) calc(50vw - 96px), 2560px\" src=\"https:\/\/kreftforeningen.no\/content\/uploads\/2025\/11\/Fabelaktiv-film-800x429.jpg\" alt=\"To personer if\u00f8rt event-skjorter st\u00e5r smilende sammen p\u00e5 en gresslette, med telt og bygninger i bakgrunnen.\" \/><\/div><div class=\"kf-media-content__content\"><h2 class=\"kf-media-content__title\" id=\"se-film-fra-stafett-for-livet-2025\">Se film fra Stafett for livet 2025<\/h2><p class=\"kf-media-content__description\">Kreftforeningens Stafett for livet er en hyllest til alle som er rammet av kreft. Se klipp fra Stafett for livet Sandefjord med stafettleder Steinar, kreftrammede Eva Britt, og laget hennes som stilte med en helt egen sang.<\/p><div class=\"kf-media-content__items\">\n<div class=\"wp-block-kf-media-links-link\"><a class=\"kf-media-links-link__holder\" href=\"https:\/\/www.facebook.com\/watch\/?v=1199890002102963\"><div class=\"kf-media-links-link__content\"><div class=\"kf-media-links-link__content-inner\"><span class=\"kf-media-links-link__title\">Se filmen her<\/span><\/div><svg xmlns=\"http:\/\/www.w3.org\/2000\/svg\" viewBox=\"0 0 17.367 17.367\" width=\"16\" height=\"16\" aria-hidden=\"true\"><path d=\"M0-8.684v-2.133H13.2L7.16-16.91l1.523-1.523L17.367-9.75,8.684-1.066,7.109-2.59,13.2-8.684Z\" transform=\"translate(0 18.434)\"><\/path><\/svg><\/div><\/a><\/div>\n<\/div><\/div><\/div><\/div>\n\n\n\n\n\t<div style=\"min-height:400px\" class=\"alignwide has-background-dim has-grey_light-background-color alignwide is-style-content-left wp-block-teft-banner\" id=\"wp-block-teft-banner-0d5710dff301\">\n\t\t\t\t\t<div class=\"wp-block-teft-banner__media\" style=\"background-image: url(https:\/\/kreftforeningen.no\/content\/uploads\/2026\/02\/ONS-Claus-Skalevik-Global-Relay-For-Life-35_03424_til-nettside-scaled.jpg)\">\n\t\t\t<\/div>\n\t\t\t\t<div class=\"wp-block-teft-banner__inner-container\">\n\t\t\t\n\n<h2 class=\"wp-block-heading\" id=\"h-ons-global-relay-for-life\"><strong>ONS+ Global Relay For Life<\/strong><\/h2>\n\n\n\n<p>L\u00f8pet er et samarbeid mellom ONS og Kreftforeningen \u2013 fordi energi og helse h\u00f8rer sammen.<\/p>\n\n\n\n<p>Global Relay For Life-l\u00f8pet er \u00e5pent for alle, og deltakere p\u00e5 ONS. St\u00f8tt en god sak samtidig som du f\u00e5r litt aktivitet!<\/p>\n\n\n\n<div class=\"wp-block-buttons is-layout-flex wp-block-buttons-is-layout-flex\">\n<div class=\"wp-block-button\"><a class=\"wp-block-button__link has-purple-background-color has-background wp-element-button\" href=\"https:\/\/www.trippus.se\/web\/registration\/Registration.aspx?view=registration&amp;idcategory=AB0ILBCEtCfpUFFDOMCauqYU5OVWk_fbmRDYMXT0W6Lp1Th-GvwJoISm6TJfdMOhVHbH7abFOy_t&amp;ln=eng\">Les mer om l\u00f8pet<\/a><\/div>\n<\/div>\n\n\t\t<\/div>\n\t<\/div>\n\t\n\n\n<div class=\"wp-block-teft-cards alignwide teft-cards-grid default-size-4\"><div class=\"teft-cards-item has-6-columns is-card-kf-custom has-card-shadow\">\n\t<div class=\"teft-card card_type_page \">\n\t\t<a href=\"https:\/\/kreftforeningen.no\/stafettforlivet\/om-stafett-for-livet\/\" class=\"teft-card__primary-action\">\n\t\t\t<div class=\"teft-card__media teft-card__media--16-9\"><img decoding=\"async\" width=\"1024\" height=\"683\" src=\"https:\/\/kreftforeningen.no\/content\/uploads\/2022\/11\/72_Stafett-for-livet-2022_Bilde-av-Kristian-Karset-Broen-1024x683.jpg\" class=\"attachment-large size-large\" alt=\"en gruppe mennesker i gr\u00f8nne skjorter poserer for et bilde.\" sizes=\"auto, (max-width: 960px) calc(100vw - 48px), calc((100vw - 56px) \/ 3)\" srcset=\"https:\/\/kreftforeningen.no\/content\/uploads\/2022\/11\/72_Stafett-for-livet-2022_Bilde-av-Kristian-Karset-Broen-1024x683.jpg 1024w, https:\/\/kreftforeningen.no\/content\/uploads\/2022\/11\/72_Stafett-for-livet-2022_Bilde-av-Kristian-Karset-Broen-300x200.jpg 300w, https:\/\/kreftforeningen.no\/content\/uploads\/2022\/11\/72_Stafett-for-livet-2022_Bilde-av-Kristian-Karset-Broen-768x512.jpg 768w, https:\/\/kreftforeningen.no\/content\/uploads\/2022\/11\/72_Stafett-for-livet-2022_Bilde-av-Kristian-Karset-Broen-1536x1024.jpg 1536w, https:\/\/kreftforeningen.no\/content\/uploads\/2022\/11\/72_Stafett-for-livet-2022_Bilde-av-Kristian-Karset-Broen-2048x1365.jpg 2048w, https:\/\/kreftforeningen.no\/content\/uploads\/2022\/11\/72_Stafett-for-livet-2022_Bilde-av-Kristian-Karset-Broen-135x90.jpg 135w\" style=\"object-position: 50% 66%\" loading=\"lazy\" \/> <\/div>\t\t\t<div class=\"teft-card__primary\">\n\t\t\t\t<h2 class=\"teft-card__title\" id=\"slik-deltar-du-og-dette-skjer-under-stafetten\">Slik deltar du og dette skjer under stafetten<\/h2>\n\t\t\t<\/div>\n\n\t\t\t<div class=\"teft-card__secondary\">\n\t\t\t\t<p>Kreftforeningens Stafett for livet er den norske utgaven av amerikanske Relay For Life. Lag av ulik st\u00f8rrelse g\u00e5r eller l\u00f8per med hverandre, ikke mot hverandre.<\/p><img decoding=\"async\" src=\"https:\/\/kreftforeningen.no\/content\/themes\/kreftforeningen\/assets\/icons\/arrow-right-blue.svg\" alt=\"Les Slik deltar du og dette skjer under stafetten\" \/>\t\t\t<\/div>\n\t\t<\/a>\n\t<\/div>\n\n\t<\/div>\n\n<div class=\"teft-cards-item has-6-columns is-card-kf-custom has-card-shadow\">\n\t<div class=\"teft-card card_type_page \">\n\t\t<a href=\"https:\/\/kreftforeningen.no\/stafettforlivet\/kreftforeningens-skolestafett-for-livet\/\" class=\"teft-card__primary-action\">\n\t\t\t<div class=\"teft-card__media teft-card__media--16-9\"><img decoding=\"async\" width=\"1024\" height=\"768\" src=\"https:\/\/kreftforeningen.no\/content\/uploads\/2021\/02\/Kreftforeningen_stafett_for_livet_1-1024x768.jpg\" class=\"attachment-large size-large\" alt=\"en gruppe mennesker som st\u00e5r i en sirkel.\" srcset=\"https:\/\/kreftforeningen.no\/content\/uploads\/2021\/02\/Kreftforeningen_stafett_for_livet_1-1024x768.jpg 1024w, https:\/\/kreftforeningen.no\/content\/uploads\/2021\/02\/Kreftforeningen_stafett_for_livet_1-300x225.jpg 300w, https:\/\/kreftforeningen.no\/content\/uploads\/2021\/02\/Kreftforeningen_stafett_for_livet_1-768x576.jpg 768w, https:\/\/kreftforeningen.no\/content\/uploads\/2021\/02\/Kreftforeningen_stafett_for_livet_1-1536x1152.jpg 1536w, https:\/\/kreftforeningen.no\/content\/uploads\/2021\/02\/Kreftforeningen_stafett_for_livet_1-800x600.jpg 800w, https:\/\/kreftforeningen.no\/content\/uploads\/2021\/02\/Kreftforeningen_stafett_for_livet_1-135x101.jpg 135w, https:\/\/kreftforeningen.no\/content\/uploads\/2021\/02\/Kreftforeningen_stafett_for_livet_1.jpg 2048w\" sizes=\"auto, (max-width: 1024px) 100vw, 1024px\" loading=\"lazy\" \/> <\/div>\t\t\t<div class=\"teft-card__primary\">\n\t\t\t\t<h2 class=\"teft-card__title\" id=\"stafett-for-livet-for-skoler-og-barnehager\">Stafett for livet for skoler og barnehager<\/h2>\n\t\t\t<\/div>\n\n\t\t\t<div class=\"teft-card__secondary\">\n\t\t\t\t<p>Vi \u00f8nsker skoler og barnehager velkommen til \u00e5 arrangere Kreftforeningens Barnehagestafett for livet eller Kreftforeningens Skolestafett for livet.<\/p><img decoding=\"async\" src=\"https:\/\/kreftforeningen.no\/content\/themes\/kreftforeningen\/assets\/icons\/arrow-right-blue.svg\" alt=\"Les Stafett for livet for skoler og barnehager\" \/>\t\t\t<\/div>\n\t\t<\/a>\n\t<\/div>\n\n\t<\/div>\n\n<div class=\"teft-cards-item has-4-columns is-card-kf-custom has-card-shadow\">\n\t<div class=\"teft-card card_type_post card_news\">\n\t\t<a href=\"https:\/\/kreftforeningen.no\/stafettforlivet\/aktuelt\/det-blir-spesielt-a-ga-fighter-runden-med-pappaen-min\/\" class=\"teft-card__primary-action\">\n\t\t\t<div class=\"teft-card__media teft-card__media--16-9\"><img decoding=\"async\" width=\"1024\" height=\"578\" src=\"https:\/\/kreftforeningen.no\/content\/uploads\/2025\/08\/20250822_094233-1024x578.jpg\" class=\"attachment-large size-large\" alt=\"En kvinne med kr\u00f8llete h\u00e5r sitter i en gr\u00e5 sofa i en godt opplyst stue med planter og moderne innredning.\" sizes=\"auto, (max-width: 960px) calc(100vw - 48px), calc((100vw - 56px) \/ 3)\" srcset=\"https:\/\/kreftforeningen.no\/content\/uploads\/2025\/08\/20250822_094233-1024x578.jpg 1024w, https:\/\/kreftforeningen.no\/content\/uploads\/2025\/08\/20250822_094233-300x169.jpg 300w, https:\/\/kreftforeningen.no\/content\/uploads\/2025\/08\/20250822_094233-768x434.jpg 768w, https:\/\/kreftforeningen.no\/content\/uploads\/2025\/08\/20250822_094233-1536x867.jpg 1536w, https:\/\/kreftforeningen.no\/content\/uploads\/2025\/08\/20250822_094233-2048x1156.jpg 2048w, https:\/\/kreftforeningen.no\/content\/uploads\/2025\/08\/20250822_094233-135x76.jpg 135w\" style=\"object-position: 56% 27%\" loading=\"lazy\" \/> <\/div>\t\t\t<div class=\"teft-card__primary\">\n\t\t\t\t<span class=\"meta date\">25.08.2025<\/span><h2 class=\"teft-card__title\" id=\"det-blir-spesielt-a-ga-fighter-runden-med-pappaen-min\">&#8211; Det blir spesielt \u00e5 g\u00e5 fighter-runden med pappaen min<\/h2>\n\t\t\t<\/div>\n\n\t\t\t<div class=\"teft-card__secondary\">\n\t\t\t\t<p>\u00a0Tidligere har barna til Marita g\u00e5tt for Team Farmor. N\u00e5 blir det Team farmor, moffa og mamma. \u2013\u00a0Barna mine meldte meg \u00a0og pappa p\u00e5 som fightere.<\/p><img decoding=\"async\" src=\"https:\/\/kreftforeningen.no\/content\/themes\/kreftforeningen\/assets\/icons\/arrow-right-blue.svg\" alt=\"Les &#8211; Det blir spesielt \u00e5 g\u00e5 fighter-runden med pappaen min\" \/>\t\t\t<\/div>\n\t\t<\/a>\n\t<\/div>\n\n\t<\/div>\n\n<div class=\"teft-cards-item has-4-columns is-card-kf-custom has-card-shadow\">\n\t<div class=\"teft-card card_type_post card_news\">\n\t\t<a href=\"https:\/\/kreftforeningen.no\/stafettforlivet\/aktuelt\/brannmannen-rune-ble-bare-53-i-ar-skal-vi-lope-for-a-hedre-han\/\" class=\"teft-card__primary-action\">\n\t\t\t<div class=\"teft-card__media teft-card__media--16-9\"><img decoding=\"async\" width=\"1024\" height=\"683\" src=\"https:\/\/kreftforeningen.no\/content\/uploads\/2025\/08\/SGE8289-1024x683.jpeg\" class=\"attachment-large size-large\" alt=\"En mann gir en kvinne en ridetur utend\u00f8rs, begge smiler, med gr\u00f8nne tr\u00e6r og fjell i bakgrunnen.\" sizes=\"auto, (max-width: 960px) calc(100vw - 48px), calc((100vw - 56px) \/ 3)\" srcset=\"https:\/\/kreftforeningen.no\/content\/uploads\/2025\/08\/SGE8289-1024x683.jpeg 1024w, https:\/\/kreftforeningen.no\/content\/uploads\/2025\/08\/SGE8289-300x200.jpeg 300w, https:\/\/kreftforeningen.no\/content\/uploads\/2025\/08\/SGE8289-768x512.jpeg 768w, https:\/\/kreftforeningen.no\/content\/uploads\/2025\/08\/SGE8289-1536x1024.jpeg 1536w, https:\/\/kreftforeningen.no\/content\/uploads\/2025\/08\/SGE8289-2048x1365.jpeg 2048w, https:\/\/kreftforeningen.no\/content\/uploads\/2025\/08\/SGE8289-135x90.jpeg 135w\" style=\"object-position: 50% 50%\" loading=\"lazy\" \/> <\/div>\t\t\t<div class=\"teft-card__primary\">\n\t\t\t\t<span class=\"meta date\">25.08.2025<\/span><h2 class=\"teft-card__title\" id=\"brannmannen-rune-ble-bare-53-i-ar-skal-vi-lope-for-a-hedre-han\">Brannmannen Rune ble bare 53: &#8211; I \u00e5r skal vi l\u00f8pe for \u00e5 hedre han<\/h2>\n\t\t\t<\/div>\n\n\t\t\t<div class=\"teft-card__secondary\">\n\t\t\t\t<p>I fjor l\u00f8p Stine Benjaminsen for \u00e5 st\u00f8tte sin kreftsyke far. I \u00e5r m\u00e5 hun og resten av Fjordg\u00e5rd l\u00f8peklubb delta p\u00e5 stafetten til minne om han.<\/p><img decoding=\"async\" src=\"https:\/\/kreftforeningen.no\/content\/themes\/kreftforeningen\/assets\/icons\/arrow-right-blue.svg\" alt=\"Les Brannmannen Rune ble bare 53: &#8211; I \u00e5r skal vi l\u00f8pe for \u00e5 hedre han\" \/>\t\t\t<\/div>\n\t\t<\/a>\n\t<\/div>\n\n\t<\/div>\n\n<div class=\"teft-cards-item has-4-columns is-card-kf-custom has-card-shadow\">\n\t<div class=\"teft-card card_type_post card_news\">\n\t\t<a href=\"https:\/\/kreftforeningen.no\/stafettforlivet\/aktuelt\/ivar-76-moter-bare-velvilje-i-jobben-som-frivillig\/\" class=\"teft-card__primary-action\">\n\t\t\t<div class=\"teft-card__media teft-card__media--16-9\"><img decoding=\"async\" width=\"1024\" height=\"576\" src=\"https:\/\/kreftforeningen.no\/content\/uploads\/2025\/08\/Ivar.01-1024x576.jpeg\" class=\"attachment-large size-large\" alt=\"En mann g\u00e5r tur med en liten hund under inngangsbuen til Harstad Bike Park, med gr\u00f8nne \u00e5ser og sykkelramper i bakgrunnen.\" sizes=\"auto, (max-width: 960px) calc(100vw - 48px), calc((100vw - 56px) \/ 3)\" srcset=\"https:\/\/kreftforeningen.no\/content\/uploads\/2025\/08\/Ivar.01-1024x576.jpeg 1024w, https:\/\/kreftforeningen.no\/content\/uploads\/2025\/08\/Ivar.01-300x169.jpeg 300w, https:\/\/kreftforeningen.no\/content\/uploads\/2025\/08\/Ivar.01-768x432.jpeg 768w, https:\/\/kreftforeningen.no\/content\/uploads\/2025\/08\/Ivar.01-1536x864.jpeg 1536w, https:\/\/kreftforeningen.no\/content\/uploads\/2025\/08\/Ivar.01-2048x1152.jpeg 2048w, https:\/\/kreftforeningen.no\/content\/uploads\/2025\/08\/Ivar.01-135x76.jpeg 135w\" style=\"object-position: 55% 60%\" loading=\"lazy\" \/> <\/div>\t\t\t<div class=\"teft-card__primary\">\n\t\t\t\t<span class=\"meta date\">18.08.2025<\/span><h2 class=\"teft-card__title\" id=\"ivar-76-moter-bare-velvilje-i-jobben-som-frivillig\">Ivar (76) m\u00f8ter bare velvilje i jobben som frivillig<\/h2>\n\t\t\t<\/div>\n\n\t\t\t<div class=\"teft-card__secondary\">\n\t\t\t\t<p>Moren til Ivar d\u00f8de av kreft da han var 11 \u00e5r. I fjor d\u00f8de broren. N\u00e5 er han en ivrig frivillig for Kreftforeningens Stafett for livet i Harstad.<\/p><img decoding=\"async\" src=\"https:\/\/kreftforeningen.no\/content\/themes\/kreftforeningen\/assets\/icons\/arrow-right-blue.svg\" alt=\"Les Ivar (76) m\u00f8ter bare velvilje i jobben som frivillig\" \/>\t\t\t<\/div>\n\t\t<\/a>\n\t<\/div>\n\n\t<\/div><\/div>\n\n\n\t<div style=\"min-height:400px\" class=\"alignwide has-background-dim has-purple-light-background-color alignwide is-style-content-left wp-block-teft-banner\" id=\"wp-block-teft-banner-880cc1410b96\">\n\t\t\t\t\t<div class=\"wp-block-teft-banner__media\" style=\"background-image: url(https:\/\/kreftforeningen.no\/content\/uploads\/2024\/06\/Stafett-for-livet-Sparebankem-More-foto-Hilde-Wormdal-scaled.jpeg)\">\n\t\t\t<\/div>\n\t\t\t\t<div class=\"wp-block-teft-banner__inner-container\">\n\t\t\t\n\n<h2 class=\"wp-block-heading\" id=\"h-at-arbeidsplassen-din-engasjerer-seg-bidrar-jo-til-at-man-blir-stolt\">\u2013 At arbeidsplassen din engasjerer seg, bidrar jo til at man blir stolt<\/h2>\n\n\n\n<p>Det sier Andreas Ulvestad, banksjef i Sparebanken M\u00f8re \u2013 avdeling Spjelkavik. <\/p>\n\n\n\n<p>Det finnes mange m\u00e5ter \u00e5 engasjere seg p\u00e5. Sparebanken M\u00f8re har tatt i bruk hele verkt\u00f8ykassa. Det merker lokalsamfunnet.<\/p>\n\n\n\n<div class=\"wp-block-button\"><a class=\"wp-block-button__link has-purple-background-color has-background wp-element-button\" href=\"https:\/\/kreftforeningen.no\/stafettforlivet\/aktuelt\/med-hjerte-for-lokalsamfunnet-og-kreftsaken\/\">Slik engasjerer banken seg<\/a><\/div>\n\n\t\t<\/div>\n\t<\/div>\n\t\n\n\n\n\t<div style=\"min-height:400px\" class=\"alignwide has-background-dim has-purple-light-background-color alignwide is-style-content-left wp-block-teft-banner\" id=\"wp-block-teft-banner-ebb0b3f37eb1\">\n\t\t\t\t\t<div class=\"wp-block-teft-banner__media\" style=\"background-image: url(https:\/\/kreftforeningen.no\/content\/uploads\/2024\/02\/IMG_5890.jpg)\">\n\t\t\t<\/div>\n\t\t\t\t<div class=\"wp-block-teft-banner__inner-container\">\n\t\t\t\n\n<h2 class=\"wp-block-heading\" id=\"h-stafett-for-livet-er-arets-fineste-dogn\">\u2013 Stafett for livet er \u00e5rets fineste d\u00f8gn<\/h2>\n\n\n\n<p>N\u00e5r Stafett for livet g\u00e5r av stabelen i Trondheim, stiller Securitas Trondheim med lag for tredje gang. \u2013 Stafetten har blitt det viktigste team building-arrangementet vi har i l\u00f8pet av \u00e5ret,&nbsp;forteller de. <\/p>\n\n\n\n<div class=\"wp-block-button\"><a class=\"wp-block-button__link has-purple-background-color has-background wp-element-button\" href=\"https:\/\/kreftforeningen.no\/stafettforlivet\/aktuelt\/stafett-for-livet-er-arets-fineste-dogn\/\">Les om deres engasjement<\/a><\/div>\n\n\t\t<\/div>\n\t<\/div>\n\t\n\n\t<div style=\"min-height:400px\" class=\"alignwide has-background-dim has-purple-light-background-color is-vertically-aligned-center alignwide alignwide is-style-content-right wp-block-teft-banner\" id=\"wp-block-teft-banner-b79afa1c16cb\">\n\t\t\t\t\t<div class=\"wp-block-teft-banner__media\" style=\"background-image: url(https:\/\/kreftforeningen.no\/content\/uploads\/2021\/04\/Rune4.jpg)\">\n\t\t\t<\/div>\n\t\t\t\t<div class=\"wp-block-teft-banner__inner-container\">\n\t\t\t\n\n<h2 class=\"wp-block-heading\" id=\"h-stafett-for-livet-ga-meg-en-mening\">\u2013 Stafett for livet ga meg en mening<\/h2>\n\n\n\n<p>Rune Lunde og familien har m\u00e5ttet leve med kreft tett p\u00e5 livet mer enn \u00e9n gang. Historien er hjerteskj\u00e6rende, men de deler den likevel. For kreftsakens skyld. I mars ble Rune tildelt&nbsp;<em>Global Recognition Award<\/em>&nbsp;fra den internasjonale Stafett for livet-stiftelsen.<\/p>\n\n\n\n<div class=\"wp-block-button\"><a class=\"wp-block-button__link has-purple-background-color has-background wp-element-button\" href=\"https:\/\/kreftforeningen.no\/aktuelt\/finnes-det-senger-i-himmelen\/\">Les Runes historie<\/a><\/div>\n\n\t\t<\/div>\n\t<\/div>\n\t\n\n\n<div class=\"wp-block-kf-file-download kf-downloadable\"><div class=\"thumbnail \"><img decoding=\"async\" src=\"https:\/\/kreftforeningen.no\/content\/uploads\/2026\/03\/Arsrapport_StafettForLivet_2025_5-pdf-1.jpg\" alt=\"\u00c5rsrapport for Kreftforeningens Stafett for livet 2024\" \/><\/div><div class=\"kf-downloadable-content\"><h3 class=\"headline\" id=\"arsrapport-for-kreftforeningens-stafett-for-livet-2024\">\u00c5rsrapport for Kreftforeningens Stafett for livet 2024<\/h3><p class=\"desc\">2025 var en fantastisk stafettsesong, i denne rapporten deler vi h\u00f8ydepunktene fra \u00e5ret som har g\u00e5tt.<\/p><div class=\"downloadable-links\"><a aria-label=\"Last ned \u00c5rsrapport for Kreftforeningens Stafett for livet 2024\" class=\"dbl-link\" href=\"https:\/\/kreftforeningen.no\/content\/uploads\/2026\/03\/Arsrapport_StafettForLivet_2025_5.pdf\"> <svg xmlns=\"http:\/\/www.w3.org\/2000\/svg\" width=\"24\" height=\"24\" viewBox=\"0 0 24 24\" fill=\"none\" aria-hidden=\"true\"><g><path d=\"M21 15V19C21 19.5304 20.7893 20.0391 20.4142 20.4142C20.0391 20.7893 19.5304 21 19 21H5C4.46957 21 3.96086 20.7893 3.58579 20.4142C3.21071 20.0391 3 19.5304 3 19V15\" stroke=\"#287CB8\" stroke-width=\"2\" stroke-linecap=\"round\" stroke-linejoin=\"round\"><\/path><path d=\"M7 10L12 15L17 10\" stroke=\"#287CB8\" stroke-width=\"2\" stroke-linecap=\"round\" stroke-linejoin=\"round\"><\/path><path d=\"M12 15V3\" stroke=\"#287CB8\" stroke-width=\"2\" stroke-linecap=\"round\" stroke-linejoin=\"round\"><\/path><\/g><\/svg> Last ned <\/a><\/div><\/div><\/div>\n\n\n","protected":false},"excerpt":{"rendered":"<p>P\u00e5fyll av energi. Min sorg over en n\u00e6r som d\u00f8de er g\u00e5tt fra tung til lett. Jeg har opplevd at sorgen b\u00e6res av mange. Jeg er ikke alene. Stafett for livet er et nettverk, det knytter mennesker sammen. Uansett hvem du er eller hvor gammel du er. Deltaker Stafett for livet Utan tvil den fineste [&hellip;]<\/p>\n","protected":false},"author":4,"featured_media":205586,"parent":0,"menu_order":0,"comment_status":"closed","ping_status":"closed","template":"","meta":{"_relevanssi_hide_post":"","_relevanssi_hide_content":"","_relevanssi_pin_for_all":"","_relevanssi_pin_keywords":"","_relevanssi_unpin_keywords":"","_relevanssi_related_keywords":"","_relevanssi_related_include_ids":"","_relevanssi_related_exclude_ids":"","_relevanssi_related_no_append":"","_relevanssi_related_not_related":"","_relevanssi_related_posts":"1","_relevanssi_noindex_reason":"","kf_show_post_date":false,"kf_show_updated_date":false,"kf_show_print_page":false,"kf_show_chapters":false,"kf_show_chapters_expanded":false,"kf_show_post_outdated":true,"kf_toggle_title":true,"kf_is_template":false,"kf_post_authors":[],"teft_cards_label":"","teft_cards_image_id":0,"teft_cards_image_focal_point_x":0.5,"teft_cards_image_focal_point_y":0.5,"teft_cards_title":"","teft_cards_excerpt":"","footnotes":""},"class_list":["post-2193","page","type-page","status-publish","has-post-thumbnail","hentry"],"yoast_head":"<!-- This site is optimized with the Yoast SEO Premium plugin v27.3 (Yoast SEO v27.4) - https:\/\/yoast.com\/product\/yoast-seo-premium-wordpress\/ -->\n<title>Kreftforeningens Stafett for livet<\/title>\n<meta name=\"robots\" content=\"index, follow, max-snippet:-1, max-image-preview:large, max-video-preview:-1\" \/>\n<link rel=\"canonical\" href=\"https:\/\/kreftforeningen.no\/stafettforlivet\/\" \/>\n<meta property=\"og:locale\" content=\"nb_NO\" \/>\n<meta property=\"og:type\" content=\"article\" \/>\n<meta property=\"og:title\" content=\"Kreftforeningens Stafett for livet\" \/>\n<meta property=\"og:description\" content=\"P\u00e5fyll av energi. Min sorg over en n\u00e6r som d\u00f8de er g\u00e5tt fra tung til lett. Jeg har opplevd at sorgen b\u00e6res av mange. Jeg er ikke alene. Stafett for livet er et nettverk, det knytter mennesker sammen. Uansett hvem du er eller hvor gammel du er. Deltaker Stafett for livet Utan tvil den fineste [&hellip;]\" \/>\n<meta property=\"og:url\" content=\"https:\/\/kreftforeningen.no\/stafettforlivet\/\" \/>\n<meta property=\"og:site_name\" content=\"Kreftforeningens Stafett for livet\" \/>\n<meta property=\"article:published_time\" content=\"2024-12-18T10:10:34+00:00\" \/>\n<meta property=\"article:modified_time\" content=\"2026-03-30T10:35:51+00:00\" \/>\n<meta property=\"og:image\" content=\"https:\/\/kreftforeningen.no\/content\/uploads\/2026\/02\/SFL-Odda-fighterrunde.jpg\" \/>\n\t<meta property=\"og:image:width\" content=\"2048\" \/>\n\t<meta property=\"og:image:height\" content=\"2048\" \/>\n\t<meta property=\"og:image:type\" content=\"image\/jpeg\" \/>\n<meta name=\"twitter:card\" content=\"summary_large_image\" \/>\n<meta name=\"twitter:label1\" content=\"Ansl. lesetid\" \/>\n\t<meta name=\"twitter:data1\" content=\"4 minutter\" \/>\n<script type=\"application\/ld+json\" class=\"yoast-schema-graph\">{\"@context\":\"https:\\\/\\\/schema.org\",\"@graph\":[{\"@type\":\"WebPage\",\"@id\":\"https:\\\/\\\/kreftforeningen.no\\\/stafettforlivet\\\/\",\"url\":\"https:\\\/\\\/kreftforeningen.no\\\/stafettforlivet\\\/\",\"name\":\"Kreftforeningens Stafett for livet\",\"isPartOf\":{\"@id\":\"https:\\\/\\\/kreftforeningen.no\\\/stafettforlivet\\\/#website\"},\"primaryImageOfPage\":{\"@id\":\"https:\\\/\\\/kreftforeningen.no\\\/stafettforlivet\\\/#primaryimage\"},\"image\":{\"@id\":\"https:\\\/\\\/kreftforeningen.no\\\/stafettforlivet\\\/#primaryimage\"},\"thumbnailUrl\":\"https:\\\/\\\/kreftforeningen.no\\\/content\\\/uploads\\\/2026\\\/02\\\/SFL-Odda-fighterrunde.jpg\",\"datePublished\":\"2024-12-18T10:10:34+00:00\",\"dateModified\":\"2026-03-30T10:35:51+00:00\",\"breadcrumb\":{\"@id\":\"https:\\\/\\\/kreftforeningen.no\\\/stafettforlivet\\\/#breadcrumb\"},\"inLanguage\":\"nb-NO\",\"potentialAction\":[{\"@type\":\"ReadAction\",\"target\":[\"https:\\\/\\\/kreftforeningen.no\\\/stafettforlivet\\\/\"]}]},{\"@type\":\"ImageObject\",\"inLanguage\":\"nb-NO\",\"@id\":\"https:\\\/\\\/kreftforeningen.no\\\/stafettforlivet\\\/#primaryimage\",\"url\":\"https:\\\/\\\/kreftforeningen.no\\\/content\\\/uploads\\\/2026\\\/02\\\/SFL-Odda-fighterrunde.jpg\",\"contentUrl\":\"https:\\\/\\\/kreftforeningen.no\\\/content\\\/uploads\\\/2026\\\/02\\\/SFL-Odda-fighterrunde.jpg\"},{\"@type\":\"BreadcrumbList\",\"@id\":\"https:\\\/\\\/kreftforeningen.no\\\/stafettforlivet\\\/#breadcrumb\",\"itemListElement\":[{\"@type\":\"ListItem\",\"position\":1,\"name\":\"Forside\",\"item\":\"https:\\\/\\\/kreftforeningen.no\\\/stafettforlivet\\\/\"},{\"@type\":\"ListItem\",\"position\":2,\"name\":\"Kreftforeningens Stafett for livet\"}]},{\"@type\":\"WebSite\",\"@id\":\"https:\\\/\\\/kreftforeningen.no\\\/stafettforlivet\\\/#website\",\"url\":\"https:\\\/\\\/kreftforeningen.no\\\/stafettforlivet\\\/\",\"name\":\"Kreftforeningens Stafett for livet\",\"description\":\"\",\"publisher\":{\"@id\":\"https:\\\/\\\/kreftforeningen.no\\\/stafettforlivet\\\/#organization\"},\"potentialAction\":[{\"@type\":\"SearchAction\",\"target\":{\"@type\":\"EntryPoint\",\"urlTemplate\":\"https:\\\/\\\/kreftforeningen.no\\\/stafettforlivet\\\/?s={search_term_string}\"},\"query-input\":{\"@type\":\"PropertyValueSpecification\",\"valueRequired\":true,\"valueName\":\"search_term_string\"}}],\"inLanguage\":\"nb-NO\"},{\"@type\":\"Organization\",\"@id\":\"https:\\\/\\\/kreftforeningen.no\\\/stafettforlivet\\\/#organization\",\"name\":\"Kreftforeningens Stafett for livet\",\"url\":\"https:\\\/\\\/kreftforeningen.no\\\/stafettforlivet\\\/\",\"logo\":{\"@type\":\"ImageObject\",\"inLanguage\":\"nb-NO\",\"@id\":\"https:\\\/\\\/kreftforeningen.no\\\/stafettforlivet\\\/#\\\/schema\\\/logo\\\/image\\\/\",\"url\":\"https:\\\/\\\/kreftforeningen.no\\\/content\\\/uploads\\\/2020\\\/05\\\/cropped-LogoStafettForLivet130-1.png\",\"contentUrl\":\"https:\\\/\\\/kreftforeningen.no\\\/content\\\/uploads\\\/2020\\\/05\\\/cropped-LogoStafettForLivet130-1.png\",\"caption\":\"Kreftforeningens Stafett for livet\"},\"image\":{\"@id\":\"https:\\\/\\\/kreftforeningen.no\\\/stafettforlivet\\\/#\\\/schema\\\/logo\\\/image\\\/\"}}]}<\/script>\n<!-- \/ Yoast SEO Premium plugin. -->","yoast_head_json":{"title":"Kreftforeningens Stafett for livet","robots":{"index":"index","follow":"follow","max-snippet":"max-snippet:-1","max-image-preview":"max-image-preview:large","max-video-preview":"max-video-preview:-1"},"canonical":"https:\/\/kreftforeningen.no\/stafettforlivet\/","og_locale":"nb_NO","og_type":"article","og_title":"Kreftforeningens Stafett for livet","og_description":"P\u00e5fyll av energi. Min sorg over en n\u00e6r som d\u00f8de er g\u00e5tt fra tung til lett. Jeg har opplevd at sorgen b\u00e6res av mange. Jeg er ikke alene. Stafett for livet er et nettverk, det knytter mennesker sammen. Uansett hvem du er eller hvor gammel du er. Deltaker Stafett for livet Utan tvil den fineste [&hellip;]","og_url":"https:\/\/kreftforeningen.no\/stafettforlivet\/","og_site_name":"Kreftforeningens Stafett for livet","article_published_time":"2024-12-18T10:10:34+00:00","article_modified_time":"2026-03-30T10:35:51+00:00","og_image":[{"width":2048,"height":2048,"url":"https:\/\/kreftforeningen.no\/content\/uploads\/2026\/02\/SFL-Odda-fighterrunde.jpg","type":"image\/jpeg"}],"twitter_card":"summary_large_image","twitter_misc":{"Ansl. lesetid":"4 minutter"},"schema":{"@context":"https:\/\/schema.org","@graph":[{"@type":"WebPage","@id":"https:\/\/kreftforeningen.no\/stafettforlivet\/","url":"https:\/\/kreftforeningen.no\/stafettforlivet\/","name":"Kreftforeningens Stafett for livet","isPartOf":{"@id":"https:\/\/kreftforeningen.no\/stafettforlivet\/#website"},"primaryImageOfPage":{"@id":"https:\/\/kreftforeningen.no\/stafettforlivet\/#primaryimage"},"image":{"@id":"https:\/\/kreftforeningen.no\/stafettforlivet\/#primaryimage"},"thumbnailUrl":"https:\/\/kreftforeningen.no\/content\/uploads\/2026\/02\/SFL-Odda-fighterrunde.jpg","datePublished":"2024-12-18T10:10:34+00:00","dateModified":"2026-03-30T10:35:51+00:00","breadcrumb":{"@id":"https:\/\/kreftforeningen.no\/stafettforlivet\/#breadcrumb"},"inLanguage":"nb-NO","potentialAction":[{"@type":"ReadAction","target":["https:\/\/kreftforeningen.no\/stafettforlivet\/"]}]},{"@type":"ImageObject","inLanguage":"nb-NO","@id":"https:\/\/kreftforeningen.no\/stafettforlivet\/#primaryimage","url":"https:\/\/kreftforeningen.no\/content\/uploads\/2026\/02\/SFL-Odda-fighterrunde.jpg","contentUrl":"https:\/\/kreftforeningen.no\/content\/uploads\/2026\/02\/SFL-Odda-fighterrunde.jpg"},{"@type":"BreadcrumbList","@id":"https:\/\/kreftforeningen.no\/stafettforlivet\/#breadcrumb","itemListElement":[{"@type":"ListItem","position":1,"name":"Forside","item":"https:\/\/kreftforeningen.no\/stafettforlivet\/"},{"@type":"ListItem","position":2,"name":"Kreftforeningens Stafett for livet"}]},{"@type":"WebSite","@id":"https:\/\/kreftforeningen.no\/stafettforlivet\/#website","url":"https:\/\/kreftforeningen.no\/stafettforlivet\/","name":"Kreftforeningens Stafett for livet","description":"","publisher":{"@id":"https:\/\/kreftforeningen.no\/stafettforlivet\/#organization"},"potentialAction":[{"@type":"SearchAction","target":{"@type":"EntryPoint","urlTemplate":"https:\/\/kreftforeningen.no\/stafettforlivet\/?s={search_term_string}"},"query-input":{"@type":"PropertyValueSpecification","valueRequired":true,"valueName":"search_term_string"}}],"inLanguage":"nb-NO"},{"@type":"Organization","@id":"https:\/\/kreftforeningen.no\/stafettforlivet\/#organization","name":"Kreftforeningens Stafett for livet","url":"https:\/\/kreftforeningen.no\/stafettforlivet\/","logo":{"@type":"ImageObject","inLanguage":"nb-NO","@id":"https:\/\/kreftforeningen.no\/stafettforlivet\/#\/schema\/logo\/image\/","url":"https:\/\/kreftforeningen.no\/content\/uploads\/2020\/05\/cropped-LogoStafettForLivet130-1.png","contentUrl":"https:\/\/kreftforeningen.no\/content\/uploads\/2020\/05\/cropped-LogoStafettForLivet130-1.png","caption":"Kreftforeningens Stafett for livet"},"image":{"@id":"https:\/\/kreftforeningen.no\/stafettforlivet\/#\/schema\/logo\/image\/"}}]}},"_links":{"self":[{"href":"https:\/\/kreftforeningen.no\/stafettforlivet\/wp-json\/wp\/v2\/pages\/2193","targetHints":{"allow":["GET"]}}],"collection":[{"href":"https:\/\/kreftforeningen.no\/stafettforlivet\/wp-json\/wp\/v2\/pages"}],"about":[{"href":"https:\/\/kreftforeningen.no\/stafettforlivet\/wp-json\/wp\/v2\/types\/page"}],"author":[{"embeddable":true,"href":"https:\/\/kreftforeningen.no\/stafettforlivet\/wp-json\/wp\/v2\/users\/4"}],"replies":[{"embeddable":true,"href":"https:\/\/kreftforeningen.no\/stafettforlivet\/wp-json\/wp\/v2\/comments?post=2193"}],"version-history":[{"count":36,"href":"https:\/\/kreftforeningen.no\/stafettforlivet\/wp-json\/wp\/v2\/pages\/2193\/revisions"}],"predecessor-version":[{"id":3173,"href":"https:\/\/kreftforeningen.no\/stafettforlivet\/wp-json\/wp\/v2\/pages\/2193\/revisions\/3173"}],"wp:featuredmedia":[{"embeddable":true,"href":"https:\/\/kreftforeningen.no\/stafettforlivet\/wp-json\/"}],"wp:attachment":[{"href":"https:\/\/kreftforeningen.no\/stafettforlivet\/wp-json\/wp\/v2\/media?parent=2193"}],"curies":[{"name":"wp","href":"https:\/\/api.w.org\/{rel}","templated":true}]}}