{"id":110,"date":"2020-06-12T12:54:28","date_gmt":"2020-06-12T10:54:28","guid":{"rendered":"https:\/\/prod2020.kreftforeningen.no\/stafettforlivet\/?post_type=service&#038;p=110"},"modified":"2026-04-13T09:34:14","modified_gmt":"2026-04-13T07:34:14","slug":"kreftforeningens-stafett-for-livet-alesund","status":"publish","type":"service","link":"https:\/\/kreftforeningen.no\/stafettforlivet\/tilbud\/kreftforeningens-stafett-for-livet-alesund\/","title":{"rendered":"Kreftforeningens Stafett for livet \u00c5lesund"},"content":{"rendered":"\n\n\n<div class=\"wp-block-kf-ingress\"><div class=\"kf-header__ingress\"><p>Vi samles for \u00e5 vise v\u00e5r st\u00f8tte til alle som er rammet av kreft i et helt d\u00f8gn. Hjertelig velkommen &#8211; uansett om du er med p\u00e5 et lag eller ikke.<\/p><\/div><\/div>\n\n\n\n<h2 class=\"wp-block-heading\" id=\"h-tid\">Tid<\/h2>\n\n\n\n<p>12.-13. september 2026<\/p>\n\n\n\n<h2 class=\"wp-block-heading\" id=\"h-sted\">Sted<\/h2>\n\n\n\n<p>Spjelkavik kunstgrasbane, Vasstrandvegen 70, 6011 \u00c5lesund<\/p>\n\n\n\n<div class=\"wp-block-buttons is-style-default is-layout-flex wp-block-buttons-is-layout-flex\">\n<div class=\"wp-block-button\"><a class=\"wp-block-button__link has-purple-background-color has-background wp-element-button\" href=\"https:\/\/pamelding.stafettforlivet.no\/stafett\/alesund\/\">Meld deg p\u00e5<\/a><\/div>\n<\/div>\n\n\n\n\n\t<div class=\"kf-accentuated-link__facebook wp-block-kf-accentuated-link\">\n\t\t\t\t<div class=\"kf-link__content\">\n\t\t\t\t\t\t\t<div class=\"kf-link__tagline\">F\u00f8lg stafetten<\/div>\n\t\t\t\t\t\t<a class=\"kf-link__link\" target=\"_self\" href=\"https:\/\/www.facebook.com\/stafettforlivetaalesund\/\">\n\t\t\t\tKreftforeningens Stafett for livet \u00c5lesund p\u00e5 Facebook\t\t\t\t\t\t\t\t\t<span class=\"kf-link__link-source\">facebook.com<\/span>\n\t\t\t\t\t\t\t<\/a>\n\t\t<\/div>\n\t<\/div>\n\t\n\n\n<h2 class=\"wp-block-heading\" id=\"h-hva-er-stafett-for-livet\">Hva er stafett for livet?<\/h2>\n\n\n\n<p>Kreftforeningens Stafett for livet er en hyllest til alle som er rammet av kreft. Familie, venner, skoler, foreninger, arbeidsplasser og andre danner lag for en person de vil st\u00f8tte eller minnes. Sammen skal de g\u00e5 eller l\u00f8pe i et helt d\u00f8gn for \u00e5 vise at det alltid b\u00e6r v\u00e6re noen p\u00e5 banen for den som er syk. <\/p>\n\n\n\n<div class=\"wp-block-kf-accordion is-questions-closed is-style-normal\"><h2 class=\"kf-accordion__title\" id=\"slik-deltar-du-i-stafett-for-livet\">Slik deltar du i Stafett for livet<\/h2>\n<div class=\"wp-block-kf-accordion-item\"><h3 class=\"kf-accordion__question\" id=\"delta-pa-et-lag\"><button type=\"button\" class=\"kf-accordion__button\">Delta p\u00e5 et lag <\/button><\/h3><div class=\"kf-accordion__answer\">\n<p>Du kan delta p\u00e5 Stafett for livet ved \u00e5 <a href=\"https:\/\/pamelding.stafettforlivet.no\/stafett\/\">opprette ditt eget lag eller delta som lagdeltaker<\/a>. Invit\u00e9r familie, venner, studievenner, skoleklassen, syklubben, foreningen\/laget og kollegaer til \u00e5 bli med. Mange lag har en person de vil minnes eller hylle, andre vil vise sitt engasjement for kreftsaken.<\/p>\n<\/div><\/div>\n\n\n\n<div class=\"wp-block-kf-accordion-item\"><h3 class=\"kf-accordion__question\" id=\"delta-som-fighter\"><button type=\"button\" class=\"kf-accordion__button\">Delta som fighter<\/button><\/h3><div class=\"kf-accordion__answer\">\n<p>Har du, eller har du hatt kreft kan du delta som <a href=\"https:\/\/kreftforeningen.no\/stafettforlivet\/fighter-aeresgjest\/\">fighter.<\/a> Fighterne er stafettens \u00e6resgjester, og inviteres til et eget program under deler av stafetten. Du kan delta p\u00e5 et lag selv om du er fighter.<\/p>\n<\/div><\/div>\n\n\n\n<div class=\"wp-block-kf-accordion-item\"><h3 class=\"kf-accordion__question\" id=\"bli-frivillig\"><button type=\"button\" class=\"kf-accordion__button\">Bli frivillig<\/button><\/h3><div class=\"kf-accordion__answer\">\n<p><strong>Bli frivillig<br><\/strong>Stafett for livet drives av frivillige i Kreftforeningen, og de frivilliges innsats er helt avgj\u00f8rende for \u00e5 f\u00e5 til et godt arrangement. B\u00e5de i forkant og under stafetten er det mange ulike oppgaver som skal gj\u00f8res, og vi trenger frivillige i ulike roller. Kontakt din lokal stafett for \u00e5 melde deg som frivillig. <a href=\"https:\/\/kreftforeningen.no\/stafettforlivet\/bli-frivillig\/\">Les mer og meld din interesse her<\/a>.<\/p>\n<\/div><\/div>\n\n\n\n<div class=\"wp-block-kf-accordion-item\"><h3 class=\"kf-accordion__question\" id=\"bli-sponsor-eller-stottespiller-alle-bidrag-teller\"><button type=\"button\" class=\"kf-accordion__button\">Bli sponsor eller st\u00f8ttespiller- alle bidrag teller<\/button><\/h3><div class=\"kf-accordion__answer\">\n<p>Som st\u00f8ttespiller eller sponsor kan du vise din st\u00f8tte ved \u00e5 gi penger til kreftsaken, eller ved \u00e5 st\u00f8tte en stafett med varer og tjenester. Det er ogs\u00e5 mulig \u00e5 starte en egen digital innsamling. &nbsp;Du kan st\u00f8tte en stafett, et lag eller en deltaker. Du kan ogs\u00e5 st\u00f8tte ved \u00e5 kj\u00f8pe lysposer til lysseremonien. <a href=\"https:\/\/kreftforeningen.no\/stafettforlivet\/kontakt-stafett-for-livet\/\">Ta kontakt med din lokale stafett<\/a> og h\u00f8r hvordan du kan bidra.<\/p>\n<\/div><\/div>\n<\/div>\n\n\n\n<div class=\"wp-block-kf-accordion is-questions-closed is-style-normal\"><h2 class=\"kf-accordion__title\" id=\"praktisk-informasjon-til-lagene\">Praktisk informasjon til lagene<\/h2><p class=\"kf-accordion__description\">Skal du delta som lag p\u00e5 stafetten? Her finner du viktig informasjon. <\/p>\n<div class=\"wp-block-kf-accordion-item\"><h3 class=\"kf-accordion__question\" id=\"telt\"><button type=\"button\" class=\"kf-accordion__button\">Telt<\/button><\/h3><div class=\"kf-accordion__answer\">\n<p>Dere kan leie telt via Kreftforeningen, da tar vi dialogen med Hallspesialisten, som setter opp, sikrer og tar ned teltet igjen for deg. Hver modul er p\u00e5 3&#215;3 meter. Dere kan leie og sl\u00e5 sammen flere moduler.<\/p>\n\n\n\n<p>Du kan ogs\u00e5 ha med eget. HUSK \u00e5 gi oss tilbakemelding, b\u00e5de hvis du \u00f8nsker \u00e5 leie, og hvis du tar med eget talt, da vi m\u00e5 tegne dere inn p\u00e5 arenakartet.<\/p>\n\n\n\n<p>Dersom dere \u00f8nsker \u00e5 leie, m\u00e5 vi ha beskjed innen utgangen av august. Prisen p\u00e5 leie er kr 3500 kr inkludert mva (2800 eks. mva) til bedrifter, og 2200 kr til privatpersoner og organisasjoner. Faktura blir sendt direkte til lagkaptein\/fakturaansvarlig.<\/p>\n\n\n\n<p>Til dere som tar med eget telt: Husk lodd for \u00e5 holde teltet p\u00e5 plass. Det er ikke anledning til \u00e5 feste teltet med pinner\/p\u00e5ler el. ettersom vi skal v\u00e6re p\u00e5 en kunstgressbane. Vi anbefaler sandsekker eller lodd som holder beina st\u00f8dig p\u00e5 bakken.<\/p>\n<\/div><\/div>\n\n\n\n<div class=\"wp-block-kf-accordion-item\"><h3 class=\"kf-accordion__question\" id=\"opprigging\"><button type=\"button\" class=\"kf-accordion__button\">Opprigging<\/button><\/h3><div class=\"kf-accordion__answer\">\n<p>Teltene fra Hallspesialisten blir satt opp fredag ettermiddag.<\/p>\n\n\n\n<p>P\u00e5 fredagen blir frivillige p\u00e5 stadion frem til kl. 19\/20. Dersom dere \u00f8nsker \u00e5 sette opp eget telt eller innrede deres telt p\u00e5 fredagen er det mulig. Det vil ikke bli vakthold natt til l\u00f8rdag, s\u00e5 telt og annet utstyr settes opp p\u00e5 eget ansvar. Vi er p\u00e5 plass igjen l\u00f8rdag fra kl. 09.00.<\/p>\n\n\n\n<p>Det er veldig koselig om dere setter preg p\u00e5 teltene ved \u00e5 innrede og dekorere dem. Dersom dere \u00f8nsker str\u00f8m, ta med en lang skj\u00f8teledning<br><br><em>VIKTIG:<\/em> Det er ikke lov med grill, levende lys eller lignende inne i teltet eller p\u00e5 arenaen.<\/p>\n<\/div><\/div>\n\n\n\n<div class=\"wp-block-kf-accordion-item\"><h3 class=\"kf-accordion__question\" id=\"strom\"><button type=\"button\" class=\"kf-accordion__button\">Str\u00f8m<\/button><\/h3><div class=\"kf-accordion__answer\">\n<p>Det er tilgang p\u00e5 noe str\u00f8m, s\u00e5 det er mulig \u00e5 f\u00e5 lys til lyslenker og lading av telefoner og lignende. Ta med egen str\u00f8m-trommel.<\/p>\n<\/div><\/div>\n\n\n\n<div class=\"wp-block-kf-accordion-item\"><h3 class=\"kf-accordion__question\" id=\"registrering\"><button type=\"button\" class=\"kf-accordion__button\">Registrering<\/button><\/h3><div class=\"kf-accordion__answer\">\n<p>Lagleder eller en representant m\u00e5 registrere laget sitt ved ankomst l\u00f8rdag (09.00-11.30), den f\u00e5r da ogs\u00e5 utdelt lagets stafettpinne og teltplassering. Det er g\u00f8y om dere \u00f8nsker \u00e5 sette et preg p\u00e5 stafettpinnen og lagets \u201crunderegistrerings-trykkert\u201d.&nbsp; Runderegistreringene vil v\u00e6re ved Vardesenter-teltet.<\/p>\n<\/div><\/div>\n\n\n\n<div class=\"wp-block-kf-accordion-item\"><h3 class=\"kf-accordion__question\" id=\"parkering\"><button type=\"button\" class=\"kf-accordion__button\">Parkering<\/button><\/h3><div class=\"kf-accordion__answer\">\n<p>Benytt parkeringen ved Turheisa, Spjelkavik vgs eller Spjelkavik ungdomsskole. Korte stopp for \u00e5 sette fra seg utstyr til telt tillates ved servicebygget.<\/p>\n<\/div><\/div>\n\n\n\n<div class=\"wp-block-kf-accordion-item\"><h3 class=\"kf-accordion__question\" id=\"arrangementet\"><button type=\"button\" class=\"kf-accordion__button\">Arrangementet<\/button><\/h3><div class=\"kf-accordion__answer\">\n<p>Stafetten \u00e5pnes fra scenen kl 12.00. Hvis dere har mulighet er det veldig fint om s\u00e5 mange som mulig av lagmedlemmene er tilstede da.<\/p>\n\n\n\n<p>Etter en markering fra scenen og med innrop av lag settes stafetten i gang med en felles runde inne p\u00e5 stadion. Fighterene g\u00e5r f\u00f8rst, det er v\u00e5re \u00e6resgjester, mennesker som har kommet seg gjennom kreftbehandling eller st\u00e5r i det n\u00e5. Lagene og andre f\u00f8lger bak. Etter f\u00f8rste runde kan en fordele seg innad i lagene og g\u00e5 de l\u00f8ypene en selv \u00f8nsker.<\/p>\n<\/div><\/div>\n\n\n\n<div class=\"wp-block-kf-accordion-item\"><h3 class=\"kf-accordion__question\" id=\"program\"><button type=\"button\" class=\"kf-accordion__button\">Program<\/button><\/h3><div class=\"kf-accordion__answer\">\n<p>Se nettsiden eller facebook arrangementet for oppdatert program.<\/p>\n<\/div><\/div>\n\n\n\n<div class=\"wp-block-kf-accordion-item\"><h3 class=\"kf-accordion__question\" id=\"toaletter-garderober\"><button type=\"button\" class=\"kf-accordion__button\">Toaletter\/garderober<\/button><\/h3><div class=\"kf-accordion__answer\">\n<p>Det er to toaletter inne p\u00e5 servicebygget. Toalett\/garderobebygget ved siden av gressbanen vil ogs\u00e5 v\u00e6re \u00e5pent. Her er det ogs\u00e5 mulig \u00e5 f\u00e5 tatt seg en dusj.<\/p>\n<\/div><\/div>\n\n\n\n<div class=\"wp-block-kf-accordion-item\"><h3 class=\"kf-accordion__question\" id=\"mat\"><button type=\"button\" class=\"kf-accordion__button\">Mat<\/button><\/h3><div class=\"kf-accordion__answer\">\n<p>Det blir kiosk i servicebygget, her har du mulighet til \u00e5 handle mat\/drikke ++, betaling via vipps.<\/p>\n<\/div><\/div>\n\n\n\n<div class=\"wp-block-kf-accordion-item\"><h3 class=\"kf-accordion__question\" id=\"lysseremonien\"><button type=\"button\" class=\"kf-accordion__button\">Lysseremonien<\/button><\/h3><div class=\"kf-accordion__answer\">\n<p>Klokken 21.00 pauses stafetten og vi samles med lysposene. Vi demper musikken og aktivitetsniv\u00e5et og har en felles seremoni for \u00e5 minnes de vi har mistet og viser v\u00e5r st\u00f8tte til de som st\u00e5r i stormen.<\/p>\n\n\n\n<p>Lysposer kan kj\u00f8pes og dekoreres i Kreftforeningens telt gjennom dagen. Etter lysseremonien setter lagene i gang igjen utover natten.<\/p>\n<\/div><\/div>\n\n\n\n<div class=\"wp-block-kf-accordion-item\"><h3 class=\"kf-accordion__question\" id=\"natt\"><button type=\"button\" class=\"kf-accordion__button\">Natt<\/button><\/h3><div class=\"kf-accordion__answer\">\n<p>Vi g\u00e5r gjennom natten, det kan v\u00e6re greit med en hodelykt og kanskje \u00e5 ha en refleks tilgjengelig, litt etter hvilken l\u00f8ype man g\u00e5r.<\/p>\n\n\n\n<p>Ta ekstra godt vare p\u00e5 hverandre p\u00e5 tvers av lagene gjennom natten.<\/p>\n<\/div><\/div>\n\n\n\n<div class=\"wp-block-kf-accordion-item\"><h3 class=\"kf-accordion__question\" id=\"avslutning\"><button type=\"button\" class=\"kf-accordion__button\">Avslutning<\/button><\/h3><div class=\"kf-accordion__answer\">\n<p>Etter ett d\u00f8gn samles alle deltagere, frivillige og arrang\u00f8rer til en felles avslutning. Vi teller ned og g\u00e5r siste runden sammen inne p\u00e5 stadion.<\/p>\n<\/div><\/div>\n\n\n\n<div class=\"wp-block-kf-accordion-item\"><h3 class=\"kf-accordion__question\" id=\"innsmaling\"><button type=\"button\" class=\"kf-accordion__button\">Innsmaling<\/button><\/h3><div class=\"kf-accordion__answer\">\n<p>Du kan opprette din egen digitale innsamling for Stafett for Livet \u00c5lesund ved \u00e5 bruke denne lenken: <a href=\"https:\/\/innsamling.stafettforlivet.no\/projects\/stafett-for-livet-alesund-2025\">https:\/\/innsamling.stafettforlivet.no\/projects\/stafett-for-livet-alesund-2025<\/a><\/p>\n\n\n\n<p>Du kan ogs\u00e5 samle inn penger ved \u00e5 Vippse: 590482. Dette er Stafett for livet \u00c5lesund sitt vippsnummer. Alle pengene g\u00e5r til Kreftforeningen.<\/p>\n<\/div><\/div>\n<\/div>\n\n\n\n<div class=\"wp-block-kf-cta-block has-purple-light-background-color content-align-left\"><div class=\"wp-block-cta-inner-block\">\n<h2 class=\"wp-block-heading has-text-align-left\" id=\"h-samle-inn-penger\">Samle inn penger<\/h2>\n\n\n\n<p>Det er mulig \u00e5 samle inn penger til Kreftforeningen i forbindelse med Stafett for livet. Alt som samles inn g\u00e5r til Kreftforeningens arbeid.<\/p>\n\n\n\n<p>Du kan samle inn penger ved:<\/p>\n\n\n\n<p>\u00c5 vippse til&nbsp;590482,&nbsp;Kreftforeningens&nbsp;Stafett for livet&nbsp;\u00c5lesund sitt eget vippsnummer<\/p>\n\n\n\n<p>Opprette din egen digitale innsamling for Stafett for livet \u00c5lesund. Klikk p\u00e5 lenken under, klikk \u00abStart innsamling\u00bb og f\u00f8lg instruksjonene.<\/p>\n\n\n\n<div class=\"wp-block-buttons is-layout-flex wp-block-buttons-is-layout-flex\">\n<div class=\"wp-block-button\"><a class=\"wp-block-button__link has-purple-background-color has-background wp-element-button\" href=\"https:\/\/innsamling.stafettforlivet.no\/projects\/stafett-for-livet-alesund-2026\" target=\"_blank\" rel=\"noreferrer noopener\">Start en innsamling<\/a><\/div>\n<\/div>\n<\/div><\/div>\n\n\n\n<h2 class=\"wp-block-heading\" id=\"h-lurer-du-pa-noe\">Lurer du p\u00e5 noe?<\/h2>\n\n\n<div class=\"person-grid wp-block-kf-person-display\"><div class=\"person\" id=\"person-display-2096\"><div class=\"person_content\"><h3 id=\"hilde-wormdahl\">Hilde Wormdahl<\/h3><p>R\u00e5dgiver<\/p><a class=\"person_email\" href=\"mailto:hilde.wormdahl@kreftforeningen.no\"><svg xmlns=\"http:\/\/www.w3.org\/2000\/svg\" width=\"14\" height=\"11\" viewBox=\"0 0 14 12\" fill=\"none\" aria-hidden=\"true\" focusable=\"false\"><g><path d=\"M2.2 1.20001H11.8C12.46 1.20001 13 1.74001 13 2.40001V9.60001C13 10.26 12.46 10.8 11.8 10.8H2.2C1.54 10.8 1 10.26 1 9.60001V2.40001C1 1.74001 1.54 1.20001 2.2 1.20001Z\" stroke=\"black\"\/><path d=\"M13 2.39996L7 6.59996L1 2.39996\" stroke=\"black\"\/><\/g><\/svg><span>hilde.wormdahl@kreftforeningen.no<\/span><\/a><a href=\"tel:98435413\"><svg xmlns=\"http:\/\/www.w3.org\/2000\/svg\" width=\"14\" height=\"14\" viewBox=\"0 0 14 14\" fill=\"none\" aria-hidden=\"true\" focusable=\"false\"><g><path d=\"M12.9996 9.98431V11.7908C13.0003 11.9585 12.9659 12.1245 12.8986 12.2781C12.8313 12.4318 12.7325 12.5697 12.6087 12.6831C12.4849 12.7965 12.3387 12.8828 12.1795 12.9365C12.0203 12.9903 11.8517 13.0102 11.6843 12.9951C9.82768 12.7938 8.04426 12.1606 6.47734 11.1465C5.01953 10.222 3.78356 8.98843 2.8572 7.53351C1.83752 5.96259 1.20294 4.17405 1.0049 2.31277C0.98982 2.14625 1.00965 1.97843 1.06312 1.81998C1.11659 1.66153 1.20254 1.51592 1.31548 1.39244C1.42843 1.26896 1.5659 1.1703 1.71915 1.10274C1.87239 1.03519 2.03805 1.00022 2.20558 1.00006H4.01565C4.30846 0.997182 4.59233 1.10067 4.81435 1.29122C5.03636 1.48178 5.18138 1.74641 5.22236 2.03578C5.29876 2.61389 5.44044 3.18152 5.64471 3.72785C5.72589 3.94338 5.74346 4.17761 5.69534 4.4028C5.64721 4.62799 5.53542 4.83469 5.3732 4.99841L4.60694 5.76315C5.46585 7.27069 6.71655 8.51891 8.22708 9.37612L8.99334 8.61138C9.15739 8.44948 9.3645 8.33791 9.59013 8.28988C9.81577 8.24185 10.0505 8.25939 10.2664 8.3404C10.8138 8.54427 11.3826 8.68567 11.9619 8.76192C12.2549 8.80318 12.5226 8.95052 12.714 9.1759C12.9053 9.40128 13.007 9.68899 12.9996 9.98431Z\" stroke=\"black\"\/><\/g><\/svg>98435413<\/a><\/div><\/div><\/div>\n\n","protected":false},"author":28,"featured_media":202657,"parent":0,"menu_order":0,"template":"","meta":{"_relevanssi_hide_post":"","_relevanssi_hide_content":"","_relevanssi_pin_for_all":"","_relevanssi_pin_keywords":"","_relevanssi_unpin_keywords":"","_relevanssi_related_keywords":"","_relevanssi_related_include_ids":"","_relevanssi_related_exclude_ids":"","_relevanssi_related_no_append":"","_relevanssi_related_not_related":"","_relevanssi_related_posts":"180,196,180,196","_relevanssi_noindex_reason":"","kf_show_post_date":false,"kf_show_updated_date":false,"kf_show_print_page":false,"kf_show_chapters":false,"kf_show_chapters_expanded":false,"kf_show_post_outdated":true,"kf_toggle_title":false,"kf_is_template":false,"kf_post_authors":[],"teft_cards_label":"","teft_cards_image_id":0,"teft_cards_image_focal_point_x":0.5,"teft_cards_image_focal_point_y":0.5,"teft_cards_title":"","teft_cards_excerpt":"","kf_service_priority":false,"kf_service_duration":"period","kf_service_date_end":"2100-09-08T12:00:00","kf_service_date_start":"2024-09-07T12:00:00","kf_service_location":"","kf_service_url":"","kf_service_price":"","kf_service_featured_image_description":"","footnotes":""},"county":[49],"subject":[58,61,65,59],"class_list":["post-110","service","type-service","status-publish","has-post-thumbnail","hentry","county-more-og-romsdal","subject-barn-og-ungdom","subject-fysisk-aktivitet","subject-kultur-og-sosialt","subject-leve-med-og-etter-kreft"],"yoast_head":"<!-- This site is optimized with the Yoast SEO Premium plugin v27.3 (Yoast SEO v27.4) - https:\/\/yoast.com\/product\/yoast-seo-premium-wordpress\/ -->\n<title>Kreftforeningens Stafett for livet \u00c5lesund - Kreftforeningens Stafett for livet<\/title>\n<meta name=\"robots\" content=\"index, follow, max-snippet:-1, max-image-preview:large, max-video-preview:-1\" \/>\n<link rel=\"canonical\" href=\"https:\/\/kreftforeningen.no\/stafettforlivet\/tilbud\/kreftforeningens-stafett-for-livet-alesund\/\" \/>\n<meta property=\"og:locale\" content=\"nb_NO\" \/>\n<meta property=\"og:type\" content=\"article\" \/>\n<meta property=\"og:title\" content=\"Kreftforeningens Stafett for livet \u00c5lesund\" \/>\n<meta property=\"og:description\" content=\"Tid 12.-13. september 2026 Sted Spjelkavik kunstgrasbane, Vasstrandvegen 70, 6011 \u00c5lesund Hva er stafett for livet? Kreftforeningens Stafett for livet er en hyllest til alle som er rammet av kreft. Familie, venner, skoler, foreninger, arbeidsplasser og andre danner lag for en person de vil st\u00f8tte eller minnes. Sammen skal de g\u00e5 eller l\u00f8pe i et [&hellip;]\" \/>\n<meta property=\"og:url\" content=\"https:\/\/kreftforeningen.no\/stafettforlivet\/tilbud\/kreftforeningens-stafett-for-livet-alesund\/\" \/>\n<meta property=\"og:site_name\" content=\"Kreftforeningens Stafett for livet\" \/>\n<meta property=\"article:published_time\" content=\"2020-06-12T10:54:28+00:00\" \/>\n<meta property=\"article:modified_time\" content=\"2026-04-13T07:34:14+00:00\" \/>\n<meta property=\"og:image\" content=\"https:\/\/kreftforeningen.no\/content\/uploads\/2025\/11\/DSC01125-1-scaled.jpg\" \/>\n\t<meta property=\"og:image:width\" content=\"2560\" \/>\n\t<meta property=\"og:image:height\" content=\"1707\" \/>\n\t<meta property=\"og:image:type\" content=\"image\/jpeg\" \/>\n<meta name=\"twitter:card\" content=\"summary_large_image\" \/>\n<meta name=\"twitter:label1\" content=\"Ansl. lesetid\" \/>\n\t<meta name=\"twitter:data1\" content=\"8 minutter\" \/>\n<script type=\"application\/ld+json\" class=\"yoast-schema-graph\">{\"@context\":\"https:\\\/\\\/schema.org\",\"@graph\":[{\"@type\":\"WebPage\",\"@id\":\"https:\\\/\\\/kreftforeningen.no\\\/stafettforlivet\\\/tilbud\\\/kreftforeningens-stafett-for-livet-alesund\\\/\",\"url\":\"https:\\\/\\\/kreftforeningen.no\\\/stafettforlivet\\\/tilbud\\\/kreftforeningens-stafett-for-livet-alesund\\\/\",\"name\":\"Kreftforeningens Stafett for livet \u00c5lesund - Kreftforeningens Stafett for livet\",\"isPartOf\":{\"@id\":\"https:\\\/\\\/kreftforeningen.no\\\/stafettforlivet\\\/#website\"},\"primaryImageOfPage\":{\"@id\":\"https:\\\/\\\/kreftforeningen.no\\\/stafettforlivet\\\/tilbud\\\/kreftforeningens-stafett-for-livet-alesund\\\/#primaryimage\"},\"image\":{\"@id\":\"https:\\\/\\\/kreftforeningen.no\\\/stafettforlivet\\\/tilbud\\\/kreftforeningens-stafett-for-livet-alesund\\\/#primaryimage\"},\"thumbnailUrl\":\"https:\\\/\\\/kreftforeningen.no\\\/content\\\/uploads\\\/2025\\\/11\\\/DSC01125-1-scaled.jpg\",\"datePublished\":\"2020-06-12T10:54:28+00:00\",\"dateModified\":\"2026-04-13T07:34:14+00:00\",\"breadcrumb\":{\"@id\":\"https:\\\/\\\/kreftforeningen.no\\\/stafettforlivet\\\/tilbud\\\/kreftforeningens-stafett-for-livet-alesund\\\/#breadcrumb\"},\"inLanguage\":\"nb-NO\",\"potentialAction\":[{\"@type\":\"ReadAction\",\"target\":[\"https:\\\/\\\/kreftforeningen.no\\\/stafettforlivet\\\/tilbud\\\/kreftforeningens-stafett-for-livet-alesund\\\/\"]}],\"mentions\":[{\"@id\":\"person-display-2096\"}]},{\"@type\":\"ImageObject\",\"inLanguage\":\"nb-NO\",\"@id\":\"https:\\\/\\\/kreftforeningen.no\\\/stafettforlivet\\\/tilbud\\\/kreftforeningens-stafett-for-livet-alesund\\\/#primaryimage\",\"url\":\"https:\\\/\\\/kreftforeningen.no\\\/content\\\/uploads\\\/2025\\\/11\\\/DSC01125-1-scaled.jpg\",\"contentUrl\":\"https:\\\/\\\/kreftforeningen.no\\\/content\\\/uploads\\\/2025\\\/11\\\/DSC01125-1-scaled.jpg\"},{\"@type\":\"BreadcrumbList\",\"@id\":\"https:\\\/\\\/kreftforeningen.no\\\/stafettforlivet\\\/tilbud\\\/kreftforeningens-stafett-for-livet-alesund\\\/#breadcrumb\",\"itemListElement\":[{\"@type\":\"ListItem\",\"position\":1,\"name\":\"Forside\",\"item\":\"https:\\\/\\\/kreftforeningen.no\\\/stafettforlivet\\\/\"},{\"@type\":\"ListItem\",\"position\":2,\"name\":\"Tilbud\",\"item\":\"https:\\\/\\\/kreftforeningen.no\\\/stafettforlivet\\\/tilbud\\\/\"},{\"@type\":\"ListItem\",\"position\":3,\"name\":\"Kreftforeningens Stafett for livet \u00c5lesund\"}]},{\"@type\":\"WebSite\",\"@id\":\"https:\\\/\\\/kreftforeningen.no\\\/stafettforlivet\\\/#website\",\"url\":\"https:\\\/\\\/kreftforeningen.no\\\/stafettforlivet\\\/\",\"name\":\"Kreftforeningens Stafett for livet\",\"description\":\"\",\"publisher\":{\"@id\":\"https:\\\/\\\/kreftforeningen.no\\\/stafettforlivet\\\/#organization\"},\"potentialAction\":[{\"@type\":\"SearchAction\",\"target\":{\"@type\":\"EntryPoint\",\"urlTemplate\":\"https:\\\/\\\/kreftforeningen.no\\\/stafettforlivet\\\/?s={search_term_string}\"},\"query-input\":{\"@type\":\"PropertyValueSpecification\",\"valueRequired\":true,\"valueName\":\"search_term_string\"}}],\"inLanguage\":\"nb-NO\"},{\"@type\":\"Organization\",\"@id\":\"https:\\\/\\\/kreftforeningen.no\\\/stafettforlivet\\\/#organization\",\"name\":\"Kreftforeningens Stafett for livet\",\"url\":\"https:\\\/\\\/kreftforeningen.no\\\/stafettforlivet\\\/\",\"logo\":{\"@type\":\"ImageObject\",\"inLanguage\":\"nb-NO\",\"@id\":\"https:\\\/\\\/kreftforeningen.no\\\/stafettforlivet\\\/#\\\/schema\\\/logo\\\/image\\\/\",\"url\":\"https:\\\/\\\/kreftforeningen.no\\\/content\\\/uploads\\\/2020\\\/05\\\/cropped-LogoStafettForLivet130-1.png\",\"contentUrl\":\"https:\\\/\\\/kreftforeningen.no\\\/content\\\/uploads\\\/2020\\\/05\\\/cropped-LogoStafettForLivet130-1.png\",\"caption\":\"Kreftforeningens Stafett for livet\"},\"image\":{\"@id\":\"https:\\\/\\\/kreftforeningen.no\\\/stafettforlivet\\\/#\\\/schema\\\/logo\\\/image\\\/\"}}]}<\/script>\n<!-- \/ Yoast SEO Premium plugin. -->","yoast_head_json":{"title":"Kreftforeningens Stafett for livet \u00c5lesund - Kreftforeningens Stafett for livet","robots":{"index":"index","follow":"follow","max-snippet":"max-snippet:-1","max-image-preview":"max-image-preview:large","max-video-preview":"max-video-preview:-1"},"canonical":"https:\/\/kreftforeningen.no\/stafettforlivet\/tilbud\/kreftforeningens-stafett-for-livet-alesund\/","og_locale":"nb_NO","og_type":"article","og_title":"Kreftforeningens Stafett for livet \u00c5lesund","og_description":"Tid 12.-13. september 2026 Sted Spjelkavik kunstgrasbane, Vasstrandvegen 70, 6011 \u00c5lesund Hva er stafett for livet? Kreftforeningens Stafett for livet er en hyllest til alle som er rammet av kreft. Familie, venner, skoler, foreninger, arbeidsplasser og andre danner lag for en person de vil st\u00f8tte eller minnes. Sammen skal de g\u00e5 eller l\u00f8pe i et [&hellip;]","og_url":"https:\/\/kreftforeningen.no\/stafettforlivet\/tilbud\/kreftforeningens-stafett-for-livet-alesund\/","og_site_name":"Kreftforeningens Stafett for livet","article_published_time":"2020-06-12T10:54:28+00:00","article_modified_time":"2026-04-13T07:34:14+00:00","og_image":[{"width":2560,"height":1707,"url":"https:\/\/kreftforeningen.no\/content\/uploads\/2025\/11\/DSC01125-1-scaled.jpg","type":"image\/jpeg"}],"twitter_card":"summary_large_image","twitter_misc":{"Ansl. lesetid":"8 minutter"},"schema":{"@context":"https:\/\/schema.org","@graph":[{"@type":"WebPage","@id":"https:\/\/kreftforeningen.no\/stafettforlivet\/tilbud\/kreftforeningens-stafett-for-livet-alesund\/","url":"https:\/\/kreftforeningen.no\/stafettforlivet\/tilbud\/kreftforeningens-stafett-for-livet-alesund\/","name":"Kreftforeningens Stafett for livet \u00c5lesund - Kreftforeningens Stafett for livet","isPartOf":{"@id":"https:\/\/kreftforeningen.no\/stafettforlivet\/#website"},"primaryImageOfPage":{"@id":"https:\/\/kreftforeningen.no\/stafettforlivet\/tilbud\/kreftforeningens-stafett-for-livet-alesund\/#primaryimage"},"image":{"@id":"https:\/\/kreftforeningen.no\/stafettforlivet\/tilbud\/kreftforeningens-stafett-for-livet-alesund\/#primaryimage"},"thumbnailUrl":"https:\/\/kreftforeningen.no\/content\/uploads\/2025\/11\/DSC01125-1-scaled.jpg","datePublished":"2020-06-12T10:54:28+00:00","dateModified":"2026-04-13T07:34:14+00:00","breadcrumb":{"@id":"https:\/\/kreftforeningen.no\/stafettforlivet\/tilbud\/kreftforeningens-stafett-for-livet-alesund\/#breadcrumb"},"inLanguage":"nb-NO","potentialAction":[{"@type":"ReadAction","target":["https:\/\/kreftforeningen.no\/stafettforlivet\/tilbud\/kreftforeningens-stafett-for-livet-alesund\/"]}],"mentions":[{"@id":"person-display-2096"}]},{"@type":"ImageObject","inLanguage":"nb-NO","@id":"https:\/\/kreftforeningen.no\/stafettforlivet\/tilbud\/kreftforeningens-stafett-for-livet-alesund\/#primaryimage","url":"https:\/\/kreftforeningen.no\/content\/uploads\/2025\/11\/DSC01125-1-scaled.jpg","contentUrl":"https:\/\/kreftforeningen.no\/content\/uploads\/2025\/11\/DSC01125-1-scaled.jpg"},{"@type":"BreadcrumbList","@id":"https:\/\/kreftforeningen.no\/stafettforlivet\/tilbud\/kreftforeningens-stafett-for-livet-alesund\/#breadcrumb","itemListElement":[{"@type":"ListItem","position":1,"name":"Forside","item":"https:\/\/kreftforeningen.no\/stafettforlivet\/"},{"@type":"ListItem","position":2,"name":"Tilbud","item":"https:\/\/kreftforeningen.no\/stafettforlivet\/tilbud\/"},{"@type":"ListItem","position":3,"name":"Kreftforeningens Stafett for livet \u00c5lesund"}]},{"@type":"WebSite","@id":"https:\/\/kreftforeningen.no\/stafettforlivet\/#website","url":"https:\/\/kreftforeningen.no\/stafettforlivet\/","name":"Kreftforeningens Stafett for livet","description":"","publisher":{"@id":"https:\/\/kreftforeningen.no\/stafettforlivet\/#organization"},"potentialAction":[{"@type":"SearchAction","target":{"@type":"EntryPoint","urlTemplate":"https:\/\/kreftforeningen.no\/stafettforlivet\/?s={search_term_string}"},"query-input":{"@type":"PropertyValueSpecification","valueRequired":true,"valueName":"search_term_string"}}],"inLanguage":"nb-NO"},{"@type":"Organization","@id":"https:\/\/kreftforeningen.no\/stafettforlivet\/#organization","name":"Kreftforeningens Stafett for livet","url":"https:\/\/kreftforeningen.no\/stafettforlivet\/","logo":{"@type":"ImageObject","inLanguage":"nb-NO","@id":"https:\/\/kreftforeningen.no\/stafettforlivet\/#\/schema\/logo\/image\/","url":"https:\/\/kreftforeningen.no\/content\/uploads\/2020\/05\/cropped-LogoStafettForLivet130-1.png","contentUrl":"https:\/\/kreftforeningen.no\/content\/uploads\/2020\/05\/cropped-LogoStafettForLivet130-1.png","caption":"Kreftforeningens Stafett for livet"},"image":{"@id":"https:\/\/kreftforeningen.no\/stafettforlivet\/#\/schema\/logo\/image\/"}}]}},"_links":{"self":[{"href":"https:\/\/kreftforeningen.no\/stafettforlivet\/wp-json\/wp\/v2\/service\/110","targetHints":{"allow":["GET"]}}],"collection":[{"href":"https:\/\/kreftforeningen.no\/stafettforlivet\/wp-json\/wp\/v2\/service"}],"about":[{"href":"https:\/\/kreftforeningen.no\/stafettforlivet\/wp-json\/wp\/v2\/types\/service"}],"author":[{"embeddable":true,"href":"https:\/\/kreftforeningen.no\/stafettforlivet\/wp-json\/wp\/v2\/users\/28"}],"version-history":[{"count":31,"href":"https:\/\/kreftforeningen.no\/stafettforlivet\/wp-json\/wp\/v2\/service\/110\/revisions"}],"predecessor-version":[{"id":3182,"href":"https:\/\/kreftforeningen.no\/stafettforlivet\/wp-json\/wp\/v2\/service\/110\/revisions\/3182"}],"wp:featuredmedia":[{"embeddable":true,"href":"https:\/\/kreftforeningen.no\/stafettforlivet\/wp-json\/"}],"wp:attachment":[{"href":"https:\/\/kreftforeningen.no\/stafettforlivet\/wp-json\/wp\/v2\/media?parent=110"}],"wp:term":[{"taxonomy":"county","embeddable":true,"href":"https:\/\/kreftforeningen.no\/stafettforlivet\/wp-json\/wp\/v2\/county?post=110"},{"taxonomy":"subject","embeddable":true,"href":"https:\/\/kreftforeningen.no\/stafettforlivet\/wp-json\/wp\/v2\/subject?post=110"}],"curies":[{"name":"wp","href":"https:\/\/api.w.org\/{rel}","templated":true}]}}