{"version":"1.0","provider_name":"Vardesenteret","provider_url":"https:\/\/kreftforeningen.no\/vardesenteret","author_name":"Morten Heszlein","author_url":"https:\/\/kreftforeningen.no\/vardesenteret\/aktuelt\/author\/morten\/","title":"Fl\u00f8yen med Vardesenteret og Krefter p\u00e5 tur","type":"rich","width":600,"height":338,"html":"<blockquote class=\"wp-embedded-content\" data-secret=\"0vwlOWiAZW\"><a href=\"https:\/\/kreftforeningen.no\/vardesenteret\/tilbud\/floyen-med-vardesenteret-og-krefter-pa-tur\/\">Fl\u00f8yen med Vardesenteret og Krefter p\u00e5 tur<\/a><\/blockquote><iframe sandbox=\"allow-scripts\" security=\"restricted\" src=\"https:\/\/kreftforeningen.no\/vardesenteret\/tilbud\/floyen-med-vardesenteret-og-krefter-pa-tur\/embed\/#?secret=0vwlOWiAZW\" width=\"600\" height=\"338\" title=\"&laquo;Fl\u00f8yen med Vardesenteret og Krefter p\u00e5 tur&raquo; &#8212; Vardesenteret\" data-secret=\"0vwlOWiAZW\" frameborder=\"0\" marginwidth=\"0\" marginheight=\"0\" scrolling=\"no\" class=\"wp-embedded-content\"><\/iframe><script type=\"text\/javascript\">\n\/* <![CDATA[ *\/\n\/*! This file is auto-generated *\/\n!function(d,l){\"use strict\";l.querySelector&&d.addEventListener&&\"undefined\"!=typeof URL&&(d.wp=d.wp||{},d.wp.receiveEmbedMessage||(d.wp.receiveEmbedMessage=function(e){var t=e.data;if((t||t.secret||t.message||t.value)&&!\/[^a-zA-Z0-9]\/.test(t.secret)){for(var s,r,n,a=l.querySelectorAll('iframe[data-secret=\"'+t.secret+'\"]'),o=l.querySelectorAll('blockquote[data-secret=\"'+t.secret+'\"]'),c=new RegExp(\"^https?:$\",\"i\"),i=0;i<o.length;i++)o[i].style.display=\"none\";for(i=0;i<a.length;i++)s=a[i],e.source===s.contentWindow&&(s.removeAttribute(\"style\"),\"height\"===t.message?(1e3<(r=parseInt(t.value,10))?r=1e3:~~r<200&&(r=200),s.height=r):\"link\"===t.message&&(r=new URL(s.getAttribute(\"src\")),n=new URL(t.value),c.test(n.protocol))&&n.host===r.host&&l.activeElement===s&&(d.top.location.href=t.value))}},d.addEventListener(\"message\",d.wp.receiveEmbedMessage,!1),l.addEventListener(\"DOMContentLoaded\",function(){for(var e,t,s=l.querySelectorAll(\"iframe.wp-embedded-content\"),r=0;r<s.length;r++)(t=(e=s[r]).getAttribute(\"data-secret\"))||(t=Math.random().toString(36).substring(2,12),e.src+=\"#?secret=\"+t,e.setAttribute(\"data-secret\",t)),e.contentWindow.postMessage({message:\"ready\",secret:t},\"*\")},!1)))}(window,document);\n\/\/# sourceURL=https:\/\/kreftforeningen.no\/vardesenteret\/wp-includes\/js\/wp-embed.min.js\n\/* ]]> *\/\n<\/script>\n","thumbnail_url":"https:\/\/kreftforeningen.no\/content\/uploads\/2025\/11\/Floyen-768x329.jpg","thumbnail_width":600,"thumbnail_height":257,"description":"P\u00e5 Fl\u00f8yen nyter vi den flotte utsikten over byen og fjell og fjord rundt oss, f\u00f8r vi tar turen mot Skomakerdiket og g\u00e5r en runde der (de som \u00f8nsker kan g\u00e5 en runde p\u00e5 Fl\u00f8ysletten). Etter turen spiser vi lunsj p\u00e5 Fl\u00f8irestauranten klokken 13.00. Her vil vi f\u00e5 servert suppe, samt kake og kaffe til [&hellip;]"}