{"version":"1.0","provider_name":"Vardesenteret","provider_url":"https:\/\/kreftforeningen.no\/vardesenteret","author_name":"Malin Sveinsdotter Landr\u00f8 Lystad","author_url":"https:\/\/kreftforeningen.no\/vardesenteret\/aktuelt\/author\/malin\/","title":"Tematime: Hva gj\u00f8r kreftbehandling med deg?","type":"rich","width":600,"height":338,"html":"<blockquote class=\"wp-embedded-content\" data-secret=\"2kB8LU7DkV\"><a href=\"https:\/\/kreftforeningen.no\/vardesenteret\/tilbud\/tematime-hva-gjor-kreftbehandling-med-deg\/\">Tematime: Hva gj\u00f8r kreftbehandling med deg?<\/a><\/blockquote><iframe sandbox=\"allow-scripts\" security=\"restricted\" src=\"https:\/\/kreftforeningen.no\/vardesenteret\/tilbud\/tematime-hva-gjor-kreftbehandling-med-deg\/embed\/#?secret=2kB8LU7DkV\" width=\"600\" height=\"338\" title=\"&laquo;Tematime: Hva gj\u00f8r kreftbehandling med deg?&raquo; &#8212; Vardesenteret\" data-secret=\"2kB8LU7DkV\" frameborder=\"0\" marginwidth=\"0\" marginheight=\"0\" scrolling=\"no\" class=\"wp-embedded-content\"><\/iframe><script type=\"text\/javascript\">\n\/* <![CDATA[ *\/\n\/*! This file is auto-generated *\/\n!function(d,l){\"use strict\";l.querySelector&&d.addEventListener&&\"undefined\"!=typeof URL&&(d.wp=d.wp||{},d.wp.receiveEmbedMessage||(d.wp.receiveEmbedMessage=function(e){var t=e.data;if((t||t.secret||t.message||t.value)&&!\/[^a-zA-Z0-9]\/.test(t.secret)){for(var s,r,n,a=l.querySelectorAll('iframe[data-secret=\"'+t.secret+'\"]'),o=l.querySelectorAll('blockquote[data-secret=\"'+t.secret+'\"]'),c=new RegExp(\"^https?:$\",\"i\"),i=0;i<o.length;i++)o[i].style.display=\"none\";for(i=0;i<a.length;i++)s=a[i],e.source===s.contentWindow&&(s.removeAttribute(\"style\"),\"height\"===t.message?(1e3<(r=parseInt(t.value,10))?r=1e3:~~r<200&&(r=200),s.height=r):\"link\"===t.message&&(r=new URL(s.getAttribute(\"src\")),n=new URL(t.value),c.test(n.protocol))&&n.host===r.host&&l.activeElement===s&&(d.top.location.href=t.value))}},d.addEventListener(\"message\",d.wp.receiveEmbedMessage,!1),l.addEventListener(\"DOMContentLoaded\",function(){for(var e,t,s=l.querySelectorAll(\"iframe.wp-embedded-content\"),r=0;r<s.length;r++)(t=(e=s[r]).getAttribute(\"data-secret\"))||(t=Math.random().toString(36).substring(2,12),e.src+=\"#?secret=\"+t,e.setAttribute(\"data-secret\",t)),e.contentWindow.postMessage({message:\"ready\",secret:t},\"*\")},!1)))}(window,document);\n\/\/# sourceURL=https:\/\/kreftforeningen.no\/vardesenteret\/wp-includes\/js\/wp-embed.min.js\n\/* ]]> *\/\n<\/script>\n","thumbnail_url":"https:\/\/kreftforeningen.no\/content\/uploads\/2019\/11\/kreftpasientisykeseng.jpg","thumbnail_width":600,"thumbnail_height":338,"description":"F\u00f8rste tematime er 17. mars, og har f\u00e5tt tittelen &laquo;Hva gj\u00f8r kreftbehandling med deg&raquo;, og blir holdt av kreftlege Gunnar Indreb\u00f8. Tematimene passer for deg som har eller har hatt kreft, eller er p\u00e5r\u00f8rende. Tid og sted OBS: Tematimene som blir arrangert etter dette vil foreg\u00e5 p\u00e5 Vardesenteret. P\u00e5melding Dersom du er aktiv bruker av [&hellip;]"}