{"id":1016,"date":"2020-10-06T11:26:04","date_gmt":"2020-10-06T09:26:04","guid":{"rendered":"https:\/\/kreftforeningen.no\/vardesenteret\/?page_id=1016"},"modified":"2026-02-13T08:11:09","modified_gmt":"2026-02-13T07:11:09","slug":"kylling-i-karrisaus","status":"publish","type":"page","link":"https:\/\/kreftforeningen.no\/vardesenteret\/oppskrifter\/kylling-i-karrisaus\/","title":{"rendered":"Kylling i karrisaus"},"content":{"rendered":"\n<p>Passer for deg som sliter med \u00e5 f\u00e5 i deg mat eller g\u00e5r ned i vekt under kreftbehandling.<\/p>\n\n\n\n<figure class=\"wp-block-image size-large\"><img loading=\"lazy\" decoding=\"async\" width=\"1024\" height=\"768\" src=\"https:\/\/kreftforeningen.no\/content\/uploads\/2026\/02\/Kylling-i-form-Foto-Sara-Johannsen-1024x768.jpg\" alt=\"Bakte kyllingbryst i en kremet saus med terninger av gulr\u00f8tter og l\u00f8k i et ovalt metallfat, med ferske gulr\u00f8tter og et bl\u00e5tt h\u00e5ndkle ved siden av.\" class=\"wp-image-205568\" srcset=\"https:\/\/kreftforeningen.no\/content\/uploads\/2026\/02\/Kylling-i-form-Foto-Sara-Johannsen-1024x768.jpg 1024w, https:\/\/kreftforeningen.no\/content\/uploads\/2026\/02\/Kylling-i-form-Foto-Sara-Johannsen-300x225.jpg 300w, https:\/\/kreftforeningen.no\/content\/uploads\/2026\/02\/Kylling-i-form-Foto-Sara-Johannsen-768x576.jpg 768w, https:\/\/kreftforeningen.no\/content\/uploads\/2026\/02\/Kylling-i-form-Foto-Sara-Johannsen-1536x1152.jpg 1536w, https:\/\/kreftforeningen.no\/content\/uploads\/2026\/02\/Kylling-i-form-Foto-Sara-Johannsen-800x600.jpg 800w, https:\/\/kreftforeningen.no\/content\/uploads\/2026\/02\/Kylling-i-form-Foto-Sara-Johannsen-135x101.jpg 135w, https:\/\/kreftforeningen.no\/content\/uploads\/2026\/02\/Kylling-i-form-Foto-Sara-Johannsen.jpg 2048w\" sizes=\"auto, (max-width: 1024px) 100vw, 1024px\" \/><figcaption class=\"wp-element-caption\">Foto: Sara Johannsen<\/figcaption><\/figure>\n\n\n\n<h2 class=\"wp-block-heading\" id=\"h-oppsummert\">Oppsummert<\/h2>\n\n\n\n<ul class=\"wp-block-list\">\n<li>Tid: 30\u201340 minutter<\/li>\n\n\n\n<li>Utf\u00f8relse: Middels<\/li>\n\n\n\n<li>Porsjoner: 4<\/li>\n<\/ul>\n\n\n\n<h2 class=\"wp-block-heading\" id=\"h-ingredienser\">Ingredienser<\/h2>\n\n\n\n<ul class=\"wp-block-list\">\n<li>4 stk kyllingfileter<\/li>\n\n\n\n<li>1 ss sm\u00f8r til steking<\/li>\n\n\n\n<li>\u00bd stk l\u00f8k<\/li>\n\n\n\n<li>4 stk gulrot kuttet i sm\u00e5 terninger, eller andre \u00f8nskede gr\u00f8nnsaker<\/li>\n<\/ul>\n\n\n\n<h3 class=\"wp-block-heading\" id=\"h-saus\">Saus<\/h3>\n\n\n\n<ul class=\"wp-block-list\">\n<li>3 dl kremfl\u00f8te<\/li>\n\n\n\n<li>6 ss ketchup<\/li>\n\n\n\n<li>2 ts karri<\/li>\n\n\n\n<li>\u00bd ts salt<\/li>\n\n\n\n<li>\u00bc ts pepper<\/li>\n<\/ul>\n\n\n\n<h2 class=\"wp-block-heading\" id=\"h-slik-gjor-du\">Slik gj\u00f8r du<\/h2>\n\n\n\n<ol class=\"wp-block-list\">\n<li>Brun kyllingfiletene raskt p\u00e5 begge sider i en stekepanne med litt sm\u00f8r. <\/li>\n\n\n\n<li>Legg filetene over i en smurt ildfast form sammen med l\u00f8k og gulrot. <\/li>\n\n\n\n<li>Visp sammen ingrediensene til sausen og hell over i formen. <\/li>\n\n\n\n<li>Stekes p\u00e5 200\u00b0 C midt i ovnen i cirka 15\u201320 minutter til kyllingen er gjennomstekt.<\/li>\n<\/ol>\n\n\n\n<p>Server gjerne med ris eller potetmos og salat med oljedressing.<\/p>\n\n\n\n<div class=\"wp-block-teft-cards-theme\">\n<h2 class=\"wp-block-heading has-text-align-center\" id=\"h-manglende-matlyst-eller-vekttap\">Manglende matlyst eller vekttap?<\/h2>\n\n\n\n<p class=\"has-text-align-center\">Oppskrifter for kreftpasienter som sliter med \u00e5 spise eller g\u00e5r ned i vekt.<\/p>\n\n\n\n<div class=\"wp-block-teft-cards alignwide teft-cards-grid default-size-4\"><div class=\"teft-cards-item has-6-columns is-card-kf-custom has-card-shadow\">\n\t<div class=\"teft-card card_type_page \">\n\t\t<a href=\"https:\/\/kreftforeningen.no\/vardesenteret\/oppskrifter\/energiruter\/\" class=\"teft-card__primary-action\">\n\t\t\t<div class=\"teft-card__media teft-card__media--16-9\"><img decoding=\"async\" width=\"1024\" height=\"576\" src=\"https:\/\/kreftforeningen.no\/content\/uploads\/2026\/02\/Energibarer-Foto-Sara-Johannsen-e1593437249742-1024x576.jpg\" class=\"attachment-large size-large\" alt=\"Hjemmelagde granolabarer med n\u00f8tter og t\u00f8rket frukt i et metallbrett, med hele n\u00f8tter og r\u00f8de epler p\u00e5 et underlag av tre.\" srcset=\"https:\/\/kreftforeningen.no\/content\/uploads\/2026\/02\/Energibarer-Foto-Sara-Johannsen-e1593437249742-1024x576.jpg 1024w, https:\/\/kreftforeningen.no\/content\/uploads\/2026\/02\/Energibarer-Foto-Sara-Johannsen-e1593437249742-300x169.jpg 300w, https:\/\/kreftforeningen.no\/content\/uploads\/2026\/02\/Energibarer-Foto-Sara-Johannsen-e1593437249742-768x432.jpg 768w, https:\/\/kreftforeningen.no\/content\/uploads\/2026\/02\/Energibarer-Foto-Sara-Johannsen-e1593437249742-1536x864.jpg 1536w, https:\/\/kreftforeningen.no\/content\/uploads\/2026\/02\/Energibarer-Foto-Sara-Johannsen-e1593437249742-135x76.jpg 135w, https:\/\/kreftforeningen.no\/content\/uploads\/2026\/02\/Energibarer-Foto-Sara-Johannsen-e1593437249742.jpg 2048w\" sizes=\"auto, (max-width: 1024px) 100vw, 1024px\" loading=\"lazy\" \/> <\/div>\t\t\t<div class=\"teft-card__primary\">\n\t\t\t\t<h2 class=\"teft-card__title\" id=\"energiruter\">Energiruter<\/h2>\n\t\t\t<\/div>\n\n\t\t\t<div class=\"teft-card__secondary\">\n\t\t\t\t<p><\/p><img decoding=\"async\" src=\"https:\/\/kreftforeningen.no\/content\/themes\/kreftforeningen\/assets\/icons\/arrow-right-blue.svg\" alt=\"Les Energiruter\" \/>\t\t\t<\/div>\n\t\t<\/a>\n\t<\/div>\n\n\t<\/div>\n\n<div class=\"teft-cards-item has-6-columns is-card-kf-custom has-card-shadow\">\n\t<div class=\"teft-card card_type_page \">\n\t\t<a href=\"https:\/\/kreftforeningen.no\/vardesenteret\/oppskrifter\/kjoleskapsgrot\/\" class=\"teft-card__primary-action\">\n\t\t\t<div class=\"teft-card__media teft-card__media--16-9\"><img decoding=\"async\" width=\"1024\" height=\"576\" src=\"https:\/\/kreftforeningen.no\/content\/uploads\/2020\/10\/kj\u00f8leskapsgr\u00f8t.jpg\" class=\"attachment-large size-large\" alt=\"en sk\u00e5l med havregryn med rosiner, bananer og rosin.\" srcset=\"https:\/\/kreftforeningen.no\/content\/uploads\/2020\/10\/kj\u00f8leskapsgr\u00f8t.jpg 2048w, https:\/\/kreftforeningen.no\/content\/uploads\/2020\/10\/kj\u00f8leskapsgr\u00f8t-135x76.jpg 135w\" sizes=\"auto, (max-width: 1024px) 100vw, 1024px\" loading=\"lazy\" \/> <\/div>\t\t\t<div class=\"teft-card__primary\">\n\t\t\t\t<h2 class=\"teft-card__title\" id=\"kjoleskapsgrot\">Kj\u00f8leskapsgr\u00f8t<\/h2>\n\t\t\t<\/div>\n\n\t\t\t<div class=\"teft-card__secondary\">\n\t\t\t\t<p><\/p><img decoding=\"async\" src=\"https:\/\/kreftforeningen.no\/content\/themes\/kreftforeningen\/assets\/icons\/arrow-right-blue.svg\" alt=\"Les Kj\u00f8leskapsgr\u00f8t\" \/>\t\t\t<\/div>\n\t\t<\/a>\n\t<\/div>\n\n\t<\/div><\/div>\n\n\n\n<div class=\"wp-block-button aligncenter\"><a class=\"wp-block-button__link has-blue-background-color has-background wp-element-button\" href=\"https:\/\/kreftforeningen.no\/vardesenteret\/oppskrifter\/#manglende-matlyst-eller-vekttap\">Alle oppskrifter<\/a><\/div>\n<\/div>\n","protected":false},"excerpt":{"rendered":"<p>Passer for deg som sliter med \u00e5 f\u00e5 i deg mat eller g\u00e5r ned i vekt under kreftbehandling. Oppsummert Ingredienser Saus Slik gj\u00f8r du Server gjerne med ris eller potetmos og salat med oljedressing.<\/p>\n","protected":false},"author":30,"featured_media":205568,"parent":1000,"menu_order":0,"comment_status":"closed","ping_status":"closed","template":"","meta":{"_relevanssi_hide_post":"","_relevanssi_hide_content":"","_relevanssi_pin_for_all":"","_relevanssi_pin_keywords":"","_relevanssi_unpin_keywords":"","_relevanssi_related_keywords":"","_relevanssi_related_include_ids":"","_relevanssi_related_exclude_ids":"","_relevanssi_related_no_append":"","_relevanssi_related_not_related":"","_relevanssi_related_posts":"2511,1836,1849,2411,2431,1863","_relevanssi_noindex_reason":"","kf_show_post_date":true,"kf_show_updated_date":false,"kf_show_print_page":false,"kf_show_chapters":false,"kf_show_chapters_expanded":false,"kf_show_post_outdated":true,"kf_toggle_title":false,"kf_is_template":false,"kf_post_authors":[],"teft_cards_label":"","teft_cards_image_id":0,"teft_cards_image_focal_point_x":0,"teft_cards_image_focal_point_y":0,"teft_cards_title":"","teft_cards_excerpt":"","footnotes":""},"class_list":["post-1016","page","type-page","status-publish","has-post-thumbnail","hentry"],"yoast_head":"<!-- This site is optimized with the Yoast SEO Premium plugin v27.3 (Yoast SEO v27.4) - https:\/\/yoast.com\/product\/yoast-seo-premium-wordpress\/ -->\n<title>Kylling i karrisaus - Vardesenteret<\/title>\n<meta name=\"robots\" content=\"index, follow, max-snippet:-1, max-image-preview:large, max-video-preview:-1\" \/>\n<link rel=\"canonical\" href=\"https:\/\/kreftforeningen.no\/vardesenteret\/oppskrifter\/kylling-i-karrisaus\/\" \/>\n<meta property=\"og:locale\" content=\"nb_NO\" \/>\n<meta property=\"og:type\" content=\"article\" \/>\n<meta property=\"og:title\" content=\"Kylling i karrisaus\" \/>\n<meta property=\"og:description\" content=\"Passer for deg som sliter med \u00e5 f\u00e5 i deg mat eller g\u00e5r ned i vekt under kreftbehandling. Oppsummert Ingredienser Saus Slik gj\u00f8r du Server gjerne med ris eller potetmos og salat med oljedressing.\" \/>\n<meta property=\"og:url\" content=\"https:\/\/kreftforeningen.no\/vardesenteret\/oppskrifter\/kylling-i-karrisaus\/\" \/>\n<meta property=\"og:site_name\" content=\"Vardesenteret\" \/>\n<meta property=\"article:published_time\" content=\"2020-10-06T09:26:04+00:00\" \/>\n<meta property=\"article:modified_time\" content=\"2026-02-13T07:11:09+00:00\" \/>\n<meta property=\"og:image\" content=\"https:\/\/kreftforeningen.no\/content\/uploads\/2026\/02\/Kylling-i-form-Foto-Sara-Johannsen.jpg\" \/>\n\t<meta property=\"og:image:width\" content=\"2048\" \/>\n\t<meta property=\"og:image:height\" content=\"1536\" \/>\n\t<meta property=\"og:image:type\" content=\"image\/jpeg\" \/>\n<meta name=\"twitter:card\" content=\"summary_large_image\" \/>\n<meta name=\"twitter:label1\" content=\"Ansl. lesetid\" \/>\n\t<meta name=\"twitter:data1\" content=\"2 minutter\" \/>\n<script type=\"application\/ld+json\" class=\"yoast-schema-graph\">{\"@context\":\"https:\\\/\\\/schema.org\",\"@graph\":[{\"@type\":\"WebPage\",\"@id\":\"https:\\\/\\\/kreftforeningen.no\\\/vardesenteret\\\/oppskrifter\\\/kylling-i-karrisaus\\\/\",\"url\":\"https:\\\/\\\/kreftforeningen.no\\\/vardesenteret\\\/oppskrifter\\\/kylling-i-karrisaus\\\/\",\"name\":\"Kylling i karrisaus - Vardesenteret\",\"isPartOf\":{\"@id\":\"https:\\\/\\\/kreftforeningen.no\\\/vardesenteret\\\/#website\"},\"primaryImageOfPage\":{\"@id\":\"https:\\\/\\\/kreftforeningen.no\\\/vardesenteret\\\/oppskrifter\\\/kylling-i-karrisaus\\\/#primaryimage\"},\"image\":{\"@id\":\"https:\\\/\\\/kreftforeningen.no\\\/vardesenteret\\\/oppskrifter\\\/kylling-i-karrisaus\\\/#primaryimage\"},\"thumbnailUrl\":\"https:\\\/\\\/kreftforeningen.no\\\/content\\\/uploads\\\/2026\\\/02\\\/Kylling-i-form-Foto-Sara-Johannsen.jpg\",\"datePublished\":\"2020-10-06T09:26:04+00:00\",\"dateModified\":\"2026-02-13T07:11:09+00:00\",\"breadcrumb\":{\"@id\":\"https:\\\/\\\/kreftforeningen.no\\\/vardesenteret\\\/oppskrifter\\\/kylling-i-karrisaus\\\/#breadcrumb\"},\"inLanguage\":\"nb-NO\",\"potentialAction\":[{\"@type\":\"ReadAction\",\"target\":[\"https:\\\/\\\/kreftforeningen.no\\\/vardesenteret\\\/oppskrifter\\\/kylling-i-karrisaus\\\/\"]}]},{\"@type\":\"ImageObject\",\"inLanguage\":\"nb-NO\",\"@id\":\"https:\\\/\\\/kreftforeningen.no\\\/vardesenteret\\\/oppskrifter\\\/kylling-i-karrisaus\\\/#primaryimage\",\"url\":\"https:\\\/\\\/kreftforeningen.no\\\/content\\\/uploads\\\/2026\\\/02\\\/Kylling-i-form-Foto-Sara-Johannsen.jpg\",\"contentUrl\":\"https:\\\/\\\/kreftforeningen.no\\\/content\\\/uploads\\\/2026\\\/02\\\/Kylling-i-form-Foto-Sara-Johannsen.jpg\"},{\"@type\":\"BreadcrumbList\",\"@id\":\"https:\\\/\\\/kreftforeningen.no\\\/vardesenteret\\\/oppskrifter\\\/kylling-i-karrisaus\\\/#breadcrumb\",\"itemListElement\":[{\"@type\":\"ListItem\",\"position\":1,\"name\":\"Forside\",\"item\":\"https:\\\/\\\/kreftforeningen.no\\\/vardesenteret\\\/\"},{\"@type\":\"ListItem\",\"position\":2,\"name\":\"Matoppskrifter ved kreft\",\"item\":\"https:\\\/\\\/kreftforeningen.no\\\/vardesenteret\\\/oppskrifter\\\/\"},{\"@type\":\"ListItem\",\"position\":3,\"name\":\"Kylling i karrisaus\"}]},{\"@type\":\"WebSite\",\"@id\":\"https:\\\/\\\/kreftforeningen.no\\\/vardesenteret\\\/#website\",\"url\":\"https:\\\/\\\/kreftforeningen.no\\\/vardesenteret\\\/\",\"name\":\"Vardesenteret\",\"description\":\"\",\"publisher\":{\"@id\":\"https:\\\/\\\/kreftforeningen.no\\\/vardesenteret\\\/#organization\"},\"potentialAction\":[{\"@type\":\"SearchAction\",\"target\":{\"@type\":\"EntryPoint\",\"urlTemplate\":\"https:\\\/\\\/kreftforeningen.no\\\/vardesenteret\\\/?s={search_term_string}\"},\"query-input\":{\"@type\":\"PropertyValueSpecification\",\"valueRequired\":true,\"valueName\":\"search_term_string\"}}],\"inLanguage\":\"nb-NO\"},{\"@type\":\"Organization\",\"@id\":\"https:\\\/\\\/kreftforeningen.no\\\/vardesenteret\\\/#organization\",\"name\":\"Vardesenteret\",\"url\":\"https:\\\/\\\/kreftforeningen.no\\\/vardesenteret\\\/\",\"logo\":{\"@type\":\"ImageObject\",\"inLanguage\":\"nb-NO\",\"@id\":\"https:\\\/\\\/kreftforeningen.no\\\/vardesenteret\\\/#\\\/schema\\\/logo\\\/image\\\/\",\"url\":\"https:\\\/\\\/kreftforeningen.no\\\/content\\\/uploads\\\/2026\\\/02\\\/cropped-Vardesenter_signatur_sort_horisontal_uten-undertekst-e1589886700835.png\",\"contentUrl\":\"https:\\\/\\\/kreftforeningen.no\\\/content\\\/uploads\\\/2026\\\/02\\\/cropped-Vardesenter_signatur_sort_horisontal_uten-undertekst-e1589886700835.png\",\"caption\":\"Vardesenteret\"},\"image\":{\"@id\":\"https:\\\/\\\/kreftforeningen.no\\\/vardesenteret\\\/#\\\/schema\\\/logo\\\/image\\\/\"}}]}<\/script>\n<!-- \/ Yoast SEO Premium plugin. -->","yoast_head_json":{"title":"Kylling i karrisaus - Vardesenteret","robots":{"index":"index","follow":"follow","max-snippet":"max-snippet:-1","max-image-preview":"max-image-preview:large","max-video-preview":"max-video-preview:-1"},"canonical":"https:\/\/kreftforeningen.no\/vardesenteret\/oppskrifter\/kylling-i-karrisaus\/","og_locale":"nb_NO","og_type":"article","og_title":"Kylling i karrisaus","og_description":"Passer for deg som sliter med \u00e5 f\u00e5 i deg mat eller g\u00e5r ned i vekt under kreftbehandling. Oppsummert Ingredienser Saus Slik gj\u00f8r du Server gjerne med ris eller potetmos og salat med oljedressing.","og_url":"https:\/\/kreftforeningen.no\/vardesenteret\/oppskrifter\/kylling-i-karrisaus\/","og_site_name":"Vardesenteret","article_published_time":"2020-10-06T09:26:04+00:00","article_modified_time":"2026-02-13T07:11:09+00:00","og_image":[{"width":2048,"height":1536,"url":"https:\/\/kreftforeningen.no\/content\/uploads\/2026\/02\/Kylling-i-form-Foto-Sara-Johannsen.jpg","type":"image\/jpeg"}],"twitter_card":"summary_large_image","twitter_misc":{"Ansl. lesetid":"2 minutter"},"schema":{"@context":"https:\/\/schema.org","@graph":[{"@type":"WebPage","@id":"https:\/\/kreftforeningen.no\/vardesenteret\/oppskrifter\/kylling-i-karrisaus\/","url":"https:\/\/kreftforeningen.no\/vardesenteret\/oppskrifter\/kylling-i-karrisaus\/","name":"Kylling i karrisaus - Vardesenteret","isPartOf":{"@id":"https:\/\/kreftforeningen.no\/vardesenteret\/#website"},"primaryImageOfPage":{"@id":"https:\/\/kreftforeningen.no\/vardesenteret\/oppskrifter\/kylling-i-karrisaus\/#primaryimage"},"image":{"@id":"https:\/\/kreftforeningen.no\/vardesenteret\/oppskrifter\/kylling-i-karrisaus\/#primaryimage"},"thumbnailUrl":"https:\/\/kreftforeningen.no\/content\/uploads\/2026\/02\/Kylling-i-form-Foto-Sara-Johannsen.jpg","datePublished":"2020-10-06T09:26:04+00:00","dateModified":"2026-02-13T07:11:09+00:00","breadcrumb":{"@id":"https:\/\/kreftforeningen.no\/vardesenteret\/oppskrifter\/kylling-i-karrisaus\/#breadcrumb"},"inLanguage":"nb-NO","potentialAction":[{"@type":"ReadAction","target":["https:\/\/kreftforeningen.no\/vardesenteret\/oppskrifter\/kylling-i-karrisaus\/"]}]},{"@type":"ImageObject","inLanguage":"nb-NO","@id":"https:\/\/kreftforeningen.no\/vardesenteret\/oppskrifter\/kylling-i-karrisaus\/#primaryimage","url":"https:\/\/kreftforeningen.no\/content\/uploads\/2026\/02\/Kylling-i-form-Foto-Sara-Johannsen.jpg","contentUrl":"https:\/\/kreftforeningen.no\/content\/uploads\/2026\/02\/Kylling-i-form-Foto-Sara-Johannsen.jpg"},{"@type":"BreadcrumbList","@id":"https:\/\/kreftforeningen.no\/vardesenteret\/oppskrifter\/kylling-i-karrisaus\/#breadcrumb","itemListElement":[{"@type":"ListItem","position":1,"name":"Forside","item":"https:\/\/kreftforeningen.no\/vardesenteret\/"},{"@type":"ListItem","position":2,"name":"Matoppskrifter ved kreft","item":"https:\/\/kreftforeningen.no\/vardesenteret\/oppskrifter\/"},{"@type":"ListItem","position":3,"name":"Kylling i karrisaus"}]},{"@type":"WebSite","@id":"https:\/\/kreftforeningen.no\/vardesenteret\/#website","url":"https:\/\/kreftforeningen.no\/vardesenteret\/","name":"Vardesenteret","description":"","publisher":{"@id":"https:\/\/kreftforeningen.no\/vardesenteret\/#organization"},"potentialAction":[{"@type":"SearchAction","target":{"@type":"EntryPoint","urlTemplate":"https:\/\/kreftforeningen.no\/vardesenteret\/?s={search_term_string}"},"query-input":{"@type":"PropertyValueSpecification","valueRequired":true,"valueName":"search_term_string"}}],"inLanguage":"nb-NO"},{"@type":"Organization","@id":"https:\/\/kreftforeningen.no\/vardesenteret\/#organization","name":"Vardesenteret","url":"https:\/\/kreftforeningen.no\/vardesenteret\/","logo":{"@type":"ImageObject","inLanguage":"nb-NO","@id":"https:\/\/kreftforeningen.no\/vardesenteret\/#\/schema\/logo\/image\/","url":"https:\/\/kreftforeningen.no\/content\/uploads\/2026\/02\/cropped-Vardesenter_signatur_sort_horisontal_uten-undertekst-e1589886700835.png","contentUrl":"https:\/\/kreftforeningen.no\/content\/uploads\/2026\/02\/cropped-Vardesenter_signatur_sort_horisontal_uten-undertekst-e1589886700835.png","caption":"Vardesenteret"},"image":{"@id":"https:\/\/kreftforeningen.no\/vardesenteret\/#\/schema\/logo\/image\/"}}]}},"_links":{"self":[{"href":"https:\/\/kreftforeningen.no\/vardesenteret\/wp-json\/wp\/v2\/pages\/1016","targetHints":{"allow":["GET"]}}],"collection":[{"href":"https:\/\/kreftforeningen.no\/vardesenteret\/wp-json\/wp\/v2\/pages"}],"about":[{"href":"https:\/\/kreftforeningen.no\/vardesenteret\/wp-json\/wp\/v2\/types\/page"}],"author":[{"embeddable":true,"href":"https:\/\/kreftforeningen.no\/vardesenteret\/wp-json\/wp\/v2\/users\/30"}],"replies":[{"embeddable":true,"href":"https:\/\/kreftforeningen.no\/vardesenteret\/wp-json\/wp\/v2\/comments?post=1016"}],"version-history":[{"count":42,"href":"https:\/\/kreftforeningen.no\/vardesenteret\/wp-json\/wp\/v2\/pages\/1016\/revisions"}],"predecessor-version":[{"id":9798,"href":"https:\/\/kreftforeningen.no\/vardesenteret\/wp-json\/wp\/v2\/pages\/1016\/revisions\/9798"}],"up":[{"embeddable":true,"href":"https:\/\/kreftforeningen.no\/vardesenteret\/wp-json\/wp\/v2\/pages\/1000"}],"wp:featuredmedia":[{"embeddable":true,"href":"https:\/\/kreftforeningen.no\/vardesenteret\/wp-json\/"}],"wp:attachment":[{"href":"https:\/\/kreftforeningen.no\/vardesenteret\/wp-json\/wp\/v2\/media?parent=1016"}],"curies":[{"name":"wp","href":"https:\/\/api.w.org\/{rel}","templated":true}]}}