{"id":10184,"date":"2026-04-21T08:28:28","date_gmt":"2026-04-21T06:28:28","guid":{"rendered":"https:\/\/kreftforeningen.no\/vardesenteret\/?page_id=10184"},"modified":"2026-04-24T09:37:46","modified_gmt":"2026-04-24T07:37:46","slug":"tonsberg","status":"publish","type":"page","link":"https:\/\/kreftforeningen.no\/vardesenteret\/tonsberg\/","title":{"rendered":"Vardesenteret i Vestfold"},"content":{"rendered":"\n<div class=\"wp-block-kf-ingress\"><div class=\"kf-header__ingress\"><p>Vardesenteret er et fristed for alle som rammes av kreft. Etter mange \u00e5r med \u00f8nsker om en slik plass for pasienter og p\u00e5r\u00f8rende i Vestfold, er \u00f8nsket endelig blitt en realitet. Sammen med sykehuset er vi stolte over \u00e5 \u00e5pne et Vardesenter lokalisert i T\u00f8nsberg til neste \u00e5r.<\/p><\/div><\/div>\n\n\n\n<p>Vardesenteret i Vestfold er tilknyttet SiV-T\u00f8nsberg og blir landets \u00e5ttende vardesenter.<br><br>Vardesenteret vil holde til i den historiske, gamle overlegeboligen ved Sykehuset i Vestfold. Bygget ligger i umiddelbar n\u00e6rhet til sykehuset, pasienttransport og gr\u00f8ntomr\u00e5der, og gir gode rammer for et varmt, trygt og tilgjengelig tilbud.<\/p>\n\n\n\n<figure class=\"wp-block-image size-large is-style-default\"><img loading=\"lazy\" decoding=\"async\" width=\"1024\" height=\"768\" src=\"https:\/\/kreftforeningen.no\/content\/uploads\/2026\/04\/Vardesenteret-i-Vestfold-1-1024x768.jpg\" alt=\"En toetasjes murbygning med svart tegltak, flere vinduer og en uteservering p\u00e5 en gressplen, fotografert under en klarbl\u00e5 himmel.\" class=\"wp-image-208365\" srcset=\"https:\/\/kreftforeningen.no\/content\/uploads\/2026\/04\/Vardesenteret-i-Vestfold-1-1024x768.jpg 1024w, https:\/\/kreftforeningen.no\/content\/uploads\/2026\/04\/Vardesenteret-i-Vestfold-1-300x225.jpg 300w, https:\/\/kreftforeningen.no\/content\/uploads\/2026\/04\/Vardesenteret-i-Vestfold-1-768x576.jpg 768w, https:\/\/kreftforeningen.no\/content\/uploads\/2026\/04\/Vardesenteret-i-Vestfold-1-1536x1152.jpg 1536w, https:\/\/kreftforeningen.no\/content\/uploads\/2026\/04\/Vardesenteret-i-Vestfold-1-2048x1536.jpg 2048w, https:\/\/kreftforeningen.no\/content\/uploads\/2026\/04\/Vardesenteret-i-Vestfold-1-800x600.jpg 800w, https:\/\/kreftforeningen.no\/content\/uploads\/2026\/04\/Vardesenteret-i-Vestfold-1-135x101.jpg 135w\" sizes=\"auto, (max-width: 1024px) 100vw, 1024px\" \/><\/figure>\n\n\n\n<p>M\u00e5let med Vardesenteret i Vestfold er \u00e5 skape et sted hvor mennesker ber\u00f8rt av kreft kan finne ro, fellesskap og st\u00f8tte \u2013 tett p\u00e5, men samtidig litt utenfor sykehuset.<br><br>Tilbudet er \u00e5pent for pasienter, p\u00e5r\u00f8rende og etterlatte i hele Vestfold, og ogs\u00e5 tilgjengelig for personer fra n\u00e6rliggende regioner. Man trenger ingen henvisning, og alle tilbud er gratis.<\/p>\n\n\n\n<p>Du er like velkommen om du er p\u00e5r\u00f8rende, etterlatt, n\u00e5v\u00e6rende eller tidligere kreftpasient. Vardesenteret i Vestfold blir et fristed og en m\u00f8teplass med kurs og aktiviteter som fremmer livskvalitet, velv\u00e6re og mestring.<br><\/p>\n\n\n\n<p><strong>\u00c5pning<\/strong><\/p>\n\n\n\n<p>Forutsatt at alle forutsetninger er p\u00e5 plass, er forventet \u00e5pning av Vardesenteret i Vestfold januar 2027.<\/p>\n\n\n\n<p><strong>Sted<\/strong><\/p>\n\n\n\n<p>Sykehuset i vestfold &#8211; T\u00f8nsberg<\/p>\n","protected":false},"excerpt":{"rendered":"<p>Vardesenteret i Vestfold er tilknyttet SiV-T\u00f8nsberg og blir landets \u00e5ttende vardesenter. Vardesenteret vil holde til i den historiske, gamle overlegeboligen ved Sykehuset i Vestfold. Bygget ligger i umiddelbar n\u00e6rhet til sykehuset, pasienttransport og gr\u00f8ntomr\u00e5der, og gir gode rammer for et varmt, trygt og tilgjengelig tilbud. M\u00e5let med Vardesenteret i Vestfold er \u00e5 skape et sted [&hellip;]<\/p>\n","protected":false},"author":47,"featured_media":208364,"parent":0,"menu_order":0,"comment_status":"closed","ping_status":"closed","template":"","meta":{"_relevanssi_hide_post":"","_relevanssi_hide_content":"","_relevanssi_pin_for_all":"","_relevanssi_pin_keywords":"","_relevanssi_unpin_keywords":"","_relevanssi_related_keywords":"","_relevanssi_related_include_ids":"","_relevanssi_related_exclude_ids":"","_relevanssi_related_no_append":"","_relevanssi_related_not_related":"","_relevanssi_related_posts":"8940,3838,6763,3288,6829,4991","_relevanssi_noindex_reason":"","kf_show_post_date":true,"kf_show_updated_date":false,"kf_show_print_page":false,"kf_show_chapters":false,"kf_show_chapters_expanded":false,"kf_show_post_outdated":true,"kf_toggle_title":false,"kf_is_template":false,"kf_post_authors":[],"teft_cards_label":"Vardesenteret i T\u00f8nsberg","teft_cards_image_id":208364,"teft_cards_image_focal_point_x":0.5,"teft_cards_image_focal_point_y":0.5,"teft_cards_title":"","teft_cards_excerpt":"","footnotes":""},"class_list":["post-10184","page","type-page","status-publish","has-post-thumbnail","hentry"],"yoast_head":"<!-- This site is optimized with the Yoast SEO Premium plugin v27.3 (Yoast SEO v27.4) - https:\/\/yoast.com\/product\/yoast-seo-premium-wordpress\/ -->\n<title>Vardesenteret i Vestfold - Vardesenteret<\/title>\n<meta name=\"robots\" content=\"index, follow, max-snippet:-1, max-image-preview:large, max-video-preview:-1\" \/>\n<link rel=\"canonical\" href=\"https:\/\/kreftforeningen.no\/vardesenteret\/tonsberg\/\" \/>\n<meta property=\"og:locale\" content=\"nb_NO\" \/>\n<meta property=\"og:type\" content=\"article\" \/>\n<meta property=\"og:title\" content=\"Vardesenteret i Vestfold\" \/>\n<meta property=\"og:description\" content=\"Vardesenteret i Vestfold er tilknyttet SiV-T\u00f8nsberg og blir landets \u00e5ttende vardesenter. Vardesenteret vil holde til i den historiske, gamle overlegeboligen ved Sykehuset i Vestfold. Bygget ligger i umiddelbar n\u00e6rhet til sykehuset, pasienttransport og gr\u00f8ntomr\u00e5der, og gir gode rammer for et varmt, trygt og tilgjengelig tilbud. M\u00e5let med Vardesenteret i Vestfold er \u00e5 skape et sted [&hellip;]\" \/>\n<meta property=\"og:url\" content=\"https:\/\/kreftforeningen.no\/vardesenteret\/tonsberg\/\" \/>\n<meta property=\"og:site_name\" content=\"Vardesenteret\" \/>\n<meta property=\"article:published_time\" content=\"2026-04-21T06:28:28+00:00\" \/>\n<meta property=\"article:modified_time\" content=\"2026-04-24T07:37:46+00:00\" \/>\n<meta property=\"og:image\" content=\"https:\/\/kreftforeningen.no\/content\/uploads\/2026\/04\/Vardesenteret-i-Vestfold-scaled.jpg\" \/>\n\t<meta property=\"og:image:width\" content=\"2560\" \/>\n\t<meta property=\"og:image:height\" content=\"1920\" \/>\n\t<meta property=\"og:image:type\" content=\"image\/jpeg\" \/>\n<meta name=\"twitter:card\" content=\"summary_large_image\" \/>\n<meta name=\"twitter:label1\" content=\"Ansl. lesetid\" \/>\n\t<meta name=\"twitter:data1\" content=\"2 minutter\" \/>\n<script type=\"application\/ld+json\" class=\"yoast-schema-graph\">{\"@context\":\"https:\\\/\\\/schema.org\",\"@graph\":[{\"@type\":\"WebPage\",\"@id\":\"https:\\\/\\\/kreftforeningen.no\\\/vardesenteret\\\/tonsberg\\\/\",\"url\":\"https:\\\/\\\/kreftforeningen.no\\\/vardesenteret\\\/tonsberg\\\/\",\"name\":\"Vardesenteret i Vestfold - Vardesenteret\",\"isPartOf\":{\"@id\":\"https:\\\/\\\/kreftforeningen.no\\\/vardesenteret\\\/#website\"},\"primaryImageOfPage\":{\"@id\":\"https:\\\/\\\/kreftforeningen.no\\\/vardesenteret\\\/tonsberg\\\/#primaryimage\"},\"image\":{\"@id\":\"https:\\\/\\\/kreftforeningen.no\\\/vardesenteret\\\/tonsberg\\\/#primaryimage\"},\"thumbnailUrl\":\"https:\\\/\\\/kreftforeningen.no\\\/content\\\/uploads\\\/2026\\\/04\\\/Vardesenteret-i-Vestfold-scaled.jpg\",\"datePublished\":\"2026-04-21T06:28:28+00:00\",\"dateModified\":\"2026-04-24T07:37:46+00:00\",\"breadcrumb\":{\"@id\":\"https:\\\/\\\/kreftforeningen.no\\\/vardesenteret\\\/tonsberg\\\/#breadcrumb\"},\"inLanguage\":\"nb-NO\",\"potentialAction\":[{\"@type\":\"ReadAction\",\"target\":[\"https:\\\/\\\/kreftforeningen.no\\\/vardesenteret\\\/tonsberg\\\/\"]}]},{\"@type\":\"ImageObject\",\"inLanguage\":\"nb-NO\",\"@id\":\"https:\\\/\\\/kreftforeningen.no\\\/vardesenteret\\\/tonsberg\\\/#primaryimage\",\"url\":\"https:\\\/\\\/kreftforeningen.no\\\/content\\\/uploads\\\/2026\\\/04\\\/Vardesenteret-i-Vestfold-scaled.jpg\",\"contentUrl\":\"https:\\\/\\\/kreftforeningen.no\\\/content\\\/uploads\\\/2026\\\/04\\\/Vardesenteret-i-Vestfold-scaled.jpg\"},{\"@type\":\"BreadcrumbList\",\"@id\":\"https:\\\/\\\/kreftforeningen.no\\\/vardesenteret\\\/tonsberg\\\/#breadcrumb\",\"itemListElement\":[{\"@type\":\"ListItem\",\"position\":1,\"name\":\"Forside\",\"item\":\"https:\\\/\\\/kreftforeningen.no\\\/vardesenteret\\\/\"},{\"@type\":\"ListItem\",\"position\":2,\"name\":\"Vardesenteret i Vestfold\"}]},{\"@type\":\"WebSite\",\"@id\":\"https:\\\/\\\/kreftforeningen.no\\\/vardesenteret\\\/#website\",\"url\":\"https:\\\/\\\/kreftforeningen.no\\\/vardesenteret\\\/\",\"name\":\"Vardesenteret\",\"description\":\"\",\"publisher\":{\"@id\":\"https:\\\/\\\/kreftforeningen.no\\\/vardesenteret\\\/#organization\"},\"potentialAction\":[{\"@type\":\"SearchAction\",\"target\":{\"@type\":\"EntryPoint\",\"urlTemplate\":\"https:\\\/\\\/kreftforeningen.no\\\/vardesenteret\\\/?s={search_term_string}\"},\"query-input\":{\"@type\":\"PropertyValueSpecification\",\"valueRequired\":true,\"valueName\":\"search_term_string\"}}],\"inLanguage\":\"nb-NO\"},{\"@type\":\"Organization\",\"@id\":\"https:\\\/\\\/kreftforeningen.no\\\/vardesenteret\\\/#organization\",\"name\":\"Vardesenteret\",\"url\":\"https:\\\/\\\/kreftforeningen.no\\\/vardesenteret\\\/\",\"logo\":{\"@type\":\"ImageObject\",\"inLanguage\":\"nb-NO\",\"@id\":\"https:\\\/\\\/kreftforeningen.no\\\/vardesenteret\\\/#\\\/schema\\\/logo\\\/image\\\/\",\"url\":\"https:\\\/\\\/kreftforeningen.no\\\/content\\\/uploads\\\/2026\\\/02\\\/cropped-Vardesenter_signatur_sort_horisontal_uten-undertekst-e1589886700835.png\",\"contentUrl\":\"https:\\\/\\\/kreftforeningen.no\\\/content\\\/uploads\\\/2026\\\/02\\\/cropped-Vardesenter_signatur_sort_horisontal_uten-undertekst-e1589886700835.png\",\"caption\":\"Vardesenteret\"},\"image\":{\"@id\":\"https:\\\/\\\/kreftforeningen.no\\\/vardesenteret\\\/#\\\/schema\\\/logo\\\/image\\\/\"}}]}<\/script>\n<!-- \/ Yoast SEO Premium plugin. -->","yoast_head_json":{"title":"Vardesenteret i Vestfold - Vardesenteret","robots":{"index":"index","follow":"follow","max-snippet":"max-snippet:-1","max-image-preview":"max-image-preview:large","max-video-preview":"max-video-preview:-1"},"canonical":"https:\/\/kreftforeningen.no\/vardesenteret\/tonsberg\/","og_locale":"nb_NO","og_type":"article","og_title":"Vardesenteret i Vestfold","og_description":"Vardesenteret i Vestfold er tilknyttet SiV-T\u00f8nsberg og blir landets \u00e5ttende vardesenter. Vardesenteret vil holde til i den historiske, gamle overlegeboligen ved Sykehuset i Vestfold. Bygget ligger i umiddelbar n\u00e6rhet til sykehuset, pasienttransport og gr\u00f8ntomr\u00e5der, og gir gode rammer for et varmt, trygt og tilgjengelig tilbud. M\u00e5let med Vardesenteret i Vestfold er \u00e5 skape et sted [&hellip;]","og_url":"https:\/\/kreftforeningen.no\/vardesenteret\/tonsberg\/","og_site_name":"Vardesenteret","article_published_time":"2026-04-21T06:28:28+00:00","article_modified_time":"2026-04-24T07:37:46+00:00","og_image":[{"width":2560,"height":1920,"url":"https:\/\/kreftforeningen.no\/content\/uploads\/2026\/04\/Vardesenteret-i-Vestfold-scaled.jpg","type":"image\/jpeg"}],"twitter_card":"summary_large_image","twitter_misc":{"Ansl. lesetid":"2 minutter"},"schema":{"@context":"https:\/\/schema.org","@graph":[{"@type":"WebPage","@id":"https:\/\/kreftforeningen.no\/vardesenteret\/tonsberg\/","url":"https:\/\/kreftforeningen.no\/vardesenteret\/tonsberg\/","name":"Vardesenteret i Vestfold - Vardesenteret","isPartOf":{"@id":"https:\/\/kreftforeningen.no\/vardesenteret\/#website"},"primaryImageOfPage":{"@id":"https:\/\/kreftforeningen.no\/vardesenteret\/tonsberg\/#primaryimage"},"image":{"@id":"https:\/\/kreftforeningen.no\/vardesenteret\/tonsberg\/#primaryimage"},"thumbnailUrl":"https:\/\/kreftforeningen.no\/content\/uploads\/2026\/04\/Vardesenteret-i-Vestfold-scaled.jpg","datePublished":"2026-04-21T06:28:28+00:00","dateModified":"2026-04-24T07:37:46+00:00","breadcrumb":{"@id":"https:\/\/kreftforeningen.no\/vardesenteret\/tonsberg\/#breadcrumb"},"inLanguage":"nb-NO","potentialAction":[{"@type":"ReadAction","target":["https:\/\/kreftforeningen.no\/vardesenteret\/tonsberg\/"]}]},{"@type":"ImageObject","inLanguage":"nb-NO","@id":"https:\/\/kreftforeningen.no\/vardesenteret\/tonsberg\/#primaryimage","url":"https:\/\/kreftforeningen.no\/content\/uploads\/2026\/04\/Vardesenteret-i-Vestfold-scaled.jpg","contentUrl":"https:\/\/kreftforeningen.no\/content\/uploads\/2026\/04\/Vardesenteret-i-Vestfold-scaled.jpg"},{"@type":"BreadcrumbList","@id":"https:\/\/kreftforeningen.no\/vardesenteret\/tonsberg\/#breadcrumb","itemListElement":[{"@type":"ListItem","position":1,"name":"Forside","item":"https:\/\/kreftforeningen.no\/vardesenteret\/"},{"@type":"ListItem","position":2,"name":"Vardesenteret i Vestfold"}]},{"@type":"WebSite","@id":"https:\/\/kreftforeningen.no\/vardesenteret\/#website","url":"https:\/\/kreftforeningen.no\/vardesenteret\/","name":"Vardesenteret","description":"","publisher":{"@id":"https:\/\/kreftforeningen.no\/vardesenteret\/#organization"},"potentialAction":[{"@type":"SearchAction","target":{"@type":"EntryPoint","urlTemplate":"https:\/\/kreftforeningen.no\/vardesenteret\/?s={search_term_string}"},"query-input":{"@type":"PropertyValueSpecification","valueRequired":true,"valueName":"search_term_string"}}],"inLanguage":"nb-NO"},{"@type":"Organization","@id":"https:\/\/kreftforeningen.no\/vardesenteret\/#organization","name":"Vardesenteret","url":"https:\/\/kreftforeningen.no\/vardesenteret\/","logo":{"@type":"ImageObject","inLanguage":"nb-NO","@id":"https:\/\/kreftforeningen.no\/vardesenteret\/#\/schema\/logo\/image\/","url":"https:\/\/kreftforeningen.no\/content\/uploads\/2026\/02\/cropped-Vardesenter_signatur_sort_horisontal_uten-undertekst-e1589886700835.png","contentUrl":"https:\/\/kreftforeningen.no\/content\/uploads\/2026\/02\/cropped-Vardesenter_signatur_sort_horisontal_uten-undertekst-e1589886700835.png","caption":"Vardesenteret"},"image":{"@id":"https:\/\/kreftforeningen.no\/vardesenteret\/#\/schema\/logo\/image\/"}}]}},"_links":{"self":[{"href":"https:\/\/kreftforeningen.no\/vardesenteret\/wp-json\/wp\/v2\/pages\/10184","targetHints":{"allow":["GET"]}}],"collection":[{"href":"https:\/\/kreftforeningen.no\/vardesenteret\/wp-json\/wp\/v2\/pages"}],"about":[{"href":"https:\/\/kreftforeningen.no\/vardesenteret\/wp-json\/wp\/v2\/types\/page"}],"author":[{"embeddable":true,"href":"https:\/\/kreftforeningen.no\/vardesenteret\/wp-json\/wp\/v2\/users\/47"}],"replies":[{"embeddable":true,"href":"https:\/\/kreftforeningen.no\/vardesenteret\/wp-json\/wp\/v2\/comments?post=10184"}],"version-history":[{"count":9,"href":"https:\/\/kreftforeningen.no\/vardesenteret\/wp-json\/wp\/v2\/pages\/10184\/revisions"}],"predecessor-version":[{"id":10236,"href":"https:\/\/kreftforeningen.no\/vardesenteret\/wp-json\/wp\/v2\/pages\/10184\/revisions\/10236"}],"wp:featuredmedia":[{"embeddable":true,"href":"https:\/\/kreftforeningen.no\/vardesenteret\/wp-json\/"}],"wp:attachment":[{"href":"https:\/\/kreftforeningen.no\/vardesenteret\/wp-json\/wp\/v2\/media?parent=10184"}],"curies":[{"name":"wp","href":"https:\/\/api.w.org\/{rel}","templated":true}]}}