{"id":1676,"date":"2021-05-06T10:17:28","date_gmt":"2021-05-06T08:17:28","guid":{"rendered":"https:\/\/kreftforeningen.no\/vardesenteret\/?page_id=1676"},"modified":"2025-04-22T10:55:20","modified_gmt":"2025-04-22T08:55:20","slug":"se-opptak-av-temamoter","status":"publish","type":"page","link":"https:\/\/kreftforeningen.no\/vardesenteret\/digitale-tilbud-for-deg-som-bor-i-midt-norge\/se-opptak-av-temamoter\/","title":{"rendered":"Se opptak av v\u00e5re digitale temam\u00f8ter om kreft"},"content":{"rendered":"\n<div class=\"wp-block-kf-ingress\"><div class=\"kf-header__ingress\"><p>Vardesenteret St. Olavs hospital har m\u00e5nedlige digitale temam\u00f8ter. Her kan du se dem n\u00e5r og hvor du \u00f8nsker.<\/p><\/div><\/div>\n\n\n\n<p>P\u00e5 v\u00e5re temam\u00f8ter \u2013 webinar \u2013 \u00f8nsker vi l\u00f8fte ulike tema som mange av v\u00e5re bes\u00f8kende lurer p\u00e5. Noen tema er kanskje vanskelige \u00e5 snakke med andre om, og kan v\u00e6re fint \u00e5 se p\u00e5 hjemme. Vi pr\u00f8ver ogs\u00e5 \u00e5 presenterer nye forskningsprosjekt fra St. Olavs og NTNU. <\/p>\n\n\n\n<p>Er det noen temaer du vil vite mer om? S\u00e5 send oss gjerne en epost til <a href=\"mailto:vardesenteret@stolav.no\">vardesenteret@stolav.no<\/a>, eller se om du finner mer informasjon p\u00e5 <a href=\"https:\/\/kreftforeningen.no\/\">Kreftforeningen<\/a>.<\/p>\n\n\n\n<div class=\"wp-block-group has-black-color has-blue-light-background-color has-text-color has-background\"><div class=\"wp-block-group__inner-container is-layout-flow wp-block-group-is-layout-flow\">\n<p><em>Va<em>rdesenteret i Trondheim, 19. april 2024 <\/em><\/em><\/p>\n\n\n\n<h3 class=\"wp-block-heading\" id=\"h-hverdagen-med-fatigue\">Hverdagen med fatigue<\/h3>\n\n\n\n<p>Hvordan leve med fatigue? I 2015 ble Marianne Steen behandlet for kreft. Etter kreftbehandlingen har hun engasjert seg som brukerrepresentant p\u00e5 mestringskurs for personer som har gjennomg\u00e5tt kreftbehandling og har fatigue. I denne samtalen deler Marianne hvordan hun mestrer hverdagen med utmattelse. <\/p>\n\n\n\n<p><\/p>\n\n\n\n<figure class=\"wp-block-embed is-type-video is-provider-youtube wp-block-embed-youtube wp-embed-aspect-16-9 wp-has-aspect-ratio\"><div class=\"wp-block-embed__wrapper\">\n<iframe loading=\"lazy\" title=\"Hverdagen med fatigue. Temam\u00f8te Vardesenteret 19.04.2024\" width=\"500\" height=\"281\" src=\"https:\/\/www.youtube-nocookie.com\/embed\/0H9HW4F9hBk?feature=oembed&#038;hl=no\" frameborder=\"0\" allow=\"accelerometer; autoplay; clipboard-write; encrypted-media; gyroscope; picture-in-picture; web-share\" referrerpolicy=\"strict-origin-when-cross-origin\" allowfullscreen><\/iframe>\n<\/div><\/figure>\n<\/div><\/div>\n\n\n\n<div class=\"wp-block-group has-black-color has-grey-light-background-color has-text-color has-background\"><div class=\"wp-block-group__inner-container is-layout-flow wp-block-group-is-layout-flow\">\n<p><em>Va<em>rdesenteret i Trondheim, 20. oktober 2023<\/em><\/em><\/p>\n\n\n\n<h3 class=\"wp-block-heading\" id=\"h-kreft-seksualitet-og-samliv\">Kreft, seksualitet og samliv<\/h3>\n\n\n\n<p>Sp\u00f8rsm\u00e5l rundt kreft og seksualitet vil f\u00f8r eller siden melde seg hos de fleste som f\u00e5r diagnosen, nesten uansett alder, livsfase, seksuell legning og om en har en partner eller ikke.<\/p>\n\n\n\n<p>Seksualiteten p\u00e5virkes av v\u00e5re tanker, f\u00f8lelser, handlinger og v\u00e5rt samspill med andre mennesker. Det er noe av det mest private vi har, og mange synes det er vanskelig \u00e5 snakke om.<\/p>\n\n\n\n<p>Hva vil skje med seksuallivet mitt n\u00e5 som jeg har f\u00e5tt kreft? Hvordan innvirker cellegift og str\u00e5lebehandling p\u00e5 lyst og evne? Vil kirurgiske inngrep \u00f8delegge mine muligheter for et seksualliv? Hvordan kommer min partner til \u00e5 reagere, kan jeg fortsatt v\u00e6re attraktiv?<\/p>\n\n\n\n<p>Innleder p\u00e5 m\u00f8tet er sexolog Vigdis Moen. M\u00e5lgruppe for temam\u00f8tet er kreftpasienter og p\u00e5r\u00f8rende.<\/p>\n\n\n\n<figure class=\"wp-block-embed is-type-video is-provider-youtube wp-block-embed-youtube wp-embed-aspect-16-9 wp-has-aspect-ratio\"><div class=\"wp-block-embed__wrapper\">\n<iframe loading=\"lazy\" title=\"Kreft, seksualitet og samliv. Temam\u00f8te Vardesenteret 20.10.23\" width=\"500\" height=\"281\" src=\"https:\/\/www.youtube-nocookie.com\/embed\/jarG30ypu2s?feature=oembed&#038;hl=no\" frameborder=\"0\" allow=\"accelerometer; autoplay; clipboard-write; encrypted-media; gyroscope; picture-in-picture; web-share\" referrerpolicy=\"strict-origin-when-cross-origin\" allowfullscreen><\/iframe>\n<\/div><\/figure>\n<\/div><\/div>\n\n\n\n<div class=\"wp-block-group has-black-color has-blue-light-background-color has-text-color has-background\"><div class=\"wp-block-group__inner-container is-layout-flow wp-block-group-is-layout-flow\">\n<p><em>Va<em>rdesenteret i Trondheim, 5. mai 2023<\/em><\/em><\/p>\n\n\n\n<h3 class=\"wp-block-heading\" id=\"h-bivirkninger-og-seneffekter-etter-prostatakreft\">Bivirkninger og seneffekter etter prostatakreft<\/h3>\n\n\n\n<p>Flere opplever at livet endrer seg, mentalt s\u00e5 vel som fysisk, i forbindelse med kreftsykdom og behandling. Yteevne, energiniv\u00e5 og seksualfunksjon kan bli redusert, og noen f\u00e5r&nbsp;<a href=\"https:\/\/kreftforeningen.no\/om-kreft\/senskader-voksne\/\">senskader<\/a>. De fleste vil ikke f\u00e5&nbsp;<em>alvorlige&nbsp;<\/em>senskader, men mange vil oppleve noen plager.<\/p>\n\n\n\n<p>Flere opplever at livet endrer seg, mentalt s\u00e5 vel som fysisk, i forbindelse med kreftsykdom og behandling. Yteevne, energiniv\u00e5 og seksualfunksjon kan bli redusert, og noen f\u00e5r&nbsp;<a href=\"https:\/\/kreftforeningen.no\/om-kreft\/senskader-voksne\/\">senskader<\/a>. De fleste vil ikke f\u00e5&nbsp;<em>alvorlige&nbsp;<\/em>senskader, men mange vil oppleve noen plager.<\/p>\n\n\n\n<p>B\u00e5de kirurgi, str\u00e5lebehandling og hormonell behandling gir bivirkninger i forskjellig grad.<\/p>\n\n\n\n<p>Overlege Bj\u00f8rg Y. Aksness\u00e6ther fra Kreftavdelingen ved \u00c5lesund sjukehus presenterer sin forskning p\u00e5 og det vi vet om bivirkninger og seneffekter etter moderne behandling av prostatakreft.<\/p>\n\n\n\n<figure class=\"wp-block-embed is-type-video is-provider-youtube wp-block-embed-youtube wp-embed-aspect-16-9 wp-has-aspect-ratio\"><div class=\"wp-block-embed__wrapper\">\n<iframe loading=\"lazy\" title=\"Bivirkninger og seneffekter etter prostatakreft.\u00a0Temam\u00f8te Vardesenteret 05.05.23\" width=\"500\" height=\"281\" src=\"https:\/\/www.youtube-nocookie.com\/embed\/-qnfc_uFF1k?feature=oembed&#038;hl=no\" frameborder=\"0\" allow=\"accelerometer; autoplay; clipboard-write; encrypted-media; gyroscope; picture-in-picture; web-share\" referrerpolicy=\"strict-origin-when-cross-origin\" allowfullscreen><\/iframe>\n<\/div><\/figure>\n<\/div><\/div>\n\n\n\n<div class=\"wp-block-group has-black-color has-grey-light-background-color has-text-color has-background\"><div class=\"wp-block-group__inner-container is-layout-flow wp-block-group-is-layout-flow\">\n<p><em>Va<em>rdesenteret i Trondheim, 1. april 2022<\/em><\/em><\/p>\n\n\n\n<h3 class=\"wp-block-heading\" id=\"h-fatigue-etter-kreft\">Fatigue etter kreft<\/h3>\n\n\n\n<p>\u00c5 v\u00e6re s\u00e5 sliten som du aldri har f\u00f8lt deg noen gang. Slik beskrives fatigue, en av seneffektene som kan oppst\u00e5 etter kreft og kreftbehandling. Fatigue er en f\u00f8lelse av \u00e5 v\u00e6re utmattet og unormalt tr\u00f8tt og er noe mange kreftpasienter opplever i st\u00f8rre eller mindre grad.<\/p>\n\n\n\n<p>I dette temam\u00f8tet m\u00f8ter du spesialfysioterapeut Siri A. Svestad fra St. Olavs hospital. Hun snakker om det vi s\u00e5 langt vet hjelper: Energi\u00f8konomisering, fysisk aktivitet og kognitiv terapi.<\/p>\n\n\n\n<figure class=\"wp-block-embed is-type-video is-provider-youtube wp-block-embed-youtube wp-embed-aspect-16-9 wp-has-aspect-ratio\"><div class=\"wp-block-embed__wrapper\">\n<iframe loading=\"lazy\" title=\"Fatigue etter kreft. Temam\u00f8te Vardesenteret 01.04.2022\" width=\"500\" height=\"281\" src=\"https:\/\/www.youtube-nocookie.com\/embed\/5kUftYgGBWY?feature=oembed&#038;hl=no\" frameborder=\"0\" allow=\"accelerometer; autoplay; clipboard-write; encrypted-media; gyroscope; picture-in-picture; web-share\" referrerpolicy=\"strict-origin-when-cross-origin\" allowfullscreen><\/iframe>\n<\/div><\/figure>\n<\/div><\/div>\n\n\n\n<div class=\"wp-block-group has-grey-light-background-color has-background\"><div class=\"wp-block-group__inner-container is-layout-flow wp-block-group-is-layout-flow\">\n<p><em>Vardesenteret i Oslo, 29. april 2021<\/em><\/p>\n\n\n\n<h3 class=\"wp-block-heading\" id=\"h-kosthold-og-kreft-hvordan-velge-rett-nar-alle-hevder-a-ha-fasiten\">Kosthold og kreft: Hvordan velge rett n\u00e5r alle hevder \u00e5 ha fasiten?<\/h3>\n\n\n\n<p>Professor i ern\u00e6ring, Rune Blomhoff, forteller om det nyeste innen forskning p\u00e5 kosthold og kreft:<\/p>\n\n\n\n<figure class=\"wp-block-embed is-type-video is-provider-youtube wp-block-embed-youtube wp-embed-aspect-16-9 wp-has-aspect-ratio\"><div class=\"wp-block-embed__wrapper\">\n<iframe loading=\"lazy\" title=\"Kosthold og kreft | Hvordan velge rett n\u00e5r alle hevder \u00e5 ha fasiten?\" width=\"500\" height=\"281\" src=\"https:\/\/www.youtube-nocookie.com\/embed\/fMjdlT8oWqI?feature=oembed&#038;hl=no\" frameborder=\"0\" allow=\"accelerometer; autoplay; clipboard-write; encrypted-media; gyroscope; picture-in-picture; web-share\" referrerpolicy=\"strict-origin-when-cross-origin\" allowfullscreen><\/iframe>\n<\/div><\/figure>\n<\/div><\/div>\n","protected":false},"excerpt":{"rendered":"<p>P\u00e5 v\u00e5re temam\u00f8ter \u2013 webinar \u2013 \u00f8nsker vi l\u00f8fte ulike tema som mange av v\u00e5re bes\u00f8kende lurer p\u00e5. Noen tema er kanskje vanskelige \u00e5 snakke med andre om, og kan v\u00e6re fint \u00e5 se p\u00e5 hjemme. Vi pr\u00f8ver ogs\u00e5 \u00e5 presenterer nye forskningsprosjekt fra St. Olavs og NTNU. Er det noen temaer du vil vite [&hellip;]<\/p>\n","protected":false},"author":30,"featured_media":71433,"parent":1568,"menu_order":0,"comment_status":"closed","ping_status":"closed","template":"","meta":{"_relevanssi_hide_post":"","_relevanssi_hide_content":"","_relevanssi_pin_for_all":"","_relevanssi_pin_keywords":"","_relevanssi_unpin_keywords":"","_relevanssi_related_keywords":"","_relevanssi_related_include_ids":"","_relevanssi_related_exclude_ids":"","_relevanssi_related_no_append":"","_relevanssi_related_not_related":"","_relevanssi_related_posts":"1697,1697","_relevanssi_noindex_reason":"","kf_show_post_date":false,"kf_show_updated_date":false,"kf_show_print_page":false,"kf_show_chapters":false,"kf_show_chapters_expanded":false,"kf_show_post_outdated":true,"kf_toggle_title":false,"kf_is_template":false,"kf_post_authors":[],"teft_cards_label":"","teft_cards_image_id":74681,"teft_cards_image_focal_point_x":0.5,"teft_cards_image_focal_point_y":0.5,"teft_cards_title":"","teft_cards_excerpt":"","footnotes":""},"class_list":["post-1676","page","type-page","status-publish","has-post-thumbnail","hentry"],"yoast_head":"<!-- This site is optimized with the Yoast SEO Premium plugin v27.3 (Yoast SEO v27.4) - https:\/\/yoast.com\/product\/yoast-seo-premium-wordpress\/ -->\n<title>Se opptak av v\u00e5re digitale temam\u00f8ter om kreft - Vardesenteret<\/title>\n<meta name=\"robots\" content=\"index, follow, max-snippet:-1, max-image-preview:large, max-video-preview:-1\" \/>\n<link rel=\"canonical\" href=\"https:\/\/kreftforeningen.no\/vardesenteret\/digitale-tilbud-for-deg-som-bor-i-midt-norge\/se-opptak-av-temamoter\/\" \/>\n<meta property=\"og:locale\" content=\"nb_NO\" \/>\n<meta property=\"og:type\" content=\"article\" \/>\n<meta property=\"og:title\" content=\"Se opptak av v\u00e5re digitale temam\u00f8ter om kreft\" \/>\n<meta property=\"og:description\" content=\"P\u00e5 v\u00e5re temam\u00f8ter \u2013 webinar \u2013 \u00f8nsker vi l\u00f8fte ulike tema som mange av v\u00e5re bes\u00f8kende lurer p\u00e5. Noen tema er kanskje vanskelige \u00e5 snakke med andre om, og kan v\u00e6re fint \u00e5 se p\u00e5 hjemme. Vi pr\u00f8ver ogs\u00e5 \u00e5 presenterer nye forskningsprosjekt fra St. Olavs og NTNU. Er det noen temaer du vil vite [&hellip;]\" \/>\n<meta property=\"og:url\" content=\"https:\/\/kreftforeningen.no\/vardesenteret\/digitale-tilbud-for-deg-som-bor-i-midt-norge\/se-opptak-av-temamoter\/\" \/>\n<meta property=\"og:site_name\" content=\"Vardesenteret\" \/>\n<meta property=\"article:published_time\" content=\"2021-05-06T08:17:28+00:00\" \/>\n<meta property=\"article:modified_time\" content=\"2025-04-22T08:55:20+00:00\" \/>\n<meta property=\"og:image\" content=\"https:\/\/kreftforeningen.no\/content\/uploads\/2021\/01\/veivisere1-Linda.jpg\" \/>\n\t<meta property=\"og:image:width\" content=\"2048\" \/>\n\t<meta property=\"og:image:height\" content=\"1152\" \/>\n\t<meta property=\"og:image:type\" content=\"image\/jpeg\" \/>\n<meta name=\"twitter:card\" content=\"summary_large_image\" \/>\n<meta name=\"twitter:label1\" content=\"Ansl. lesetid\" \/>\n\t<meta name=\"twitter:data1\" content=\"4 minutter\" \/>\n<script type=\"application\/ld+json\" class=\"yoast-schema-graph\">{\"@context\":\"https:\\\/\\\/schema.org\",\"@graph\":[{\"@type\":\"WebPage\",\"@id\":\"https:\\\/\\\/kreftforeningen.no\\\/vardesenteret\\\/digitale-tilbud-for-deg-som-bor-i-midt-norge\\\/se-opptak-av-temamoter\\\/\",\"url\":\"https:\\\/\\\/kreftforeningen.no\\\/vardesenteret\\\/digitale-tilbud-for-deg-som-bor-i-midt-norge\\\/se-opptak-av-temamoter\\\/\",\"name\":\"Se opptak av v\u00e5re digitale temam\u00f8ter om kreft - Vardesenteret\",\"isPartOf\":{\"@id\":\"https:\\\/\\\/kreftforeningen.no\\\/vardesenteret\\\/#website\"},\"primaryImageOfPage\":{\"@id\":\"https:\\\/\\\/kreftforeningen.no\\\/vardesenteret\\\/digitale-tilbud-for-deg-som-bor-i-midt-norge\\\/se-opptak-av-temamoter\\\/#primaryimage\"},\"image\":{\"@id\":\"https:\\\/\\\/kreftforeningen.no\\\/vardesenteret\\\/digitale-tilbud-for-deg-som-bor-i-midt-norge\\\/se-opptak-av-temamoter\\\/#primaryimage\"},\"thumbnailUrl\":\"https:\\\/\\\/kreftforeningen.no\\\/content\\\/uploads\\\/2021\\\/01\\\/veivisere1-Linda.jpg\",\"datePublished\":\"2021-05-06T08:17:28+00:00\",\"dateModified\":\"2025-04-22T08:55:20+00:00\",\"breadcrumb\":{\"@id\":\"https:\\\/\\\/kreftforeningen.no\\\/vardesenteret\\\/digitale-tilbud-for-deg-som-bor-i-midt-norge\\\/se-opptak-av-temamoter\\\/#breadcrumb\"},\"inLanguage\":\"nb-NO\",\"potentialAction\":[{\"@type\":\"ReadAction\",\"target\":[\"https:\\\/\\\/kreftforeningen.no\\\/vardesenteret\\\/digitale-tilbud-for-deg-som-bor-i-midt-norge\\\/se-opptak-av-temamoter\\\/\"]}]},{\"@type\":\"ImageObject\",\"inLanguage\":\"nb-NO\",\"@id\":\"https:\\\/\\\/kreftforeningen.no\\\/vardesenteret\\\/digitale-tilbud-for-deg-som-bor-i-midt-norge\\\/se-opptak-av-temamoter\\\/#primaryimage\",\"url\":\"https:\\\/\\\/kreftforeningen.no\\\/content\\\/uploads\\\/2021\\\/01\\\/veivisere1-Linda.jpg\",\"contentUrl\":\"https:\\\/\\\/kreftforeningen.no\\\/content\\\/uploads\\\/2021\\\/01\\\/veivisere1-Linda.jpg\"},{\"@type\":\"BreadcrumbList\",\"@id\":\"https:\\\/\\\/kreftforeningen.no\\\/vardesenteret\\\/digitale-tilbud-for-deg-som-bor-i-midt-norge\\\/se-opptak-av-temamoter\\\/#breadcrumb\",\"itemListElement\":[{\"@type\":\"ListItem\",\"position\":1,\"name\":\"Forside\",\"item\":\"https:\\\/\\\/kreftforeningen.no\\\/vardesenteret\\\/\"},{\"@type\":\"ListItem\",\"position\":2,\"name\":\"Digitale tilbud for deg som bor i Midt-Norge\",\"item\":\"https:\\\/\\\/kreftforeningen.no\\\/vardesenteret\\\/digitale-tilbud-for-deg-som-bor-i-midt-norge\\\/\"},{\"@type\":\"ListItem\",\"position\":3,\"name\":\"Se opptak av v\u00e5re digitale temam\u00f8ter om kreft\"}]},{\"@type\":\"WebSite\",\"@id\":\"https:\\\/\\\/kreftforeningen.no\\\/vardesenteret\\\/#website\",\"url\":\"https:\\\/\\\/kreftforeningen.no\\\/vardesenteret\\\/\",\"name\":\"Vardesenteret\",\"description\":\"\",\"publisher\":{\"@id\":\"https:\\\/\\\/kreftforeningen.no\\\/vardesenteret\\\/#organization\"},\"potentialAction\":[{\"@type\":\"SearchAction\",\"target\":{\"@type\":\"EntryPoint\",\"urlTemplate\":\"https:\\\/\\\/kreftforeningen.no\\\/vardesenteret\\\/?s={search_term_string}\"},\"query-input\":{\"@type\":\"PropertyValueSpecification\",\"valueRequired\":true,\"valueName\":\"search_term_string\"}}],\"inLanguage\":\"nb-NO\"},{\"@type\":\"Organization\",\"@id\":\"https:\\\/\\\/kreftforeningen.no\\\/vardesenteret\\\/#organization\",\"name\":\"Vardesenteret\",\"url\":\"https:\\\/\\\/kreftforeningen.no\\\/vardesenteret\\\/\",\"logo\":{\"@type\":\"ImageObject\",\"inLanguage\":\"nb-NO\",\"@id\":\"https:\\\/\\\/kreftforeningen.no\\\/vardesenteret\\\/#\\\/schema\\\/logo\\\/image\\\/\",\"url\":\"https:\\\/\\\/kreftforeningen.no\\\/content\\\/uploads\\\/2026\\\/02\\\/cropped-Vardesenter_signatur_sort_horisontal_uten-undertekst-e1589886700835.png\",\"contentUrl\":\"https:\\\/\\\/kreftforeningen.no\\\/content\\\/uploads\\\/2026\\\/02\\\/cropped-Vardesenter_signatur_sort_horisontal_uten-undertekst-e1589886700835.png\",\"caption\":\"Vardesenteret\"},\"image\":{\"@id\":\"https:\\\/\\\/kreftforeningen.no\\\/vardesenteret\\\/#\\\/schema\\\/logo\\\/image\\\/\"}}]}<\/script>\n<!-- \/ Yoast SEO Premium plugin. -->","yoast_head_json":{"title":"Se opptak av v\u00e5re digitale temam\u00f8ter om kreft - Vardesenteret","robots":{"index":"index","follow":"follow","max-snippet":"max-snippet:-1","max-image-preview":"max-image-preview:large","max-video-preview":"max-video-preview:-1"},"canonical":"https:\/\/kreftforeningen.no\/vardesenteret\/digitale-tilbud-for-deg-som-bor-i-midt-norge\/se-opptak-av-temamoter\/","og_locale":"nb_NO","og_type":"article","og_title":"Se opptak av v\u00e5re digitale temam\u00f8ter om kreft","og_description":"P\u00e5 v\u00e5re temam\u00f8ter \u2013 webinar \u2013 \u00f8nsker vi l\u00f8fte ulike tema som mange av v\u00e5re bes\u00f8kende lurer p\u00e5. Noen tema er kanskje vanskelige \u00e5 snakke med andre om, og kan v\u00e6re fint \u00e5 se p\u00e5 hjemme. Vi pr\u00f8ver ogs\u00e5 \u00e5 presenterer nye forskningsprosjekt fra St. Olavs og NTNU. Er det noen temaer du vil vite [&hellip;]","og_url":"https:\/\/kreftforeningen.no\/vardesenteret\/digitale-tilbud-for-deg-som-bor-i-midt-norge\/se-opptak-av-temamoter\/","og_site_name":"Vardesenteret","article_published_time":"2021-05-06T08:17:28+00:00","article_modified_time":"2025-04-22T08:55:20+00:00","og_image":[{"width":2048,"height":1152,"url":"https:\/\/kreftforeningen.no\/content\/uploads\/2021\/01\/veivisere1-Linda.jpg","type":"image\/jpeg"}],"twitter_card":"summary_large_image","twitter_misc":{"Ansl. lesetid":"4 minutter"},"schema":{"@context":"https:\/\/schema.org","@graph":[{"@type":"WebPage","@id":"https:\/\/kreftforeningen.no\/vardesenteret\/digitale-tilbud-for-deg-som-bor-i-midt-norge\/se-opptak-av-temamoter\/","url":"https:\/\/kreftforeningen.no\/vardesenteret\/digitale-tilbud-for-deg-som-bor-i-midt-norge\/se-opptak-av-temamoter\/","name":"Se opptak av v\u00e5re digitale temam\u00f8ter om kreft - Vardesenteret","isPartOf":{"@id":"https:\/\/kreftforeningen.no\/vardesenteret\/#website"},"primaryImageOfPage":{"@id":"https:\/\/kreftforeningen.no\/vardesenteret\/digitale-tilbud-for-deg-som-bor-i-midt-norge\/se-opptak-av-temamoter\/#primaryimage"},"image":{"@id":"https:\/\/kreftforeningen.no\/vardesenteret\/digitale-tilbud-for-deg-som-bor-i-midt-norge\/se-opptak-av-temamoter\/#primaryimage"},"thumbnailUrl":"https:\/\/kreftforeningen.no\/content\/uploads\/2021\/01\/veivisere1-Linda.jpg","datePublished":"2021-05-06T08:17:28+00:00","dateModified":"2025-04-22T08:55:20+00:00","breadcrumb":{"@id":"https:\/\/kreftforeningen.no\/vardesenteret\/digitale-tilbud-for-deg-som-bor-i-midt-norge\/se-opptak-av-temamoter\/#breadcrumb"},"inLanguage":"nb-NO","potentialAction":[{"@type":"ReadAction","target":["https:\/\/kreftforeningen.no\/vardesenteret\/digitale-tilbud-for-deg-som-bor-i-midt-norge\/se-opptak-av-temamoter\/"]}]},{"@type":"ImageObject","inLanguage":"nb-NO","@id":"https:\/\/kreftforeningen.no\/vardesenteret\/digitale-tilbud-for-deg-som-bor-i-midt-norge\/se-opptak-av-temamoter\/#primaryimage","url":"https:\/\/kreftforeningen.no\/content\/uploads\/2021\/01\/veivisere1-Linda.jpg","contentUrl":"https:\/\/kreftforeningen.no\/content\/uploads\/2021\/01\/veivisere1-Linda.jpg"},{"@type":"BreadcrumbList","@id":"https:\/\/kreftforeningen.no\/vardesenteret\/digitale-tilbud-for-deg-som-bor-i-midt-norge\/se-opptak-av-temamoter\/#breadcrumb","itemListElement":[{"@type":"ListItem","position":1,"name":"Forside","item":"https:\/\/kreftforeningen.no\/vardesenteret\/"},{"@type":"ListItem","position":2,"name":"Digitale tilbud for deg som bor i Midt-Norge","item":"https:\/\/kreftforeningen.no\/vardesenteret\/digitale-tilbud-for-deg-som-bor-i-midt-norge\/"},{"@type":"ListItem","position":3,"name":"Se opptak av v\u00e5re digitale temam\u00f8ter om kreft"}]},{"@type":"WebSite","@id":"https:\/\/kreftforeningen.no\/vardesenteret\/#website","url":"https:\/\/kreftforeningen.no\/vardesenteret\/","name":"Vardesenteret","description":"","publisher":{"@id":"https:\/\/kreftforeningen.no\/vardesenteret\/#organization"},"potentialAction":[{"@type":"SearchAction","target":{"@type":"EntryPoint","urlTemplate":"https:\/\/kreftforeningen.no\/vardesenteret\/?s={search_term_string}"},"query-input":{"@type":"PropertyValueSpecification","valueRequired":true,"valueName":"search_term_string"}}],"inLanguage":"nb-NO"},{"@type":"Organization","@id":"https:\/\/kreftforeningen.no\/vardesenteret\/#organization","name":"Vardesenteret","url":"https:\/\/kreftforeningen.no\/vardesenteret\/","logo":{"@type":"ImageObject","inLanguage":"nb-NO","@id":"https:\/\/kreftforeningen.no\/vardesenteret\/#\/schema\/logo\/image\/","url":"https:\/\/kreftforeningen.no\/content\/uploads\/2026\/02\/cropped-Vardesenter_signatur_sort_horisontal_uten-undertekst-e1589886700835.png","contentUrl":"https:\/\/kreftforeningen.no\/content\/uploads\/2026\/02\/cropped-Vardesenter_signatur_sort_horisontal_uten-undertekst-e1589886700835.png","caption":"Vardesenteret"},"image":{"@id":"https:\/\/kreftforeningen.no\/vardesenteret\/#\/schema\/logo\/image\/"}}]}},"_links":{"self":[{"href":"https:\/\/kreftforeningen.no\/vardesenteret\/wp-json\/wp\/v2\/pages\/1676","targetHints":{"allow":["GET"]}}],"collection":[{"href":"https:\/\/kreftforeningen.no\/vardesenteret\/wp-json\/wp\/v2\/pages"}],"about":[{"href":"https:\/\/kreftforeningen.no\/vardesenteret\/wp-json\/wp\/v2\/types\/page"}],"author":[{"embeddable":true,"href":"https:\/\/kreftforeningen.no\/vardesenteret\/wp-json\/wp\/v2\/users\/30"}],"replies":[{"embeddable":true,"href":"https:\/\/kreftforeningen.no\/vardesenteret\/wp-json\/wp\/v2\/comments?post=1676"}],"version-history":[{"count":53,"href":"https:\/\/kreftforeningen.no\/vardesenteret\/wp-json\/wp\/v2\/pages\/1676\/revisions"}],"predecessor-version":[{"id":8032,"href":"https:\/\/kreftforeningen.no\/vardesenteret\/wp-json\/wp\/v2\/pages\/1676\/revisions\/8032"}],"up":[{"embeddable":true,"href":"https:\/\/kreftforeningen.no\/vardesenteret\/wp-json\/wp\/v2\/pages\/1568"}],"wp:featuredmedia":[{"embeddable":true,"href":"https:\/\/kreftforeningen.no\/vardesenteret\/wp-json\/"}],"wp:attachment":[{"href":"https:\/\/kreftforeningen.no\/vardesenteret\/wp-json\/wp\/v2\/media?parent=1676"}],"curies":[{"name":"wp","href":"https:\/\/api.w.org\/{rel}","templated":true}]}}