{"id":22,"date":"2020-05-05T21:10:59","date_gmt":"2020-05-05T19:10:59","guid":{"rendered":"https:\/\/stage2.kreftforeningen.no\/vardesenteret\/?page_id=22"},"modified":"2026-04-08T10:10:00","modified_gmt":"2026-04-08T08:10:00","slug":"oslo","status":"publish","type":"page","link":"https:\/\/kreftforeningen.no\/vardesenteret\/oslo\/","title":{"rendered":"Vardesenteret i Oslo"},"content":{"rendered":"\n<div class=\"wp-block-kf-ingress\"><div class=\"kf-header__ingress\"><p>Vardesenteret ved Oslo Universitetssykehus er en gratis m\u00f8teplass i samarbeid med Kreftforeningen for alle som er rammet av kreft. Her kan du ta en pause, utveksle erfaringer og f\u00e5 r\u00e5d og hjelp. Du finner oss p\u00e5 Radiumhospitalet.<\/p><\/div><\/div>\n\n\n\t<div style=\"min-height:400px\" class=\"has-background-dim has-blue-light-background-color is-vertically-aligned-center align  is-style-content-right wp-block-teft-banner\" id=\"wp-block-teft-banner-d6150951a3ea\">\n\t\t\t\t\t<div class=\"wp-block-teft-banner__media\" style=\"background-image: url(https:\/\/kreftforeningen.no\/content\/uploads\/2026\/02\/Hilde-E.-Wille-og-Kirsti-A.-Sordal-DSC00339.jpg);background-position: 59% 32%\">\n\t\t\t<\/div>\n\t\t\t\t<div class=\"wp-block-teft-banner__inner-container\">\n\t\t\t\n\n<h2 class=\"wp-block-heading\" id=\"h-tilbud-og-aktiviteter\">Tilbud og aktiviteter<\/h2>\n\n\n\n<p>Vardesenteret er et friareal for alle som rammes av kreft. Du kan slappe av i eget selskap n\u00e5r du vil det, dele erfaringer eller f\u00e5 r\u00e5d og hjelp i situasjonen du st\u00e5r i.<\/p>\n\n\n\n<div class=\"wp-block-buttons is-layout-flex wp-block-buttons-is-layout-flex\">\n<div class=\"wp-block-button\"><a class=\"wp-block-button__link has-blue-background-color has-background wp-element-button\" href=\"https:\/\/kreftforeningen.no\/vardesenteret\/tilbud\/?county=oslo\">Tilbud og aktiviteter i Oslo<\/a><\/div>\n<\/div>\n\n\t\t<\/div>\n\t<\/div>\n\t\n\n\n<div class=\"wp-block-group has-grey-light-background-color has-background\"><div class=\"wp-block-group__inner-container is-layout-constrained wp-block-group-is-layout-constrained\">\n<h2 class=\"wp-block-heading\" id=\"h-apningstider\">\u00c5pningstider <\/h2>\n\n\n\n<p><strong>Radiumhospitalet<\/strong>:<br>Mandag til og med fredag: klokken 09.00-15.00<\/p>\n\n\n\n<p><em>Vardesenteret p\u00e5 Ullev\u00e5l har stengt ned som f\u00f8lge av at det meste av kreftbehandling har flyttet fra Kreftsenteret. Siste \u00e5pningsdag p\u00e5 Vardesenteret Ullev\u00e5l var 26. juni 2025.<\/em><\/p>\n\n\n\n<div class=\"wp-block-kf-accordion is-questions-closed is-style-faq\"><h2 class=\"kf-accordion__title\" id=\"her-finner-du-oss\">Her finner du oss<\/h2><p class=\"kf-accordion__description\">Vardesenteret finner du p\u00e5 Oslo Universitetssykehus &#8211; Radiumhospitalet.<\/p>\n<div class=\"wp-block-kf-accordion-item\"><h3 class=\"kf-accordion__question\" id=\"radiumhospitalet\"><button type=\"button\" class=\"kf-accordion__button\">Radiumhospitalet<\/button><\/h3><div class=\"kf-accordion__answer\">\n<p><strong>Vardesenteret p\u00e5 Radiumhospitalet<br><\/strong>Ullernchausseen 70, Oslo<br><a href=\"https:\/\/www.google.no\/maps\/place\/Ullernchausseen+70,+0379+Oslo\/@59.9299886,10.6614327,17z\/data=!3m1!4b1!4m5!3m4!1s0x46416da8adf77cd7:0xa13ffc27847935eb!8m2!3d59.9299886!4d10.6636213\">Se kart (google)<\/a>&nbsp;<\/p>\n\n\n\n<p>Vardesenteret ligger i bygg J. Ta heisen eller trappen til 5. etasje og g\u00e5 gjennom restauranten p\u00e5 Pasienthotellet. <\/p>\n<\/div><\/div>\n<\/div>\n\n\n\t<div class=\"kf-accentuated-link__facebook wp-block-kf-accentuated-link\">\n\t\t\t\t<div class=\"kf-link__content\">\n\t\t\t\t\t\t\t<div class=\"kf-link__tagline\">F\u00f8lg oss<\/div>\n\t\t\t\t\t\t<a class=\"kf-link__link\" target=\"_self\" href=\"https:\/\/www.facebook.com\/vardesenteretous\">\n\t\t\t\tVardesenteret OUS Radiumhospitalet &#8211; p\u00e5 Facebook\t\t\t\t\t\t\t\t\t<span class=\"kf-link__link-source\">facebook.com<\/span>\n\t\t\t\t\t\t\t<\/a>\n\t\t<\/div>\n\t<\/div>\n\t\n\n\n<h2 class=\"wp-block-heading\" id=\"h-kontakt-oss\">Kontakt oss<\/h2>\n<\/div><\/div>\n\n\n<div class=\"person-grid wp-block-kf-person-display\"><div class=\"person\" id=\"person-display-573\"><div class=\"person_content\"><h3 id=\"vardesenteret-i-oslo\">Vardesenteret i Oslo<\/h3><p>Oslo Universitetssykehus &#8211; Radiumhospitalet<\/p><a class=\"person_email\" href=\"mailto:vardesenteret@ous-hf.no\"><svg xmlns=\"http:\/\/www.w3.org\/2000\/svg\" width=\"14\" height=\"11\" viewBox=\"0 0 14 12\" fill=\"none\" aria-hidden=\"true\" focusable=\"false\"><g><path d=\"M2.2 1.20001H11.8C12.46 1.20001 13 1.74001 13 2.40001V9.60001C13 10.26 12.46 10.8 11.8 10.8H2.2C1.54 10.8 1 10.26 1 9.60001V2.40001C1 1.74001 1.54 1.20001 2.2 1.20001Z\" stroke=\"black\"\/><path d=\"M13 2.39996L7 6.59996L1 2.39996\" stroke=\"black\"\/><\/g><\/svg><span>vardesenteret@ous-hf.no<\/span><\/a><a href=\"tel:97400440\"><svg xmlns=\"http:\/\/www.w3.org\/2000\/svg\" width=\"14\" height=\"14\" viewBox=\"0 0 14 14\" fill=\"none\" aria-hidden=\"true\" focusable=\"false\"><g><path d=\"M12.9996 9.98431V11.7908C13.0003 11.9585 12.9659 12.1245 12.8986 12.2781C12.8313 12.4318 12.7325 12.5697 12.6087 12.6831C12.4849 12.7965 12.3387 12.8828 12.1795 12.9365C12.0203 12.9903 11.8517 13.0102 11.6843 12.9951C9.82768 12.7938 8.04426 12.1606 6.47734 11.1465C5.01953 10.222 3.78356 8.98843 2.8572 7.53351C1.83752 5.96259 1.20294 4.17405 1.0049 2.31277C0.98982 2.14625 1.00965 1.97843 1.06312 1.81998C1.11659 1.66153 1.20254 1.51592 1.31548 1.39244C1.42843 1.26896 1.5659 1.1703 1.71915 1.10274C1.87239 1.03519 2.03805 1.00022 2.20558 1.00006H4.01565C4.30846 0.997182 4.59233 1.10067 4.81435 1.29122C5.03636 1.48178 5.18138 1.74641 5.22236 2.03578C5.29876 2.61389 5.44044 3.18152 5.64471 3.72785C5.72589 3.94338 5.74346 4.17761 5.69534 4.4028C5.64721 4.62799 5.53542 4.83469 5.3732 4.99841L4.60694 5.76315C5.46585 7.27069 6.71655 8.51891 8.22708 9.37612L8.99334 8.61138C9.15739 8.44948 9.3645 8.33791 9.59013 8.28988C9.81577 8.24185 10.0505 8.25939 10.2664 8.3404C10.8138 8.54427 11.3826 8.68567 11.9619 8.76192C12.2549 8.80318 12.5226 8.95052 12.714 9.1759C12.9053 9.40128 13.007 9.68899 12.9996 9.98431Z\" stroke=\"black\"\/><\/g><\/svg>97 40 04 40<\/a><\/div><\/div><\/div>\n\n\n<div class=\"wp-block-group\"><div class=\"wp-block-group__inner-container is-layout-constrained wp-block-group-is-layout-constrained\"><\/div><\/div>\n\n\n<div class=\"person-grid wp-block-kf-person-display\"><div class=\"person\" id=\"person-display-571\"><div class=\"person_content\"><h3 id=\"joanna-henrika-andersson\">Joanna Henrika Andersson<\/h3><p>klinisk ern\u00e6ringsfysiolog<\/p><a class=\"person_email\" href=\"mailto:joaand@ous-hf.no\"><svg xmlns=\"http:\/\/www.w3.org\/2000\/svg\" width=\"14\" height=\"11\" viewBox=\"0 0 14 12\" fill=\"none\" aria-hidden=\"true\" focusable=\"false\"><g><path d=\"M2.2 1.20001H11.8C12.46 1.20001 13 1.74001 13 2.40001V9.60001C13 10.26 12.46 10.8 11.8 10.8H2.2C1.54 10.8 1 10.26 1 9.60001V2.40001C1 1.74001 1.54 1.20001 2.2 1.20001Z\" stroke=\"black\"\/><path d=\"M13 2.39996L7 6.59996L1 2.39996\" stroke=\"black\"\/><\/g><\/svg><span>joaand@ous-hf.no<\/span><\/a><a href=\"tel:90682118\"><svg xmlns=\"http:\/\/www.w3.org\/2000\/svg\" width=\"14\" height=\"14\" viewBox=\"0 0 14 14\" fill=\"none\" aria-hidden=\"true\" focusable=\"false\"><g><path d=\"M12.9996 9.98431V11.7908C13.0003 11.9585 12.9659 12.1245 12.8986 12.2781C12.8313 12.4318 12.7325 12.5697 12.6087 12.6831C12.4849 12.7965 12.3387 12.8828 12.1795 12.9365C12.0203 12.9903 11.8517 13.0102 11.6843 12.9951C9.82768 12.7938 8.04426 12.1606 6.47734 11.1465C5.01953 10.222 3.78356 8.98843 2.8572 7.53351C1.83752 5.96259 1.20294 4.17405 1.0049 2.31277C0.98982 2.14625 1.00965 1.97843 1.06312 1.81998C1.11659 1.66153 1.20254 1.51592 1.31548 1.39244C1.42843 1.26896 1.5659 1.1703 1.71915 1.10274C1.87239 1.03519 2.03805 1.00022 2.20558 1.00006H4.01565C4.30846 0.997182 4.59233 1.10067 4.81435 1.29122C5.03636 1.48178 5.18138 1.74641 5.22236 2.03578C5.29876 2.61389 5.44044 3.18152 5.64471 3.72785C5.72589 3.94338 5.74346 4.17761 5.69534 4.4028C5.64721 4.62799 5.53542 4.83469 5.3732 4.99841L4.60694 5.76315C5.46585 7.27069 6.71655 8.51891 8.22708 9.37612L8.99334 8.61138C9.15739 8.44948 9.3645 8.33791 9.59013 8.28988C9.81577 8.24185 10.0505 8.25939 10.2664 8.3404C10.8138 8.54427 11.3826 8.68567 11.9619 8.76192C12.2549 8.80318 12.5226 8.95052 12.714 9.1759C12.9053 9.40128 13.007 9.68899 12.9996 9.98431Z\" stroke=\"black\"\/><\/g><\/svg>90 68 21 18<\/a><\/div><\/div><\/div>\n\n\n<h2 class=\"wp-block-heading\" id=\"h-disse-moter-du\">Disse m\u00f8ter du<\/h2>\n\n\n\n<p>P\u00e5 Vardesenteret m\u00f8ter du mennesker med spesialkompetanse som kan hjelpe deg n\u00e5r du trenger det og frivillige som tar deg godt i mot. Stikk innom n\u00e5r det passer og bli s\u00e5 lenge du vil, uansett om du er p\u00e5r\u00f8rende, etterlatt, n\u00e5v\u00e6rende eller tidligere kreftpasient.<\/p>\n\n\n\n<div class=\"wp-block-group\"><div class=\"wp-block-group__inner-container is-layout-flow wp-block-group-is-layout-flow\">\n<div class=\"wp-block-columns alignfull is-layout-flex wp-container-core-columns-is-layout-9d6595d7 wp-block-columns-is-layout-flex\">\n<div class=\"wp-block-column in-chapters is-layout-flow wp-block-column in-chapters-is-layout-flow\" style=\"flex-basis:100%\"><div class=\"wp-block-image\">\n<figure class=\"aligncenter size-full\"><img loading=\"lazy\" decoding=\"async\" width=\"2560\" height=\"1703\" src=\"https:\/\/kreftforeningen.no\/content\/uploads\/2025\/09\/Ansatte-gruppebilde-3396-scaled.jpg\" alt=\"Fire kvinner st\u00e5r utend\u00f8rs p\u00e5 en sti omgitt av gr\u00f8nne tr\u00e6r og smiler til kameraet.\" class=\"wp-image-201412\" srcset=\"https:\/\/kreftforeningen.no\/content\/uploads\/2025\/09\/Ansatte-gruppebilde-3396-scaled.jpg 2560w, https:\/\/kreftforeningen.no\/content\/uploads\/2025\/09\/Ansatte-gruppebilde-3396-300x200.jpg 300w, https:\/\/kreftforeningen.no\/content\/uploads\/2025\/09\/Ansatte-gruppebilde-3396-1024x681.jpg 1024w, https:\/\/kreftforeningen.no\/content\/uploads\/2025\/09\/Ansatte-gruppebilde-3396-768x511.jpg 768w, https:\/\/kreftforeningen.no\/content\/uploads\/2025\/09\/Ansatte-gruppebilde-3396-1536x1022.jpg 1536w, https:\/\/kreftforeningen.no\/content\/uploads\/2025\/09\/Ansatte-gruppebilde-3396-2048x1363.jpg 2048w, https:\/\/kreftforeningen.no\/content\/uploads\/2025\/09\/Ansatte-gruppebilde-3396-135x90.jpg 135w\" sizes=\"auto, (max-width: 2560px) 100vw, 2560px\" \/><figcaption class=\"wp-element-caption\"><em>Fra venstre: vardevakt Nina Paus, ern\u00e6ringsfysiolog Joanna Henrika Andersson, r\u00e5dgiver Gunhild M. Gjerset <\/em><br><em>og senterkoordinator Line Str\u00f8m.<\/em><\/figcaption><\/figure>\n<\/div><\/div>\n<\/div>\n<\/div><\/div>\n\n\n\t<div style=\"min-height:400px\" class=\"has-blue-light-background-color align is-style-content-right wp-block-teft-banner\" id=\"wp-block-teft-banner-4262b0f85d46\">\n\t\t\t\t\t<div class=\"wp-block-teft-banner__media\" style=\"background-image: url(https:\/\/kreftforeningen.no\/content\/uploads\/2022\/06\/255b118c-463d-4560-a7f2-afe9d9791776-scaled.jpg)\">\n\t\t\t<\/div>\n\t\t\t\t<div class=\"wp-block-teft-banner__inner-container\">\n\t\t\t\n\n<h2 class=\"wp-block-heading\" id=\"h-om-vardesenteret\">Om Vardesenteret<\/h2>\n\n\n\n<p>Vardesenteret er en gratis m\u00f8teplass for alle som er rammet av kreft, tilknyttet sju sykehus i landet.<\/p>\n\n\n\n<div class=\"wp-block-buttons is-layout-flex wp-block-buttons-is-layout-flex\">\n<div class=\"wp-block-button\"><a class=\"wp-block-button__link has-blue-background-color has-background wp-element-button\" href=\"https:\/\/kreftforeningen.no\/vardesenteret\/om-vardesenteret\/\">Om Vardesenteret<\/a><\/div>\n<\/div>\n\n\t\t<\/div>\n\t<\/div>\n\t","protected":false},"excerpt":{"rendered":"<p>\u00c5pningstider Radiumhospitalet:Mandag til og med fredag: klokken 09.00-15.00 Vardesenteret p\u00e5 Ullev\u00e5l har stengt ned som f\u00f8lge av at det meste av kreftbehandling har flyttet fra Kreftsenteret. Siste \u00e5pningsdag p\u00e5 Vardesenteret Ullev\u00e5l var 26. juni 2025. Kontakt oss Disse m\u00f8ter du P\u00e5 Vardesenteret m\u00f8ter du mennesker med spesialkompetanse som kan hjelpe deg n\u00e5r du trenger det [&hellip;]<\/p>\n","protected":false},"author":30,"featured_media":0,"parent":0,"menu_order":0,"comment_status":"closed","ping_status":"closed","template":"","meta":{"_relevanssi_hide_post":"","_relevanssi_hide_content":"","_relevanssi_pin_for_all":"","_relevanssi_pin_keywords":"","_relevanssi_unpin_keywords":"","_relevanssi_related_keywords":"","_relevanssi_related_include_ids":"","_relevanssi_related_exclude_ids":"","_relevanssi_related_no_append":"","_relevanssi_related_not_related":"","_relevanssi_related_posts":"277","_relevanssi_noindex_reason":"","kf_show_post_date":false,"kf_show_updated_date":false,"kf_show_print_page":false,"kf_show_chapters":false,"kf_show_chapters_expanded":false,"kf_show_post_outdated":true,"kf_toggle_title":false,"kf_is_template":false,"kf_post_authors":[],"teft_cards_label":"","teft_cards_image_id":56757,"teft_cards_image_focal_point_x":0.5,"teft_cards_image_focal_point_y":0.33,"teft_cards_title":"","teft_cards_excerpt":"","footnotes":""},"class_list":["post-22","page","type-page","status-publish","hentry"],"yoast_head":"<!-- This site is optimized with the Yoast SEO Premium plugin v27.3 (Yoast SEO v27.4) - https:\/\/yoast.com\/product\/yoast-seo-premium-wordpress\/ -->\n<title>Vardesenteret i Oslo - Vardesenteret<\/title>\n<meta name=\"robots\" content=\"index, follow, max-snippet:-1, max-image-preview:large, max-video-preview:-1\" \/>\n<link rel=\"canonical\" href=\"https:\/\/kreftforeningen.no\/vardesenteret\/oslo\/\" \/>\n<meta property=\"og:locale\" content=\"nb_NO\" \/>\n<meta property=\"og:type\" content=\"article\" \/>\n<meta property=\"og:title\" content=\"Vardesenteret i Oslo\" \/>\n<meta property=\"og:description\" content=\"\u00c5pningstider Radiumhospitalet:Mandag til og med fredag: klokken 09.00-15.00 Vardesenteret p\u00e5 Ullev\u00e5l har stengt ned som f\u00f8lge av at det meste av kreftbehandling har flyttet fra Kreftsenteret. Siste \u00e5pningsdag p\u00e5 Vardesenteret Ullev\u00e5l var 26. juni 2025. Kontakt oss Disse m\u00f8ter du P\u00e5 Vardesenteret m\u00f8ter du mennesker med spesialkompetanse som kan hjelpe deg n\u00e5r du trenger det [&hellip;]\" \/>\n<meta property=\"og:url\" content=\"https:\/\/kreftforeningen.no\/vardesenteret\/oslo\/\" \/>\n<meta property=\"og:site_name\" content=\"Vardesenteret\" \/>\n<meta property=\"article:published_time\" content=\"2020-05-05T19:10:59+00:00\" \/>\n<meta property=\"article:modified_time\" content=\"2026-04-08T08:10:00+00:00\" \/>\n<meta name=\"twitter:card\" content=\"summary_large_image\" \/>\n<meta name=\"twitter:label1\" content=\"Ansl. lesetid\" \/>\n\t<meta name=\"twitter:data1\" content=\"2 minutter\" \/>\n<script type=\"application\/ld+json\" class=\"yoast-schema-graph\">{\"@context\":\"https:\\\/\\\/schema.org\",\"@graph\":[{\"@type\":\"WebPage\",\"@id\":\"https:\\\/\\\/kreftforeningen.no\\\/vardesenteret\\\/oslo\\\/\",\"url\":\"https:\\\/\\\/kreftforeningen.no\\\/vardesenteret\\\/oslo\\\/\",\"name\":\"Vardesenteret i Oslo - Vardesenteret\",\"isPartOf\":{\"@id\":\"https:\\\/\\\/kreftforeningen.no\\\/vardesenteret\\\/#website\"},\"primaryImageOfPage\":{\"@id\":\"https:\\\/\\\/kreftforeningen.no\\\/vardesenteret\\\/oslo\\\/#primaryimage\"},\"image\":{\"@id\":\"https:\\\/\\\/kreftforeningen.no\\\/vardesenteret\\\/oslo\\\/#primaryimage\"},\"thumbnailUrl\":\"https:\\\/\\\/kreftforeningen.no\\\/content\\\/uploads\\\/2025\\\/09\\\/Ansatte-gruppebilde-3396-scaled.jpg\",\"datePublished\":\"2020-05-05T19:10:59+00:00\",\"dateModified\":\"2026-04-08T08:10:00+00:00\",\"breadcrumb\":{\"@id\":\"https:\\\/\\\/kreftforeningen.no\\\/vardesenteret\\\/oslo\\\/#breadcrumb\"},\"inLanguage\":\"nb-NO\",\"potentialAction\":[{\"@type\":\"ReadAction\",\"target\":[\"https:\\\/\\\/kreftforeningen.no\\\/vardesenteret\\\/oslo\\\/\"]}],\"mentions\":[{\"@id\":\"person-display-573\"},{\"@id\":\"person-display-571\"}]},{\"@type\":\"ImageObject\",\"inLanguage\":\"nb-NO\",\"@id\":\"https:\\\/\\\/kreftforeningen.no\\\/vardesenteret\\\/oslo\\\/#primaryimage\",\"url\":\"https:\\\/\\\/kreftforeningen.no\\\/content\\\/uploads\\\/2025\\\/09\\\/Ansatte-gruppebilde-3396-scaled.jpg\",\"contentUrl\":\"https:\\\/\\\/kreftforeningen.no\\\/content\\\/uploads\\\/2025\\\/09\\\/Ansatte-gruppebilde-3396-scaled.jpg\"},{\"@type\":\"BreadcrumbList\",\"@id\":\"https:\\\/\\\/kreftforeningen.no\\\/vardesenteret\\\/oslo\\\/#breadcrumb\",\"itemListElement\":[{\"@type\":\"ListItem\",\"position\":1,\"name\":\"Forside\",\"item\":\"https:\\\/\\\/kreftforeningen.no\\\/vardesenteret\\\/\"},{\"@type\":\"ListItem\",\"position\":2,\"name\":\"Vardesenteret i Oslo\"}]},{\"@type\":\"WebSite\",\"@id\":\"https:\\\/\\\/kreftforeningen.no\\\/vardesenteret\\\/#website\",\"url\":\"https:\\\/\\\/kreftforeningen.no\\\/vardesenteret\\\/\",\"name\":\"Vardesenteret\",\"description\":\"\",\"publisher\":{\"@id\":\"https:\\\/\\\/kreftforeningen.no\\\/vardesenteret\\\/#organization\"},\"potentialAction\":[{\"@type\":\"SearchAction\",\"target\":{\"@type\":\"EntryPoint\",\"urlTemplate\":\"https:\\\/\\\/kreftforeningen.no\\\/vardesenteret\\\/?s={search_term_string}\"},\"query-input\":{\"@type\":\"PropertyValueSpecification\",\"valueRequired\":true,\"valueName\":\"search_term_string\"}}],\"inLanguage\":\"nb-NO\"},{\"@type\":\"Organization\",\"@id\":\"https:\\\/\\\/kreftforeningen.no\\\/vardesenteret\\\/#organization\",\"name\":\"Vardesenteret\",\"url\":\"https:\\\/\\\/kreftforeningen.no\\\/vardesenteret\\\/\",\"logo\":{\"@type\":\"ImageObject\",\"inLanguage\":\"nb-NO\",\"@id\":\"https:\\\/\\\/kreftforeningen.no\\\/vardesenteret\\\/#\\\/schema\\\/logo\\\/image\\\/\",\"url\":\"https:\\\/\\\/kreftforeningen.no\\\/content\\\/uploads\\\/2026\\\/02\\\/cropped-Vardesenter_signatur_sort_horisontal_uten-undertekst-e1589886700835.png\",\"contentUrl\":\"https:\\\/\\\/kreftforeningen.no\\\/content\\\/uploads\\\/2026\\\/02\\\/cropped-Vardesenter_signatur_sort_horisontal_uten-undertekst-e1589886700835.png\",\"caption\":\"Vardesenteret\"},\"image\":{\"@id\":\"https:\\\/\\\/kreftforeningen.no\\\/vardesenteret\\\/#\\\/schema\\\/logo\\\/image\\\/\"}}]}<\/script>\n<!-- \/ Yoast SEO Premium plugin. -->","yoast_head_json":{"title":"Vardesenteret i Oslo - Vardesenteret","robots":{"index":"index","follow":"follow","max-snippet":"max-snippet:-1","max-image-preview":"max-image-preview:large","max-video-preview":"max-video-preview:-1"},"canonical":"https:\/\/kreftforeningen.no\/vardesenteret\/oslo\/","og_locale":"nb_NO","og_type":"article","og_title":"Vardesenteret i Oslo","og_description":"\u00c5pningstider Radiumhospitalet:Mandag til og med fredag: klokken 09.00-15.00 Vardesenteret p\u00e5 Ullev\u00e5l har stengt ned som f\u00f8lge av at det meste av kreftbehandling har flyttet fra Kreftsenteret. Siste \u00e5pningsdag p\u00e5 Vardesenteret Ullev\u00e5l var 26. juni 2025. Kontakt oss Disse m\u00f8ter du P\u00e5 Vardesenteret m\u00f8ter du mennesker med spesialkompetanse som kan hjelpe deg n\u00e5r du trenger det [&hellip;]","og_url":"https:\/\/kreftforeningen.no\/vardesenteret\/oslo\/","og_site_name":"Vardesenteret","article_published_time":"2020-05-05T19:10:59+00:00","article_modified_time":"2026-04-08T08:10:00+00:00","twitter_card":"summary_large_image","twitter_misc":{"Ansl. lesetid":"2 minutter"},"schema":{"@context":"https:\/\/schema.org","@graph":[{"@type":"WebPage","@id":"https:\/\/kreftforeningen.no\/vardesenteret\/oslo\/","url":"https:\/\/kreftforeningen.no\/vardesenteret\/oslo\/","name":"Vardesenteret i Oslo - Vardesenteret","isPartOf":{"@id":"https:\/\/kreftforeningen.no\/vardesenteret\/#website"},"primaryImageOfPage":{"@id":"https:\/\/kreftforeningen.no\/vardesenteret\/oslo\/#primaryimage"},"image":{"@id":"https:\/\/kreftforeningen.no\/vardesenteret\/oslo\/#primaryimage"},"thumbnailUrl":"https:\/\/kreftforeningen.no\/content\/uploads\/2025\/09\/Ansatte-gruppebilde-3396-scaled.jpg","datePublished":"2020-05-05T19:10:59+00:00","dateModified":"2026-04-08T08:10:00+00:00","breadcrumb":{"@id":"https:\/\/kreftforeningen.no\/vardesenteret\/oslo\/#breadcrumb"},"inLanguage":"nb-NO","potentialAction":[{"@type":"ReadAction","target":["https:\/\/kreftforeningen.no\/vardesenteret\/oslo\/"]}],"mentions":[{"@id":"person-display-573"},{"@id":"person-display-571"}]},{"@type":"ImageObject","inLanguage":"nb-NO","@id":"https:\/\/kreftforeningen.no\/vardesenteret\/oslo\/#primaryimage","url":"https:\/\/kreftforeningen.no\/content\/uploads\/2025\/09\/Ansatte-gruppebilde-3396-scaled.jpg","contentUrl":"https:\/\/kreftforeningen.no\/content\/uploads\/2025\/09\/Ansatte-gruppebilde-3396-scaled.jpg"},{"@type":"BreadcrumbList","@id":"https:\/\/kreftforeningen.no\/vardesenteret\/oslo\/#breadcrumb","itemListElement":[{"@type":"ListItem","position":1,"name":"Forside","item":"https:\/\/kreftforeningen.no\/vardesenteret\/"},{"@type":"ListItem","position":2,"name":"Vardesenteret i Oslo"}]},{"@type":"WebSite","@id":"https:\/\/kreftforeningen.no\/vardesenteret\/#website","url":"https:\/\/kreftforeningen.no\/vardesenteret\/","name":"Vardesenteret","description":"","publisher":{"@id":"https:\/\/kreftforeningen.no\/vardesenteret\/#organization"},"potentialAction":[{"@type":"SearchAction","target":{"@type":"EntryPoint","urlTemplate":"https:\/\/kreftforeningen.no\/vardesenteret\/?s={search_term_string}"},"query-input":{"@type":"PropertyValueSpecification","valueRequired":true,"valueName":"search_term_string"}}],"inLanguage":"nb-NO"},{"@type":"Organization","@id":"https:\/\/kreftforeningen.no\/vardesenteret\/#organization","name":"Vardesenteret","url":"https:\/\/kreftforeningen.no\/vardesenteret\/","logo":{"@type":"ImageObject","inLanguage":"nb-NO","@id":"https:\/\/kreftforeningen.no\/vardesenteret\/#\/schema\/logo\/image\/","url":"https:\/\/kreftforeningen.no\/content\/uploads\/2026\/02\/cropped-Vardesenter_signatur_sort_horisontal_uten-undertekst-e1589886700835.png","contentUrl":"https:\/\/kreftforeningen.no\/content\/uploads\/2026\/02\/cropped-Vardesenter_signatur_sort_horisontal_uten-undertekst-e1589886700835.png","caption":"Vardesenteret"},"image":{"@id":"https:\/\/kreftforeningen.no\/vardesenteret\/#\/schema\/logo\/image\/"}}]}},"_links":{"self":[{"href":"https:\/\/kreftforeningen.no\/vardesenteret\/wp-json\/wp\/v2\/pages\/22","targetHints":{"allow":["GET"]}}],"collection":[{"href":"https:\/\/kreftforeningen.no\/vardesenteret\/wp-json\/wp\/v2\/pages"}],"about":[{"href":"https:\/\/kreftforeningen.no\/vardesenteret\/wp-json\/wp\/v2\/types\/page"}],"author":[{"embeddable":true,"href":"https:\/\/kreftforeningen.no\/vardesenteret\/wp-json\/wp\/v2\/users\/30"}],"replies":[{"embeddable":true,"href":"https:\/\/kreftforeningen.no\/vardesenteret\/wp-json\/wp\/v2\/comments?post=22"}],"version-history":[{"count":179,"href":"https:\/\/kreftforeningen.no\/vardesenteret\/wp-json\/wp\/v2\/pages\/22\/revisions"}],"predecessor-version":[{"id":10113,"href":"https:\/\/kreftforeningen.no\/vardesenteret\/wp-json\/wp\/v2\/pages\/22\/revisions\/10113"}],"wp:attachment":[{"href":"https:\/\/kreftforeningen.no\/vardesenteret\/wp-json\/wp\/v2\/media?parent=22"}],"curies":[{"name":"wp","href":"https:\/\/api.w.org\/{rel}","templated":true}]}}