{"id":10229,"date":"2026-04-23T15:02:36","date_gmt":"2026-04-23T13:02:36","guid":{"rendered":"https:\/\/kreftforeningen.no\/vardesenteret\/?post_type=service&#038;p=10229"},"modified":"2026-04-24T14:48:32","modified_gmt":"2026-04-24T12:48:32","slug":"temamote-fremtidsfullmakt","status":"publish","type":"service","link":"https:\/\/kreftforeningen.no\/vardesenteret\/tilbud\/temamote-fremtidsfullmakt\/","title":{"rendered":"Temam\u00f8te: Fremtidsfullmakt"},"content":{"rendered":"\n\n\n<div class=\"wp-block-kf-ingress\"><div class=\"kf-header__ingress\"><p>Hva skjer hvis vi ikke lenger er i stand til \u00e5 bestemme selv? Velkommen til temakveld p\u00e5 Vardesenteret.<\/p><\/div><\/div>\n\n\n\n<p>P\u00e5 denne temakvelden m\u00f8ter vi jurist Thomas Smedsvig fra Kreftforeningens rettshjelp. Han skal fortelle om fremtidsfullmakt \u2013 hva det er, og hvorfor det kan v\u00e6re lurt \u00e5 ha en. <\/p>\n\n\n\n<p>En fremtidsfullmakt betyr at du selv kan bestemme hvem som skal ta viktige avgj\u00f8relser for deg, dersom du en dag ikke er i stand til det p\u00e5 grunn av sykdom eller svekket helse. Det kan handle om b\u00e5de personlige forhold og \u00f8konomi.<\/p>\n\n\n\n<p>M\u00e5let med temam\u00f8tet er \u00e5 gi deg trygghet og kunnskap, slik at du og dine n\u00e6rmeste vet hvilke muligheter dere har.<\/p>\n\n\n\n<p>Her f\u00e5r du gode tips og r\u00e5d om ting man b\u00f8r tenke p\u00e5 og vite, og muligheten til \u00e5 stille sp\u00f8rsm\u00e5l.<\/p>\n\n\n\n<p>Arrangementet er gratis. <\/p>\n\n\n\n<p>Juristen deltar digitalt, men oppm\u00f8te for deg som vil delta er p\u00e5 Vardesenteret i \u00c5lesund. <\/p>\n\n\n\n<div class=\"wp-block-group has-blue-light-background-color has-background\"><div class=\"wp-block-group__inner-container is-layout-constrained wp-block-group-is-layout-constrained\">\n<h2 class=\"wp-block-heading\" id=\"h-kontakt-vardesenteret-more-og-romsdal\">Kontakt Vardesenteret M\u00f8re og Romsdal<\/h2>\n\n\n\n<p><strong>Tlf: <\/strong>70 16 71 40   \/   47 87 71 84<\/p>\n\n\n\n<p><strong>E-post:<\/strong><br><a href=\"mailto:hmr.vardesenteret@helse-mr.no\">hmr.vardesenteret@helse-mr.no<\/a><\/p>\n<\/div><\/div>\n","protected":false},"author":100,"featured_media":207009,"parent":0,"menu_order":0,"template":"","meta":{"_relevanssi_hide_post":"","_relevanssi_hide_content":"","_relevanssi_pin_for_all":"","_relevanssi_pin_keywords":"","_relevanssi_unpin_keywords":"","_relevanssi_related_keywords":"","_relevanssi_related_include_ids":"","_relevanssi_related_exclude_ids":"","_relevanssi_related_no_append":"","_relevanssi_related_not_related":"","_relevanssi_related_posts":"4597,3866,8940,3148,6763,3288","_relevanssi_noindex_reason":"","kf_show_post_date":true,"kf_show_updated_date":false,"kf_show_print_page":false,"kf_show_chapters":false,"kf_show_chapters_expanded":false,"kf_show_post_outdated":true,"kf_toggle_title":false,"kf_is_template":false,"kf_post_authors":[],"teft_cards_label":"Vardesenteret i \u00c5lesund","teft_cards_image_id":0,"teft_cards_image_focal_point_x":0,"teft_cards_image_focal_point_y":0,"teft_cards_title":"","teft_cards_excerpt":"","kf_service_priority":false,"kf_service_duration":"single","kf_service_date_end":"2026-06-03T14:00:00","kf_service_date_start":"2026-06-03T13:00:00","kf_service_location":"Vardesenteret i \u00c5lesund","kf_service_url":"","kf_service_price":"","kf_service_featured_image_description":"","footnotes":""},"county":[49],"subject":[117,63],"class_list":["post-10229","service","type-service","status-publish","has-post-thumbnail","hentry","county-more-og-romsdal","subject-foredrag","subject-rettigheter-og-okonomi"],"yoast_head":"<!-- This site is optimized with the Yoast SEO Premium plugin v27.3 (Yoast SEO v27.4) - https:\/\/yoast.com\/product\/yoast-seo-premium-wordpress\/ -->\n<title>Temam\u00f8te: Fremtidsfullmakt - Vardesenteret<\/title>\n<meta name=\"robots\" content=\"index, follow, max-snippet:-1, max-image-preview:large, max-video-preview:-1\" \/>\n<link rel=\"canonical\" href=\"https:\/\/kreftforeningen.no\/vardesenteret\/tilbud\/temamote-fremtidsfullmakt\/\" \/>\n<meta property=\"og:locale\" content=\"nb_NO\" \/>\n<meta property=\"og:type\" content=\"article\" \/>\n<meta property=\"og:title\" content=\"Temam\u00f8te: Fremtidsfullmakt\" \/>\n<meta property=\"og:description\" content=\"P\u00e5 denne temakvelden m\u00f8ter vi jurist Thomas Smedsvig fra Kreftforeningens rettshjelp. Han skal fortelle om fremtidsfullmakt \u2013 hva det er, og hvorfor det kan v\u00e6re lurt \u00e5 ha en. En fremtidsfullmakt betyr at du selv kan bestemme hvem som skal ta viktige avgj\u00f8relser for deg, dersom du en dag ikke er i stand til det [&hellip;]\" \/>\n<meta property=\"og:url\" content=\"https:\/\/kreftforeningen.no\/vardesenteret\/tilbud\/temamote-fremtidsfullmakt\/\" \/>\n<meta property=\"og:site_name\" content=\"Vardesenteret\" \/>\n<meta property=\"article:published_time\" content=\"2026-04-23T13:02:36+00:00\" \/>\n<meta property=\"article:modified_time\" content=\"2026-04-24T12:48:32+00:00\" \/>\n<meta property=\"og:image\" content=\"https:\/\/kreftforeningen.no\/content\/uploads\/2026\/03\/omw_Tromso.103_Bruksrettighet__Fotograf_Ole-Martin-Wold_Copyright_-1-scaled.jpg\" \/>\n\t<meta property=\"og:image:width\" content=\"2560\" \/>\n\t<meta property=\"og:image:height\" content=\"1707\" \/>\n\t<meta property=\"og:image:type\" content=\"image\/jpeg\" \/>\n<meta name=\"twitter:card\" content=\"summary_large_image\" \/>\n<meta name=\"twitter:label1\" content=\"Ansl. lesetid\" \/>\n\t<meta name=\"twitter:data1\" content=\"2 minutter\" \/>\n<script type=\"application\/ld+json\" class=\"yoast-schema-graph\">{\"@context\":\"https:\\\/\\\/schema.org\",\"@graph\":[{\"@type\":\"WebPage\",\"@id\":\"https:\\\/\\\/kreftforeningen.no\\\/vardesenteret\\\/tilbud\\\/temamote-fremtidsfullmakt\\\/\",\"url\":\"https:\\\/\\\/kreftforeningen.no\\\/vardesenteret\\\/tilbud\\\/temamote-fremtidsfullmakt\\\/\",\"name\":\"Temam\u00f8te: Fremtidsfullmakt - Vardesenteret\",\"isPartOf\":{\"@id\":\"https:\\\/\\\/kreftforeningen.no\\\/vardesenteret\\\/#website\"},\"primaryImageOfPage\":{\"@id\":\"https:\\\/\\\/kreftforeningen.no\\\/vardesenteret\\\/tilbud\\\/temamote-fremtidsfullmakt\\\/#primaryimage\"},\"image\":{\"@id\":\"https:\\\/\\\/kreftforeningen.no\\\/vardesenteret\\\/tilbud\\\/temamote-fremtidsfullmakt\\\/#primaryimage\"},\"thumbnailUrl\":\"https:\\\/\\\/kreftforeningen.no\\\/content\\\/uploads\\\/2026\\\/03\\\/omw_Tromso.103_Bruksrettighet__Fotograf_Ole-Martin-Wold_Copyright_-1-scaled.jpg\",\"datePublished\":\"2026-04-23T13:02:36+00:00\",\"dateModified\":\"2026-04-24T12:48:32+00:00\",\"breadcrumb\":{\"@id\":\"https:\\\/\\\/kreftforeningen.no\\\/vardesenteret\\\/tilbud\\\/temamote-fremtidsfullmakt\\\/#breadcrumb\"},\"inLanguage\":\"nb-NO\",\"potentialAction\":[{\"@type\":\"ReadAction\",\"target\":[\"https:\\\/\\\/kreftforeningen.no\\\/vardesenteret\\\/tilbud\\\/temamote-fremtidsfullmakt\\\/\"]}]},{\"@type\":\"ImageObject\",\"inLanguage\":\"nb-NO\",\"@id\":\"https:\\\/\\\/kreftforeningen.no\\\/vardesenteret\\\/tilbud\\\/temamote-fremtidsfullmakt\\\/#primaryimage\",\"url\":\"https:\\\/\\\/kreftforeningen.no\\\/content\\\/uploads\\\/2026\\\/03\\\/omw_Tromso.103_Bruksrettighet__Fotograf_Ole-Martin-Wold_Copyright_-1-scaled.jpg\",\"contentUrl\":\"https:\\\/\\\/kreftforeningen.no\\\/content\\\/uploads\\\/2026\\\/03\\\/omw_Tromso.103_Bruksrettighet__Fotograf_Ole-Martin-Wold_Copyright_-1-scaled.jpg\"},{\"@type\":\"BreadcrumbList\",\"@id\":\"https:\\\/\\\/kreftforeningen.no\\\/vardesenteret\\\/tilbud\\\/temamote-fremtidsfullmakt\\\/#breadcrumb\",\"itemListElement\":[{\"@type\":\"ListItem\",\"position\":1,\"name\":\"Forside\",\"item\":\"https:\\\/\\\/kreftforeningen.no\\\/vardesenteret\\\/\"},{\"@type\":\"ListItem\",\"position\":2,\"name\":\"Tilbud\",\"item\":\"https:\\\/\\\/kreftforeningen.no\\\/vardesenteret\\\/tilbud\\\/\"},{\"@type\":\"ListItem\",\"position\":3,\"name\":\"Temam\u00f8te: Fremtidsfullmakt\"}]},{\"@type\":\"WebSite\",\"@id\":\"https:\\\/\\\/kreftforeningen.no\\\/vardesenteret\\\/#website\",\"url\":\"https:\\\/\\\/kreftforeningen.no\\\/vardesenteret\\\/\",\"name\":\"Vardesenteret\",\"description\":\"\",\"publisher\":{\"@id\":\"https:\\\/\\\/kreftforeningen.no\\\/vardesenteret\\\/#organization\"},\"potentialAction\":[{\"@type\":\"SearchAction\",\"target\":{\"@type\":\"EntryPoint\",\"urlTemplate\":\"https:\\\/\\\/kreftforeningen.no\\\/vardesenteret\\\/?s={search_term_string}\"},\"query-input\":{\"@type\":\"PropertyValueSpecification\",\"valueRequired\":true,\"valueName\":\"search_term_string\"}}],\"inLanguage\":\"nb-NO\"},{\"@type\":\"Organization\",\"@id\":\"https:\\\/\\\/kreftforeningen.no\\\/vardesenteret\\\/#organization\",\"name\":\"Vardesenteret\",\"url\":\"https:\\\/\\\/kreftforeningen.no\\\/vardesenteret\\\/\",\"logo\":{\"@type\":\"ImageObject\",\"inLanguage\":\"nb-NO\",\"@id\":\"https:\\\/\\\/kreftforeningen.no\\\/vardesenteret\\\/#\\\/schema\\\/logo\\\/image\\\/\",\"url\":\"https:\\\/\\\/kreftforeningen.no\\\/content\\\/uploads\\\/2026\\\/02\\\/cropped-Vardesenter_signatur_sort_horisontal_uten-undertekst-e1589886700835.png\",\"contentUrl\":\"https:\\\/\\\/kreftforeningen.no\\\/content\\\/uploads\\\/2026\\\/02\\\/cropped-Vardesenter_signatur_sort_horisontal_uten-undertekst-e1589886700835.png\",\"caption\":\"Vardesenteret\"},\"image\":{\"@id\":\"https:\\\/\\\/kreftforeningen.no\\\/vardesenteret\\\/#\\\/schema\\\/logo\\\/image\\\/\"}}]}<\/script>\n<!-- \/ Yoast SEO Premium plugin. -->","yoast_head_json":{"title":"Temam\u00f8te: Fremtidsfullmakt - Vardesenteret","robots":{"index":"index","follow":"follow","max-snippet":"max-snippet:-1","max-image-preview":"max-image-preview:large","max-video-preview":"max-video-preview:-1"},"canonical":"https:\/\/kreftforeningen.no\/vardesenteret\/tilbud\/temamote-fremtidsfullmakt\/","og_locale":"nb_NO","og_type":"article","og_title":"Temam\u00f8te: Fremtidsfullmakt","og_description":"P\u00e5 denne temakvelden m\u00f8ter vi jurist Thomas Smedsvig fra Kreftforeningens rettshjelp. Han skal fortelle om fremtidsfullmakt \u2013 hva det er, og hvorfor det kan v\u00e6re lurt \u00e5 ha en. En fremtidsfullmakt betyr at du selv kan bestemme hvem som skal ta viktige avgj\u00f8relser for deg, dersom du en dag ikke er i stand til det [&hellip;]","og_url":"https:\/\/kreftforeningen.no\/vardesenteret\/tilbud\/temamote-fremtidsfullmakt\/","og_site_name":"Vardesenteret","article_published_time":"2026-04-23T13:02:36+00:00","article_modified_time":"2026-04-24T12:48:32+00:00","og_image":[{"width":2560,"height":1707,"url":"https:\/\/kreftforeningen.no\/content\/uploads\/2026\/03\/omw_Tromso.103_Bruksrettighet__Fotograf_Ole-Martin-Wold_Copyright_-1-scaled.jpg","type":"image\/jpeg"}],"twitter_card":"summary_large_image","twitter_misc":{"Ansl. lesetid":"2 minutter"},"schema":{"@context":"https:\/\/schema.org","@graph":[{"@type":"WebPage","@id":"https:\/\/kreftforeningen.no\/vardesenteret\/tilbud\/temamote-fremtidsfullmakt\/","url":"https:\/\/kreftforeningen.no\/vardesenteret\/tilbud\/temamote-fremtidsfullmakt\/","name":"Temam\u00f8te: Fremtidsfullmakt - Vardesenteret","isPartOf":{"@id":"https:\/\/kreftforeningen.no\/vardesenteret\/#website"},"primaryImageOfPage":{"@id":"https:\/\/kreftforeningen.no\/vardesenteret\/tilbud\/temamote-fremtidsfullmakt\/#primaryimage"},"image":{"@id":"https:\/\/kreftforeningen.no\/vardesenteret\/tilbud\/temamote-fremtidsfullmakt\/#primaryimage"},"thumbnailUrl":"https:\/\/kreftforeningen.no\/content\/uploads\/2026\/03\/omw_Tromso.103_Bruksrettighet__Fotograf_Ole-Martin-Wold_Copyright_-1-scaled.jpg","datePublished":"2026-04-23T13:02:36+00:00","dateModified":"2026-04-24T12:48:32+00:00","breadcrumb":{"@id":"https:\/\/kreftforeningen.no\/vardesenteret\/tilbud\/temamote-fremtidsfullmakt\/#breadcrumb"},"inLanguage":"nb-NO","potentialAction":[{"@type":"ReadAction","target":["https:\/\/kreftforeningen.no\/vardesenteret\/tilbud\/temamote-fremtidsfullmakt\/"]}]},{"@type":"ImageObject","inLanguage":"nb-NO","@id":"https:\/\/kreftforeningen.no\/vardesenteret\/tilbud\/temamote-fremtidsfullmakt\/#primaryimage","url":"https:\/\/kreftforeningen.no\/content\/uploads\/2026\/03\/omw_Tromso.103_Bruksrettighet__Fotograf_Ole-Martin-Wold_Copyright_-1-scaled.jpg","contentUrl":"https:\/\/kreftforeningen.no\/content\/uploads\/2026\/03\/omw_Tromso.103_Bruksrettighet__Fotograf_Ole-Martin-Wold_Copyright_-1-scaled.jpg"},{"@type":"BreadcrumbList","@id":"https:\/\/kreftforeningen.no\/vardesenteret\/tilbud\/temamote-fremtidsfullmakt\/#breadcrumb","itemListElement":[{"@type":"ListItem","position":1,"name":"Forside","item":"https:\/\/kreftforeningen.no\/vardesenteret\/"},{"@type":"ListItem","position":2,"name":"Tilbud","item":"https:\/\/kreftforeningen.no\/vardesenteret\/tilbud\/"},{"@type":"ListItem","position":3,"name":"Temam\u00f8te: Fremtidsfullmakt"}]},{"@type":"WebSite","@id":"https:\/\/kreftforeningen.no\/vardesenteret\/#website","url":"https:\/\/kreftforeningen.no\/vardesenteret\/","name":"Vardesenteret","description":"","publisher":{"@id":"https:\/\/kreftforeningen.no\/vardesenteret\/#organization"},"potentialAction":[{"@type":"SearchAction","target":{"@type":"EntryPoint","urlTemplate":"https:\/\/kreftforeningen.no\/vardesenteret\/?s={search_term_string}"},"query-input":{"@type":"PropertyValueSpecification","valueRequired":true,"valueName":"search_term_string"}}],"inLanguage":"nb-NO"},{"@type":"Organization","@id":"https:\/\/kreftforeningen.no\/vardesenteret\/#organization","name":"Vardesenteret","url":"https:\/\/kreftforeningen.no\/vardesenteret\/","logo":{"@type":"ImageObject","inLanguage":"nb-NO","@id":"https:\/\/kreftforeningen.no\/vardesenteret\/#\/schema\/logo\/image\/","url":"https:\/\/kreftforeningen.no\/content\/uploads\/2026\/02\/cropped-Vardesenter_signatur_sort_horisontal_uten-undertekst-e1589886700835.png","contentUrl":"https:\/\/kreftforeningen.no\/content\/uploads\/2026\/02\/cropped-Vardesenter_signatur_sort_horisontal_uten-undertekst-e1589886700835.png","caption":"Vardesenteret"},"image":{"@id":"https:\/\/kreftforeningen.no\/vardesenteret\/#\/schema\/logo\/image\/"}}]}},"_links":{"self":[{"href":"https:\/\/kreftforeningen.no\/vardesenteret\/wp-json\/wp\/v2\/service\/10229","targetHints":{"allow":["GET"]}}],"collection":[{"href":"https:\/\/kreftforeningen.no\/vardesenteret\/wp-json\/wp\/v2\/service"}],"about":[{"href":"https:\/\/kreftforeningen.no\/vardesenteret\/wp-json\/wp\/v2\/types\/service"}],"author":[{"embeddable":true,"href":"https:\/\/kreftforeningen.no\/vardesenteret\/wp-json\/wp\/v2\/users\/100"}],"version-history":[{"count":2,"href":"https:\/\/kreftforeningen.no\/vardesenteret\/wp-json\/wp\/v2\/service\/10229\/revisions"}],"predecessor-version":[{"id":10231,"href":"https:\/\/kreftforeningen.no\/vardesenteret\/wp-json\/wp\/v2\/service\/10229\/revisions\/10231"}],"wp:featuredmedia":[{"embeddable":true,"href":"https:\/\/kreftforeningen.no\/vardesenteret\/wp-json\/"}],"wp:attachment":[{"href":"https:\/\/kreftforeningen.no\/vardesenteret\/wp-json\/wp\/v2\/media?parent=10229"}],"wp:term":[{"taxonomy":"county","embeddable":true,"href":"https:\/\/kreftforeningen.no\/vardesenteret\/wp-json\/wp\/v2\/county?post=10229"},{"taxonomy":"subject","embeddable":true,"href":"https:\/\/kreftforeningen.no\/vardesenteret\/wp-json\/wp\/v2\/subject?post=10229"}],"curies":[{"name":"wp","href":"https:\/\/api.w.org\/{rel}","templated":true}]}}