{"id":10288,"date":"2026-04-29T10:37:49","date_gmt":"2026-04-29T08:37:49","guid":{"rendered":"https:\/\/kreftforeningen.no\/vardesenteret\/?post_type=service&#038;p=10288"},"modified":"2026-04-29T10:37:50","modified_gmt":"2026-04-29T08:37:50","slug":"vardesenterets-familieskole","status":"publish","type":"service","link":"https:\/\/kreftforeningen.no\/vardesenteret\/tilbud\/vardesenterets-familieskole\/","title":{"rendered":"Vardesenterets familieskole"},"content":{"rendered":"\n\n\n<div class=\"wp-block-kf-ingress\"><div class=\"kf-header__ingress\"><p>Familieskolen er et l\u00e6rings- og mestringskurs som skal styrke families mestring, livskvalitet og fungering n\u00e5r en av foreldrene har f\u00e5tt kreft. Her vil man m\u00f8te andre familier i lignende situasjon, l\u00e6re mer om vanlige utfordringer og mestringsstrategier, og f\u00e5 en pause fra hverdagen i trygge omgivelser med kvalifisert helsepersonell.\u00a0<\/p><\/div><\/div>\n\n\n\n<h2 class=\"wp-block-heading\" id=\"h-program\">Program:<\/h2>\n\n\n\n<p>Programmet best\u00e5r av undervisning, samtalegrupper og aktiviteter. Programmet har noen enkeltaktiviteter for hele familien, men det er ogs\u00e5 laget opplegg som bare er for barn og opplegg som bare er for foreldre. Programmet inkluderer inntil 4 m\u00e5ltider p\u00e5 Haukeland hotell hver dag, som blir gratis for familiene i piloten.<\/p>\n\n\n\n<p><strong>Programmet for barn:<\/strong><\/p>\n\n\n\n<ul class=\"wp-block-list\">\n<li>Undervisning og sp\u00f8rretime med lege fra Kreftklinikken<\/li>\n\n\n\n<li>Samtaler i gruppe med andre barn i egen aldersgruppe ledet av helsepersonell Basseng og sv\u00f8mming p\u00e5 Energisenteret<\/li>\n\n\n\n<li>Gymsal, klatring, VR-briller og gaming p\u00e5 Energisenteret<\/li>\n\n\n\n<li>Matlaging og brettspill p\u00e5 Vardesenteret<\/li>\n<\/ul>\n\n\n\n<p><strong>Programmet for foreldre<\/strong><\/p>\n\n\n\n<ul class=\"wp-block-list\">\n<li>Undervisning om hvordan kreft p\u00e5virker familien, familiesamspill, rolleendringer, rettigheter og muligheter, selvivaretakelse og tilbud som familiene kan bruke p\u00e5 veien videre etter familieskolen.<\/li>\n\n\n\n<li>Deltakelse p\u00e5 barnas undervisning og sp\u00f8rretime med lege fra Kreftklinikken<\/li>\n\n\n\n<li>Samtaler i grupper for kreftpasienter og samtaler i grupper for p\u00e5r\u00f8rende partnere<\/li>\n\n\n\n<li>Samtaler i grupper for foreldre<\/li>\n\n\n\n<li>Egentid<\/li>\n\n\n\n<li>Gratis og frivillig deltakelse p\u00e5 Mediyoga<\/li>\n<\/ul>\n\n\n\n<p><strong>Programmet for hele familien:<\/strong><\/p>\n\n\n\n<ul class=\"wp-block-list\">\n<li>Undervisning om hva er en familie og vanlige reaksjonsm\u00f8nstre n\u00e5r en familie blir rammet av kreft<\/li>\n\n\n\n<li>Familieoppgave<\/li>\n\n\n\n<li>Gratis familieaktiviteter p\u00e5 Fangene p\u00e5 fortet inkludert transport<\/li>\n\n\n\n<li>Kinovisning i regi av Bergen kino p\u00e5 Energisenteret.<\/li>\n<\/ul>\n\n\n\n<p>Ring til Vardesenteret p\u00e5 55977500 hvis du vil melde din familie p\u00e5 og les mer om Familieskolen her:&nbsp;<a href=\"https:\/\/eur04.safelinks.protection.outlook.com\/?url=https%3A%2F%2Fkreftforeningen.no%2Fvardesenteret%2Fvardesenterets-familieskole%2F&amp;data=05%7C02%7CMorten.Heszlein%40kreftforeningen.no%7Cc6af27dc7cb84d84409208dea5c7714d%7C1998648515094bffa5b8678f417280e7%7C0%7C0%7C639130473186212696%7CUnknown%7CTWFpbGZsb3d8eyJFbXB0eU1hcGkiOnRydWUsIlYiOiIwLjAuMDAwMCIsIlAiOiJXaW4zMiIsIkFOIjoiTWFpbCIsIldUIjoyfQ%3D%3D%7C0%7C%7C%7C&amp;sdata=cWw307fgf8cZDb6nlwRiZivuQ0i4S0cox%2BBkUwwpkpM%3D&amp;reserved=0\">Vardesenterets Familieskole &#8211; Vardesenteret<\/a><\/p>\n\n\n\n<p><\/p>\n","protected":false},"author":71,"featured_media":207528,"parent":0,"menu_order":0,"template":"","meta":{"_relevanssi_hide_post":"","_relevanssi_hide_content":"","_relevanssi_pin_for_all":"","_relevanssi_pin_keywords":"","_relevanssi_unpin_keywords":"","_relevanssi_related_keywords":"","_relevanssi_related_include_ids":"","_relevanssi_related_exclude_ids":"","_relevanssi_related_no_append":"","_relevanssi_related_not_related":"","_relevanssi_related_posts":"","_relevanssi_noindex_reason":"","kf_show_post_date":true,"kf_show_updated_date":false,"kf_show_print_page":false,"kf_show_chapters":false,"kf_show_chapters_expanded":false,"kf_show_post_outdated":true,"kf_toggle_title":false,"kf_is_template":false,"kf_post_authors":[],"teft_cards_label":"VARDESENTERET I BERGEN","teft_cards_image_id":0,"teft_cards_image_focal_point_x":0,"teft_cards_image_focal_point_y":0,"teft_cards_title":"","teft_cards_excerpt":"","kf_service_priority":false,"kf_service_duration":"single","kf_service_date_end":"2026-05-30T13:00:00","kf_service_date_start":"2026-05-28T10:00:00","kf_service_location":"Vardesenteret, Ibsensgate 118","kf_service_url":"","kf_service_price":"Gratis","kf_service_featured_image_description":"","footnotes":""},"county":[56],"subject":[58,65,64,59],"class_list":["post-10288","service","type-service","status-publish","has-post-thumbnail","hentry","county-vestland","subject-barn-og-ungdom","subject-kultur-og-sosialt","subject-kurs-og-foredrag","subject-leve-med-og-etter-kreft"],"yoast_head":"<!-- This site is optimized with the Yoast SEO Premium plugin v27.3 (Yoast SEO v27.4) - https:\/\/yoast.com\/product\/yoast-seo-premium-wordpress\/ -->\n<title>Vardesenterets familieskole - Vardesenteret<\/title>\n<meta name=\"robots\" content=\"index, follow, max-snippet:-1, max-image-preview:large, max-video-preview:-1\" \/>\n<link rel=\"canonical\" href=\"https:\/\/kreftforeningen.no\/vardesenteret\/tilbud\/vardesenterets-familieskole\/\" \/>\n<meta property=\"og:locale\" content=\"nb_NO\" \/>\n<meta property=\"og:type\" content=\"article\" \/>\n<meta property=\"og:title\" content=\"Vardesenterets familieskole\" \/>\n<meta property=\"og:description\" content=\"Program: Programmet best\u00e5r av undervisning, samtalegrupper og aktiviteter. Programmet har noen enkeltaktiviteter for hele familien, men det er ogs\u00e5 laget opplegg som bare er for barn og opplegg som bare er for foreldre. Programmet inkluderer inntil 4 m\u00e5ltider p\u00e5 Haukeland hotell hver dag, som blir gratis for familiene i piloten. Programmet for barn: Programmet for [&hellip;]\" \/>\n<meta property=\"og:url\" content=\"https:\/\/kreftforeningen.no\/vardesenteret\/tilbud\/vardesenterets-familieskole\/\" \/>\n<meta property=\"og:site_name\" content=\"Vardesenteret\" \/>\n<meta property=\"article:published_time\" content=\"2026-04-29T08:37:49+00:00\" \/>\n<meta property=\"article:modified_time\" content=\"2026-04-29T08:37:50+00:00\" \/>\n<meta property=\"og:image\" content=\"https:\/\/kreftforeningen.no\/content\/uploads\/2026\/03\/facebookbilde-til-familiekraft-1-e1774267057575.jpg\" \/>\n\t<meta property=\"og:image:width\" content=\"856\" \/>\n\t<meta property=\"og:image:height\" content=\"860\" \/>\n\t<meta property=\"og:image:type\" content=\"image\/jpeg\" \/>\n<meta name=\"twitter:card\" content=\"summary_large_image\" \/>\n<meta name=\"twitter:label1\" content=\"Ansl. lesetid\" \/>\n\t<meta name=\"twitter:data1\" content=\"2 minutter\" \/>\n<script type=\"application\/ld+json\" class=\"yoast-schema-graph\">{\"@context\":\"https:\\\/\\\/schema.org\",\"@graph\":[{\"@type\":\"WebPage\",\"@id\":\"https:\\\/\\\/kreftforeningen.no\\\/vardesenteret\\\/tilbud\\\/vardesenterets-familieskole\\\/\",\"url\":\"https:\\\/\\\/kreftforeningen.no\\\/vardesenteret\\\/tilbud\\\/vardesenterets-familieskole\\\/\",\"name\":\"Vardesenterets familieskole - Vardesenteret\",\"isPartOf\":{\"@id\":\"https:\\\/\\\/kreftforeningen.no\\\/vardesenteret\\\/#website\"},\"primaryImageOfPage\":{\"@id\":\"https:\\\/\\\/kreftforeningen.no\\\/vardesenteret\\\/tilbud\\\/vardesenterets-familieskole\\\/#primaryimage\"},\"image\":{\"@id\":\"https:\\\/\\\/kreftforeningen.no\\\/vardesenteret\\\/tilbud\\\/vardesenterets-familieskole\\\/#primaryimage\"},\"thumbnailUrl\":\"https:\\\/\\\/kreftforeningen.no\\\/content\\\/uploads\\\/2026\\\/03\\\/facebookbilde-til-familiekraft-1-e1774267057575.jpg\",\"datePublished\":\"2026-04-29T08:37:49+00:00\",\"dateModified\":\"2026-04-29T08:37:50+00:00\",\"breadcrumb\":{\"@id\":\"https:\\\/\\\/kreftforeningen.no\\\/vardesenteret\\\/tilbud\\\/vardesenterets-familieskole\\\/#breadcrumb\"},\"inLanguage\":\"nb-NO\",\"potentialAction\":[{\"@type\":\"ReadAction\",\"target\":[\"https:\\\/\\\/kreftforeningen.no\\\/vardesenteret\\\/tilbud\\\/vardesenterets-familieskole\\\/\"]}]},{\"@type\":\"ImageObject\",\"inLanguage\":\"nb-NO\",\"@id\":\"https:\\\/\\\/kreftforeningen.no\\\/vardesenteret\\\/tilbud\\\/vardesenterets-familieskole\\\/#primaryimage\",\"url\":\"https:\\\/\\\/kreftforeningen.no\\\/content\\\/uploads\\\/2026\\\/03\\\/facebookbilde-til-familiekraft-1-e1774267057575.jpg\",\"contentUrl\":\"https:\\\/\\\/kreftforeningen.no\\\/content\\\/uploads\\\/2026\\\/03\\\/facebookbilde-til-familiekraft-1-e1774267057575.jpg\"},{\"@type\":\"BreadcrumbList\",\"@id\":\"https:\\\/\\\/kreftforeningen.no\\\/vardesenteret\\\/tilbud\\\/vardesenterets-familieskole\\\/#breadcrumb\",\"itemListElement\":[{\"@type\":\"ListItem\",\"position\":1,\"name\":\"Forside\",\"item\":\"https:\\\/\\\/kreftforeningen.no\\\/vardesenteret\\\/\"},{\"@type\":\"ListItem\",\"position\":2,\"name\":\"Tilbud\",\"item\":\"https:\\\/\\\/kreftforeningen.no\\\/vardesenteret\\\/tilbud\\\/\"},{\"@type\":\"ListItem\",\"position\":3,\"name\":\"Vardesenterets familieskole\"}]},{\"@type\":\"WebSite\",\"@id\":\"https:\\\/\\\/kreftforeningen.no\\\/vardesenteret\\\/#website\",\"url\":\"https:\\\/\\\/kreftforeningen.no\\\/vardesenteret\\\/\",\"name\":\"Vardesenteret\",\"description\":\"\",\"publisher\":{\"@id\":\"https:\\\/\\\/kreftforeningen.no\\\/vardesenteret\\\/#organization\"},\"potentialAction\":[{\"@type\":\"SearchAction\",\"target\":{\"@type\":\"EntryPoint\",\"urlTemplate\":\"https:\\\/\\\/kreftforeningen.no\\\/vardesenteret\\\/?s={search_term_string}\"},\"query-input\":{\"@type\":\"PropertyValueSpecification\",\"valueRequired\":true,\"valueName\":\"search_term_string\"}}],\"inLanguage\":\"nb-NO\"},{\"@type\":\"Organization\",\"@id\":\"https:\\\/\\\/kreftforeningen.no\\\/vardesenteret\\\/#organization\",\"name\":\"Vardesenteret\",\"url\":\"https:\\\/\\\/kreftforeningen.no\\\/vardesenteret\\\/\",\"logo\":{\"@type\":\"ImageObject\",\"inLanguage\":\"nb-NO\",\"@id\":\"https:\\\/\\\/kreftforeningen.no\\\/vardesenteret\\\/#\\\/schema\\\/logo\\\/image\\\/\",\"url\":\"https:\\\/\\\/kreftforeningen.no\\\/content\\\/uploads\\\/2026\\\/02\\\/cropped-Vardesenter_signatur_sort_horisontal_uten-undertekst-e1589886700835.png\",\"contentUrl\":\"https:\\\/\\\/kreftforeningen.no\\\/content\\\/uploads\\\/2026\\\/02\\\/cropped-Vardesenter_signatur_sort_horisontal_uten-undertekst-e1589886700835.png\",\"caption\":\"Vardesenteret\"},\"image\":{\"@id\":\"https:\\\/\\\/kreftforeningen.no\\\/vardesenteret\\\/#\\\/schema\\\/logo\\\/image\\\/\"}}]}<\/script>\n<!-- \/ Yoast SEO Premium plugin. -->","yoast_head_json":{"title":"Vardesenterets familieskole - Vardesenteret","robots":{"index":"index","follow":"follow","max-snippet":"max-snippet:-1","max-image-preview":"max-image-preview:large","max-video-preview":"max-video-preview:-1"},"canonical":"https:\/\/kreftforeningen.no\/vardesenteret\/tilbud\/vardesenterets-familieskole\/","og_locale":"nb_NO","og_type":"article","og_title":"Vardesenterets familieskole","og_description":"Program: Programmet best\u00e5r av undervisning, samtalegrupper og aktiviteter. Programmet har noen enkeltaktiviteter for hele familien, men det er ogs\u00e5 laget opplegg som bare er for barn og opplegg som bare er for foreldre. Programmet inkluderer inntil 4 m\u00e5ltider p\u00e5 Haukeland hotell hver dag, som blir gratis for familiene i piloten. Programmet for barn: Programmet for [&hellip;]","og_url":"https:\/\/kreftforeningen.no\/vardesenteret\/tilbud\/vardesenterets-familieskole\/","og_site_name":"Vardesenteret","article_published_time":"2026-04-29T08:37:49+00:00","article_modified_time":"2026-04-29T08:37:50+00:00","og_image":[{"width":856,"height":860,"url":"https:\/\/kreftforeningen.no\/content\/uploads\/2026\/03\/facebookbilde-til-familiekraft-1-e1774267057575.jpg","type":"image\/jpeg"}],"twitter_card":"summary_large_image","twitter_misc":{"Ansl. lesetid":"2 minutter"},"schema":{"@context":"https:\/\/schema.org","@graph":[{"@type":"WebPage","@id":"https:\/\/kreftforeningen.no\/vardesenteret\/tilbud\/vardesenterets-familieskole\/","url":"https:\/\/kreftforeningen.no\/vardesenteret\/tilbud\/vardesenterets-familieskole\/","name":"Vardesenterets familieskole - Vardesenteret","isPartOf":{"@id":"https:\/\/kreftforeningen.no\/vardesenteret\/#website"},"primaryImageOfPage":{"@id":"https:\/\/kreftforeningen.no\/vardesenteret\/tilbud\/vardesenterets-familieskole\/#primaryimage"},"image":{"@id":"https:\/\/kreftforeningen.no\/vardesenteret\/tilbud\/vardesenterets-familieskole\/#primaryimage"},"thumbnailUrl":"https:\/\/kreftforeningen.no\/content\/uploads\/2026\/03\/facebookbilde-til-familiekraft-1-e1774267057575.jpg","datePublished":"2026-04-29T08:37:49+00:00","dateModified":"2026-04-29T08:37:50+00:00","breadcrumb":{"@id":"https:\/\/kreftforeningen.no\/vardesenteret\/tilbud\/vardesenterets-familieskole\/#breadcrumb"},"inLanguage":"nb-NO","potentialAction":[{"@type":"ReadAction","target":["https:\/\/kreftforeningen.no\/vardesenteret\/tilbud\/vardesenterets-familieskole\/"]}]},{"@type":"ImageObject","inLanguage":"nb-NO","@id":"https:\/\/kreftforeningen.no\/vardesenteret\/tilbud\/vardesenterets-familieskole\/#primaryimage","url":"https:\/\/kreftforeningen.no\/content\/uploads\/2026\/03\/facebookbilde-til-familiekraft-1-e1774267057575.jpg","contentUrl":"https:\/\/kreftforeningen.no\/content\/uploads\/2026\/03\/facebookbilde-til-familiekraft-1-e1774267057575.jpg"},{"@type":"BreadcrumbList","@id":"https:\/\/kreftforeningen.no\/vardesenteret\/tilbud\/vardesenterets-familieskole\/#breadcrumb","itemListElement":[{"@type":"ListItem","position":1,"name":"Forside","item":"https:\/\/kreftforeningen.no\/vardesenteret\/"},{"@type":"ListItem","position":2,"name":"Tilbud","item":"https:\/\/kreftforeningen.no\/vardesenteret\/tilbud\/"},{"@type":"ListItem","position":3,"name":"Vardesenterets familieskole"}]},{"@type":"WebSite","@id":"https:\/\/kreftforeningen.no\/vardesenteret\/#website","url":"https:\/\/kreftforeningen.no\/vardesenteret\/","name":"Vardesenteret","description":"","publisher":{"@id":"https:\/\/kreftforeningen.no\/vardesenteret\/#organization"},"potentialAction":[{"@type":"SearchAction","target":{"@type":"EntryPoint","urlTemplate":"https:\/\/kreftforeningen.no\/vardesenteret\/?s={search_term_string}"},"query-input":{"@type":"PropertyValueSpecification","valueRequired":true,"valueName":"search_term_string"}}],"inLanguage":"nb-NO"},{"@type":"Organization","@id":"https:\/\/kreftforeningen.no\/vardesenteret\/#organization","name":"Vardesenteret","url":"https:\/\/kreftforeningen.no\/vardesenteret\/","logo":{"@type":"ImageObject","inLanguage":"nb-NO","@id":"https:\/\/kreftforeningen.no\/vardesenteret\/#\/schema\/logo\/image\/","url":"https:\/\/kreftforeningen.no\/content\/uploads\/2026\/02\/cropped-Vardesenter_signatur_sort_horisontal_uten-undertekst-e1589886700835.png","contentUrl":"https:\/\/kreftforeningen.no\/content\/uploads\/2026\/02\/cropped-Vardesenter_signatur_sort_horisontal_uten-undertekst-e1589886700835.png","caption":"Vardesenteret"},"image":{"@id":"https:\/\/kreftforeningen.no\/vardesenteret\/#\/schema\/logo\/image\/"}}]}},"_links":{"self":[{"href":"https:\/\/kreftforeningen.no\/vardesenteret\/wp-json\/wp\/v2\/service\/10288","targetHints":{"allow":["GET"]}}],"collection":[{"href":"https:\/\/kreftforeningen.no\/vardesenteret\/wp-json\/wp\/v2\/service"}],"about":[{"href":"https:\/\/kreftforeningen.no\/vardesenteret\/wp-json\/wp\/v2\/types\/service"}],"author":[{"embeddable":true,"href":"https:\/\/kreftforeningen.no\/vardesenteret\/wp-json\/wp\/v2\/users\/71"}],"version-history":[{"count":1,"href":"https:\/\/kreftforeningen.no\/vardesenteret\/wp-json\/wp\/v2\/service\/10288\/revisions"}],"predecessor-version":[{"id":10289,"href":"https:\/\/kreftforeningen.no\/vardesenteret\/wp-json\/wp\/v2\/service\/10288\/revisions\/10289"}],"wp:featuredmedia":[{"embeddable":true,"href":"https:\/\/kreftforeningen.no\/vardesenteret\/wp-json\/"}],"wp:attachment":[{"href":"https:\/\/kreftforeningen.no\/vardesenteret\/wp-json\/wp\/v2\/media?parent=10288"}],"wp:term":[{"taxonomy":"county","embeddable":true,"href":"https:\/\/kreftforeningen.no\/vardesenteret\/wp-json\/wp\/v2\/county?post=10288"},{"taxonomy":"subject","embeddable":true,"href":"https:\/\/kreftforeningen.no\/vardesenteret\/wp-json\/wp\/v2\/subject?post=10288"}],"curies":[{"name":"wp","href":"https:\/\/api.w.org\/{rel}","templated":true}]}}