{"id":10920,"date":"2026-08-10T11:14:32","date_gmt":"2026-08-10T09:14:32","guid":{"rendered":"https:\/\/kreftforeningen.no\/vardesenteret\/?post_type=service&#038;p=10920"},"modified":"2026-08-24T10:14:58","modified_gmt":"2026-08-24T08:14:58","slug":"temamote-ernaering","status":"publish","type":"service","link":"https:\/\/kreftforeningen.no\/vardesenteret\/tilbud\/temamote-ernaering\/","title":{"rendered":"Temam\u00f8te: Ern\u00e6ring"},"content":{"rendered":"\n\n\n<div class=\"wp-block-kf-ingress\"><div class=\"kf-header__ingress\"><p>Velkommen til temam\u00f8te p\u00e5 Vardesentrene i Midt-Norge.<\/p><\/div><\/div>\n\n\n\n<p>N\u00e5r man f\u00e5r en kreftsykdom kan mat og ern\u00e6ring bli vanskelig. Maten smaker annerledes, matlysten endrer seg og vekta kan g\u00e5 b\u00e5de opp og ned. Overskriftene advarer om mat du ikke b\u00f8r spise, og r\u00e5dene er mange. <\/p>\n\n\n\n<p><strong>Hvordan skal du forholde deg til dette? Hva b\u00f8r du gj\u00f8re dersom du strever med matinntaket? Hvor kan du f\u00e5 hjelp?<\/strong><\/p>\n\n\n\n<p>Dette og mer vil klinisk ern\u00e6ringsfysiolog og f\u00f8rsteemanuensis Trude Rakel Balstad svare p\u00e5. Det vil v\u00e6re mulig \u00e5 stille sp\u00f8rsm\u00e5l etter foredraget. Foredraget passer for b\u00e5de pasienter og p\u00e5r\u00f8rende.<\/p>\n\n\n\n<p><strong>Du kan delta p\u00e5 temam\u00f8tet p\u00e5 Vardesenteret i Trondheim, \u00c5lesund og p\u00e5 Satellittvardesenteret i Kristiansund og Hjelset. Alt du trenger \u00e5 gj\u00f8re er \u00e5 m\u00f8te opp, s\u00e5 ordner vi det tekniske.<\/strong><\/p>\n\n\n\n<h2 class=\"wp-block-heading\" id=\"h-sted\">Sted<\/h2>\n\n\n\n<ul class=\"wp-block-list\">\n<li>Vardesenteret i Trondheim: Mauritz Hansens gate 1F, Trondheim<\/li>\n\n\n\n<li>Vardesenteret i \u00c5lesund: \u00c5sehaugen 5, \u00c5lesund, Norway, 6017<\/li>\n\n\n\n<li>Satellittvardesenteret Hjelset: SNR Hjelset, Pusterommet, plan 1, fl\u00f8y H.&nbsp;<\/li>\n\n\n\n<li>Satellittvardesenteret Kristiansund: SNR Kristiansund, Pusterommet, plan 1 (gamle bassenglokalet).<\/li>\n<\/ul>\n\n\n\n<p>Det er gratis \u00e5 delta og du er velkommen uten p\u00e5melding.<\/p>\n\n\n\t<div class=\"wp-block-kf-accentuated-link\">\n\t\t\t\t<div class=\"kf-link__content\">\n\t\t\t\t\t\t\t<div class=\"kf-link__tagline\">LEs ogs\u00e5<\/div>\n\t\t\t\t\t\t<a class=\"kf-link__link\" target=\"_self\" href=\"https:\/\/kreftforeningen.no\/vardesenteret\/tilbud\/temamoter-varen-2026\/\">\n\t\t\t\tOversikt over alle h\u00f8stens temam\u00f8ter finner du her\t\t\t\t\t\t\t\t\t<span class=\"kf-link__link-source\">kreftforeningen.no<\/span>\n\t\t\t\t\t\t\t<\/a>\n\t\t<\/div>\n\t<\/div>\n\t\n\n<div class=\"wp-block-kf-event-info \">\n\t\t\t\n\t\t\t<p class=\"date\"><svg xmlns=\"http:\/\/www.w3.org\/2000\/svg\" width=\"24\" height=\"24\" viewBox=\"0 0 24 24\" fill=\"none\" stroke=\"currentColor\" stroke-width=\"2\" stroke-linecap=\"round\" stroke-linejoin=\"round\" class=\"lucide lucide-clock-icon lucide-clock\"><path d=\"M12 6v6l4 2\"\/><circle cx=\"12\" cy=\"12\" r=\"10\"\/><\/svg> 22. sep. 13.00\u201314.00<\/p>\n\t\t\t<p class=\"location\"><svg xmlns=\"http:\/\/www.w3.org\/2000\/svg\" width=\"24\" height=\"24\" viewBox=\"0 0 24 24\" fill=\"none\" stroke=\"currentColor\" stroke-width=\"2\" stroke-linecap=\"round\" stroke-linejoin=\"round\" class=\"lucide lucide-map-pin-icon lucide-map-pin\"><path d=\"M20 10c0 4.993-5.539 10.193-7.399 11.799a1 1 0 0 1-1.202 0C9.539 20.193 4 14.993 4 10a8 8 0 0 1 16 0\"\/><circle cx=\"12\" cy=\"10\" r=\"3\"\/><\/svg> <a class=\"link\" href=\"https:\/\/maps.google.com\/?q=Trondheim, \u00c5lesund, Kristiansund, Hjelset\" rel=\"noopener noreferrer\">Trondheim, \u00c5lesund, Kristiansund, Hjelset (google.com)<\/a><\/p>\n\t\t\t<p class=\"ticket\"><svg xmlns=\"http:\/\/www.w3.org\/2000\/svg\" width=\"24\" height=\"24\" viewBox=\"0 0 24 24\" fill=\"none\" stroke=\"currentColor\" stroke-width=\"2\" stroke-linecap=\"round\" stroke-linejoin=\"round\" class=\"lucide lucide-ticket-icon lucide-ticket\"><path d=\"M2 9a3 3 0 0 1 0 6v2a2 2 0 0 0 2 2h16a2 2 0 0 0 2-2v-2a3 3 0 0 1 0-6V7a2 2 0 0 0-2-2H4a2 2 0 0 0-2 2Z\"\/><path d=\"M13 5v2\"\/><path d=\"M13 17v2\"\/><path d=\"M13 11v2\"\/><\/svg> Gratis<\/p>\n\t\t\t\n\t\t\t\n\t\t<\/div>","protected":false},"author":100,"featured_media":161847,"parent":0,"menu_order":0,"template":"","meta":{"_relevanssi_hide_post":"","_relevanssi_hide_content":"","_relevanssi_pin_for_all":"","_relevanssi_pin_keywords":"","_relevanssi_unpin_keywords":"","_relevanssi_related_keywords":"","_relevanssi_related_include_ids":"","_relevanssi_related_exclude_ids":"","_relevanssi_related_no_append":"","_relevanssi_related_not_related":"","_relevanssi_related_posts":"10251,3148,4597,8940,6763,3288","_relevanssi_noindex_reason":"","kf_show_post_date":true,"kf_show_updated_date":false,"kf_show_print_page":false,"kf_show_chapters":false,"kf_show_chapters_expanded":false,"kf_show_post_outdated":true,"kf_toggle_title":false,"kf_is_template":false,"kf_post_authors":[],"teft_cards_label":"\u00c5lesund, Trondheim, Kristiansund og Hjelset","teft_cards_image_id":0,"teft_cards_image_focal_point_x":0,"teft_cards_image_focal_point_y":0,"teft_cards_title":"","teft_cards_excerpt":"","kf_service_priority":false,"kf_service_duration":"single","kf_service_date_end":"2026-09-22T14:00:00","kf_service_date_start":"2026-09-22T13:00:00","kf_service_location":"Trondheim, \u00c5lesund, Kristiansund, Hjelset","kf_service_url":"","kf_service_price":"Gratis","kf_service_featured_image_description":"","footnotes":""},"county":[49,55],"subject":[117,59,62],"class_list":["post-10920","service","type-service","status-publish","has-post-thumbnail","hentry","county-more-og-romsdal","county-trondelag","subject-foredrag","subject-leve-med-og-etter-kreft","subject-mat-og-kosthold"],"yoast_head":"<!-- This site is optimized with the Yoast SEO Premium plugin v27.7 (Yoast SEO v27.9) - https:\/\/yoast.com\/product\/yoast-seo-premium-wordpress\/ -->\n<title>Temam\u00f8te: Ern\u00e6ring &#8211; Vardesenteret<\/title>\n<meta name=\"robots\" content=\"index, follow, max-snippet:-1, max-image-preview:large, max-video-preview:-1\" \/>\n<link rel=\"canonical\" href=\"https:\/\/kreftforeningen.no\/vardesenteret\/tilbud\/temamote-ernaering\/\" \/>\n<meta property=\"og:locale\" content=\"nb_NO\" \/>\n<meta property=\"og:type\" content=\"article\" \/>\n<meta property=\"og:title\" content=\"Temam\u00f8te: Ern\u00e6ring\" \/>\n<meta property=\"og:description\" content=\"N\u00e5r man f\u00e5r en kreftsykdom kan mat og ern\u00e6ring bli vanskelig. Maten smaker annerledes, matlysten endrer seg og vekta kan g\u00e5 b\u00e5de opp og ned. Overskriftene advarer om mat du ikke b\u00f8r spise, og r\u00e5dene er mange. Hvordan skal du forholde deg til dette? Hva b\u00f8r du gj\u00f8re dersom du strever med matinntaket? Hvor kan [&hellip;]\" \/>\n<meta property=\"og:url\" content=\"https:\/\/kreftforeningen.no\/vardesenteret\/tilbud\/temamote-ernaering\/\" \/>\n<meta property=\"og:site_name\" content=\"Vardesenteret\" \/>\n<meta property=\"article:published_time\" content=\"2026-08-10T09:14:32+00:00\" \/>\n<meta property=\"article:modified_time\" content=\"2026-08-24T08:14:58+00:00\" \/>\n<meta property=\"og:image\" content=\"https:\/\/kreftforeningen.no\/content\/uploads\/2024\/02\/Manglende-matlyst_Bruksrettighet_Kan-brukes-fritt-i-Kreftforeningens-kanaler_Fotograf_Sara-Johannessen_Copyright_Sara-Johannessen-5-scaled.jpg\" \/>\n\t<meta property=\"og:image:width\" content=\"2560\" \/>\n\t<meta property=\"og:image:height\" content=\"1707\" \/>\n\t<meta property=\"og:image:type\" content=\"image\/jpeg\" \/>\n<meta name=\"twitter:card\" content=\"summary_large_image\" \/>\n<meta name=\"twitter:label1\" content=\"Ansl. lesetid\" \/>\n\t<meta name=\"twitter:data1\" content=\"2 minutter\" \/>\n<script type=\"application\/ld+json\" class=\"yoast-schema-graph\">{\"@context\":\"https:\\\/\\\/schema.org\",\"@graph\":[{\"@type\":\"WebPage\",\"@id\":\"https:\\\/\\\/kreftforeningen.no\\\/vardesenteret\\\/tilbud\\\/temamote-ernaering\\\/\",\"url\":\"https:\\\/\\\/kreftforeningen.no\\\/vardesenteret\\\/tilbud\\\/temamote-ernaering\\\/\",\"name\":\"Temam\u00f8te: Ern\u00e6ring &#8211; Vardesenteret\",\"isPartOf\":{\"@id\":\"https:\\\/\\\/kreftforeningen.no\\\/vardesenteret\\\/#website\"},\"primaryImageOfPage\":{\"@id\":\"https:\\\/\\\/kreftforeningen.no\\\/vardesenteret\\\/tilbud\\\/temamote-ernaering\\\/#primaryimage\"},\"image\":{\"@id\":\"https:\\\/\\\/kreftforeningen.no\\\/vardesenteret\\\/tilbud\\\/temamote-ernaering\\\/#primaryimage\"},\"thumbnailUrl\":\"https:\\\/\\\/kreftforeningen.no\\\/content\\\/uploads\\\/2024\\\/02\\\/Manglende-matlyst_Bruksrettighet_Kan-brukes-fritt-i-Kreftforeningens-kanaler_Fotograf_Sara-Johannessen_Copyright_Sara-Johannessen-5-scaled.jpg\",\"datePublished\":\"2026-08-10T09:14:32+00:00\",\"dateModified\":\"2026-08-24T08:14:58+00:00\",\"breadcrumb\":{\"@id\":\"https:\\\/\\\/kreftforeningen.no\\\/vardesenteret\\\/tilbud\\\/temamote-ernaering\\\/#breadcrumb\"},\"inLanguage\":\"nb-NO\",\"potentialAction\":[{\"@type\":\"ReadAction\",\"target\":[\"https:\\\/\\\/kreftforeningen.no\\\/vardesenteret\\\/tilbud\\\/temamote-ernaering\\\/\"]}]},{\"@type\":\"ImageObject\",\"inLanguage\":\"nb-NO\",\"@id\":\"https:\\\/\\\/kreftforeningen.no\\\/vardesenteret\\\/tilbud\\\/temamote-ernaering\\\/#primaryimage\",\"url\":\"https:\\\/\\\/kreftforeningen.no\\\/content\\\/uploads\\\/2024\\\/02\\\/Manglende-matlyst_Bruksrettighet_Kan-brukes-fritt-i-Kreftforeningens-kanaler_Fotograf_Sara-Johannessen_Copyright_Sara-Johannessen-5-scaled.jpg\",\"contentUrl\":\"https:\\\/\\\/kreftforeningen.no\\\/content\\\/uploads\\\/2024\\\/02\\\/Manglende-matlyst_Bruksrettighet_Kan-brukes-fritt-i-Kreftforeningens-kanaler_Fotograf_Sara-Johannessen_Copyright_Sara-Johannessen-5-scaled.jpg\"},{\"@type\":\"BreadcrumbList\",\"@id\":\"https:\\\/\\\/kreftforeningen.no\\\/vardesenteret\\\/tilbud\\\/temamote-ernaering\\\/#breadcrumb\",\"itemListElement\":[{\"@type\":\"ListItem\",\"position\":1,\"name\":\"Forside\",\"item\":\"https:\\\/\\\/kreftforeningen.no\\\/vardesenteret\\\/\"},{\"@type\":\"ListItem\",\"position\":2,\"name\":\"Tilbud\",\"item\":\"https:\\\/\\\/kreftforeningen.no\\\/vardesenteret\\\/tilbud\\\/\"},{\"@type\":\"ListItem\",\"position\":3,\"name\":\"Temam\u00f8te: Ern\u00e6ring\"}]},{\"@type\":\"WebSite\",\"@id\":\"https:\\\/\\\/kreftforeningen.no\\\/vardesenteret\\\/#website\",\"url\":\"https:\\\/\\\/kreftforeningen.no\\\/vardesenteret\\\/\",\"name\":\"Vardesenteret\",\"description\":\"\",\"publisher\":{\"@id\":\"https:\\\/\\\/kreftforeningen.no\\\/vardesenteret\\\/#organization\"},\"potentialAction\":[{\"@type\":\"SearchAction\",\"target\":{\"@type\":\"EntryPoint\",\"urlTemplate\":\"https:\\\/\\\/kreftforeningen.no\\\/vardesenteret\\\/?s={search_term_string}\"},\"query-input\":{\"@type\":\"PropertyValueSpecification\",\"valueRequired\":true,\"valueName\":\"search_term_string\"}}],\"inLanguage\":\"nb-NO\"},{\"@type\":\"Organization\",\"@id\":\"https:\\\/\\\/kreftforeningen.no\\\/vardesenteret\\\/#organization\",\"name\":\"Kreftforeningen\",\"url\":\"https:\\\/\\\/kreftforeningen.no\\\/vardesenteret\\\/\",\"logo\":{\"@type\":\"ImageObject\",\"inLanguage\":\"nb-NO\",\"@id\":\"https:\\\/\\\/kreftforeningen.no\\\/vardesenteret\\\/#\\\/schema\\\/logo\\\/image\\\/\",\"url\":\"https:\\\/\\\/kreftforeningen.no\\\/content\\\/uploads\\\/2026\\\/02\\\/cropped-Vardesenter_signatur_sort_horisontal_uten-undertekst-e1589886700835.png\",\"contentUrl\":\"https:\\\/\\\/kreftforeningen.no\\\/content\\\/uploads\\\/2026\\\/02\\\/cropped-Vardesenter_signatur_sort_horisontal_uten-undertekst-e1589886700835.png\",\"caption\":\"Kreftforeningen\"},\"image\":{\"@id\":\"https:\\\/\\\/kreftforeningen.no\\\/vardesenteret\\\/#\\\/schema\\\/logo\\\/image\\\/\"},\"description\":\"Vardesenteret er et gratis tilbud fra Kreftforeningen for kreftpasienter, p\u00e5r\u00f8rende og etterlatte.\"}]}<\/script>\n<!-- \/ Yoast SEO Premium plugin. -->","yoast_head_json":{"title":"Temam\u00f8te: Ern\u00e6ring &#8211; Vardesenteret","robots":{"index":"index","follow":"follow","max-snippet":"max-snippet:-1","max-image-preview":"max-image-preview:large","max-video-preview":"max-video-preview:-1"},"canonical":"https:\/\/kreftforeningen.no\/vardesenteret\/tilbud\/temamote-ernaering\/","og_locale":"nb_NO","og_type":"article","og_title":"Temam\u00f8te: Ern\u00e6ring","og_description":"N\u00e5r man f\u00e5r en kreftsykdom kan mat og ern\u00e6ring bli vanskelig. Maten smaker annerledes, matlysten endrer seg og vekta kan g\u00e5 b\u00e5de opp og ned. Overskriftene advarer om mat du ikke b\u00f8r spise, og r\u00e5dene er mange. Hvordan skal du forholde deg til dette? Hva b\u00f8r du gj\u00f8re dersom du strever med matinntaket? Hvor kan [&hellip;]","og_url":"https:\/\/kreftforeningen.no\/vardesenteret\/tilbud\/temamote-ernaering\/","og_site_name":"Vardesenteret","article_published_time":"2026-08-10T09:14:32+00:00","article_modified_time":"2026-08-24T08:14:58+00:00","og_image":[{"width":2560,"height":1707,"url":"https:\/\/kreftforeningen.no\/content\/uploads\/2024\/02\/Manglende-matlyst_Bruksrettighet_Kan-brukes-fritt-i-Kreftforeningens-kanaler_Fotograf_Sara-Johannessen_Copyright_Sara-Johannessen-5-scaled.jpg","type":"image\/jpeg"}],"twitter_card":"summary_large_image","twitter_misc":{"Ansl. lesetid":"2 minutter"},"schema":{"@context":"https:\/\/schema.org","@graph":[{"@type":"WebPage","@id":"https:\/\/kreftforeningen.no\/vardesenteret\/tilbud\/temamote-ernaering\/","url":"https:\/\/kreftforeningen.no\/vardesenteret\/tilbud\/temamote-ernaering\/","name":"Temam\u00f8te: Ern\u00e6ring &#8211; Vardesenteret","isPartOf":{"@id":"https:\/\/kreftforeningen.no\/vardesenteret\/#website"},"primaryImageOfPage":{"@id":"https:\/\/kreftforeningen.no\/vardesenteret\/tilbud\/temamote-ernaering\/#primaryimage"},"image":{"@id":"https:\/\/kreftforeningen.no\/vardesenteret\/tilbud\/temamote-ernaering\/#primaryimage"},"thumbnailUrl":"https:\/\/kreftforeningen.no\/content\/uploads\/2024\/02\/Manglende-matlyst_Bruksrettighet_Kan-brukes-fritt-i-Kreftforeningens-kanaler_Fotograf_Sara-Johannessen_Copyright_Sara-Johannessen-5-scaled.jpg","datePublished":"2026-08-10T09:14:32+00:00","dateModified":"2026-08-24T08:14:58+00:00","breadcrumb":{"@id":"https:\/\/kreftforeningen.no\/vardesenteret\/tilbud\/temamote-ernaering\/#breadcrumb"},"inLanguage":"nb-NO","potentialAction":[{"@type":"ReadAction","target":["https:\/\/kreftforeningen.no\/vardesenteret\/tilbud\/temamote-ernaering\/"]}]},{"@type":"ImageObject","inLanguage":"nb-NO","@id":"https:\/\/kreftforeningen.no\/vardesenteret\/tilbud\/temamote-ernaering\/#primaryimage","url":"https:\/\/kreftforeningen.no\/content\/uploads\/2024\/02\/Manglende-matlyst_Bruksrettighet_Kan-brukes-fritt-i-Kreftforeningens-kanaler_Fotograf_Sara-Johannessen_Copyright_Sara-Johannessen-5-scaled.jpg","contentUrl":"https:\/\/kreftforeningen.no\/content\/uploads\/2024\/02\/Manglende-matlyst_Bruksrettighet_Kan-brukes-fritt-i-Kreftforeningens-kanaler_Fotograf_Sara-Johannessen_Copyright_Sara-Johannessen-5-scaled.jpg"},{"@type":"BreadcrumbList","@id":"https:\/\/kreftforeningen.no\/vardesenteret\/tilbud\/temamote-ernaering\/#breadcrumb","itemListElement":[{"@type":"ListItem","position":1,"name":"Forside","item":"https:\/\/kreftforeningen.no\/vardesenteret\/"},{"@type":"ListItem","position":2,"name":"Tilbud","item":"https:\/\/kreftforeningen.no\/vardesenteret\/tilbud\/"},{"@type":"ListItem","position":3,"name":"Temam\u00f8te: Ern\u00e6ring"}]},{"@type":"WebSite","@id":"https:\/\/kreftforeningen.no\/vardesenteret\/#website","url":"https:\/\/kreftforeningen.no\/vardesenteret\/","name":"Vardesenteret","description":"","publisher":{"@id":"https:\/\/kreftforeningen.no\/vardesenteret\/#organization"},"potentialAction":[{"@type":"SearchAction","target":{"@type":"EntryPoint","urlTemplate":"https:\/\/kreftforeningen.no\/vardesenteret\/?s={search_term_string}"},"query-input":{"@type":"PropertyValueSpecification","valueRequired":true,"valueName":"search_term_string"}}],"inLanguage":"nb-NO"},{"@type":"Organization","@id":"https:\/\/kreftforeningen.no\/vardesenteret\/#organization","name":"Kreftforeningen","url":"https:\/\/kreftforeningen.no\/vardesenteret\/","logo":{"@type":"ImageObject","inLanguage":"nb-NO","@id":"https:\/\/kreftforeningen.no\/vardesenteret\/#\/schema\/logo\/image\/","url":"https:\/\/kreftforeningen.no\/content\/uploads\/2026\/02\/cropped-Vardesenter_signatur_sort_horisontal_uten-undertekst-e1589886700835.png","contentUrl":"https:\/\/kreftforeningen.no\/content\/uploads\/2026\/02\/cropped-Vardesenter_signatur_sort_horisontal_uten-undertekst-e1589886700835.png","caption":"Kreftforeningen"},"image":{"@id":"https:\/\/kreftforeningen.no\/vardesenteret\/#\/schema\/logo\/image\/"},"description":"Vardesenteret er et gratis tilbud fra Kreftforeningen for kreftpasienter, p\u00e5r\u00f8rende og etterlatte."}]}},"_links":{"self":[{"href":"https:\/\/kreftforeningen.no\/vardesenteret\/wp-json\/wp\/v2\/service\/10920","targetHints":{"allow":["GET"]}}],"collection":[{"href":"https:\/\/kreftforeningen.no\/vardesenteret\/wp-json\/wp\/v2\/service"}],"about":[{"href":"https:\/\/kreftforeningen.no\/vardesenteret\/wp-json\/wp\/v2\/types\/service"}],"author":[{"embeddable":true,"href":"https:\/\/kreftforeningen.no\/vardesenteret\/wp-json\/wp\/v2\/users\/100"}],"version-history":[{"count":6,"href":"https:\/\/kreftforeningen.no\/vardesenteret\/wp-json\/wp\/v2\/service\/10920\/revisions"}],"predecessor-version":[{"id":11023,"href":"https:\/\/kreftforeningen.no\/vardesenteret\/wp-json\/wp\/v2\/service\/10920\/revisions\/11023"}],"wp:featuredmedia":[{"embeddable":true,"href":"https:\/\/kreftforeningen.no\/vardesenteret\/wp-json\/"}],"wp:attachment":[{"href":"https:\/\/kreftforeningen.no\/vardesenteret\/wp-json\/wp\/v2\/media?parent=10920"}],"wp:term":[{"taxonomy":"county","embeddable":true,"href":"https:\/\/kreftforeningen.no\/vardesenteret\/wp-json\/wp\/v2\/county?post=10920"},{"taxonomy":"subject","embeddable":true,"href":"https:\/\/kreftforeningen.no\/vardesenteret\/wp-json\/wp\/v2\/subject?post=10920"}],"curies":[{"name":"wp","href":"https:\/\/api.w.org\/{rel}","templated":true}]}}