{"id":11064,"date":"2026-09-01T14:48:42","date_gmt":"2026-09-01T12:48:42","guid":{"rendered":"https:\/\/kreftforeningen.no\/vardesenteret\/?post_type=service&#038;p=11064"},"modified":"2026-09-01T14:49:49","modified_gmt":"2026-09-01T12:49:49","slug":"tilrettelagt-tur-til-telavag","status":"publish","type":"service","link":"https:\/\/kreftforeningen.no\/vardesenteret\/tilbud\/tilrettelagt-tur-til-telavag\/","title":{"rendered":"Tilrettelagt tur til Telav\u00e5g"},"content":{"rendered":"\n\n\n<div class=\"wp-block-kf-ingress\"><div class=\"kf-header__ingress\"><p>Bergen og Hordaland Turlag -Krefter p\u00e5 tur og Vardesenterer inviterer til tur til Telav\u00e5g mandag 14. september kl. 10:00-14:00.<\/p><\/div><\/div>\n\n\n\n<p>Her vil vi bes\u00f8ke Nordsj\u00f8fartmuseet, ogf\u00e5 et foredrag med historien om det som skjedde under andre verdenskrig. Etter foredraget blir det filmvisning. <\/p>\n\n\n\n<p>Deretter blir det lunsj, der vi f\u00e5r servert svele og kaffe (ta med ekstra niste ved behov). <\/p>\n\n\n\n<p>Etter lunsjen f\u00e5r vi litt tid til \u00e5 vandre i utstillingen i museet p\u00e5 egenh\u00e5nd, evt. ta en liten tur utenfor.<br>&nbsp;Turen er lavterskel, og vi tilrettelegger for \u00e5 m\u00f8te turdeltakers behov. <\/p>\n\n\n\n<p>Med p\u00e5 turen er godkjente turledere som har god kjennskap til mennesker som har v\u00e6rt igjennom kreftbehandling.<\/p>\n\n\n\n<p>Oppm\u00f8te p\u00e5 Vardesenteret klokken 10.00 for registrering, buss avgang klokken 10.15.<br>Bussen g\u00e5r tilbake til Vardesenteret kl. 14:00 fra Telav\u00e5g.<\/p>\n\n\n\n<h2 class=\"wp-block-heading\" id=\"h-pamelding\">P\u00e5melding<\/h2>\n\n\n\n<p>Turen er gratis, men du m\u00e5 melde deg p\u00e5. <br><br>Klikk lenken nedenfor for \u00e5 melde deg p\u00e5.<br>P\u00e5meldingsfrist er 7. september.<\/p>\n\n\n<div class=\"wp-block-kf-event-info \">\n\t\t\t<div class=\"top-text\">\n\t\t\t\tTilrettelagt tur til Telav\u00e5g\n\t\t\t<\/div>\n\t\t\t<p class=\"date\"><svg xmlns=\"http:\/\/www.w3.org\/2000\/svg\" width=\"24\" height=\"24\" viewBox=\"0 0 24 24\" fill=\"none\" stroke=\"currentColor\" stroke-width=\"2\" stroke-linecap=\"round\" stroke-linejoin=\"round\" class=\"lucide lucide-clock-icon lucide-clock\"><path d=\"M12 6v6l4 2\"\/><circle cx=\"12\" cy=\"12\" r=\"10\"\/><\/svg> 14. sep. 10.00\u201314.30<\/p>\n\t\t\t<p class=\"location\"><svg xmlns=\"http:\/\/www.w3.org\/2000\/svg\" width=\"24\" height=\"24\" viewBox=\"0 0 24 24\" fill=\"none\" stroke=\"currentColor\" stroke-width=\"2\" stroke-linecap=\"round\" stroke-linejoin=\"round\" class=\"lucide lucide-map-pin-icon lucide-map-pin\"><path d=\"M20 10c0 4.993-5.539 10.193-7.399 11.799a1 1 0 0 1-1.202 0C9.539 20.193 4 14.993 4 10a8 8 0 0 1 16 0\"\/><circle cx=\"12\" cy=\"10\" r=\"3\"\/><\/svg> <a class=\"link\" href=\"https:\/\/maps.google.com\/?q=Vardesenteret, Ibsens gate 118\" rel=\"noopener noreferrer\">Vardesenteret, Ibsens gate 118 (google.com)<\/a><\/p>\n\t\t\t<p class=\"ticket\"><svg xmlns=\"http:\/\/www.w3.org\/2000\/svg\" width=\"24\" height=\"24\" viewBox=\"0 0 24 24\" fill=\"none\" stroke=\"currentColor\" stroke-width=\"2\" stroke-linecap=\"round\" stroke-linejoin=\"round\" class=\"lucide lucide-ticket-icon lucide-ticket\"><path d=\"M2 9a3 3 0 0 1 0 6v2a2 2 0 0 0 2 2h16a2 2 0 0 0 2-2v-2a3 3 0 0 1 0-6V7a2 2 0 0 0-2-2H4a2 2 0 0 0-2 2Z\"\/><path d=\"M13 5v2\"\/><path d=\"M13 17v2\"\/><path d=\"M13 11v2\"\/><\/svg> Gratis<\/p>\n\t\t\t\n\t\t\t<a href=\"https:\/\/aktiviteter.dnt.no\/register\/krefterpatur1_30082026082555?fbclid=IwVERDUAUDlGFwZG9mBWV4dG4DYWVtAjEwAHNydGMGYXBwX2lkDDM1MDY4NTUzMTcyOAABHmMUvUCDKVQtQfL3JgcxM_-pIo9AHENfYo2lS8bPPsdS8E9ZFJzAFgAMcc6Y_aem_rYvcYmUaP4b65GvD0i4XXA#\/\" target=\"_blank\" rel=\"noopener noreferrer\"><button>Meld deg p\u00e5 (aktiviteter.dnt.no)<\/button><\/a>\n\t\t<\/div>\n\n\n<p><\/p>\n","protected":false},"author":71,"featured_media":212375,"parent":0,"menu_order":0,"template":"","meta":{"_relevanssi_hide_post":"","_relevanssi_hide_content":"","_relevanssi_pin_for_all":"","_relevanssi_pin_keywords":"","_relevanssi_unpin_keywords":"","_relevanssi_related_keywords":"","_relevanssi_related_include_ids":"","_relevanssi_related_exclude_ids":"","_relevanssi_related_no_append":"","_relevanssi_related_not_related":"","_relevanssi_related_posts":"","_relevanssi_noindex_reason":"","kf_show_post_date":true,"kf_show_updated_date":false,"kf_show_print_page":false,"kf_show_chapters":false,"kf_show_chapters_expanded":false,"kf_show_post_outdated":true,"kf_toggle_title":false,"kf_is_template":false,"kf_post_authors":[],"teft_cards_label":"","teft_cards_image_id":0,"teft_cards_image_focal_point_x":0,"teft_cards_image_focal_point_y":0,"teft_cards_title":"","teft_cards_excerpt":"","kf_service_priority":false,"kf_service_duration":"single","kf_service_date_end":"2026-09-14T14:30:00","kf_service_date_start":"2026-09-14T10:00:00","kf_service_location":"Vardesenteret, Ibsens gate 118","kf_service_url":"https:\/\/aktiviteter.dnt.no\/register\/krefterpatur1_30082026082555?fbclid=IwVERDUAUDlGFwZG9mBWV4dG4DYWVtAjEwAHNydGMGYXBwX2lkDDM1MDY4NTUzMTcyOAABHmMUvUCDKVQtQfL3JgcxM_-pIo9AHENfYo2lS8bPPsdS8E9ZFJzAFgAMcc6Y_aem_rYvcYmUaP4b65GvD0i4XXA#\/","kf_service_price":"Gratis","kf_service_featured_image_description":"","footnotes":""},"county":[56],"subject":[61,59],"class_list":["post-11064","service","type-service","status-publish","has-post-thumbnail","hentry","county-vestland","subject-fysisk-aktivitet","subject-leve-med-og-etter-kreft"],"yoast_head":"<!-- This site is optimized with the Yoast SEO Premium plugin v27.7 (Yoast SEO v27.9) - https:\/\/yoast.com\/product\/yoast-seo-premium-wordpress\/ -->\n<title>Tilrettelagt tur til Telav\u00e5g &#8211; Vardesenteret<\/title>\n<meta name=\"robots\" content=\"index, follow, max-snippet:-1, max-image-preview:large, max-video-preview:-1\" \/>\n<link rel=\"canonical\" href=\"https:\/\/kreftforeningen.no\/vardesenteret\/tilbud\/tilrettelagt-tur-til-telavag\/\" \/>\n<meta property=\"og:locale\" content=\"nb_NO\" \/>\n<meta property=\"og:type\" content=\"article\" \/>\n<meta property=\"og:title\" content=\"Tilrettelagt tur til Telav\u00e5g\" \/>\n<meta property=\"og:description\" content=\"Her vil vi bes\u00f8ke Nordsj\u00f8fartmuseet, ogf\u00e5 et foredrag med historien om det som skjedde under andre verdenskrig. Etter foredraget blir det filmvisning. Deretter blir det lunsj, der vi f\u00e5r servert svele og kaffe (ta med ekstra niste ved behov). Etter lunsjen f\u00e5r vi litt tid til \u00e5 vandre i utstillingen i museet p\u00e5 egenh\u00e5nd, evt. [&hellip;]\" \/>\n<meta property=\"og:url\" content=\"https:\/\/kreftforeningen.no\/vardesenteret\/tilbud\/tilrettelagt-tur-til-telavag\/\" \/>\n<meta property=\"og:site_name\" content=\"Vardesenteret\" \/>\n<meta property=\"article:published_time\" content=\"2026-09-01T12:48:42+00:00\" \/>\n<meta property=\"article:modified_time\" content=\"2026-09-01T12:49:49+00:00\" \/>\n<meta property=\"og:image\" content=\"https:\/\/kreftforeningen.no\/content\/uploads\/2026\/09\/Bilde1.jpg\" \/>\n\t<meta property=\"og:image:width\" content=\"929\" \/>\n\t<meta property=\"og:image:height\" content=\"328\" \/>\n\t<meta property=\"og:image:type\" content=\"image\/jpeg\" \/>\n<meta name=\"twitter:card\" content=\"summary_large_image\" \/>\n<meta name=\"twitter:label1\" content=\"Ansl. lesetid\" \/>\n\t<meta name=\"twitter:data1\" content=\"2 minutter\" \/>\n<script type=\"application\/ld+json\" class=\"yoast-schema-graph\">{\"@context\":\"https:\\\/\\\/schema.org\",\"@graph\":[{\"@type\":\"WebPage\",\"@id\":\"https:\\\/\\\/kreftforeningen.no\\\/vardesenteret\\\/tilbud\\\/tilrettelagt-tur-til-telavag\\\/\",\"url\":\"https:\\\/\\\/kreftforeningen.no\\\/vardesenteret\\\/tilbud\\\/tilrettelagt-tur-til-telavag\\\/\",\"name\":\"Tilrettelagt tur til Telav\u00e5g &#8211; Vardesenteret\",\"isPartOf\":{\"@id\":\"https:\\\/\\\/kreftforeningen.no\\\/vardesenteret\\\/#website\"},\"primaryImageOfPage\":{\"@id\":\"https:\\\/\\\/kreftforeningen.no\\\/vardesenteret\\\/tilbud\\\/tilrettelagt-tur-til-telavag\\\/#primaryimage\"},\"image\":{\"@id\":\"https:\\\/\\\/kreftforeningen.no\\\/vardesenteret\\\/tilbud\\\/tilrettelagt-tur-til-telavag\\\/#primaryimage\"},\"thumbnailUrl\":\"https:\\\/\\\/kreftforeningen.no\\\/content\\\/uploads\\\/2026\\\/09\\\/Bilde1.jpg\",\"datePublished\":\"2026-09-01T12:48:42+00:00\",\"dateModified\":\"2026-09-01T12:49:49+00:00\",\"breadcrumb\":{\"@id\":\"https:\\\/\\\/kreftforeningen.no\\\/vardesenteret\\\/tilbud\\\/tilrettelagt-tur-til-telavag\\\/#breadcrumb\"},\"inLanguage\":\"nb-NO\",\"potentialAction\":[{\"@type\":\"ReadAction\",\"target\":[\"https:\\\/\\\/kreftforeningen.no\\\/vardesenteret\\\/tilbud\\\/tilrettelagt-tur-til-telavag\\\/\"]}]},{\"@type\":\"ImageObject\",\"inLanguage\":\"nb-NO\",\"@id\":\"https:\\\/\\\/kreftforeningen.no\\\/vardesenteret\\\/tilbud\\\/tilrettelagt-tur-til-telavag\\\/#primaryimage\",\"url\":\"https:\\\/\\\/kreftforeningen.no\\\/content\\\/uploads\\\/2026\\\/09\\\/Bilde1.jpg\",\"contentUrl\":\"https:\\\/\\\/kreftforeningen.no\\\/content\\\/uploads\\\/2026\\\/09\\\/Bilde1.jpg\"},{\"@type\":\"BreadcrumbList\",\"@id\":\"https:\\\/\\\/kreftforeningen.no\\\/vardesenteret\\\/tilbud\\\/tilrettelagt-tur-til-telavag\\\/#breadcrumb\",\"itemListElement\":[{\"@type\":\"ListItem\",\"position\":1,\"name\":\"Forside\",\"item\":\"https:\\\/\\\/kreftforeningen.no\\\/vardesenteret\\\/\"},{\"@type\":\"ListItem\",\"position\":2,\"name\":\"Tilbud\",\"item\":\"https:\\\/\\\/kreftforeningen.no\\\/vardesenteret\\\/tilbud\\\/\"},{\"@type\":\"ListItem\",\"position\":3,\"name\":\"Tilrettelagt tur til Telav\u00e5g\"}]},{\"@type\":\"WebSite\",\"@id\":\"https:\\\/\\\/kreftforeningen.no\\\/vardesenteret\\\/#website\",\"url\":\"https:\\\/\\\/kreftforeningen.no\\\/vardesenteret\\\/\",\"name\":\"Vardesenteret\",\"description\":\"\",\"publisher\":{\"@id\":\"https:\\\/\\\/kreftforeningen.no\\\/vardesenteret\\\/#organization\"},\"potentialAction\":[{\"@type\":\"SearchAction\",\"target\":{\"@type\":\"EntryPoint\",\"urlTemplate\":\"https:\\\/\\\/kreftforeningen.no\\\/vardesenteret\\\/?s={search_term_string}\"},\"query-input\":{\"@type\":\"PropertyValueSpecification\",\"valueRequired\":true,\"valueName\":\"search_term_string\"}}],\"inLanguage\":\"nb-NO\"},{\"@type\":\"Organization\",\"@id\":\"https:\\\/\\\/kreftforeningen.no\\\/vardesenteret\\\/#organization\",\"name\":\"Kreftforeningen\",\"url\":\"https:\\\/\\\/kreftforeningen.no\\\/vardesenteret\\\/\",\"logo\":{\"@type\":\"ImageObject\",\"inLanguage\":\"nb-NO\",\"@id\":\"https:\\\/\\\/kreftforeningen.no\\\/vardesenteret\\\/#\\\/schema\\\/logo\\\/image\\\/\",\"url\":\"https:\\\/\\\/kreftforeningen.no\\\/content\\\/uploads\\\/2026\\\/02\\\/cropped-Vardesenter_signatur_sort_horisontal_uten-undertekst-e1589886700835.png\",\"contentUrl\":\"https:\\\/\\\/kreftforeningen.no\\\/content\\\/uploads\\\/2026\\\/02\\\/cropped-Vardesenter_signatur_sort_horisontal_uten-undertekst-e1589886700835.png\",\"caption\":\"Kreftforeningen\"},\"image\":{\"@id\":\"https:\\\/\\\/kreftforeningen.no\\\/vardesenteret\\\/#\\\/schema\\\/logo\\\/image\\\/\"},\"description\":\"Vardesenteret er et gratis tilbud fra Kreftforeningen for kreftpasienter, p\u00e5r\u00f8rende og etterlatte.\"}]}<\/script>\n<!-- \/ Yoast SEO Premium plugin. -->","yoast_head_json":{"title":"Tilrettelagt tur til Telav\u00e5g &#8211; Vardesenteret","robots":{"index":"index","follow":"follow","max-snippet":"max-snippet:-1","max-image-preview":"max-image-preview:large","max-video-preview":"max-video-preview:-1"},"canonical":"https:\/\/kreftforeningen.no\/vardesenteret\/tilbud\/tilrettelagt-tur-til-telavag\/","og_locale":"nb_NO","og_type":"article","og_title":"Tilrettelagt tur til Telav\u00e5g","og_description":"Her vil vi bes\u00f8ke Nordsj\u00f8fartmuseet, ogf\u00e5 et foredrag med historien om det som skjedde under andre verdenskrig. Etter foredraget blir det filmvisning. Deretter blir det lunsj, der vi f\u00e5r servert svele og kaffe (ta med ekstra niste ved behov). Etter lunsjen f\u00e5r vi litt tid til \u00e5 vandre i utstillingen i museet p\u00e5 egenh\u00e5nd, evt. [&hellip;]","og_url":"https:\/\/kreftforeningen.no\/vardesenteret\/tilbud\/tilrettelagt-tur-til-telavag\/","og_site_name":"Vardesenteret","article_published_time":"2026-09-01T12:48:42+00:00","article_modified_time":"2026-09-01T12:49:49+00:00","og_image":[{"width":929,"height":328,"url":"https:\/\/kreftforeningen.no\/content\/uploads\/2026\/09\/Bilde1.jpg","type":"image\/jpeg"}],"twitter_card":"summary_large_image","twitter_misc":{"Ansl. lesetid":"2 minutter"},"schema":{"@context":"https:\/\/schema.org","@graph":[{"@type":"WebPage","@id":"https:\/\/kreftforeningen.no\/vardesenteret\/tilbud\/tilrettelagt-tur-til-telavag\/","url":"https:\/\/kreftforeningen.no\/vardesenteret\/tilbud\/tilrettelagt-tur-til-telavag\/","name":"Tilrettelagt tur til Telav\u00e5g &#8211; Vardesenteret","isPartOf":{"@id":"https:\/\/kreftforeningen.no\/vardesenteret\/#website"},"primaryImageOfPage":{"@id":"https:\/\/kreftforeningen.no\/vardesenteret\/tilbud\/tilrettelagt-tur-til-telavag\/#primaryimage"},"image":{"@id":"https:\/\/kreftforeningen.no\/vardesenteret\/tilbud\/tilrettelagt-tur-til-telavag\/#primaryimage"},"thumbnailUrl":"https:\/\/kreftforeningen.no\/content\/uploads\/2026\/09\/Bilde1.jpg","datePublished":"2026-09-01T12:48:42+00:00","dateModified":"2026-09-01T12:49:49+00:00","breadcrumb":{"@id":"https:\/\/kreftforeningen.no\/vardesenteret\/tilbud\/tilrettelagt-tur-til-telavag\/#breadcrumb"},"inLanguage":"nb-NO","potentialAction":[{"@type":"ReadAction","target":["https:\/\/kreftforeningen.no\/vardesenteret\/tilbud\/tilrettelagt-tur-til-telavag\/"]}]},{"@type":"ImageObject","inLanguage":"nb-NO","@id":"https:\/\/kreftforeningen.no\/vardesenteret\/tilbud\/tilrettelagt-tur-til-telavag\/#primaryimage","url":"https:\/\/kreftforeningen.no\/content\/uploads\/2026\/09\/Bilde1.jpg","contentUrl":"https:\/\/kreftforeningen.no\/content\/uploads\/2026\/09\/Bilde1.jpg"},{"@type":"BreadcrumbList","@id":"https:\/\/kreftforeningen.no\/vardesenteret\/tilbud\/tilrettelagt-tur-til-telavag\/#breadcrumb","itemListElement":[{"@type":"ListItem","position":1,"name":"Forside","item":"https:\/\/kreftforeningen.no\/vardesenteret\/"},{"@type":"ListItem","position":2,"name":"Tilbud","item":"https:\/\/kreftforeningen.no\/vardesenteret\/tilbud\/"},{"@type":"ListItem","position":3,"name":"Tilrettelagt tur til Telav\u00e5g"}]},{"@type":"WebSite","@id":"https:\/\/kreftforeningen.no\/vardesenteret\/#website","url":"https:\/\/kreftforeningen.no\/vardesenteret\/","name":"Vardesenteret","description":"","publisher":{"@id":"https:\/\/kreftforeningen.no\/vardesenteret\/#organization"},"potentialAction":[{"@type":"SearchAction","target":{"@type":"EntryPoint","urlTemplate":"https:\/\/kreftforeningen.no\/vardesenteret\/?s={search_term_string}"},"query-input":{"@type":"PropertyValueSpecification","valueRequired":true,"valueName":"search_term_string"}}],"inLanguage":"nb-NO"},{"@type":"Organization","@id":"https:\/\/kreftforeningen.no\/vardesenteret\/#organization","name":"Kreftforeningen","url":"https:\/\/kreftforeningen.no\/vardesenteret\/","logo":{"@type":"ImageObject","inLanguage":"nb-NO","@id":"https:\/\/kreftforeningen.no\/vardesenteret\/#\/schema\/logo\/image\/","url":"https:\/\/kreftforeningen.no\/content\/uploads\/2026\/02\/cropped-Vardesenter_signatur_sort_horisontal_uten-undertekst-e1589886700835.png","contentUrl":"https:\/\/kreftforeningen.no\/content\/uploads\/2026\/02\/cropped-Vardesenter_signatur_sort_horisontal_uten-undertekst-e1589886700835.png","caption":"Kreftforeningen"},"image":{"@id":"https:\/\/kreftforeningen.no\/vardesenteret\/#\/schema\/logo\/image\/"},"description":"Vardesenteret er et gratis tilbud fra Kreftforeningen for kreftpasienter, p\u00e5r\u00f8rende og etterlatte."}]}},"_links":{"self":[{"href":"https:\/\/kreftforeningen.no\/vardesenteret\/wp-json\/wp\/v2\/service\/11064","targetHints":{"allow":["GET"]}}],"collection":[{"href":"https:\/\/kreftforeningen.no\/vardesenteret\/wp-json\/wp\/v2\/service"}],"about":[{"href":"https:\/\/kreftforeningen.no\/vardesenteret\/wp-json\/wp\/v2\/types\/service"}],"author":[{"embeddable":true,"href":"https:\/\/kreftforeningen.no\/vardesenteret\/wp-json\/wp\/v2\/users\/71"}],"version-history":[{"count":2,"href":"https:\/\/kreftforeningen.no\/vardesenteret\/wp-json\/wp\/v2\/service\/11064\/revisions"}],"predecessor-version":[{"id":11066,"href":"https:\/\/kreftforeningen.no\/vardesenteret\/wp-json\/wp\/v2\/service\/11064\/revisions\/11066"}],"wp:featuredmedia":[{"embeddable":true,"href":"https:\/\/kreftforeningen.no\/vardesenteret\/wp-json\/"}],"wp:attachment":[{"href":"https:\/\/kreftforeningen.no\/vardesenteret\/wp-json\/wp\/v2\/media?parent=11064"}],"wp:term":[{"taxonomy":"county","embeddable":true,"href":"https:\/\/kreftforeningen.no\/vardesenteret\/wp-json\/wp\/v2\/county?post=11064"},{"taxonomy":"subject","embeddable":true,"href":"https:\/\/kreftforeningen.no\/vardesenteret\/wp-json\/wp\/v2\/subject?post=11064"}],"curies":[{"name":"wp","href":"https:\/\/api.w.org\/{rel}","templated":true}]}}