{"id":3072,"date":"2022-10-28T08:40:36","date_gmt":"2022-10-28T06:40:36","guid":{"rendered":"https:\/\/kreftforeningen.no\/vardesenteret\/?post_type=service&#038;p=3072"},"modified":"2026-04-10T15:27:01","modified_gmt":"2026-04-10T13:27:01","slug":"treffpunkt-moteplass-for-barn-og-unge-i-stavanger","status":"publish","type":"service","link":"https:\/\/kreftforeningen.no\/vardesenteret\/tilbud\/treffpunkt-moteplass-for-barn-og-unge-i-stavanger\/","title":{"rendered":"Treffpunkt \u2013 m\u00f8teplass for barn og unge i Stavanger"},"content":{"rendered":"\n\n\n<div class=\"wp-block-kf-ingress\"><div class=\"kf-header__ingress\"><p>Treffpunkt er for barn og unge mellom 6 og 16 \u00e5r som har alvorlig sykdom i familien, eller som har opplevd at noen som st\u00e5r dem n\u00e6r er d\u00f8d.<\/p><\/div><\/div>\n\n\n\n<p>P\u00e5&nbsp;<a href=\"https:\/\/kreftforeningen.no\/tilbud\/treffpunkt-moteplass-for-barn-og-unge\/\">Treffpunkt<\/a>&nbsp;m\u00f8tes barn som er i liknende situasjoner \u2013 som kan skj\u00f8nne f\u00f8lelser som skyld, angst og uro, sinne og irritasjon, som selv kanskje har hodepine eller vondt i magen. Her treffer de trygge voksne som har tid til \u00e5 lytte, leke og dele.<\/p>\n\n\n\n<p>Samtale er sentralt p\u00e5 alle Treffpunkt, men praten skjer p\u00e5 barnas premisser. P\u00e5 alle Treffpunkt er det lek, spill og aktiviteter.&nbsp;<\/p>\n\n\n\n<p>Treffpunkt finner sted \u00e9n kveld i m\u00e5neden og varer normalt i to timer. Treffpunkt blir ledet av voksne med erfaring fra arbeid med barn og unge. De har taushetsplikt og har levert politiattest.<\/p>\n\n\n\n<h2 class=\"wp-block-heading\" id=\"h-tid\">Tid<\/h2>\n\n\n\n<p>Treffpunkt varer fra 17.00 til 19.00. Her er datoene for v\u00e5ren 2026: <\/p>\n\n\n\n<ul class=\"wp-block-list\">\n<li>22. januar<\/li>\n\n\n\n<li>12. februar<\/li>\n\n\n\n<li>12. mars<\/li>\n\n\n\n<li>9. april<\/li>\n\n\n\n<li>7. mai<\/li>\n\n\n\n<li>28. mai<\/li>\n\n\n\n<li>11. juni<\/li>\n<\/ul>\n\n\n<div class=\"wp-block-kf-event-info \">\n\t\t\t\n\t\t\t<p class=\"date\"><svg xmlns=\"http:\/\/www.w3.org\/2000\/svg\" width=\"24\" height=\"24\" viewBox=\"0 0 24 24\" fill=\"none\" stroke=\"currentColor\" stroke-width=\"2\" stroke-linecap=\"round\" stroke-linejoin=\"round\" class=\"lucide lucide-clock-icon lucide-clock\"><path d=\"M12 6v6l4 2\"\/><circle cx=\"12\" cy=\"12\" r=\"10\"\/><\/svg> 7. mai 17.00\u201319.00<\/p>\n\t\t\t<p class=\"location\"><svg xmlns=\"http:\/\/www.w3.org\/2000\/svg\" width=\"24\" height=\"24\" viewBox=\"0 0 24 24\" fill=\"none\" stroke=\"currentColor\" stroke-width=\"2\" stroke-linecap=\"round\" stroke-linejoin=\"round\" class=\"lucide lucide-map-pin-icon lucide-map-pin\"><path d=\"M20 10c0 4.993-5.539 10.193-7.399 11.799a1 1 0 0 1-1.202 0C9.539 20.193 4 14.993 4 10a8 8 0 0 1 16 0\"\/><circle cx=\"12\" cy=\"10\" r=\"3\"\/><\/svg> <a class=\"link\" href=\"https:\/\/maps.google.com\/?q=Jan Johnsens gate 6\" rel=\"noopener noreferrer\">Jan Johnsens gate 6 (google.com)<\/a><\/p>\n\t\t\t<p class=\"ticket\"><svg xmlns=\"http:\/\/www.w3.org\/2000\/svg\" width=\"24\" height=\"24\" viewBox=\"0 0 24 24\" fill=\"none\" stroke=\"currentColor\" stroke-width=\"2\" stroke-linecap=\"round\" stroke-linejoin=\"round\" class=\"lucide lucide-ticket-icon lucide-ticket\"><path d=\"M2 9a3 3 0 0 1 0 6v2a2 2 0 0 0 2 2h16a2 2 0 0 0 2-2v-2a3 3 0 0 1 0-6V7a2 2 0 0 0-2-2H4a2 2 0 0 0-2 2Z\"\/><path d=\"M13 5v2\"\/><path d=\"M13 17v2\"\/><path d=\"M13 11v2\"\/><\/svg> Ta kontakt for p\u00e5melding<\/p>\n\t\t\t\n\t\t\t\n\t\t<\/div>\n\n\n<h2 class=\"wp-block-heading\" id=\"h\"><\/h2>\n\n\n\n<h2 id=\"kontakt-og-pamelding\" class=\"wp-block-heading\">Kontakt og p\u00e5melding<\/h2>\n\n\n\n<p>Det er gratis \u00e5 delta p\u00e5 Treffpunkt, men man m\u00e5 melde seg p\u00e5. Kontakt oss for mer informasjon og p\u00e5melding.  <\/p>\n\n\n\n<div class=\"wp-block-buttons is-layout-flex wp-block-buttons-is-layout-flex\"><\/div>\n\n\n<div class=\"person-grid wp-block-kf-person-display\"><div class=\"person\" id=\"person-display-3080\"><div class=\"person_content\"><h3 id=\"kristin-eikill\">Kristin Eikill<\/h3><p>Kreftforeningen<\/p><a class=\"person_email\" href=\"mailto:kristin.eikill@kreftforeningen.no\"><svg xmlns=\"http:\/\/www.w3.org\/2000\/svg\" width=\"14\" height=\"11\" viewBox=\"0 0 14 12\" fill=\"none\" aria-hidden=\"true\" focusable=\"false\"><g><path d=\"M2.2 1.20001H11.8C12.46 1.20001 13 1.74001 13 2.40001V9.60001C13 10.26 12.46 10.8 11.8 10.8H2.2C1.54 10.8 1 10.26 1 9.60001V2.40001C1 1.74001 1.54 1.20001 2.2 1.20001Z\" stroke=\"black\"\/><path d=\"M13 2.39996L7 6.59996L1 2.39996\" stroke=\"black\"\/><\/g><\/svg><span>kristin.eikill@kreftforeningen.no<\/span><\/a><a href=\"tel:46910202\"><svg xmlns=\"http:\/\/www.w3.org\/2000\/svg\" width=\"14\" height=\"14\" viewBox=\"0 0 14 14\" fill=\"none\" aria-hidden=\"true\" focusable=\"false\"><g><path d=\"M12.9996 9.98431V11.7908C13.0003 11.9585 12.9659 12.1245 12.8986 12.2781C12.8313 12.4318 12.7325 12.5697 12.6087 12.6831C12.4849 12.7965 12.3387 12.8828 12.1795 12.9365C12.0203 12.9903 11.8517 13.0102 11.6843 12.9951C9.82768 12.7938 8.04426 12.1606 6.47734 11.1465C5.01953 10.222 3.78356 8.98843 2.8572 7.53351C1.83752 5.96259 1.20294 4.17405 1.0049 2.31277C0.98982 2.14625 1.00965 1.97843 1.06312 1.81998C1.11659 1.66153 1.20254 1.51592 1.31548 1.39244C1.42843 1.26896 1.5659 1.1703 1.71915 1.10274C1.87239 1.03519 2.03805 1.00022 2.20558 1.00006H4.01565C4.30846 0.997182 4.59233 1.10067 4.81435 1.29122C5.03636 1.48178 5.18138 1.74641 5.22236 2.03578C5.29876 2.61389 5.44044 3.18152 5.64471 3.72785C5.72589 3.94338 5.74346 4.17761 5.69534 4.4028C5.64721 4.62799 5.53542 4.83469 5.3732 4.99841L4.60694 5.76315C5.46585 7.27069 6.71655 8.51891 8.22708 9.37612L8.99334 8.61138C9.15739 8.44948 9.3645 8.33791 9.59013 8.28988C9.81577 8.24185 10.0505 8.25939 10.2664 8.3404C10.8138 8.54427 11.3826 8.68567 11.9619 8.76192C12.2549 8.80318 12.5226 8.95052 12.714 9.1759C12.9053 9.40128 13.007 9.68899 12.9996 9.98431Z\" stroke=\"black\"\/><\/g><\/svg>46 91 02 02<\/a><\/div><\/div><\/div>\n\n<div class=\"person-grid wp-block-kf-person-display\"><div class=\"person\" id=\"person-display-575\"><div class=\"person_content\"><h3 id=\"vardesenteret-i-stavanger\">Vardesenteret i Stavanger<\/h3><p>Stavanger Universitetssykehus, V\u00e5land<\/p><a class=\"person_email\" href=\"mailto:vardesenteret@sus.no\"><svg xmlns=\"http:\/\/www.w3.org\/2000\/svg\" width=\"14\" height=\"11\" viewBox=\"0 0 14 12\" fill=\"none\" aria-hidden=\"true\" focusable=\"false\"><g><path d=\"M2.2 1.20001H11.8C12.46 1.20001 13 1.74001 13 2.40001V9.60001C13 10.26 12.46 10.8 11.8 10.8H2.2C1.54 10.8 1 10.26 1 9.60001V2.40001C1 1.74001 1.54 1.20001 2.2 1.20001Z\" stroke=\"black\"\/><path d=\"M13 2.39996L7 6.59996L1 2.39996\" stroke=\"black\"\/><\/g><\/svg><span>vardesenteret@sus.no<\/span><\/a><a href=\"tel:51512990\"><svg xmlns=\"http:\/\/www.w3.org\/2000\/svg\" width=\"14\" height=\"14\" viewBox=\"0 0 14 14\" fill=\"none\" aria-hidden=\"true\" focusable=\"false\"><g><path d=\"M12.9996 9.98431V11.7908C13.0003 11.9585 12.9659 12.1245 12.8986 12.2781C12.8313 12.4318 12.7325 12.5697 12.6087 12.6831C12.4849 12.7965 12.3387 12.8828 12.1795 12.9365C12.0203 12.9903 11.8517 13.0102 11.6843 12.9951C9.82768 12.7938 8.04426 12.1606 6.47734 11.1465C5.01953 10.222 3.78356 8.98843 2.8572 7.53351C1.83752 5.96259 1.20294 4.17405 1.0049 2.31277C0.98982 2.14625 1.00965 1.97843 1.06312 1.81998C1.11659 1.66153 1.20254 1.51592 1.31548 1.39244C1.42843 1.26896 1.5659 1.1703 1.71915 1.10274C1.87239 1.03519 2.03805 1.00022 2.20558 1.00006H4.01565C4.30846 0.997182 4.59233 1.10067 4.81435 1.29122C5.03636 1.48178 5.18138 1.74641 5.22236 2.03578C5.29876 2.61389 5.44044 3.18152 5.64471 3.72785C5.72589 3.94338 5.74346 4.17761 5.69534 4.4028C5.64721 4.62799 5.53542 4.83469 5.3732 4.99841L4.60694 5.76315C5.46585 7.27069 6.71655 8.51891 8.22708 9.37612L8.99334 8.61138C9.15739 8.44948 9.3645 8.33791 9.59013 8.28988C9.81577 8.24185 10.0505 8.25939 10.2664 8.3404C10.8138 8.54427 11.3826 8.68567 11.9619 8.76192C12.2549 8.80318 12.5226 8.95052 12.714 9.1759C12.9053 9.40128 13.007 9.68899 12.9996 9.98431Z\" stroke=\"black\"\/><\/g><\/svg>51 51 29 90<\/a><\/div><\/div><\/div>","protected":false},"author":47,"featured_media":95507,"parent":0,"menu_order":0,"template":"","meta":{"_relevanssi_hide_post":"","_relevanssi_hide_content":"","_relevanssi_pin_for_all":"","_relevanssi_pin_keywords":"","_relevanssi_unpin_keywords":"","_relevanssi_related_keywords":"","_relevanssi_related_include_ids":"","_relevanssi_related_exclude_ids":"","_relevanssi_related_no_append":"","_relevanssi_related_not_related":"","_relevanssi_related_posts":"1697,2511,1836,3049,1863,1838","_relevanssi_noindex_reason":"","kf_show_post_date":false,"kf_show_updated_date":false,"kf_show_print_page":false,"kf_show_chapters":false,"kf_show_chapters_expanded":false,"kf_show_post_outdated":true,"kf_toggle_title":false,"kf_is_template":false,"kf_post_authors":[],"teft_cards_label":"VARDESENTERET I STAVANGER","teft_cards_image_id":0,"teft_cards_image_focal_point_x":0,"teft_cards_image_focal_point_y":0,"teft_cards_title":"Treffpunkt - m\u00f8teplass for barn og unge i Stavanger","teft_cards_excerpt":"Treffpunkt er for barn og unge mellom 6 og 16 \u00e5r som har alvorlig sykdom i familien, eller som har opplevd at noen som st\u00e5r dem n\u00e6r er d\u00f8d.","kf_service_priority":false,"kf_service_duration":"single","kf_service_date_end":"2026-05-07T19:00:00","kf_service_date_start":"2026-05-07T17:00:00","kf_service_location":"Jan Johnsens gate 6","kf_service_url":"","kf_service_price":"Ta kontakt for p\u00e5melding","kf_service_featured_image_description":"","footnotes":""},"county":[52],"subject":[58],"class_list":["post-3072","service","type-service","status-publish","has-post-thumbnail","hentry","county-rogaland","subject-barn-og-ungdom"],"yoast_head":"<!-- This site is optimized with the Yoast SEO Premium plugin v27.3 (Yoast SEO v27.4) - https:\/\/yoast.com\/product\/yoast-seo-premium-wordpress\/ -->\n<title>Treffpunkt \u2013 m\u00f8teplass for barn og unge i Stavanger - Vardesenteret<\/title>\n<meta name=\"robots\" content=\"index, follow, max-snippet:-1, max-image-preview:large, max-video-preview:-1\" \/>\n<link rel=\"canonical\" href=\"https:\/\/kreftforeningen.no\/vardesenteret\/tilbud\/treffpunkt-moteplass-for-barn-og-unge-i-stavanger\/\" \/>\n<meta property=\"og:locale\" content=\"nb_NO\" \/>\n<meta property=\"og:type\" content=\"article\" \/>\n<meta property=\"og:title\" content=\"Treffpunkt \u2013 m\u00f8teplass for barn og unge i Stavanger\" \/>\n<meta property=\"og:description\" content=\"P\u00e5&nbsp;Treffpunkt&nbsp;m\u00f8tes barn som er i liknende situasjoner \u2013 som kan skj\u00f8nne f\u00f8lelser som skyld, angst og uro, sinne og irritasjon, som selv kanskje har hodepine eller vondt i magen. Her treffer de trygge voksne som har tid til \u00e5 lytte, leke og dele. Samtale er sentralt p\u00e5 alle Treffpunkt, men praten skjer p\u00e5 barnas premisser. [&hellip;]\" \/>\n<meta property=\"og:url\" content=\"https:\/\/kreftforeningen.no\/vardesenteret\/tilbud\/treffpunkt-moteplass-for-barn-og-unge-i-stavanger\/\" \/>\n<meta property=\"og:site_name\" content=\"Vardesenteret\" \/>\n<meta property=\"article:published_time\" content=\"2022-10-28T06:40:36+00:00\" \/>\n<meta property=\"article:modified_time\" content=\"2026-04-10T13:27:01+00:00\" \/>\n<meta property=\"og:image\" content=\"https:\/\/kreftforeningen.no\/content\/uploads\/2024\/03\/19-2300-scaled.jpg.webp\" \/>\n\t<meta property=\"og:image:width\" content=\"2560\" \/>\n\t<meta property=\"og:image:height\" content=\"1703\" \/>\n\t<meta property=\"og:image:type\" content=\"image\/jpeg\" \/>\n<meta name=\"twitter:card\" content=\"summary_large_image\" \/>\n<meta name=\"twitter:label1\" content=\"Ansl. lesetid\" \/>\n\t<meta name=\"twitter:data1\" content=\"2 minutter\" \/>\n<script type=\"application\/ld+json\" class=\"yoast-schema-graph\">{\"@context\":\"https:\\\/\\\/schema.org\",\"@graph\":[{\"@type\":\"WebPage\",\"@id\":\"https:\\\/\\\/kreftforeningen.no\\\/vardesenteret\\\/tilbud\\\/treffpunkt-moteplass-for-barn-og-unge-i-stavanger\\\/\",\"url\":\"https:\\\/\\\/kreftforeningen.no\\\/vardesenteret\\\/tilbud\\\/treffpunkt-moteplass-for-barn-og-unge-i-stavanger\\\/\",\"name\":\"Treffpunkt \u2013 m\u00f8teplass for barn og unge i Stavanger - Vardesenteret\",\"isPartOf\":{\"@id\":\"https:\\\/\\\/kreftforeningen.no\\\/vardesenteret\\\/#website\"},\"primaryImageOfPage\":{\"@id\":\"https:\\\/\\\/kreftforeningen.no\\\/vardesenteret\\\/tilbud\\\/treffpunkt-moteplass-for-barn-og-unge-i-stavanger\\\/#primaryimage\"},\"image\":{\"@id\":\"https:\\\/\\\/kreftforeningen.no\\\/vardesenteret\\\/tilbud\\\/treffpunkt-moteplass-for-barn-og-unge-i-stavanger\\\/#primaryimage\"},\"thumbnailUrl\":\"https:\\\/\\\/kreftforeningen.no\\\/content\\\/uploads\\\/2024\\\/03\\\/19-2300-scaled.jpg.webp\",\"datePublished\":\"2022-10-28T06:40:36+00:00\",\"dateModified\":\"2026-04-10T13:27:01+00:00\",\"breadcrumb\":{\"@id\":\"https:\\\/\\\/kreftforeningen.no\\\/vardesenteret\\\/tilbud\\\/treffpunkt-moteplass-for-barn-og-unge-i-stavanger\\\/#breadcrumb\"},\"inLanguage\":\"nb-NO\",\"potentialAction\":[{\"@type\":\"ReadAction\",\"target\":[\"https:\\\/\\\/kreftforeningen.no\\\/vardesenteret\\\/tilbud\\\/treffpunkt-moteplass-for-barn-og-unge-i-stavanger\\\/\"]}],\"mentions\":[{\"@id\":\"person-display-3080\"},{\"@id\":\"person-display-575\"}]},{\"@type\":\"ImageObject\",\"inLanguage\":\"nb-NO\",\"@id\":\"https:\\\/\\\/kreftforeningen.no\\\/vardesenteret\\\/tilbud\\\/treffpunkt-moteplass-for-barn-og-unge-i-stavanger\\\/#primaryimage\",\"url\":\"https:\\\/\\\/kreftforeningen.no\\\/content\\\/uploads\\\/2024\\\/03\\\/19-2300-scaled.jpg.webp\",\"contentUrl\":\"https:\\\/\\\/kreftforeningen.no\\\/content\\\/uploads\\\/2024\\\/03\\\/19-2300-scaled.jpg.webp\"},{\"@type\":\"BreadcrumbList\",\"@id\":\"https:\\\/\\\/kreftforeningen.no\\\/vardesenteret\\\/tilbud\\\/treffpunkt-moteplass-for-barn-og-unge-i-stavanger\\\/#breadcrumb\",\"itemListElement\":[{\"@type\":\"ListItem\",\"position\":1,\"name\":\"Forside\",\"item\":\"https:\\\/\\\/kreftforeningen.no\\\/vardesenteret\\\/\"},{\"@type\":\"ListItem\",\"position\":2,\"name\":\"Tilbud\",\"item\":\"https:\\\/\\\/kreftforeningen.no\\\/vardesenteret\\\/tilbud\\\/\"},{\"@type\":\"ListItem\",\"position\":3,\"name\":\"Treffpunkt \u2013 m\u00f8teplass for barn og unge i Stavanger\"}]},{\"@type\":\"WebSite\",\"@id\":\"https:\\\/\\\/kreftforeningen.no\\\/vardesenteret\\\/#website\",\"url\":\"https:\\\/\\\/kreftforeningen.no\\\/vardesenteret\\\/\",\"name\":\"Vardesenteret\",\"description\":\"\",\"publisher\":{\"@id\":\"https:\\\/\\\/kreftforeningen.no\\\/vardesenteret\\\/#organization\"},\"potentialAction\":[{\"@type\":\"SearchAction\",\"target\":{\"@type\":\"EntryPoint\",\"urlTemplate\":\"https:\\\/\\\/kreftforeningen.no\\\/vardesenteret\\\/?s={search_term_string}\"},\"query-input\":{\"@type\":\"PropertyValueSpecification\",\"valueRequired\":true,\"valueName\":\"search_term_string\"}}],\"inLanguage\":\"nb-NO\"},{\"@type\":\"Organization\",\"@id\":\"https:\\\/\\\/kreftforeningen.no\\\/vardesenteret\\\/#organization\",\"name\":\"Vardesenteret\",\"url\":\"https:\\\/\\\/kreftforeningen.no\\\/vardesenteret\\\/\",\"logo\":{\"@type\":\"ImageObject\",\"inLanguage\":\"nb-NO\",\"@id\":\"https:\\\/\\\/kreftforeningen.no\\\/vardesenteret\\\/#\\\/schema\\\/logo\\\/image\\\/\",\"url\":\"https:\\\/\\\/kreftforeningen.no\\\/content\\\/uploads\\\/2026\\\/02\\\/cropped-Vardesenter_signatur_sort_horisontal_uten-undertekst-e1589886700835.png\",\"contentUrl\":\"https:\\\/\\\/kreftforeningen.no\\\/content\\\/uploads\\\/2026\\\/02\\\/cropped-Vardesenter_signatur_sort_horisontal_uten-undertekst-e1589886700835.png\",\"caption\":\"Vardesenteret\"},\"image\":{\"@id\":\"https:\\\/\\\/kreftforeningen.no\\\/vardesenteret\\\/#\\\/schema\\\/logo\\\/image\\\/\"}}]}<\/script>\n<!-- \/ Yoast SEO Premium plugin. -->","yoast_head_json":{"title":"Treffpunkt \u2013 m\u00f8teplass for barn og unge i Stavanger - Vardesenteret","robots":{"index":"index","follow":"follow","max-snippet":"max-snippet:-1","max-image-preview":"max-image-preview:large","max-video-preview":"max-video-preview:-1"},"canonical":"https:\/\/kreftforeningen.no\/vardesenteret\/tilbud\/treffpunkt-moteplass-for-barn-og-unge-i-stavanger\/","og_locale":"nb_NO","og_type":"article","og_title":"Treffpunkt \u2013 m\u00f8teplass for barn og unge i Stavanger","og_description":"P\u00e5&nbsp;Treffpunkt&nbsp;m\u00f8tes barn som er i liknende situasjoner \u2013 som kan skj\u00f8nne f\u00f8lelser som skyld, angst og uro, sinne og irritasjon, som selv kanskje har hodepine eller vondt i magen. Her treffer de trygge voksne som har tid til \u00e5 lytte, leke og dele. Samtale er sentralt p\u00e5 alle Treffpunkt, men praten skjer p\u00e5 barnas premisser. [&hellip;]","og_url":"https:\/\/kreftforeningen.no\/vardesenteret\/tilbud\/treffpunkt-moteplass-for-barn-og-unge-i-stavanger\/","og_site_name":"Vardesenteret","article_published_time":"2022-10-28T06:40:36+00:00","article_modified_time":"2026-04-10T13:27:01+00:00","og_image":[{"width":2560,"height":1703,"url":"https:\/\/kreftforeningen.no\/content\/uploads\/2024\/03\/19-2300-scaled.jpg.webp","type":"image\/jpeg"}],"twitter_card":"summary_large_image","twitter_misc":{"Ansl. lesetid":"2 minutter"},"schema":{"@context":"https:\/\/schema.org","@graph":[{"@type":"WebPage","@id":"https:\/\/kreftforeningen.no\/vardesenteret\/tilbud\/treffpunkt-moteplass-for-barn-og-unge-i-stavanger\/","url":"https:\/\/kreftforeningen.no\/vardesenteret\/tilbud\/treffpunkt-moteplass-for-barn-og-unge-i-stavanger\/","name":"Treffpunkt \u2013 m\u00f8teplass for barn og unge i Stavanger - Vardesenteret","isPartOf":{"@id":"https:\/\/kreftforeningen.no\/vardesenteret\/#website"},"primaryImageOfPage":{"@id":"https:\/\/kreftforeningen.no\/vardesenteret\/tilbud\/treffpunkt-moteplass-for-barn-og-unge-i-stavanger\/#primaryimage"},"image":{"@id":"https:\/\/kreftforeningen.no\/vardesenteret\/tilbud\/treffpunkt-moteplass-for-barn-og-unge-i-stavanger\/#primaryimage"},"thumbnailUrl":"https:\/\/kreftforeningen.no\/content\/uploads\/2024\/03\/19-2300-scaled.jpg.webp","datePublished":"2022-10-28T06:40:36+00:00","dateModified":"2026-04-10T13:27:01+00:00","breadcrumb":{"@id":"https:\/\/kreftforeningen.no\/vardesenteret\/tilbud\/treffpunkt-moteplass-for-barn-og-unge-i-stavanger\/#breadcrumb"},"inLanguage":"nb-NO","potentialAction":[{"@type":"ReadAction","target":["https:\/\/kreftforeningen.no\/vardesenteret\/tilbud\/treffpunkt-moteplass-for-barn-og-unge-i-stavanger\/"]}],"mentions":[{"@id":"person-display-3080"},{"@id":"person-display-575"}]},{"@type":"ImageObject","inLanguage":"nb-NO","@id":"https:\/\/kreftforeningen.no\/vardesenteret\/tilbud\/treffpunkt-moteplass-for-barn-og-unge-i-stavanger\/#primaryimage","url":"https:\/\/kreftforeningen.no\/content\/uploads\/2024\/03\/19-2300-scaled.jpg.webp","contentUrl":"https:\/\/kreftforeningen.no\/content\/uploads\/2024\/03\/19-2300-scaled.jpg.webp"},{"@type":"BreadcrumbList","@id":"https:\/\/kreftforeningen.no\/vardesenteret\/tilbud\/treffpunkt-moteplass-for-barn-og-unge-i-stavanger\/#breadcrumb","itemListElement":[{"@type":"ListItem","position":1,"name":"Forside","item":"https:\/\/kreftforeningen.no\/vardesenteret\/"},{"@type":"ListItem","position":2,"name":"Tilbud","item":"https:\/\/kreftforeningen.no\/vardesenteret\/tilbud\/"},{"@type":"ListItem","position":3,"name":"Treffpunkt \u2013 m\u00f8teplass for barn og unge i Stavanger"}]},{"@type":"WebSite","@id":"https:\/\/kreftforeningen.no\/vardesenteret\/#website","url":"https:\/\/kreftforeningen.no\/vardesenteret\/","name":"Vardesenteret","description":"","publisher":{"@id":"https:\/\/kreftforeningen.no\/vardesenteret\/#organization"},"potentialAction":[{"@type":"SearchAction","target":{"@type":"EntryPoint","urlTemplate":"https:\/\/kreftforeningen.no\/vardesenteret\/?s={search_term_string}"},"query-input":{"@type":"PropertyValueSpecification","valueRequired":true,"valueName":"search_term_string"}}],"inLanguage":"nb-NO"},{"@type":"Organization","@id":"https:\/\/kreftforeningen.no\/vardesenteret\/#organization","name":"Vardesenteret","url":"https:\/\/kreftforeningen.no\/vardesenteret\/","logo":{"@type":"ImageObject","inLanguage":"nb-NO","@id":"https:\/\/kreftforeningen.no\/vardesenteret\/#\/schema\/logo\/image\/","url":"https:\/\/kreftforeningen.no\/content\/uploads\/2026\/02\/cropped-Vardesenter_signatur_sort_horisontal_uten-undertekst-e1589886700835.png","contentUrl":"https:\/\/kreftforeningen.no\/content\/uploads\/2026\/02\/cropped-Vardesenter_signatur_sort_horisontal_uten-undertekst-e1589886700835.png","caption":"Vardesenteret"},"image":{"@id":"https:\/\/kreftforeningen.no\/vardesenteret\/#\/schema\/logo\/image\/"}}]}},"_links":{"self":[{"href":"https:\/\/kreftforeningen.no\/vardesenteret\/wp-json\/wp\/v2\/service\/3072","targetHints":{"allow":["GET"]}}],"collection":[{"href":"https:\/\/kreftforeningen.no\/vardesenteret\/wp-json\/wp\/v2\/service"}],"about":[{"href":"https:\/\/kreftforeningen.no\/vardesenteret\/wp-json\/wp\/v2\/types\/service"}],"author":[{"embeddable":true,"href":"https:\/\/kreftforeningen.no\/vardesenteret\/wp-json\/wp\/v2\/users\/47"}],"version-history":[{"count":7,"href":"https:\/\/kreftforeningen.no\/vardesenteret\/wp-json\/wp\/v2\/service\/3072\/revisions"}],"predecessor-version":[{"id":10144,"href":"https:\/\/kreftforeningen.no\/vardesenteret\/wp-json\/wp\/v2\/service\/3072\/revisions\/10144"}],"wp:featuredmedia":[{"embeddable":true,"href":"https:\/\/kreftforeningen.no\/vardesenteret\/wp-json\/"}],"wp:attachment":[{"href":"https:\/\/kreftforeningen.no\/vardesenteret\/wp-json\/wp\/v2\/media?parent=3072"}],"wp:term":[{"taxonomy":"county","embeddable":true,"href":"https:\/\/kreftforeningen.no\/vardesenteret\/wp-json\/wp\/v2\/county?post=3072"},{"taxonomy":"subject","embeddable":true,"href":"https:\/\/kreftforeningen.no\/vardesenteret\/wp-json\/wp\/v2\/subject?post=3072"}],"curies":[{"name":"wp","href":"https:\/\/api.w.org\/{rel}","templated":true}]}}