{"id":556,"date":"2020-06-22T09:08:30","date_gmt":"2020-06-22T07:08:30","guid":{"rendered":"https:\/\/kreftforeningen.no\/vardesenteret\/?post_type=service&#038;p=556"},"modified":"2025-10-27T09:15:15","modified_gmt":"2025-10-27T08:15:15","slug":"kreftforenings-rettshjelp-pa-haukeland","status":"publish","type":"service","link":"https:\/\/kreftforeningen.no\/vardesenteret\/tilbud\/kreftforenings-rettshjelp-pa-haukeland\/","title":{"rendered":"Juridisk r\u00e5dgivning i Bergen"},"content":{"rendered":"\n\n\n<div class=\"wp-block-kf-ingress\"><div class=\"kf-header__ingress\"><p>P\u00e5 Vardesenteret i Bergen kan du m\u00f8te en jurist fra Kreftforeningens rettshjelp og f\u00e5 gratis juridisk r\u00e5dgivning. M\u00f8t oss onsdager i partallsuker p\u00e5 Haukeland Universitetssykehus i Bergen.<\/p><\/div><\/div>\n\n\n\n<ul class=\"wp-block-list\">\n<li>Er du usikker p\u00e5 hva du kan f\u00e5 fra NAV n\u00e5r ett \u00e5r med sykepenger er omme?<\/li>\n\n\n\n<li>Har du f\u00e5tt avslag hos NAV og trenger hjelp til \u00e5 klage?<\/li>\n\n\n\n<li>Har du kreft og er usikker p\u00e5 hvilken rett du har til forsikring?<\/li>\n\n\n\n<li>Lurer du p\u00e5 om pasientskadeerstatning kan v\u00e6re aktuelt?<\/li>\n<\/ul>\n\n\n\n<p>N\u00e5r sykdom rammer, er det viktig at alt det praktiske, juridiske og \u00f8konomiske er s\u00e5 greit som mulig. Juristene i <a href=\"https:\/\/kreftforeningen.no\/tilbud\/kreftforeningens-rettshjelp\/\">Kreftforeningens rettshjelp<\/a> kan hjelpe deg med \u00e5 g\u00e5 igjennom saken din, skrive brev eller formulere en klage. Vi gir deg gode r\u00e5d og konkret hjelp \u2013 og h\u00e5per resultatet er en bekymring mindre for deg og dine n\u00e6rmeste.<\/p>\n\n\n\t<div class=\"wp-block-kf-accentuated-link\">\n\t\t\t\t<div class=\"kf-link__content\">\n\t\t\t\t\t\t\t<div class=\"kf-link__tagline\">Bes\u00f8k ogs\u00e5<\/div>\n\t\t\t\t\t\t<a class=\"kf-link__link\" target=\"_self\" href=\"https:\/\/kreftforeningen.no\/rad-og-rettigheter\/ofte-stilte-sporsmal-om-kreft-og-rettigheter\/\">\n\t\t\t\t10 vanlige sp\u00f8rsm\u00e5l om rettigheter n\u00e5r du blir syk\t\t\t\t\t\t\t\t\t<span class=\"kf-link__link-source\">kreftforeningen.no<\/span>\n\t\t\t\t\t\t\t<\/a>\n\t\t<\/div>\n\t<\/div>\n\t\n\n\n<h2 class=\"wp-block-heading\" id=\"h-tid\">Tid<\/h2>\n\n\n\n<p>Vi starter opp igjen onsdag 8. januar  og er tilstede annenhver onsdag kl. 17.30-19.30. <br>Ta kontakt med Vardesenteret Haukeland for avtale p\u00e5 <a href=\"mailto:vardesenter@helse-bergen.no\">vardesenter@helse-bergen.no<\/a> eller telefon: <a href=\"tel:55977500\">55 97 75 00<\/a><\/p>\n\n\n\n<h2 id=\"sted\" class=\"wp-block-heading\">Sted<\/h2>\n\n\n\n<p><a href=\"https:\/\/kreftforeningen.no\/vardesenteret\/bergen\/\">Vardesenteret i Bergen<\/a><br>Ibsensgate 118, Haukeland Universitetssykehus<\/p>\n\n\n\n<div class=\"wp-block-kf-media-links alignwide\"><div class=\"kf-media-content has-green-light-background-color has-background\"><div class=\"kf-media-content__image\"><img decoding=\"async\" loading=\"lazy\" srcset=\"\" sizes=\"(max-width: 800px) calc(100vw - 48px), (max-width: 1376px) calc(50vw - 96px), 2560px\" src=\"https:\/\/kreftforeningen.no\/content\/uploads\/2024\/03\/1-rettshjelpen-_Foto-Ole-Martin-Wold-1.jpg-1-800x600.jpg\" alt=\"To kvinner i samtale, den ene sitter ved en PC.\" \/><\/div><div class=\"kf-media-content__content\"><h2 class=\"kf-media-content__title\" id=\"kan-du-ikke-mote-oss-fysisk\">Kan du ikke m\u00f8te oss fysisk?<\/h2><p class=\"kf-media-content__description\">F\u00e5 juridisk r\u00e5d og veiledning. Kreftforeningens rettshjelp er et gratis tilbud til deg som er kreftpasient eller p\u00e5r\u00f8rende og har juridiske sp\u00f8rsm\u00e5l.<\/p><div class=\"kf-media-content__items\">\n<div class=\"wp-block-kf-media-links-link\"><a class=\"kf-media-links-link__holder\" href=\"https:\/\/kreftforeningen.no\/tilbud\/kreftforeningens-rettshjelp\/\"><div class=\"kf-media-links-link__content\"><div class=\"kf-media-links-link__content-inner\"><span class=\"kf-media-links-link__title\">Kreftforeningens rettshjelp<\/span><\/div><svg xmlns=\"http:\/\/www.w3.org\/2000\/svg\" viewBox=\"0 0 17.367 17.367\" width=\"16\" height=\"16\" aria-hidden=\"true\"><path d=\"M0-8.684v-2.133H13.2L7.16-16.91l1.523-1.523L17.367-9.75,8.684-1.066,7.109-2.59,13.2-8.684Z\" transform=\"translate(0 18.434)\"><\/path><\/svg><\/div><\/a><\/div>\n<\/div><\/div><\/div><\/div>\n","protected":false},"author":71,"featured_media":49252,"parent":0,"menu_order":0,"template":"","meta":{"_relevanssi_hide_post":"","_relevanssi_hide_content":"","_relevanssi_pin_for_all":"","_relevanssi_pin_keywords":"","_relevanssi_unpin_keywords":"","_relevanssi_related_keywords":"","_relevanssi_related_include_ids":"","_relevanssi_related_exclude_ids":"","_relevanssi_related_no_append":"","_relevanssi_related_not_related":"","_relevanssi_related_posts":"1849,1697,2411,1863,2431,2523","_relevanssi_noindex_reason":"","kf_show_post_date":true,"kf_show_updated_date":false,"kf_show_print_page":false,"kf_show_chapters":false,"kf_show_chapters_expanded":false,"kf_show_post_outdated":true,"kf_toggle_title":false,"kf_is_template":false,"kf_post_authors":[],"teft_cards_label":"VARDESENTERET I BERGEN","teft_cards_image_id":0,"teft_cards_image_focal_point_x":0,"teft_cards_image_focal_point_y":0,"teft_cards_title":"","teft_cards_excerpt":"","kf_service_priority":false,"kf_service_duration":"period","kf_service_date_end":"2120-06-22 09:06:22","kf_service_date_start":"","kf_service_location":"","kf_service_url":"","kf_service_price":"","kf_service_featured_image_description":"","footnotes":""},"county":[56],"subject":[63],"class_list":["post-556","service","type-service","status-publish","has-post-thumbnail","hentry","county-vestland","subject-rettigheter-og-okonomi"],"yoast_head":"<!-- This site is optimized with the Yoast SEO Premium plugin v27.3 (Yoast SEO v27.4) - https:\/\/yoast.com\/product\/yoast-seo-premium-wordpress\/ -->\n<title>Juridisk r\u00e5dgivning i Bergen - Vardesenteret<\/title>\n<meta name=\"robots\" content=\"index, follow, max-snippet:-1, max-image-preview:large, max-video-preview:-1\" \/>\n<link rel=\"canonical\" href=\"https:\/\/kreftforeningen.no\/vardesenteret\/tilbud\/kreftforenings-rettshjelp-pa-haukeland\/\" \/>\n<meta property=\"og:locale\" content=\"nb_NO\" \/>\n<meta property=\"og:type\" content=\"article\" \/>\n<meta property=\"og:title\" content=\"Juridisk r\u00e5dgivning i Bergen\" \/>\n<meta property=\"og:description\" content=\"N\u00e5r sykdom rammer, er det viktig at alt det praktiske, juridiske og \u00f8konomiske er s\u00e5 greit som mulig. Juristene i Kreftforeningens rettshjelp kan hjelpe deg med \u00e5 g\u00e5 igjennom saken din, skrive brev eller formulere en klage. Vi gir deg gode r\u00e5d og konkret hjelp \u2013 og h\u00e5per resultatet er en bekymring mindre for deg [&hellip;]\" \/>\n<meta property=\"og:url\" content=\"https:\/\/kreftforeningen.no\/vardesenteret\/tilbud\/kreftforenings-rettshjelp-pa-haukeland\/\" \/>\n<meta property=\"og:site_name\" content=\"Vardesenteret\" \/>\n<meta property=\"article:published_time\" content=\"2020-06-22T07:08:30+00:00\" \/>\n<meta property=\"article:modified_time\" content=\"2025-10-27T08:15:15+00:00\" \/>\n<meta property=\"og:image\" content=\"https:\/\/kreftforeningen.no\/content\/uploads\/2024\/03\/27-bli-frivillig-rettshjelp-Foto-Ole-Martin-Wold.png.webp\" \/>\n\t<meta property=\"og:image:width\" content=\"800\" \/>\n\t<meta property=\"og:image:height\" content=\"533\" \/>\n\t<meta property=\"og:image:type\" content=\"image\/jpeg\" \/>\n<meta name=\"twitter:card\" content=\"summary_large_image\" \/>\n<meta name=\"twitter:label1\" content=\"Ansl. lesetid\" \/>\n\t<meta name=\"twitter:data1\" content=\"2 minutter\" \/>\n<script type=\"application\/ld+json\" class=\"yoast-schema-graph\">{\"@context\":\"https:\\\/\\\/schema.org\",\"@graph\":[{\"@type\":\"WebPage\",\"@id\":\"https:\\\/\\\/kreftforeningen.no\\\/vardesenteret\\\/tilbud\\\/kreftforenings-rettshjelp-pa-haukeland\\\/\",\"url\":\"https:\\\/\\\/kreftforeningen.no\\\/vardesenteret\\\/tilbud\\\/kreftforenings-rettshjelp-pa-haukeland\\\/\",\"name\":\"Juridisk r\u00e5dgivning i Bergen - Vardesenteret\",\"isPartOf\":{\"@id\":\"https:\\\/\\\/kreftforeningen.no\\\/vardesenteret\\\/#website\"},\"primaryImageOfPage\":{\"@id\":\"https:\\\/\\\/kreftforeningen.no\\\/vardesenteret\\\/tilbud\\\/kreftforenings-rettshjelp-pa-haukeland\\\/#primaryimage\"},\"image\":{\"@id\":\"https:\\\/\\\/kreftforeningen.no\\\/vardesenteret\\\/tilbud\\\/kreftforenings-rettshjelp-pa-haukeland\\\/#primaryimage\"},\"thumbnailUrl\":\"https:\\\/\\\/kreftforeningen.no\\\/content\\\/uploads\\\/2024\\\/03\\\/27-bli-frivillig-rettshjelp-Foto-Ole-Martin-Wold.png.webp\",\"datePublished\":\"2020-06-22T07:08:30+00:00\",\"dateModified\":\"2025-10-27T08:15:15+00:00\",\"breadcrumb\":{\"@id\":\"https:\\\/\\\/kreftforeningen.no\\\/vardesenteret\\\/tilbud\\\/kreftforenings-rettshjelp-pa-haukeland\\\/#breadcrumb\"},\"inLanguage\":\"nb-NO\",\"potentialAction\":[{\"@type\":\"ReadAction\",\"target\":[\"https:\\\/\\\/kreftforeningen.no\\\/vardesenteret\\\/tilbud\\\/kreftforenings-rettshjelp-pa-haukeland\\\/\"]}]},{\"@type\":\"ImageObject\",\"inLanguage\":\"nb-NO\",\"@id\":\"https:\\\/\\\/kreftforeningen.no\\\/vardesenteret\\\/tilbud\\\/kreftforenings-rettshjelp-pa-haukeland\\\/#primaryimage\",\"url\":\"https:\\\/\\\/kreftforeningen.no\\\/content\\\/uploads\\\/2024\\\/03\\\/27-bli-frivillig-rettshjelp-Foto-Ole-Martin-Wold.png.webp\",\"contentUrl\":\"https:\\\/\\\/kreftforeningen.no\\\/content\\\/uploads\\\/2024\\\/03\\\/27-bli-frivillig-rettshjelp-Foto-Ole-Martin-Wold.png.webp\"},{\"@type\":\"BreadcrumbList\",\"@id\":\"https:\\\/\\\/kreftforeningen.no\\\/vardesenteret\\\/tilbud\\\/kreftforenings-rettshjelp-pa-haukeland\\\/#breadcrumb\",\"itemListElement\":[{\"@type\":\"ListItem\",\"position\":1,\"name\":\"Forside\",\"item\":\"https:\\\/\\\/kreftforeningen.no\\\/vardesenteret\\\/\"},{\"@type\":\"ListItem\",\"position\":2,\"name\":\"Tilbud\",\"item\":\"https:\\\/\\\/kreftforeningen.no\\\/vardesenteret\\\/tilbud\\\/\"},{\"@type\":\"ListItem\",\"position\":3,\"name\":\"Juridisk r\u00e5dgivning i Bergen\"}]},{\"@type\":\"WebSite\",\"@id\":\"https:\\\/\\\/kreftforeningen.no\\\/vardesenteret\\\/#website\",\"url\":\"https:\\\/\\\/kreftforeningen.no\\\/vardesenteret\\\/\",\"name\":\"Vardesenteret\",\"description\":\"\",\"publisher\":{\"@id\":\"https:\\\/\\\/kreftforeningen.no\\\/vardesenteret\\\/#organization\"},\"potentialAction\":[{\"@type\":\"SearchAction\",\"target\":{\"@type\":\"EntryPoint\",\"urlTemplate\":\"https:\\\/\\\/kreftforeningen.no\\\/vardesenteret\\\/?s={search_term_string}\"},\"query-input\":{\"@type\":\"PropertyValueSpecification\",\"valueRequired\":true,\"valueName\":\"search_term_string\"}}],\"inLanguage\":\"nb-NO\"},{\"@type\":\"Organization\",\"@id\":\"https:\\\/\\\/kreftforeningen.no\\\/vardesenteret\\\/#organization\",\"name\":\"Vardesenteret\",\"url\":\"https:\\\/\\\/kreftforeningen.no\\\/vardesenteret\\\/\",\"logo\":{\"@type\":\"ImageObject\",\"inLanguage\":\"nb-NO\",\"@id\":\"https:\\\/\\\/kreftforeningen.no\\\/vardesenteret\\\/#\\\/schema\\\/logo\\\/image\\\/\",\"url\":\"https:\\\/\\\/kreftforeningen.no\\\/content\\\/uploads\\\/2026\\\/02\\\/cropped-Vardesenter_signatur_sort_horisontal_uten-undertekst-e1589886700835.png\",\"contentUrl\":\"https:\\\/\\\/kreftforeningen.no\\\/content\\\/uploads\\\/2026\\\/02\\\/cropped-Vardesenter_signatur_sort_horisontal_uten-undertekst-e1589886700835.png\",\"caption\":\"Vardesenteret\"},\"image\":{\"@id\":\"https:\\\/\\\/kreftforeningen.no\\\/vardesenteret\\\/#\\\/schema\\\/logo\\\/image\\\/\"}}]}<\/script>\n<!-- \/ Yoast SEO Premium plugin. -->","yoast_head_json":{"title":"Juridisk r\u00e5dgivning i Bergen - Vardesenteret","robots":{"index":"index","follow":"follow","max-snippet":"max-snippet:-1","max-image-preview":"max-image-preview:large","max-video-preview":"max-video-preview:-1"},"canonical":"https:\/\/kreftforeningen.no\/vardesenteret\/tilbud\/kreftforenings-rettshjelp-pa-haukeland\/","og_locale":"nb_NO","og_type":"article","og_title":"Juridisk r\u00e5dgivning i Bergen","og_description":"N\u00e5r sykdom rammer, er det viktig at alt det praktiske, juridiske og \u00f8konomiske er s\u00e5 greit som mulig. Juristene i Kreftforeningens rettshjelp kan hjelpe deg med \u00e5 g\u00e5 igjennom saken din, skrive brev eller formulere en klage. Vi gir deg gode r\u00e5d og konkret hjelp \u2013 og h\u00e5per resultatet er en bekymring mindre for deg [&hellip;]","og_url":"https:\/\/kreftforeningen.no\/vardesenteret\/tilbud\/kreftforenings-rettshjelp-pa-haukeland\/","og_site_name":"Vardesenteret","article_published_time":"2020-06-22T07:08:30+00:00","article_modified_time":"2025-10-27T08:15:15+00:00","og_image":[{"width":800,"height":533,"url":"https:\/\/kreftforeningen.no\/content\/uploads\/2024\/03\/27-bli-frivillig-rettshjelp-Foto-Ole-Martin-Wold.png.webp","type":"image\/jpeg"}],"twitter_card":"summary_large_image","twitter_misc":{"Ansl. lesetid":"2 minutter"},"schema":{"@context":"https:\/\/schema.org","@graph":[{"@type":"WebPage","@id":"https:\/\/kreftforeningen.no\/vardesenteret\/tilbud\/kreftforenings-rettshjelp-pa-haukeland\/","url":"https:\/\/kreftforeningen.no\/vardesenteret\/tilbud\/kreftforenings-rettshjelp-pa-haukeland\/","name":"Juridisk r\u00e5dgivning i Bergen - Vardesenteret","isPartOf":{"@id":"https:\/\/kreftforeningen.no\/vardesenteret\/#website"},"primaryImageOfPage":{"@id":"https:\/\/kreftforeningen.no\/vardesenteret\/tilbud\/kreftforenings-rettshjelp-pa-haukeland\/#primaryimage"},"image":{"@id":"https:\/\/kreftforeningen.no\/vardesenteret\/tilbud\/kreftforenings-rettshjelp-pa-haukeland\/#primaryimage"},"thumbnailUrl":"https:\/\/kreftforeningen.no\/content\/uploads\/2024\/03\/27-bli-frivillig-rettshjelp-Foto-Ole-Martin-Wold.png.webp","datePublished":"2020-06-22T07:08:30+00:00","dateModified":"2025-10-27T08:15:15+00:00","breadcrumb":{"@id":"https:\/\/kreftforeningen.no\/vardesenteret\/tilbud\/kreftforenings-rettshjelp-pa-haukeland\/#breadcrumb"},"inLanguage":"nb-NO","potentialAction":[{"@type":"ReadAction","target":["https:\/\/kreftforeningen.no\/vardesenteret\/tilbud\/kreftforenings-rettshjelp-pa-haukeland\/"]}]},{"@type":"ImageObject","inLanguage":"nb-NO","@id":"https:\/\/kreftforeningen.no\/vardesenteret\/tilbud\/kreftforenings-rettshjelp-pa-haukeland\/#primaryimage","url":"https:\/\/kreftforeningen.no\/content\/uploads\/2024\/03\/27-bli-frivillig-rettshjelp-Foto-Ole-Martin-Wold.png.webp","contentUrl":"https:\/\/kreftforeningen.no\/content\/uploads\/2024\/03\/27-bli-frivillig-rettshjelp-Foto-Ole-Martin-Wold.png.webp"},{"@type":"BreadcrumbList","@id":"https:\/\/kreftforeningen.no\/vardesenteret\/tilbud\/kreftforenings-rettshjelp-pa-haukeland\/#breadcrumb","itemListElement":[{"@type":"ListItem","position":1,"name":"Forside","item":"https:\/\/kreftforeningen.no\/vardesenteret\/"},{"@type":"ListItem","position":2,"name":"Tilbud","item":"https:\/\/kreftforeningen.no\/vardesenteret\/tilbud\/"},{"@type":"ListItem","position":3,"name":"Juridisk r\u00e5dgivning i Bergen"}]},{"@type":"WebSite","@id":"https:\/\/kreftforeningen.no\/vardesenteret\/#website","url":"https:\/\/kreftforeningen.no\/vardesenteret\/","name":"Vardesenteret","description":"","publisher":{"@id":"https:\/\/kreftforeningen.no\/vardesenteret\/#organization"},"potentialAction":[{"@type":"SearchAction","target":{"@type":"EntryPoint","urlTemplate":"https:\/\/kreftforeningen.no\/vardesenteret\/?s={search_term_string}"},"query-input":{"@type":"PropertyValueSpecification","valueRequired":true,"valueName":"search_term_string"}}],"inLanguage":"nb-NO"},{"@type":"Organization","@id":"https:\/\/kreftforeningen.no\/vardesenteret\/#organization","name":"Vardesenteret","url":"https:\/\/kreftforeningen.no\/vardesenteret\/","logo":{"@type":"ImageObject","inLanguage":"nb-NO","@id":"https:\/\/kreftforeningen.no\/vardesenteret\/#\/schema\/logo\/image\/","url":"https:\/\/kreftforeningen.no\/content\/uploads\/2026\/02\/cropped-Vardesenter_signatur_sort_horisontal_uten-undertekst-e1589886700835.png","contentUrl":"https:\/\/kreftforeningen.no\/content\/uploads\/2026\/02\/cropped-Vardesenter_signatur_sort_horisontal_uten-undertekst-e1589886700835.png","caption":"Vardesenteret"},"image":{"@id":"https:\/\/kreftforeningen.no\/vardesenteret\/#\/schema\/logo\/image\/"}}]}},"_links":{"self":[{"href":"https:\/\/kreftforeningen.no\/vardesenteret\/wp-json\/wp\/v2\/service\/556","targetHints":{"allow":["GET"]}}],"collection":[{"href":"https:\/\/kreftforeningen.no\/vardesenteret\/wp-json\/wp\/v2\/service"}],"about":[{"href":"https:\/\/kreftforeningen.no\/vardesenteret\/wp-json\/wp\/v2\/types\/service"}],"author":[{"embeddable":true,"href":"https:\/\/kreftforeningen.no\/vardesenteret\/wp-json\/wp\/v2\/users\/71"}],"version-history":[{"count":8,"href":"https:\/\/kreftforeningen.no\/vardesenteret\/wp-json\/wp\/v2\/service\/556\/revisions"}],"predecessor-version":[{"id":9027,"href":"https:\/\/kreftforeningen.no\/vardesenteret\/wp-json\/wp\/v2\/service\/556\/revisions\/9027"}],"wp:featuredmedia":[{"embeddable":true,"href":"https:\/\/kreftforeningen.no\/vardesenteret\/wp-json\/"}],"wp:attachment":[{"href":"https:\/\/kreftforeningen.no\/vardesenteret\/wp-json\/wp\/v2\/media?parent=556"}],"wp:term":[{"taxonomy":"county","embeddable":true,"href":"https:\/\/kreftforeningen.no\/vardesenteret\/wp-json\/wp\/v2\/county?post=556"},{"taxonomy":"subject","embeddable":true,"href":"https:\/\/kreftforeningen.no\/vardesenteret\/wp-json\/wp\/v2\/subject?post=556"}],"curies":[{"name":"wp","href":"https:\/\/api.w.org\/{rel}","templated":true}]}}