{"id":572,"date":"2020-06-22T11:25:44","date_gmt":"2020-06-22T09:25:44","guid":{"rendered":"https:\/\/kreftforeningen.no\/vardesenteret\/?post_type=service&#038;p=572"},"modified":"2025-08-27T10:25:08","modified_gmt":"2025-08-27T08:25:08","slug":"samtale-med-klinisk-ernaeringsfysiolog-i-stavanger","status":"publish","type":"service","link":"https:\/\/kreftforeningen.no\/vardesenteret\/tilbud\/samtale-med-klinisk-ernaeringsfysiolog-i-stavanger\/","title":{"rendered":"Samtale med klinisk ern\u00e6ringsfysiolog i Stavanger"},"content":{"rendered":"\n\n\n<div class=\"wp-block-kf-ingress\"><div class=\"kf-header__ingress\"><p>Pasienter og p\u00e5r\u00f8rende kan f\u00e5 r\u00e5d og tips fra en klinisk ern\u00e6ringsfysiolog p\u00e5 Vardesenteret i Stavanger. <\/p><\/div><\/div>\n\n\n\n<p>\u00c5 spise godt f\u00f8r, under og etter kreftbehandling kan gj\u00f8re at du t\u00e5ler behandlingen bedre, opprettholder styrke og energi og f\u00f8ler deg bedre. Mange mister matlysten og g\u00e5r ned i vekt under behandling. For at kroppen skal fungere godt, trenger den nok energi og et variert kosthold. <\/p>\n\n\n\n<p>Er du usikker p\u00e5 hvilken mat du b\u00f8r spise? Om du f\u00e5r i det nok energi og n\u00e6ringsstoffer? Har du sp\u00f8rsm\u00e5l om bruk av kosttilskudd? Eller trenger du noen gode r\u00e5d med tanke p\u00e5 kvalme eller smaksforandringer? Dette er ting klinisk ern\u00e6ringsfysiolog ved Vardesenteret kan hjelpe med!<\/p>\n\n\n\t<div class=\"wp-block-kf-accentuated-link\">\n\t\t\t\t<div class=\"kf-link__content\">\n\t\t\t\t\t\t\t<div class=\"kf-link__tagline\">Bes\u00f8k ogs\u00e5<\/div>\n\t\t\t\t\t\t<a class=\"kf-link__link\" target=\"_self\" href=\"https:\/\/kreftforeningen.no\/rad-og-rettigheter\/kosthold-ved-kreft\/\">\n\t\t\t\tKosthold ved kreft \u2013 r\u00e5d og informasjon fra Kreftforeningen\t\t\t\t\t\t\t\t\t<span class=\"kf-link__link-source\">kreftforeningen.no<\/span>\n\t\t\t\t\t\t\t<\/a>\n\t\t<\/div>\n\t<\/div>\n\t\n\n\n<h2 class=\"wp-block-heading\" id=\"h-tid\">Tid<\/h2>\n\n\n\n<p>Ern\u00e6ringsfysiologen er til stede p\u00e5 Vardesenteret p\u00e5 onsdager. Du kan snakke med ern\u00e6ringsfysiologen p\u00e5 telefon, eller booke tid for en samtale.<\/p>\n\n\n\n<h2 id=\"sted\" class=\"wp-block-heading\">Sted<\/h2>\n\n\n\n<p><a href=\"https:\/\/kreftforeningen.no\/vardesenteret\/stavanger\/\">Vardesenteret i Stavanger, Stavanger Universitetssykehus<\/a><\/p>\n\n\n\n<h2 class=\"wp-block-heading\" id=\"h-kontakt\">Kontakt<\/h2>\n\n\n<div class=\"person-grid wp-block-kf-person-display\"><div class=\"person\" id=\"person-display-575\"><div class=\"person_content\"><h3 id=\"vardesenteret-i-stavanger\">Vardesenteret i Stavanger<\/h3><p>Stavanger Universitetssykehus, V\u00e5land<\/p><a class=\"person_email\" href=\"mailto:vardesenteret@sus.no\"><svg xmlns=\"http:\/\/www.w3.org\/2000\/svg\" width=\"14\" height=\"11\" viewBox=\"0 0 14 12\" fill=\"none\" aria-hidden=\"true\" focusable=\"false\"><g><path d=\"M2.2 1.20001H11.8C12.46 1.20001 13 1.74001 13 2.40001V9.60001C13 10.26 12.46 10.8 11.8 10.8H2.2C1.54 10.8 1 10.26 1 9.60001V2.40001C1 1.74001 1.54 1.20001 2.2 1.20001Z\" stroke=\"black\"\/><path d=\"M13 2.39996L7 6.59996L1 2.39996\" stroke=\"black\"\/><\/g><\/svg><span>vardesenteret@sus.no<\/span><\/a><a href=\"tel:51512990\"><svg xmlns=\"http:\/\/www.w3.org\/2000\/svg\" width=\"14\" height=\"14\" viewBox=\"0 0 14 14\" fill=\"none\" aria-hidden=\"true\" focusable=\"false\"><g><path d=\"M12.9996 9.98431V11.7908C13.0003 11.9585 12.9659 12.1245 12.8986 12.2781C12.8313 12.4318 12.7325 12.5697 12.6087 12.6831C12.4849 12.7965 12.3387 12.8828 12.1795 12.9365C12.0203 12.9903 11.8517 13.0102 11.6843 12.9951C9.82768 12.7938 8.04426 12.1606 6.47734 11.1465C5.01953 10.222 3.78356 8.98843 2.8572 7.53351C1.83752 5.96259 1.20294 4.17405 1.0049 2.31277C0.98982 2.14625 1.00965 1.97843 1.06312 1.81998C1.11659 1.66153 1.20254 1.51592 1.31548 1.39244C1.42843 1.26896 1.5659 1.1703 1.71915 1.10274C1.87239 1.03519 2.03805 1.00022 2.20558 1.00006H4.01565C4.30846 0.997182 4.59233 1.10067 4.81435 1.29122C5.03636 1.48178 5.18138 1.74641 5.22236 2.03578C5.29876 2.61389 5.44044 3.18152 5.64471 3.72785C5.72589 3.94338 5.74346 4.17761 5.69534 4.4028C5.64721 4.62799 5.53542 4.83469 5.3732 4.99841L4.60694 5.76315C5.46585 7.27069 6.71655 8.51891 8.22708 9.37612L8.99334 8.61138C9.15739 8.44948 9.3645 8.33791 9.59013 8.28988C9.81577 8.24185 10.0505 8.25939 10.2664 8.3404C10.8138 8.54427 11.3826 8.68567 11.9619 8.76192C12.2549 8.80318 12.5226 8.95052 12.714 9.1759C12.9053 9.40128 13.007 9.68899 12.9996 9.98431Z\" stroke=\"black\"\/><\/g><\/svg>51 51 29 90<\/a><\/div><\/div><\/div>","protected":false},"author":30,"featured_media":198632,"parent":0,"menu_order":0,"template":"","meta":{"_relevanssi_hide_post":"","_relevanssi_hide_content":"","_relevanssi_pin_for_all":"","_relevanssi_pin_keywords":"","_relevanssi_unpin_keywords":"","_relevanssi_related_keywords":"","_relevanssi_related_include_ids":"","_relevanssi_related_exclude_ids":"","_relevanssi_related_no_append":"","_relevanssi_related_not_related":"","_relevanssi_related_posts":"1697,1697","_relevanssi_noindex_reason":"","kf_show_post_date":false,"kf_show_updated_date":false,"kf_show_print_page":false,"kf_show_chapters":false,"kf_show_chapters_expanded":false,"kf_show_post_outdated":true,"kf_toggle_title":false,"kf_is_template":false,"kf_post_authors":[],"teft_cards_label":"Vardesenteret i Stavanger","teft_cards_image_id":0,"teft_cards_image_focal_point_x":0,"teft_cards_image_focal_point_y":0,"teft_cards_title":"","teft_cards_excerpt":"","kf_service_priority":false,"kf_service_duration":"period","kf_service_date_end":"2025-12-23T11:16:00","kf_service_date_start":"","kf_service_location":"","kf_service_url":"","kf_service_price":"","kf_service_featured_image_description":"","footnotes":""},"county":[52],"subject":[62],"class_list":["post-572","service","type-service","status-publish","has-post-thumbnail","hentry","county-rogaland","subject-mat-og-kosthold"],"yoast_head":"<!-- This site is optimized with the Yoast SEO Premium plugin v27.3 (Yoast SEO v27.4) - https:\/\/yoast.com\/product\/yoast-seo-premium-wordpress\/ -->\n<title>Samtale med klinisk ern\u00e6ringsfysiolog i Stavanger - Vardesenteret<\/title>\n<meta name=\"robots\" content=\"index, follow, max-snippet:-1, max-image-preview:large, max-video-preview:-1\" \/>\n<link rel=\"canonical\" href=\"https:\/\/kreftforeningen.no\/vardesenteret\/tilbud\/samtale-med-klinisk-ernaeringsfysiolog-i-stavanger\/\" \/>\n<meta property=\"og:locale\" content=\"nb_NO\" \/>\n<meta property=\"og:type\" content=\"article\" \/>\n<meta property=\"og:title\" content=\"Samtale med klinisk ern\u00e6ringsfysiolog i Stavanger\" \/>\n<meta property=\"og:description\" content=\"\u00c5 spise godt f\u00f8r, under og etter kreftbehandling kan gj\u00f8re at du t\u00e5ler behandlingen bedre, opprettholder styrke og energi og f\u00f8ler deg bedre. Mange mister matlysten og g\u00e5r ned i vekt under behandling. For at kroppen skal fungere godt, trenger den nok energi og et variert kosthold. Er du usikker p\u00e5 hvilken mat du b\u00f8r [&hellip;]\" \/>\n<meta property=\"og:url\" content=\"https:\/\/kreftforeningen.no\/vardesenteret\/tilbud\/samtale-med-klinisk-ernaeringsfysiolog-i-stavanger\/\" \/>\n<meta property=\"og:site_name\" content=\"Vardesenteret\" \/>\n<meta property=\"article:published_time\" content=\"2020-06-22T09:25:44+00:00\" \/>\n<meta property=\"article:modified_time\" content=\"2025-08-27T08:25:08+00:00\" \/>\n<meta property=\"og:image\" content=\"https:\/\/kreftforeningen.no\/content\/uploads\/2025\/05\/Foto_KristinHorne_-30-scaled.jpg\" \/>\n\t<meta property=\"og:image:width\" content=\"2560\" \/>\n\t<meta property=\"og:image:height\" content=\"1707\" \/>\n\t<meta property=\"og:image:type\" content=\"image\/jpeg\" \/>\n<meta name=\"twitter:card\" content=\"summary_large_image\" \/>\n<meta name=\"twitter:label1\" content=\"Ansl. lesetid\" \/>\n\t<meta name=\"twitter:data1\" content=\"2 minutter\" \/>\n<script type=\"application\/ld+json\" class=\"yoast-schema-graph\">{\"@context\":\"https:\\\/\\\/schema.org\",\"@graph\":[{\"@type\":\"WebPage\",\"@id\":\"https:\\\/\\\/kreftforeningen.no\\\/vardesenteret\\\/tilbud\\\/samtale-med-klinisk-ernaeringsfysiolog-i-stavanger\\\/\",\"url\":\"https:\\\/\\\/kreftforeningen.no\\\/vardesenteret\\\/tilbud\\\/samtale-med-klinisk-ernaeringsfysiolog-i-stavanger\\\/\",\"name\":\"Samtale med klinisk ern\u00e6ringsfysiolog i Stavanger - Vardesenteret\",\"isPartOf\":{\"@id\":\"https:\\\/\\\/kreftforeningen.no\\\/vardesenteret\\\/#website\"},\"primaryImageOfPage\":{\"@id\":\"https:\\\/\\\/kreftforeningen.no\\\/vardesenteret\\\/tilbud\\\/samtale-med-klinisk-ernaeringsfysiolog-i-stavanger\\\/#primaryimage\"},\"image\":{\"@id\":\"https:\\\/\\\/kreftforeningen.no\\\/vardesenteret\\\/tilbud\\\/samtale-med-klinisk-ernaeringsfysiolog-i-stavanger\\\/#primaryimage\"},\"thumbnailUrl\":\"https:\\\/\\\/kreftforeningen.no\\\/content\\\/uploads\\\/2025\\\/05\\\/Foto_KristinHorne_-30-scaled.jpg\",\"datePublished\":\"2020-06-22T09:25:44+00:00\",\"dateModified\":\"2025-08-27T08:25:08+00:00\",\"breadcrumb\":{\"@id\":\"https:\\\/\\\/kreftforeningen.no\\\/vardesenteret\\\/tilbud\\\/samtale-med-klinisk-ernaeringsfysiolog-i-stavanger\\\/#breadcrumb\"},\"inLanguage\":\"nb-NO\",\"potentialAction\":[{\"@type\":\"ReadAction\",\"target\":[\"https:\\\/\\\/kreftforeningen.no\\\/vardesenteret\\\/tilbud\\\/samtale-med-klinisk-ernaeringsfysiolog-i-stavanger\\\/\"]}]},{\"@type\":\"ImageObject\",\"inLanguage\":\"nb-NO\",\"@id\":\"https:\\\/\\\/kreftforeningen.no\\\/vardesenteret\\\/tilbud\\\/samtale-med-klinisk-ernaeringsfysiolog-i-stavanger\\\/#primaryimage\",\"url\":\"https:\\\/\\\/kreftforeningen.no\\\/content\\\/uploads\\\/2025\\\/05\\\/Foto_KristinHorne_-30-scaled.jpg\",\"contentUrl\":\"https:\\\/\\\/kreftforeningen.no\\\/content\\\/uploads\\\/2025\\\/05\\\/Foto_KristinHorne_-30-scaled.jpg\"},{\"@type\":\"BreadcrumbList\",\"@id\":\"https:\\\/\\\/kreftforeningen.no\\\/vardesenteret\\\/tilbud\\\/samtale-med-klinisk-ernaeringsfysiolog-i-stavanger\\\/#breadcrumb\",\"itemListElement\":[{\"@type\":\"ListItem\",\"position\":1,\"name\":\"Forside\",\"item\":\"https:\\\/\\\/kreftforeningen.no\\\/vardesenteret\\\/\"},{\"@type\":\"ListItem\",\"position\":2,\"name\":\"Tilbud\",\"item\":\"https:\\\/\\\/kreftforeningen.no\\\/vardesenteret\\\/tilbud\\\/\"},{\"@type\":\"ListItem\",\"position\":3,\"name\":\"Samtale med klinisk ern\u00e6ringsfysiolog i Stavanger\"}]},{\"@type\":\"WebSite\",\"@id\":\"https:\\\/\\\/kreftforeningen.no\\\/vardesenteret\\\/#website\",\"url\":\"https:\\\/\\\/kreftforeningen.no\\\/vardesenteret\\\/\",\"name\":\"Vardesenteret\",\"description\":\"\",\"publisher\":{\"@id\":\"https:\\\/\\\/kreftforeningen.no\\\/vardesenteret\\\/#organization\"},\"potentialAction\":[{\"@type\":\"SearchAction\",\"target\":{\"@type\":\"EntryPoint\",\"urlTemplate\":\"https:\\\/\\\/kreftforeningen.no\\\/vardesenteret\\\/?s={search_term_string}\"},\"query-input\":{\"@type\":\"PropertyValueSpecification\",\"valueRequired\":true,\"valueName\":\"search_term_string\"}}],\"inLanguage\":\"nb-NO\"},{\"@type\":\"Organization\",\"@id\":\"https:\\\/\\\/kreftforeningen.no\\\/vardesenteret\\\/#organization\",\"name\":\"Vardesenteret\",\"url\":\"https:\\\/\\\/kreftforeningen.no\\\/vardesenteret\\\/\",\"logo\":{\"@type\":\"ImageObject\",\"inLanguage\":\"nb-NO\",\"@id\":\"https:\\\/\\\/kreftforeningen.no\\\/vardesenteret\\\/#\\\/schema\\\/logo\\\/image\\\/\",\"url\":\"https:\\\/\\\/kreftforeningen.no\\\/content\\\/uploads\\\/2026\\\/02\\\/cropped-Vardesenter_signatur_sort_horisontal_uten-undertekst-e1589886700835.png\",\"contentUrl\":\"https:\\\/\\\/kreftforeningen.no\\\/content\\\/uploads\\\/2026\\\/02\\\/cropped-Vardesenter_signatur_sort_horisontal_uten-undertekst-e1589886700835.png\",\"caption\":\"Vardesenteret\"},\"image\":{\"@id\":\"https:\\\/\\\/kreftforeningen.no\\\/vardesenteret\\\/#\\\/schema\\\/logo\\\/image\\\/\"}}]}<\/script>\n<!-- \/ Yoast SEO Premium plugin. -->","yoast_head_json":{"title":"Samtale med klinisk ern\u00e6ringsfysiolog i Stavanger - Vardesenteret","robots":{"index":"index","follow":"follow","max-snippet":"max-snippet:-1","max-image-preview":"max-image-preview:large","max-video-preview":"max-video-preview:-1"},"canonical":"https:\/\/kreftforeningen.no\/vardesenteret\/tilbud\/samtale-med-klinisk-ernaeringsfysiolog-i-stavanger\/","og_locale":"nb_NO","og_type":"article","og_title":"Samtale med klinisk ern\u00e6ringsfysiolog i Stavanger","og_description":"\u00c5 spise godt f\u00f8r, under og etter kreftbehandling kan gj\u00f8re at du t\u00e5ler behandlingen bedre, opprettholder styrke og energi og f\u00f8ler deg bedre. Mange mister matlysten og g\u00e5r ned i vekt under behandling. For at kroppen skal fungere godt, trenger den nok energi og et variert kosthold. Er du usikker p\u00e5 hvilken mat du b\u00f8r [&hellip;]","og_url":"https:\/\/kreftforeningen.no\/vardesenteret\/tilbud\/samtale-med-klinisk-ernaeringsfysiolog-i-stavanger\/","og_site_name":"Vardesenteret","article_published_time":"2020-06-22T09:25:44+00:00","article_modified_time":"2025-08-27T08:25:08+00:00","og_image":[{"width":2560,"height":1707,"url":"https:\/\/kreftforeningen.no\/content\/uploads\/2025\/05\/Foto_KristinHorne_-30-scaled.jpg","type":"image\/jpeg"}],"twitter_card":"summary_large_image","twitter_misc":{"Ansl. lesetid":"2 minutter"},"schema":{"@context":"https:\/\/schema.org","@graph":[{"@type":"WebPage","@id":"https:\/\/kreftforeningen.no\/vardesenteret\/tilbud\/samtale-med-klinisk-ernaeringsfysiolog-i-stavanger\/","url":"https:\/\/kreftforeningen.no\/vardesenteret\/tilbud\/samtale-med-klinisk-ernaeringsfysiolog-i-stavanger\/","name":"Samtale med klinisk ern\u00e6ringsfysiolog i Stavanger - Vardesenteret","isPartOf":{"@id":"https:\/\/kreftforeningen.no\/vardesenteret\/#website"},"primaryImageOfPage":{"@id":"https:\/\/kreftforeningen.no\/vardesenteret\/tilbud\/samtale-med-klinisk-ernaeringsfysiolog-i-stavanger\/#primaryimage"},"image":{"@id":"https:\/\/kreftforeningen.no\/vardesenteret\/tilbud\/samtale-med-klinisk-ernaeringsfysiolog-i-stavanger\/#primaryimage"},"thumbnailUrl":"https:\/\/kreftforeningen.no\/content\/uploads\/2025\/05\/Foto_KristinHorne_-30-scaled.jpg","datePublished":"2020-06-22T09:25:44+00:00","dateModified":"2025-08-27T08:25:08+00:00","breadcrumb":{"@id":"https:\/\/kreftforeningen.no\/vardesenteret\/tilbud\/samtale-med-klinisk-ernaeringsfysiolog-i-stavanger\/#breadcrumb"},"inLanguage":"nb-NO","potentialAction":[{"@type":"ReadAction","target":["https:\/\/kreftforeningen.no\/vardesenteret\/tilbud\/samtale-med-klinisk-ernaeringsfysiolog-i-stavanger\/"]}]},{"@type":"ImageObject","inLanguage":"nb-NO","@id":"https:\/\/kreftforeningen.no\/vardesenteret\/tilbud\/samtale-med-klinisk-ernaeringsfysiolog-i-stavanger\/#primaryimage","url":"https:\/\/kreftforeningen.no\/content\/uploads\/2025\/05\/Foto_KristinHorne_-30-scaled.jpg","contentUrl":"https:\/\/kreftforeningen.no\/content\/uploads\/2025\/05\/Foto_KristinHorne_-30-scaled.jpg"},{"@type":"BreadcrumbList","@id":"https:\/\/kreftforeningen.no\/vardesenteret\/tilbud\/samtale-med-klinisk-ernaeringsfysiolog-i-stavanger\/#breadcrumb","itemListElement":[{"@type":"ListItem","position":1,"name":"Forside","item":"https:\/\/kreftforeningen.no\/vardesenteret\/"},{"@type":"ListItem","position":2,"name":"Tilbud","item":"https:\/\/kreftforeningen.no\/vardesenteret\/tilbud\/"},{"@type":"ListItem","position":3,"name":"Samtale med klinisk ern\u00e6ringsfysiolog i Stavanger"}]},{"@type":"WebSite","@id":"https:\/\/kreftforeningen.no\/vardesenteret\/#website","url":"https:\/\/kreftforeningen.no\/vardesenteret\/","name":"Vardesenteret","description":"","publisher":{"@id":"https:\/\/kreftforeningen.no\/vardesenteret\/#organization"},"potentialAction":[{"@type":"SearchAction","target":{"@type":"EntryPoint","urlTemplate":"https:\/\/kreftforeningen.no\/vardesenteret\/?s={search_term_string}"},"query-input":{"@type":"PropertyValueSpecification","valueRequired":true,"valueName":"search_term_string"}}],"inLanguage":"nb-NO"},{"@type":"Organization","@id":"https:\/\/kreftforeningen.no\/vardesenteret\/#organization","name":"Vardesenteret","url":"https:\/\/kreftforeningen.no\/vardesenteret\/","logo":{"@type":"ImageObject","inLanguage":"nb-NO","@id":"https:\/\/kreftforeningen.no\/vardesenteret\/#\/schema\/logo\/image\/","url":"https:\/\/kreftforeningen.no\/content\/uploads\/2026\/02\/cropped-Vardesenter_signatur_sort_horisontal_uten-undertekst-e1589886700835.png","contentUrl":"https:\/\/kreftforeningen.no\/content\/uploads\/2026\/02\/cropped-Vardesenter_signatur_sort_horisontal_uten-undertekst-e1589886700835.png","caption":"Vardesenteret"},"image":{"@id":"https:\/\/kreftforeningen.no\/vardesenteret\/#\/schema\/logo\/image\/"}}]}},"_links":{"self":[{"href":"https:\/\/kreftforeningen.no\/vardesenteret\/wp-json\/wp\/v2\/service\/572","targetHints":{"allow":["GET"]}}],"collection":[{"href":"https:\/\/kreftforeningen.no\/vardesenteret\/wp-json\/wp\/v2\/service"}],"about":[{"href":"https:\/\/kreftforeningen.no\/vardesenteret\/wp-json\/wp\/v2\/types\/service"}],"author":[{"embeddable":true,"href":"https:\/\/kreftforeningen.no\/vardesenteret\/wp-json\/wp\/v2\/users\/30"}],"version-history":[{"count":2,"href":"https:\/\/kreftforeningen.no\/vardesenteret\/wp-json\/wp\/v2\/service\/572\/revisions"}],"predecessor-version":[{"id":8638,"href":"https:\/\/kreftforeningen.no\/vardesenteret\/wp-json\/wp\/v2\/service\/572\/revisions\/8638"}],"wp:featuredmedia":[{"embeddable":true,"href":"https:\/\/kreftforeningen.no\/vardesenteret\/wp-json\/"}],"wp:attachment":[{"href":"https:\/\/kreftforeningen.no\/vardesenteret\/wp-json\/wp\/v2\/media?parent=572"}],"wp:term":[{"taxonomy":"county","embeddable":true,"href":"https:\/\/kreftforeningen.no\/vardesenteret\/wp-json\/wp\/v2\/county?post=572"},{"taxonomy":"subject","embeddable":true,"href":"https:\/\/kreftforeningen.no\/vardesenteret\/wp-json\/wp\/v2\/subject?post=572"}],"curies":[{"name":"wp","href":"https:\/\/api.w.org\/{rel}","templated":true}]}}