{"id":690,"date":"2020-06-30T16:49:47","date_gmt":"2020-06-30T14:49:47","guid":{"rendered":"https:\/\/kreftforeningen.no\/vardesenteret\/?post_type=service&#038;p=690"},"modified":"2026-04-09T12:42:17","modified_gmt":"2026-04-09T10:42:17","slug":"turgruppe-i-trondheim","status":"publish","type":"service","link":"https:\/\/kreftforeningen.no\/vardesenteret\/tilbud\/turgruppe-i-trondheim\/","title":{"rendered":"Turgruppe i Trondheim for kreftrammede, p\u00e5r\u00f8rende og etterlatte"},"content":{"rendered":"\n\n\n<div class=\"wp-block-kf-ingress\"><div class=\"kf-header__ingress\"><p>Turgruppen er til for kreftrammede, p\u00e5r\u00f8rende og etterlatte. Vi g\u00e5r tur hver onsdag fra Vardesenteret i Trondheim. <\/p><\/div><\/div>\n\n\n\n<p>Hver uke m\u00f8tes en gjeng for \u00e5 dra p\u00e5 tur sammen.  Det er gratis \u00e5 delta, og du trenger ikke melde deg p\u00e5.<\/p>\n\n\n\n<p>I tillegg har vi m\u00e5nedlige langturer \u2013 mer informasjon om disse finner du lengre ned p\u00e5 siden. <\/p>\n\n\n\n<h2 class=\"wp-block-heading\" id=\"h-to-turgrupper-du-velger-tempoet\">To turgrupper \u2013 du velger tempoet<\/h2>\n\n\n\n<p> Turene g\u00e5r i by- og&nbsp;markan\u00e6re&nbsp;omr\u00e5der, og tilpasses alltid deltakernes \u00f8nsker og dagsform.&nbsp;<\/p>\n\n\n\n<p>Det er gratis \u00e5 delta, og du trenger ikke melde deg p\u00e5.<\/p>\n\n\n\n<div class=\"wp-block-columns is-layout-flex wp-container-core-columns-is-layout-9d6595d7 wp-block-columns-is-layout-flex\">\n<div class=\"wp-block-column in-chapters is-layout-flow wp-block-column in-chapters-is-layout-flow\">\n<div class=\"wp-block-group has-blue-light-background-color has-background\"><div class=\"wp-block-group__inner-container is-layout-constrained wp-block-group-is-layout-constrained\">\n<p><em><strong> Gruppe 1:<\/strong><\/em><\/p>\n\n\n\n<h3 class=\"wp-block-heading\" id=\"h-rolig-tur\">Rolig tur<\/h3>\n\n\n\n<ul class=\"wp-block-list\">\n<li>Lav intensitet<\/li>\n\n\n\n<li>Kortere runder<\/li>\n\n\n\n<li>Passer for deg som vil ha god tid til b\u00e5de pauser og prat<\/li>\n<\/ul>\n<\/div><\/div>\n<\/div>\n\n\n\n<div class=\"wp-block-column in-chapters is-layout-flow wp-block-column in-chapters-is-layout-flow\">\n<div class=\"wp-block-group has-blue-light-background-color has-background\"><div class=\"wp-block-group__inner-container is-layout-constrained wp-block-group-is-layout-constrained\">\n<p><em><strong>Gruppe 2:<\/strong><\/em><\/p>\n\n\n\n<h3 class=\"wp-block-heading\" id=\"h-tur-med-mer-tempo\">Tur med mer tempo<\/h3>\n\n\n\n<ul class=\"wp-block-list\">\n<li>Litt lengre distanse<\/li>\n\n\n\n<li>H\u00f8yere intensitet<\/li>\n\n\n\n<li>For deg som \u00f8nsker trim og mosjon<\/li>\n<\/ul>\n<\/div><\/div>\n<\/div>\n<\/div>\n\n\n\n<h2 class=\"wp-block-heading\" id=\"tid\">Tid<\/h2>\n\n\n\n<p>Hver onsdag. F\u00f8rste tur v\u00e5ren 2026 er 7. januar. <\/p>\n\n\n\n<p>Begge gruppene g\u00e5r samtidig\u2013 slik at du kan velge det som passer best fra uke til uke.&nbsp;Begge&nbsp;med trygge og erfarende turledere.&nbsp;<\/p>\n\n\n\n<p>Turene varer fra kl. 12.00 til 14.00, men vi ber deg om \u00e5 m\u00f8te opp senest kl. 11.45 p\u00e5 Vardesenteret f\u00f8r turen starter.<\/p>\n\n\n\n<div class=\"wp-block-group has-blue-light-background-color has-background\"><div class=\"wp-block-group__inner-container is-layout-constrained wp-block-group-is-layout-constrained\">\n<h2 class=\"wp-block-heading\" id=\"h-manedlige-langturer-med-kaffepause-nbsp\">M\u00e5nedlige langturer med kaffepause&nbsp;<\/h2>\n\n\n\n<p>\u00c9n gang i m\u00e5neden legger vi ut p\u00e5 en litt lengre tur, med kaffe og noe godt&nbsp;i sekken.&nbsp;Da tar vi trikken eller buss og utforsker andre turomr\u00e5der.&nbsp;<\/p>\n\n\n\n<h3 class=\"wp-block-heading\" id=\"h-varens-turer\">V\u00e5rens turer:<\/h3>\n\n\n\n<ul class=\"wp-block-list\">\n<li>22. april \u2013 Midtsand, Malvik<\/li>\n\n\n\n<li>20. mai \u2013 Ladestien<\/li>\n\n\n\n<li>17. juni \u2013 Ringve<\/li>\n<\/ul>\n<\/div><\/div>\n\n\n\n<h3 class=\"wp-block-heading\" id=\"h-hvorfor-bli-med\">Hvorfor bli med?<\/h3>\n\n\n\n<ul class=\"wp-block-list\">\n<li>Du f\u00e5r frisk luft og bevegelse i trygge og inkluderende omgivelser&nbsp;<\/li>\n\n\n\n<li>Du m\u00f8ter andre i lignende situasjon \u2013 et fellesskap som betyr mye for mange&nbsp;<\/li>\n\n\n\n<li>Du bestemmer selv tempo og niv\u00e5&nbsp;<\/li>\n\n\n\n<li>Ingen forh\u00e5ndskrav, ingen prestasjon \u2013 bare et godt sted \u00e5 v\u00e6re&nbsp;<\/li>\n<\/ul>\n\n\n\n<h2 class=\"wp-block-heading\" id=\"h-kontakt\">Kontakt<\/h2>\n\n\n<div class=\"person-grid wp-block-kf-person-display\"><div class=\"person\" id=\"person-display-576\"><div class=\"person_content\"><h3 id=\"vardesenteret-i-trondheim\">Vardesenteret i Trondheim<\/h3><p>St. Olavs hospital<\/p><a class=\"person_email\" href=\"mailto:vardesenteret@stolav.no\"><svg xmlns=\"http:\/\/www.w3.org\/2000\/svg\" width=\"14\" height=\"11\" viewBox=\"0 0 14 12\" fill=\"none\" aria-hidden=\"true\" focusable=\"false\"><g><path d=\"M2.2 1.20001H11.8C12.46 1.20001 13 1.74001 13 2.40001V9.60001C13 10.26 12.46 10.8 11.8 10.8H2.2C1.54 10.8 1 10.26 1 9.60001V2.40001C1 1.74001 1.54 1.20001 2.2 1.20001Z\" stroke=\"black\"\/><path d=\"M13 2.39996L7 6.59996L1 2.39996\" stroke=\"black\"\/><\/g><\/svg><span>vardesenteret@stolav.no<\/span><\/a><a href=\"tel:72826330\"><svg xmlns=\"http:\/\/www.w3.org\/2000\/svg\" width=\"14\" height=\"14\" viewBox=\"0 0 14 14\" fill=\"none\" aria-hidden=\"true\" focusable=\"false\"><g><path d=\"M12.9996 9.98431V11.7908C13.0003 11.9585 12.9659 12.1245 12.8986 12.2781C12.8313 12.4318 12.7325 12.5697 12.6087 12.6831C12.4849 12.7965 12.3387 12.8828 12.1795 12.9365C12.0203 12.9903 11.8517 13.0102 11.6843 12.9951C9.82768 12.7938 8.04426 12.1606 6.47734 11.1465C5.01953 10.222 3.78356 8.98843 2.8572 7.53351C1.83752 5.96259 1.20294 4.17405 1.0049 2.31277C0.98982 2.14625 1.00965 1.97843 1.06312 1.81998C1.11659 1.66153 1.20254 1.51592 1.31548 1.39244C1.42843 1.26896 1.5659 1.1703 1.71915 1.10274C1.87239 1.03519 2.03805 1.00022 2.20558 1.00006H4.01565C4.30846 0.997182 4.59233 1.10067 4.81435 1.29122C5.03636 1.48178 5.18138 1.74641 5.22236 2.03578C5.29876 2.61389 5.44044 3.18152 5.64471 3.72785C5.72589 3.94338 5.74346 4.17761 5.69534 4.4028C5.64721 4.62799 5.53542 4.83469 5.3732 4.99841L4.60694 5.76315C5.46585 7.27069 6.71655 8.51891 8.22708 9.37612L8.99334 8.61138C9.15739 8.44948 9.3645 8.33791 9.59013 8.28988C9.81577 8.24185 10.0505 8.25939 10.2664 8.3404C10.8138 8.54427 11.3826 8.68567 11.9619 8.76192C12.2549 8.80318 12.5226 8.95052 12.714 9.1759C12.9053 9.40128 13.007 9.68899 12.9996 9.98431Z\" stroke=\"black\"\/><\/g><\/svg>72 82 63 30<\/a><\/div><\/div><\/div>\n\n\n<div class=\"wp-block-teft-gallery gallery-count-4\"><ul><li class=\"blocks-gallery-item\"><figure><a href=\"https:\/\/kreftforeningen.no\/content\/uploads\/2023\/07\/Turgruppa_orland_juni23_01-1.jpg\" data-size=\"756x1008\"><span class=\"visuallyhidden\">Gallery 1<\/span><span class=\"block-gallery-count\"><span class=\"visuallyhidden\">Image<\/span> 01<\/span><img loading=\"lazy\" decoding=\"async\" width=\"756\" height=\"1008\" src=\"https:\/\/kreftforeningen.no\/content\/uploads\/2023\/07\/Turgruppa_orland_juni23_01-1.jpg\" alt=\"en gruppe kvinner som poserer foran en bygning.\" data-id=\"136425\" data-full-url=\"https:\/\/kreftforeningen.no\/content\/uploads\/2023\/07\/Turgruppa_orland_juni23_01-1.jpg\" data-caption=\"Fra sommeravslutning p\u00e5 \u00d8rland og Hovde g\u00e5rd.\" class=\"wp-image-136425\" srcset=\"https:\/\/kreftforeningen.no\/content\/uploads\/2023\/07\/Turgruppa_orland_juni23_01-1.jpg 756w, https:\/\/kreftforeningen.no\/content\/uploads\/2023\/07\/Turgruppa_orland_juni23_01-1-225x300.jpg 225w, https:\/\/kreftforeningen.no\/content\/uploads\/2023\/07\/Turgruppa_orland_juni23_01-1-135x180.jpg 135w\" sizes=\"auto, (max-width: 756px) 100vw, 756px\" \/><\/a><\/figure><\/li><li class=\"blocks-gallery-item\"><figure><a href=\"https:\/\/kreftforeningen.no\/content\/uploads\/2023\/07\/Turgruppa_orland_juni23_02-1-scaled.jpg\" data-size=\"2560x1441\"><span class=\"visuallyhidden\">Gallery 1<\/span><span class=\"block-gallery-count\"><span class=\"visuallyhidden\">Image<\/span> 02<\/span><img loading=\"lazy\" decoding=\"async\" width=\"2560\" height=\"1441\" src=\"https:\/\/kreftforeningen.no\/content\/uploads\/2023\/07\/Turgruppa_orland_juni23_02-1-scaled.jpg\" alt=\"et r\u00f8dt og hvitt hus med en fontene p\u00e5 g\u00e5rdsplassen.\" data-id=\"136426\" data-full-url=\"https:\/\/kreftforeningen.no\/content\/uploads\/2023\/07\/Turgruppa_orland_juni23_02-1-scaled.jpg\" data-caption=\"Fra sommeravslutning p\u00e5 \u00d8rland og Hovde g\u00e5rd.\" class=\"wp-image-136426\" srcset=\"https:\/\/kreftforeningen.no\/content\/uploads\/2023\/07\/Turgruppa_orland_juni23_02-1-scaled.jpg 2560w, https:\/\/kreftforeningen.no\/content\/uploads\/2023\/07\/Turgruppa_orland_juni23_02-1-300x169.jpg 300w, https:\/\/kreftforeningen.no\/content\/uploads\/2023\/07\/Turgruppa_orland_juni23_02-1-1024x576.jpg 1024w, https:\/\/kreftforeningen.no\/content\/uploads\/2023\/07\/Turgruppa_orland_juni23_02-1-768x432.jpg 768w, https:\/\/kreftforeningen.no\/content\/uploads\/2023\/07\/Turgruppa_orland_juni23_02-1-1536x864.jpg 1536w, https:\/\/kreftforeningen.no\/content\/uploads\/2023\/07\/Turgruppa_orland_juni23_02-1-2048x1153.jpg 2048w, https:\/\/kreftforeningen.no\/content\/uploads\/2023\/07\/Turgruppa_orland_juni23_02-1-135x76.jpg 135w\" sizes=\"auto, (max-width: 2560px) 100vw, 2560px\" \/><\/a><\/figure><\/li><li class=\"blocks-gallery-item\"><figure><a href=\"https:\/\/kreftforeningen.no\/content\/uploads\/2023\/07\/Turgruppa_domen2-2.jpg\" data-size=\"1536x2040\"><span class=\"visuallyhidden\">Gallery 1<\/span><span class=\"block-gallery-count\"><span class=\"visuallyhidden\">Image<\/span> 03<\/span><img loading=\"lazy\" decoding=\"async\" width=\"1536\" height=\"2040\" src=\"https:\/\/kreftforeningen.no\/content\/uploads\/2023\/07\/Turgruppa_domen2-2.jpg\" alt=\"en gruppe mennesker som ser p\u00e5 en statue i en kirke.\" data-id=\"136422\" data-full-url=\"https:\/\/kreftforeningen.no\/content\/uploads\/2023\/07\/Turgruppa_domen2-2.jpg\" data-caption=\"Fra en vanlig onsdagstur. Vi gikk innom Nidarosdomen.\" class=\"wp-image-136422\" srcset=\"https:\/\/kreftforeningen.no\/content\/uploads\/2023\/07\/Turgruppa_domen2-2.jpg 1536w, https:\/\/kreftforeningen.no\/content\/uploads\/2023\/07\/Turgruppa_domen2-2-226x300.jpg 226w, https:\/\/kreftforeningen.no\/content\/uploads\/2023\/07\/Turgruppa_domen2-2-771x1024.jpg 771w, https:\/\/kreftforeningen.no\/content\/uploads\/2023\/07\/Turgruppa_domen2-2-768x1020.jpg 768w, https:\/\/kreftforeningen.no\/content\/uploads\/2023\/07\/Turgruppa_domen2-2-1157x1536.jpg 1157w, https:\/\/kreftforeningen.no\/content\/uploads\/2023\/07\/Turgruppa_domen2-2-135x179.jpg 135w\" sizes=\"auto, (max-width: 1536px) 100vw, 1536px\" \/><\/a><\/figure><\/li><li class=\"blocks-gallery-item\"><figure><a href=\"https:\/\/kreftforeningen.no\/content\/uploads\/2023\/07\/Turgruppa_domen-2.jpg\" data-size=\"2048x1153\"><span class=\"visuallyhidden\">Gallery 1<\/span><span class=\"block-gallery-count\"><span class=\"visuallyhidden\">Image<\/span> 04<\/span><img loading=\"lazy\" decoding=\"async\" width=\"2048\" height=\"1153\" src=\"https:\/\/kreftforeningen.no\/content\/uploads\/2023\/07\/Turgruppa_domen-2.jpg\" alt=\"en gruppe mennesker som spiller instrumenter i en kirke.\" data-id=\"136421\" data-full-url=\"https:\/\/kreftforeningen.no\/content\/uploads\/2023\/07\/Turgruppa_domen-2.jpg\" data-caption=\"I Nidarosdomen fikk vi delta p\u00e5 en konsert.\" class=\"wp-image-136421\" srcset=\"https:\/\/kreftforeningen.no\/content\/uploads\/2023\/07\/Turgruppa_domen-2.jpg 2048w, https:\/\/kreftforeningen.no\/content\/uploads\/2023\/07\/Turgruppa_domen-2-300x169.jpg 300w, https:\/\/kreftforeningen.no\/content\/uploads\/2023\/07\/Turgruppa_domen-2-1024x577.jpg 1024w, https:\/\/kreftforeningen.no\/content\/uploads\/2023\/07\/Turgruppa_domen-2-768x432.jpg 768w, https:\/\/kreftforeningen.no\/content\/uploads\/2023\/07\/Turgruppa_domen-2-1536x865.jpg 1536w, https:\/\/kreftforeningen.no\/content\/uploads\/2023\/07\/Turgruppa_domen-2-135x76.jpg 135w\" sizes=\"auto, (max-width: 2048px) 100vw, 2048px\" \/><span class=\"block-gallery-more\">Bildegalleri (6)<\/span><\/a><\/figure><\/li><li class=\"blocks-gallery-item is-hidden\"><figure><a href=\"https:\/\/kreftforeningen.no\/content\/uploads\/2023\/07\/Turgruppa_sverrsborg.jpg\" data-size=\"756x1008\"><span class=\"visuallyhidden\">Gallery 1<\/span><span class=\"block-gallery-count\"><span class=\"visuallyhidden\">Image<\/span> 05<\/span><img loading=\"lazy\" decoding=\"async\" width=\"756\" height=\"1008\" src=\"https:\/\/kreftforeningen.no\/content\/uploads\/2023\/07\/Turgruppa_sverrsborg.jpg\" alt=\"en gruppe mennesker som st\u00e5r p\u00e5 en brosteinsgate.\" data-id=\"136423\" data-full-url=\"https:\/\/kreftforeningen.no\/content\/uploads\/2023\/07\/Turgruppa_sverrsborg.jpg\" data-caption=\"Vi tok bussen opp til Sverresborg museum.\" class=\"wp-image-136423\" srcset=\"https:\/\/kreftforeningen.no\/content\/uploads\/2023\/07\/Turgruppa_sverrsborg.jpg 756w, https:\/\/kreftforeningen.no\/content\/uploads\/2023\/07\/Turgruppa_sverrsborg-225x300.jpg 225w, https:\/\/kreftforeningen.no\/content\/uploads\/2023\/07\/Turgruppa_sverrsborg-135x180.jpg 135w\" sizes=\"auto, (max-width: 756px) 100vw, 756px\" \/><\/a><\/figure><\/li><li class=\"blocks-gallery-item is-hidden\"><figure><a href=\"https:\/\/kreftforeningen.no\/content\/uploads\/2023\/07\/Turgruppa_sverrsborg2.jpg\" data-size=\"550x734\"><span class=\"visuallyhidden\">Gallery 1<\/span><span class=\"block-gallery-count\"><span class=\"visuallyhidden\">Image<\/span> 06<\/span><img loading=\"lazy\" decoding=\"async\" width=\"550\" height=\"734\" src=\"https:\/\/kreftforeningen.no\/content\/uploads\/2023\/07\/Turgruppa_sverrsborg2.jpg\" alt=\"et trehus med gresstak midt p\u00e5 et jorde.\" data-id=\"136424\" data-full-url=\"https:\/\/kreftforeningen.no\/content\/uploads\/2023\/07\/Turgruppa_sverrsborg2.jpg\" data-caption=\"Flott vandring p\u00e5 museet.\" class=\"wp-image-136424\" srcset=\"https:\/\/kreftforeningen.no\/content\/uploads\/2023\/07\/Turgruppa_sverrsborg2.jpg 550w, https:\/\/kreftforeningen.no\/content\/uploads\/2023\/07\/Turgruppa_sverrsborg2-225x300.jpg 225w, https:\/\/kreftforeningen.no\/content\/uploads\/2023\/07\/Turgruppa_sverrsborg2-135x180.jpg 135w\" sizes=\"auto, (max-width: 550px) 100vw, 550px\" \/><\/a><\/figure><\/li><\/ul><div class=\"teft-gallery-figcaptions\"><figcaption>01: Fra sommeravslutning p\u00e5 \u00d8rland og Hovde g\u00e5rd.<\/figcaption><figcaption>02: Fra sommeravslutning p\u00e5 \u00d8rland og Hovde g\u00e5rd.<\/figcaption><figcaption>03: Fra en vanlig onsdagstur. Vi gikk innom Nidarosdomen.<\/figcaption><figcaption>04: I Nidarosdomen fikk vi delta p\u00e5 en konsert.<\/figcaption><\/div><\/div>\n","protected":false},"author":92,"featured_media":49174,"parent":0,"menu_order":0,"template":"","meta":{"_relevanssi_hide_post":"","_relevanssi_hide_content":"","_relevanssi_pin_for_all":"","_relevanssi_pin_keywords":"","_relevanssi_unpin_keywords":"","_relevanssi_related_keywords":"","_relevanssi_related_include_ids":"","_relevanssi_related_exclude_ids":"","_relevanssi_related_no_append":"","_relevanssi_related_not_related":"","_relevanssi_related_posts":"1697,2523,2411,1836,1838,2409","_relevanssi_noindex_reason":"","kf_show_post_date":false,"kf_show_updated_date":false,"kf_show_print_page":false,"kf_show_chapters":false,"kf_show_chapters_expanded":false,"kf_show_post_outdated":true,"kf_toggle_title":false,"kf_is_template":false,"kf_post_authors":[],"teft_cards_label":"Vardesenteret i Trondheim","teft_cards_image_id":0,"teft_cards_image_focal_point_x":0,"teft_cards_image_focal_point_y":0,"teft_cards_title":"","teft_cards_excerpt":"","kf_service_priority":false,"kf_service_duration":"period","kf_service_date_end":"2120-06-30 16:43:54","kf_service_date_start":"","kf_service_location":"","kf_service_url":"","kf_service_price":"","kf_service_featured_image_description":"","footnotes":""},"county":[55],"subject":[61,65],"class_list":["post-690","service","type-service","status-publish","has-post-thumbnail","hentry","county-trondelag","subject-fysisk-aktivitet","subject-kultur-og-sosialt"],"yoast_head":"<!-- This site is optimized with the Yoast SEO Premium plugin v27.3 (Yoast SEO v27.4) - https:\/\/yoast.com\/product\/yoast-seo-premium-wordpress\/ -->\n<title>Turgruppe i Trondheim for kreftrammede, p\u00e5r\u00f8rende og etterlatte - Vardesenteret<\/title>\n<meta name=\"robots\" content=\"index, follow, max-snippet:-1, max-image-preview:large, max-video-preview:-1\" \/>\n<link rel=\"canonical\" href=\"https:\/\/kreftforeningen.no\/vardesenteret\/tilbud\/turgruppe-i-trondheim\/\" \/>\n<meta property=\"og:locale\" content=\"nb_NO\" \/>\n<meta property=\"og:type\" content=\"article\" \/>\n<meta property=\"og:title\" content=\"Turgruppe i Trondheim for kreftrammede, p\u00e5r\u00f8rende og etterlatte\" \/>\n<meta property=\"og:description\" content=\"Hver uke m\u00f8tes en gjeng for \u00e5 dra p\u00e5 tur sammen. Det er gratis \u00e5 delta, og du trenger ikke melde deg p\u00e5. I tillegg har vi m\u00e5nedlige langturer \u2013 mer informasjon om disse finner du lengre ned p\u00e5 siden. To turgrupper \u2013 du velger tempoet Turene g\u00e5r i by- og&nbsp;markan\u00e6re&nbsp;omr\u00e5der, og tilpasses alltid deltakernes [&hellip;]\" \/>\n<meta property=\"og:url\" content=\"https:\/\/kreftforeningen.no\/vardesenteret\/tilbud\/turgruppe-i-trondheim\/\" \/>\n<meta property=\"og:site_name\" content=\"Vardesenteret\" \/>\n<meta property=\"article:published_time\" content=\"2020-06-30T14:49:47+00:00\" \/>\n<meta property=\"article:modified_time\" content=\"2026-04-09T10:42:17+00:00\" \/>\n<meta property=\"og:image\" content=\"https:\/\/kreftforeningen.no\/content\/uploads\/2024\/03\/13-turgruppe-Foto-Ole-Martin-Wold.jpg\" \/>\n\t<meta property=\"og:image:width\" content=\"800\" \/>\n\t<meta property=\"og:image:height\" content=\"533\" \/>\n\t<meta property=\"og:image:type\" content=\"image\/jpeg\" \/>\n<meta name=\"twitter:card\" content=\"summary_large_image\" \/>\n<meta name=\"twitter:label1\" content=\"Ansl. lesetid\" \/>\n\t<meta name=\"twitter:data1\" content=\"4 minutter\" \/>\n<script type=\"application\/ld+json\" class=\"yoast-schema-graph\">{\"@context\":\"https:\\\/\\\/schema.org\",\"@graph\":[{\"@type\":\"WebPage\",\"@id\":\"https:\\\/\\\/kreftforeningen.no\\\/vardesenteret\\\/tilbud\\\/turgruppe-i-trondheim\\\/\",\"url\":\"https:\\\/\\\/kreftforeningen.no\\\/vardesenteret\\\/tilbud\\\/turgruppe-i-trondheim\\\/\",\"name\":\"Turgruppe i Trondheim for kreftrammede, p\u00e5r\u00f8rende og etterlatte - Vardesenteret\",\"isPartOf\":{\"@id\":\"https:\\\/\\\/kreftforeningen.no\\\/vardesenteret\\\/#website\"},\"primaryImageOfPage\":{\"@id\":\"https:\\\/\\\/kreftforeningen.no\\\/vardesenteret\\\/tilbud\\\/turgruppe-i-trondheim\\\/#primaryimage\"},\"image\":{\"@id\":\"https:\\\/\\\/kreftforeningen.no\\\/vardesenteret\\\/tilbud\\\/turgruppe-i-trondheim\\\/#primaryimage\"},\"thumbnailUrl\":\"https:\\\/\\\/kreftforeningen.no\\\/content\\\/uploads\\\/2024\\\/03\\\/13-turgruppe-Foto-Ole-Martin-Wold.jpg\",\"datePublished\":\"2020-06-30T14:49:47+00:00\",\"dateModified\":\"2026-04-09T10:42:17+00:00\",\"breadcrumb\":{\"@id\":\"https:\\\/\\\/kreftforeningen.no\\\/vardesenteret\\\/tilbud\\\/turgruppe-i-trondheim\\\/#breadcrumb\"},\"inLanguage\":\"nb-NO\",\"potentialAction\":[{\"@type\":\"ReadAction\",\"target\":[\"https:\\\/\\\/kreftforeningen.no\\\/vardesenteret\\\/tilbud\\\/turgruppe-i-trondheim\\\/\"]}]},{\"@type\":\"ImageObject\",\"inLanguage\":\"nb-NO\",\"@id\":\"https:\\\/\\\/kreftforeningen.no\\\/vardesenteret\\\/tilbud\\\/turgruppe-i-trondheim\\\/#primaryimage\",\"url\":\"https:\\\/\\\/kreftforeningen.no\\\/content\\\/uploads\\\/2024\\\/03\\\/13-turgruppe-Foto-Ole-Martin-Wold.jpg\",\"contentUrl\":\"https:\\\/\\\/kreftforeningen.no\\\/content\\\/uploads\\\/2024\\\/03\\\/13-turgruppe-Foto-Ole-Martin-Wold.jpg\"},{\"@type\":\"BreadcrumbList\",\"@id\":\"https:\\\/\\\/kreftforeningen.no\\\/vardesenteret\\\/tilbud\\\/turgruppe-i-trondheim\\\/#breadcrumb\",\"itemListElement\":[{\"@type\":\"ListItem\",\"position\":1,\"name\":\"Forside\",\"item\":\"https:\\\/\\\/kreftforeningen.no\\\/vardesenteret\\\/\"},{\"@type\":\"ListItem\",\"position\":2,\"name\":\"Tilbud\",\"item\":\"https:\\\/\\\/kreftforeningen.no\\\/vardesenteret\\\/tilbud\\\/\"},{\"@type\":\"ListItem\",\"position\":3,\"name\":\"Turgruppe i Trondheim for kreftrammede, p\u00e5r\u00f8rende og etterlatte\"}]},{\"@type\":\"WebSite\",\"@id\":\"https:\\\/\\\/kreftforeningen.no\\\/vardesenteret\\\/#website\",\"url\":\"https:\\\/\\\/kreftforeningen.no\\\/vardesenteret\\\/\",\"name\":\"Vardesenteret\",\"description\":\"\",\"publisher\":{\"@id\":\"https:\\\/\\\/kreftforeningen.no\\\/vardesenteret\\\/#organization\"},\"potentialAction\":[{\"@type\":\"SearchAction\",\"target\":{\"@type\":\"EntryPoint\",\"urlTemplate\":\"https:\\\/\\\/kreftforeningen.no\\\/vardesenteret\\\/?s={search_term_string}\"},\"query-input\":{\"@type\":\"PropertyValueSpecification\",\"valueRequired\":true,\"valueName\":\"search_term_string\"}}],\"inLanguage\":\"nb-NO\"},{\"@type\":\"Organization\",\"@id\":\"https:\\\/\\\/kreftforeningen.no\\\/vardesenteret\\\/#organization\",\"name\":\"Vardesenteret\",\"url\":\"https:\\\/\\\/kreftforeningen.no\\\/vardesenteret\\\/\",\"logo\":{\"@type\":\"ImageObject\",\"inLanguage\":\"nb-NO\",\"@id\":\"https:\\\/\\\/kreftforeningen.no\\\/vardesenteret\\\/#\\\/schema\\\/logo\\\/image\\\/\",\"url\":\"https:\\\/\\\/kreftforeningen.no\\\/content\\\/uploads\\\/2026\\\/02\\\/cropped-Vardesenter_signatur_sort_horisontal_uten-undertekst-e1589886700835.png\",\"contentUrl\":\"https:\\\/\\\/kreftforeningen.no\\\/content\\\/uploads\\\/2026\\\/02\\\/cropped-Vardesenter_signatur_sort_horisontal_uten-undertekst-e1589886700835.png\",\"caption\":\"Vardesenteret\"},\"image\":{\"@id\":\"https:\\\/\\\/kreftforeningen.no\\\/vardesenteret\\\/#\\\/schema\\\/logo\\\/image\\\/\"}}]}<\/script>\n<!-- \/ Yoast SEO Premium plugin. -->","yoast_head_json":{"title":"Turgruppe i Trondheim for kreftrammede, p\u00e5r\u00f8rende og etterlatte - Vardesenteret","robots":{"index":"index","follow":"follow","max-snippet":"max-snippet:-1","max-image-preview":"max-image-preview:large","max-video-preview":"max-video-preview:-1"},"canonical":"https:\/\/kreftforeningen.no\/vardesenteret\/tilbud\/turgruppe-i-trondheim\/","og_locale":"nb_NO","og_type":"article","og_title":"Turgruppe i Trondheim for kreftrammede, p\u00e5r\u00f8rende og etterlatte","og_description":"Hver uke m\u00f8tes en gjeng for \u00e5 dra p\u00e5 tur sammen. Det er gratis \u00e5 delta, og du trenger ikke melde deg p\u00e5. I tillegg har vi m\u00e5nedlige langturer \u2013 mer informasjon om disse finner du lengre ned p\u00e5 siden. To turgrupper \u2013 du velger tempoet Turene g\u00e5r i by- og&nbsp;markan\u00e6re&nbsp;omr\u00e5der, og tilpasses alltid deltakernes [&hellip;]","og_url":"https:\/\/kreftforeningen.no\/vardesenteret\/tilbud\/turgruppe-i-trondheim\/","og_site_name":"Vardesenteret","article_published_time":"2020-06-30T14:49:47+00:00","article_modified_time":"2026-04-09T10:42:17+00:00","og_image":[{"width":800,"height":533,"url":"https:\/\/kreftforeningen.no\/content\/uploads\/2024\/03\/13-turgruppe-Foto-Ole-Martin-Wold.jpg","type":"image\/jpeg"}],"twitter_card":"summary_large_image","twitter_misc":{"Ansl. lesetid":"4 minutter"},"schema":{"@context":"https:\/\/schema.org","@graph":[{"@type":"WebPage","@id":"https:\/\/kreftforeningen.no\/vardesenteret\/tilbud\/turgruppe-i-trondheim\/","url":"https:\/\/kreftforeningen.no\/vardesenteret\/tilbud\/turgruppe-i-trondheim\/","name":"Turgruppe i Trondheim for kreftrammede, p\u00e5r\u00f8rende og etterlatte - Vardesenteret","isPartOf":{"@id":"https:\/\/kreftforeningen.no\/vardesenteret\/#website"},"primaryImageOfPage":{"@id":"https:\/\/kreftforeningen.no\/vardesenteret\/tilbud\/turgruppe-i-trondheim\/#primaryimage"},"image":{"@id":"https:\/\/kreftforeningen.no\/vardesenteret\/tilbud\/turgruppe-i-trondheim\/#primaryimage"},"thumbnailUrl":"https:\/\/kreftforeningen.no\/content\/uploads\/2024\/03\/13-turgruppe-Foto-Ole-Martin-Wold.jpg","datePublished":"2020-06-30T14:49:47+00:00","dateModified":"2026-04-09T10:42:17+00:00","breadcrumb":{"@id":"https:\/\/kreftforeningen.no\/vardesenteret\/tilbud\/turgruppe-i-trondheim\/#breadcrumb"},"inLanguage":"nb-NO","potentialAction":[{"@type":"ReadAction","target":["https:\/\/kreftforeningen.no\/vardesenteret\/tilbud\/turgruppe-i-trondheim\/"]}]},{"@type":"ImageObject","inLanguage":"nb-NO","@id":"https:\/\/kreftforeningen.no\/vardesenteret\/tilbud\/turgruppe-i-trondheim\/#primaryimage","url":"https:\/\/kreftforeningen.no\/content\/uploads\/2024\/03\/13-turgruppe-Foto-Ole-Martin-Wold.jpg","contentUrl":"https:\/\/kreftforeningen.no\/content\/uploads\/2024\/03\/13-turgruppe-Foto-Ole-Martin-Wold.jpg"},{"@type":"BreadcrumbList","@id":"https:\/\/kreftforeningen.no\/vardesenteret\/tilbud\/turgruppe-i-trondheim\/#breadcrumb","itemListElement":[{"@type":"ListItem","position":1,"name":"Forside","item":"https:\/\/kreftforeningen.no\/vardesenteret\/"},{"@type":"ListItem","position":2,"name":"Tilbud","item":"https:\/\/kreftforeningen.no\/vardesenteret\/tilbud\/"},{"@type":"ListItem","position":3,"name":"Turgruppe i Trondheim for kreftrammede, p\u00e5r\u00f8rende og etterlatte"}]},{"@type":"WebSite","@id":"https:\/\/kreftforeningen.no\/vardesenteret\/#website","url":"https:\/\/kreftforeningen.no\/vardesenteret\/","name":"Vardesenteret","description":"","publisher":{"@id":"https:\/\/kreftforeningen.no\/vardesenteret\/#organization"},"potentialAction":[{"@type":"SearchAction","target":{"@type":"EntryPoint","urlTemplate":"https:\/\/kreftforeningen.no\/vardesenteret\/?s={search_term_string}"},"query-input":{"@type":"PropertyValueSpecification","valueRequired":true,"valueName":"search_term_string"}}],"inLanguage":"nb-NO"},{"@type":"Organization","@id":"https:\/\/kreftforeningen.no\/vardesenteret\/#organization","name":"Vardesenteret","url":"https:\/\/kreftforeningen.no\/vardesenteret\/","logo":{"@type":"ImageObject","inLanguage":"nb-NO","@id":"https:\/\/kreftforeningen.no\/vardesenteret\/#\/schema\/logo\/image\/","url":"https:\/\/kreftforeningen.no\/content\/uploads\/2026\/02\/cropped-Vardesenter_signatur_sort_horisontal_uten-undertekst-e1589886700835.png","contentUrl":"https:\/\/kreftforeningen.no\/content\/uploads\/2026\/02\/cropped-Vardesenter_signatur_sort_horisontal_uten-undertekst-e1589886700835.png","caption":"Vardesenteret"},"image":{"@id":"https:\/\/kreftforeningen.no\/vardesenteret\/#\/schema\/logo\/image\/"}}]}},"_links":{"self":[{"href":"https:\/\/kreftforeningen.no\/vardesenteret\/wp-json\/wp\/v2\/service\/690","targetHints":{"allow":["GET"]}}],"collection":[{"href":"https:\/\/kreftforeningen.no\/vardesenteret\/wp-json\/wp\/v2\/service"}],"about":[{"href":"https:\/\/kreftforeningen.no\/vardesenteret\/wp-json\/wp\/v2\/types\/service"}],"author":[{"embeddable":true,"href":"https:\/\/kreftforeningen.no\/vardesenteret\/wp-json\/wp\/v2\/users\/92"}],"version-history":[{"count":15,"href":"https:\/\/kreftforeningen.no\/vardesenteret\/wp-json\/wp\/v2\/service\/690\/revisions"}],"predecessor-version":[{"id":10122,"href":"https:\/\/kreftforeningen.no\/vardesenteret\/wp-json\/wp\/v2\/service\/690\/revisions\/10122"}],"wp:featuredmedia":[{"embeddable":true,"href":"https:\/\/kreftforeningen.no\/vardesenteret\/wp-json\/"}],"wp:attachment":[{"href":"https:\/\/kreftforeningen.no\/vardesenteret\/wp-json\/wp\/v2\/media?parent=690"}],"wp:term":[{"taxonomy":"county","embeddable":true,"href":"https:\/\/kreftforeningen.no\/vardesenteret\/wp-json\/wp\/v2\/county?post=690"},{"taxonomy":"subject","embeddable":true,"href":"https:\/\/kreftforeningen.no\/vardesenteret\/wp-json\/wp\/v2\/subject?post=690"}],"curies":[{"name":"wp","href":"https:\/\/api.w.org\/{rel}","templated":true}]}}