{"id":7177,"date":"2024-12-20T10:47:45","date_gmt":"2024-12-20T09:47:45","guid":{"rendered":"https:\/\/kreftforeningen.no\/vardesenteret\/?post_type=service&#038;p=7177"},"modified":"2025-08-06T11:02:04","modified_gmt":"2025-08-06T09:02:04","slug":"mindfulness-time-3","status":"publish","type":"service","link":"https:\/\/kreftforeningen.no\/vardesenteret\/tilbud\/mindfulness-time-3\/","title":{"rendered":"Mindfulness-time"},"content":{"rendered":"\n\n\n<div class=\"wp-block-kf-ingress\"><div class=\"kf-header__ingress\"><p>Har du lyst til \u00e5 pr\u00f8ve Mindfulness? Da kan du bli med p\u00e5 Mindfulness-timen. Kreft kan gi mange ulike f\u00f8lelser og reaksjoner. Mindfulness kan hjelpe deg i hverdagen til \u00e5 f\u00e5 \u00f8kt indre ro og hjelp til \u00e5 takle vanskelige faser i livet.&nbsp;<\/p><\/div><\/div>\n\n\n\n<p>Mindfulness er en holdning til livet som gir mer ro og balanse som kan v\u00e6re til hjelp n\u00e5r man opplever belastninger og lidelser. Mindfulness handler om \u00e5 trene opp v\u00e5re \u00abmentale muskler\u00bb og \u00e5 samle seg om n\u00e5tiden, uten \u00e5 bli styrt av tanker og bekymringer om fortid eller framtid. Ved \u00e5 trene sinnet p\u00e5 denne m\u00e5ten blir du i stand til \u00e5 observere tankene og f\u00f8lelsene dine, heller enn \u00e5 bli styrt av dem.<\/p>\n\n\n\n<p>Mindfulness-timen gjennomf\u00f8res en gang i m\u00e5neden, kl. 10:00-11:30.<br>F\u00f8rste Mindfulness-time er 10. september<br><br>Instrukt\u00f8r:<br>Psykologspesialist Silje Pettersen Bremerthun<\/p>\n\n\n\n<h2 class=\"wp-block-heading\" id=\"h-pamelding\">P\u00e5melding<\/h2>\n\n\n\n<p>Du trenger ikke melde deg p\u00e5 Mindfulness-timen. Det er bare \u00e5 m\u00f8te opp.<br><\/p>\n\n\n\n<p>For mer informasjon:<br>kontakt Vardesenteret<br>E-post:&nbsp;<a href=\"mailto:vardesenteret@helse-bergen.no\">vardesenteret@helse-bergen.no<\/a><br>Telefon:&nbsp;<a href=\"tel:55977500\">55 97 75 00<\/a><\/p>\n\n\n<div class=\"wp-block-kf-event-info \">\n\t\t\t<div class=\"top-text\">\n\t\t\t\tMindfulness-timen\n\t\t\t<\/div>\n\t\t\t<p class=\"date\"><svg xmlns=\"http:\/\/www.w3.org\/2000\/svg\" width=\"24\" height=\"24\" viewBox=\"0 0 24 24\" fill=\"none\" stroke=\"currentColor\" stroke-width=\"2\" stroke-linecap=\"round\" stroke-linejoin=\"round\" class=\"lucide lucide-clock-icon lucide-clock\"><path d=\"M12 6v6l4 2\"\/><circle cx=\"12\" cy=\"12\" r=\"10\"\/><\/svg> 10. sep. 10.00\u201311.30<\/p>\n\t\t\t<p class=\"location\"><svg xmlns=\"http:\/\/www.w3.org\/2000\/svg\" width=\"24\" height=\"24\" viewBox=\"0 0 24 24\" fill=\"none\" stroke=\"currentColor\" stroke-width=\"2\" stroke-linecap=\"round\" stroke-linejoin=\"round\" class=\"lucide lucide-map-pin-icon lucide-map-pin\"><path d=\"M20 10c0 4.993-5.539 10.193-7.399 11.799a1 1 0 0 1-1.202 0C9.539 20.193 4 14.993 4 10a8 8 0 0 1 16 0\"\/><circle cx=\"12\" cy=\"10\" r=\"3\"\/><\/svg> <a class=\"link\" href=\"https:\/\/maps.google.com\/?q=Vardesenteret, Ibsens gate 118\" rel=\"noopener noreferrer\">Vardesenteret, Ibsens gate 118 (google.com)<\/a><\/p>\n\t\t\t<p class=\"ticket\"><svg xmlns=\"http:\/\/www.w3.org\/2000\/svg\" width=\"24\" height=\"24\" viewBox=\"0 0 24 24\" fill=\"none\" stroke=\"currentColor\" stroke-width=\"2\" stroke-linecap=\"round\" stroke-linejoin=\"round\" class=\"lucide lucide-ticket-icon lucide-ticket\"><path d=\"M2 9a3 3 0 0 1 0 6v2a2 2 0 0 0 2 2h16a2 2 0 0 0 2-2v-2a3 3 0 0 1 0-6V7a2 2 0 0 0-2-2H4a2 2 0 0 0-2 2Z\"\/><path d=\"M13 5v2\"\/><path d=\"M13 17v2\"\/><path d=\"M13 11v2\"\/><\/svg> Gratis<\/p>\n\t\t\t\n\t\t\t\n\t\t<\/div>","protected":false},"author":71,"featured_media":114318,"parent":0,"menu_order":0,"template":"","meta":{"_relevanssi_hide_post":"","_relevanssi_hide_content":"","_relevanssi_pin_for_all":"","_relevanssi_pin_keywords":"","_relevanssi_unpin_keywords":"","_relevanssi_related_keywords":"","_relevanssi_related_include_ids":"","_relevanssi_related_exclude_ids":"","_relevanssi_related_no_append":"","_relevanssi_related_not_related":"","_relevanssi_related_posts":"3838,3866,4597,6829,6763,3148","_relevanssi_noindex_reason":"","kf_show_post_date":true,"kf_show_updated_date":false,"kf_show_print_page":false,"kf_show_chapters":false,"kf_show_chapters_expanded":false,"kf_show_post_outdated":true,"kf_toggle_title":false,"kf_is_template":false,"kf_post_authors":[],"teft_cards_label":"Vardesenteret i Bergen","teft_cards_image_id":0,"teft_cards_image_focal_point_x":0,"teft_cards_image_focal_point_y":0,"teft_cards_title":"","teft_cards_excerpt":"","kf_service_priority":false,"kf_service_duration":"single","kf_service_date_end":"2025-09-10T11:30:00","kf_service_date_start":"2025-09-10T10:00:00","kf_service_location":"Vardesenteret, Ibsens gate 118","kf_service_url":"","kf_service_price":"Gratis","kf_service_featured_image_description":"","footnotes":""},"county":[56],"subject":[61,59],"class_list":["post-7177","service","type-service","status-publish","has-post-thumbnail","hentry","county-vestland","subject-fysisk-aktivitet","subject-leve-med-og-etter-kreft"],"yoast_head":"<!-- This site is optimized with the Yoast SEO Premium plugin v27.3 (Yoast SEO v27.4) - https:\/\/yoast.com\/product\/yoast-seo-premium-wordpress\/ -->\n<title>Mindfulness-time - Vardesenteret<\/title>\n<meta name=\"robots\" content=\"index, follow, max-snippet:-1, max-image-preview:large, max-video-preview:-1\" \/>\n<link rel=\"canonical\" href=\"https:\/\/kreftforeningen.no\/vardesenteret\/tilbud\/mindfulness-time-3\/\" \/>\n<meta property=\"og:locale\" content=\"nb_NO\" \/>\n<meta property=\"og:type\" content=\"article\" \/>\n<meta property=\"og:title\" content=\"Mindfulness-time\" \/>\n<meta property=\"og:description\" content=\"Mindfulness er en holdning til livet som gir mer ro og balanse som kan v\u00e6re til hjelp n\u00e5r man opplever belastninger og lidelser. Mindfulness handler om \u00e5 trene opp v\u00e5re \u00abmentale muskler\u00bb og \u00e5 samle seg om n\u00e5tiden, uten \u00e5 bli styrt av tanker og bekymringer om fortid eller framtid. Ved \u00e5 trene sinnet p\u00e5 [&hellip;]\" \/>\n<meta property=\"og:url\" content=\"https:\/\/kreftforeningen.no\/vardesenteret\/tilbud\/mindfulness-time-3\/\" \/>\n<meta property=\"og:site_name\" content=\"Vardesenteret\" \/>\n<meta property=\"article:published_time\" content=\"2024-12-20T09:47:45+00:00\" \/>\n<meta property=\"article:modified_time\" content=\"2025-08-06T09:02:04+00:00\" \/>\n<meta property=\"og:image\" content=\"https:\/\/kreftforeningen.no\/content\/uploads\/2022\/10\/omw_Radium-Varde.059_Bruksrettighet__Fotograf_Ole-Martin-Wold_Copyright_.png\" \/>\n\t<meta property=\"og:image:width\" content=\"800\" \/>\n\t<meta property=\"og:image:height\" content=\"533\" \/>\n\t<meta property=\"og:image:type\" content=\"image\/jpeg\" \/>\n<meta name=\"twitter:card\" content=\"summary_large_image\" \/>\n<meta name=\"twitter:label1\" content=\"Ansl. lesetid\" \/>\n\t<meta name=\"twitter:data1\" content=\"2 minutter\" \/>\n<script type=\"application\/ld+json\" class=\"yoast-schema-graph\">{\"@context\":\"https:\\\/\\\/schema.org\",\"@graph\":[{\"@type\":\"WebPage\",\"@id\":\"https:\\\/\\\/kreftforeningen.no\\\/vardesenteret\\\/tilbud\\\/mindfulness-time-3\\\/\",\"url\":\"https:\\\/\\\/kreftforeningen.no\\\/vardesenteret\\\/tilbud\\\/mindfulness-time-3\\\/\",\"name\":\"Mindfulness-time - Vardesenteret\",\"isPartOf\":{\"@id\":\"https:\\\/\\\/kreftforeningen.no\\\/vardesenteret\\\/#website\"},\"primaryImageOfPage\":{\"@id\":\"https:\\\/\\\/kreftforeningen.no\\\/vardesenteret\\\/tilbud\\\/mindfulness-time-3\\\/#primaryimage\"},\"image\":{\"@id\":\"https:\\\/\\\/kreftforeningen.no\\\/vardesenteret\\\/tilbud\\\/mindfulness-time-3\\\/#primaryimage\"},\"thumbnailUrl\":\"https:\\\/\\\/kreftforeningen.no\\\/content\\\/uploads\\\/2022\\\/10\\\/omw_Radium-Varde.059_Bruksrettighet__Fotograf_Ole-Martin-Wold_Copyright_.png\",\"datePublished\":\"2024-12-20T09:47:45+00:00\",\"dateModified\":\"2025-08-06T09:02:04+00:00\",\"breadcrumb\":{\"@id\":\"https:\\\/\\\/kreftforeningen.no\\\/vardesenteret\\\/tilbud\\\/mindfulness-time-3\\\/#breadcrumb\"},\"inLanguage\":\"nb-NO\",\"potentialAction\":[{\"@type\":\"ReadAction\",\"target\":[\"https:\\\/\\\/kreftforeningen.no\\\/vardesenteret\\\/tilbud\\\/mindfulness-time-3\\\/\"]}]},{\"@type\":\"ImageObject\",\"inLanguage\":\"nb-NO\",\"@id\":\"https:\\\/\\\/kreftforeningen.no\\\/vardesenteret\\\/tilbud\\\/mindfulness-time-3\\\/#primaryimage\",\"url\":\"https:\\\/\\\/kreftforeningen.no\\\/content\\\/uploads\\\/2022\\\/10\\\/omw_Radium-Varde.059_Bruksrettighet__Fotograf_Ole-Martin-Wold_Copyright_.png\",\"contentUrl\":\"https:\\\/\\\/kreftforeningen.no\\\/content\\\/uploads\\\/2022\\\/10\\\/omw_Radium-Varde.059_Bruksrettighet__Fotograf_Ole-Martin-Wold_Copyright_.png\"},{\"@type\":\"BreadcrumbList\",\"@id\":\"https:\\\/\\\/kreftforeningen.no\\\/vardesenteret\\\/tilbud\\\/mindfulness-time-3\\\/#breadcrumb\",\"itemListElement\":[{\"@type\":\"ListItem\",\"position\":1,\"name\":\"Forside\",\"item\":\"https:\\\/\\\/kreftforeningen.no\\\/vardesenteret\\\/\"},{\"@type\":\"ListItem\",\"position\":2,\"name\":\"Tilbud\",\"item\":\"https:\\\/\\\/kreftforeningen.no\\\/vardesenteret\\\/tilbud\\\/\"},{\"@type\":\"ListItem\",\"position\":3,\"name\":\"Mindfulness-time\"}]},{\"@type\":\"WebSite\",\"@id\":\"https:\\\/\\\/kreftforeningen.no\\\/vardesenteret\\\/#website\",\"url\":\"https:\\\/\\\/kreftforeningen.no\\\/vardesenteret\\\/\",\"name\":\"Vardesenteret\",\"description\":\"\",\"publisher\":{\"@id\":\"https:\\\/\\\/kreftforeningen.no\\\/vardesenteret\\\/#organization\"},\"potentialAction\":[{\"@type\":\"SearchAction\",\"target\":{\"@type\":\"EntryPoint\",\"urlTemplate\":\"https:\\\/\\\/kreftforeningen.no\\\/vardesenteret\\\/?s={search_term_string}\"},\"query-input\":{\"@type\":\"PropertyValueSpecification\",\"valueRequired\":true,\"valueName\":\"search_term_string\"}}],\"inLanguage\":\"nb-NO\"},{\"@type\":\"Organization\",\"@id\":\"https:\\\/\\\/kreftforeningen.no\\\/vardesenteret\\\/#organization\",\"name\":\"Vardesenteret\",\"url\":\"https:\\\/\\\/kreftforeningen.no\\\/vardesenteret\\\/\",\"logo\":{\"@type\":\"ImageObject\",\"inLanguage\":\"nb-NO\",\"@id\":\"https:\\\/\\\/kreftforeningen.no\\\/vardesenteret\\\/#\\\/schema\\\/logo\\\/image\\\/\",\"url\":\"https:\\\/\\\/kreftforeningen.no\\\/content\\\/uploads\\\/2026\\\/02\\\/cropped-Vardesenter_signatur_sort_horisontal_uten-undertekst-e1589886700835.png\",\"contentUrl\":\"https:\\\/\\\/kreftforeningen.no\\\/content\\\/uploads\\\/2026\\\/02\\\/cropped-Vardesenter_signatur_sort_horisontal_uten-undertekst-e1589886700835.png\",\"caption\":\"Vardesenteret\"},\"image\":{\"@id\":\"https:\\\/\\\/kreftforeningen.no\\\/vardesenteret\\\/#\\\/schema\\\/logo\\\/image\\\/\"}}]}<\/script>\n<!-- \/ Yoast SEO Premium plugin. -->","yoast_head_json":{"title":"Mindfulness-time - Vardesenteret","robots":{"index":"index","follow":"follow","max-snippet":"max-snippet:-1","max-image-preview":"max-image-preview:large","max-video-preview":"max-video-preview:-1"},"canonical":"https:\/\/kreftforeningen.no\/vardesenteret\/tilbud\/mindfulness-time-3\/","og_locale":"nb_NO","og_type":"article","og_title":"Mindfulness-time","og_description":"Mindfulness er en holdning til livet som gir mer ro og balanse som kan v\u00e6re til hjelp n\u00e5r man opplever belastninger og lidelser. Mindfulness handler om \u00e5 trene opp v\u00e5re \u00abmentale muskler\u00bb og \u00e5 samle seg om n\u00e5tiden, uten \u00e5 bli styrt av tanker og bekymringer om fortid eller framtid. Ved \u00e5 trene sinnet p\u00e5 [&hellip;]","og_url":"https:\/\/kreftforeningen.no\/vardesenteret\/tilbud\/mindfulness-time-3\/","og_site_name":"Vardesenteret","article_published_time":"2024-12-20T09:47:45+00:00","article_modified_time":"2025-08-06T09:02:04+00:00","og_image":[{"width":800,"height":533,"url":"https:\/\/kreftforeningen.no\/content\/uploads\/2022\/10\/omw_Radium-Varde.059_Bruksrettighet__Fotograf_Ole-Martin-Wold_Copyright_.png","type":"image\/jpeg"}],"twitter_card":"summary_large_image","twitter_misc":{"Ansl. lesetid":"2 minutter"},"schema":{"@context":"https:\/\/schema.org","@graph":[{"@type":"WebPage","@id":"https:\/\/kreftforeningen.no\/vardesenteret\/tilbud\/mindfulness-time-3\/","url":"https:\/\/kreftforeningen.no\/vardesenteret\/tilbud\/mindfulness-time-3\/","name":"Mindfulness-time - Vardesenteret","isPartOf":{"@id":"https:\/\/kreftforeningen.no\/vardesenteret\/#website"},"primaryImageOfPage":{"@id":"https:\/\/kreftforeningen.no\/vardesenteret\/tilbud\/mindfulness-time-3\/#primaryimage"},"image":{"@id":"https:\/\/kreftforeningen.no\/vardesenteret\/tilbud\/mindfulness-time-3\/#primaryimage"},"thumbnailUrl":"https:\/\/kreftforeningen.no\/content\/uploads\/2022\/10\/omw_Radium-Varde.059_Bruksrettighet__Fotograf_Ole-Martin-Wold_Copyright_.png","datePublished":"2024-12-20T09:47:45+00:00","dateModified":"2025-08-06T09:02:04+00:00","breadcrumb":{"@id":"https:\/\/kreftforeningen.no\/vardesenteret\/tilbud\/mindfulness-time-3\/#breadcrumb"},"inLanguage":"nb-NO","potentialAction":[{"@type":"ReadAction","target":["https:\/\/kreftforeningen.no\/vardesenteret\/tilbud\/mindfulness-time-3\/"]}]},{"@type":"ImageObject","inLanguage":"nb-NO","@id":"https:\/\/kreftforeningen.no\/vardesenteret\/tilbud\/mindfulness-time-3\/#primaryimage","url":"https:\/\/kreftforeningen.no\/content\/uploads\/2022\/10\/omw_Radium-Varde.059_Bruksrettighet__Fotograf_Ole-Martin-Wold_Copyright_.png","contentUrl":"https:\/\/kreftforeningen.no\/content\/uploads\/2022\/10\/omw_Radium-Varde.059_Bruksrettighet__Fotograf_Ole-Martin-Wold_Copyright_.png"},{"@type":"BreadcrumbList","@id":"https:\/\/kreftforeningen.no\/vardesenteret\/tilbud\/mindfulness-time-3\/#breadcrumb","itemListElement":[{"@type":"ListItem","position":1,"name":"Forside","item":"https:\/\/kreftforeningen.no\/vardesenteret\/"},{"@type":"ListItem","position":2,"name":"Tilbud","item":"https:\/\/kreftforeningen.no\/vardesenteret\/tilbud\/"},{"@type":"ListItem","position":3,"name":"Mindfulness-time"}]},{"@type":"WebSite","@id":"https:\/\/kreftforeningen.no\/vardesenteret\/#website","url":"https:\/\/kreftforeningen.no\/vardesenteret\/","name":"Vardesenteret","description":"","publisher":{"@id":"https:\/\/kreftforeningen.no\/vardesenteret\/#organization"},"potentialAction":[{"@type":"SearchAction","target":{"@type":"EntryPoint","urlTemplate":"https:\/\/kreftforeningen.no\/vardesenteret\/?s={search_term_string}"},"query-input":{"@type":"PropertyValueSpecification","valueRequired":true,"valueName":"search_term_string"}}],"inLanguage":"nb-NO"},{"@type":"Organization","@id":"https:\/\/kreftforeningen.no\/vardesenteret\/#organization","name":"Vardesenteret","url":"https:\/\/kreftforeningen.no\/vardesenteret\/","logo":{"@type":"ImageObject","inLanguage":"nb-NO","@id":"https:\/\/kreftforeningen.no\/vardesenteret\/#\/schema\/logo\/image\/","url":"https:\/\/kreftforeningen.no\/content\/uploads\/2026\/02\/cropped-Vardesenter_signatur_sort_horisontal_uten-undertekst-e1589886700835.png","contentUrl":"https:\/\/kreftforeningen.no\/content\/uploads\/2026\/02\/cropped-Vardesenter_signatur_sort_horisontal_uten-undertekst-e1589886700835.png","caption":"Vardesenteret"},"image":{"@id":"https:\/\/kreftforeningen.no\/vardesenteret\/#\/schema\/logo\/image\/"}}]}},"_links":{"self":[{"href":"https:\/\/kreftforeningen.no\/vardesenteret\/wp-json\/wp\/v2\/service\/7177","targetHints":{"allow":["GET"]}}],"collection":[{"href":"https:\/\/kreftforeningen.no\/vardesenteret\/wp-json\/wp\/v2\/service"}],"about":[{"href":"https:\/\/kreftforeningen.no\/vardesenteret\/wp-json\/wp\/v2\/types\/service"}],"author":[{"embeddable":true,"href":"https:\/\/kreftforeningen.no\/vardesenteret\/wp-json\/wp\/v2\/users\/71"}],"version-history":[{"count":3,"href":"https:\/\/kreftforeningen.no\/vardesenteret\/wp-json\/wp\/v2\/service\/7177\/revisions"}],"predecessor-version":[{"id":8746,"href":"https:\/\/kreftforeningen.no\/vardesenteret\/wp-json\/wp\/v2\/service\/7177\/revisions\/8746"}],"wp:featuredmedia":[{"embeddable":true,"href":"https:\/\/kreftforeningen.no\/vardesenteret\/wp-json\/"}],"wp:attachment":[{"href":"https:\/\/kreftforeningen.no\/vardesenteret\/wp-json\/wp\/v2\/media?parent=7177"}],"wp:term":[{"taxonomy":"county","embeddable":true,"href":"https:\/\/kreftforeningen.no\/vardesenteret\/wp-json\/wp\/v2\/county?post=7177"},{"taxonomy":"subject","embeddable":true,"href":"https:\/\/kreftforeningen.no\/vardesenteret\/wp-json\/wp\/v2\/subject?post=7177"}],"curies":[{"name":"wp","href":"https:\/\/api.w.org\/{rel}","templated":true}]}}