{"id":7213,"date":"2024-12-20T14:16:34","date_gmt":"2024-12-20T13:16:34","guid":{"rendered":"https:\/\/kreftforeningen.no\/vardesenteret\/?post_type=service&#038;p=7213"},"modified":"2026-03-27T09:13:22","modified_gmt":"2026-03-27T08:13:22","slug":"undervisning-for-pasienter-etter-operasjon-for-brystkreft-eller-forstadier-til-brystkreft-2","status":"publish","type":"service","link":"https:\/\/kreftforeningen.no\/vardesenteret\/tilbud\/undervisning-for-pasienter-etter-operasjon-for-brystkreft-eller-forstadier-til-brystkreft-2\/","title":{"rendered":"Undervisning for pasienter etter operasjon for brystkreft."},"content":{"rendered":"\n\n\n<div class=\"wp-block-kf-ingress\"><div class=\"kf-header__ingress\"><p>Her f\u00e5r du faglig informasjon, samt gjennomgang av fysiske \u00f8velser. Kurset holdes p\u00e5 Vardesenteret i Bergen, og ledes av sykepleier og fysioterapeut.<\/p><\/div><\/div>\n\n\n\n<p>Det er en gruppeundervisning for pasienter som har operert for brystkreft. Vi g\u00e5r gjennom \u00f8velser for rehabilitering av det opererte omr\u00e5det. \u00d8velsene gj\u00f8res st\u00e5ende. Fysioterapeut informerer og g\u00e5r gjennom \u00f8velser. Sykepleier fra Bryst- og endokrinkirurgisk poliklinikk svarer p\u00e5 sp\u00f8rsm\u00e5l og orienterer om rehabilitering.\u202f\u202f&nbsp;<br><\/p>\n\n\n\n<p>Tid:<br>23. april kl. 13:00-14:30<\/p>\n\n\n\n<p><strong>\u00d8vrige kurs denne v\u00e5ren:<\/strong><br>28. mai kl. 13:00-14:30<br>4. juni kl. 13:00-14:30<\/p>\n\n\n\n<h2 class=\"wp-block-heading\" id=\"h-pamelding\">P\u00e5melding<\/h2>\n\n\n\n<p>Kurset krever p\u00e5melding\/henvisning.<br>For informasjon om deltakelse, ta kontakt med Bryst og endokrinkirurgisk poliklinikk p\u00e5 telefon&nbsp;<a href=\"tel:55976092\">55 97 60 92<\/a>.<\/p>\n\n\n<div class=\"wp-block-kf-event-info \">\n\t\t\t<div class=\"top-text\">\n\t\t\t\tUndervisning for pasienter etter operasjon for brystkreft\n\t\t\t<\/div>\n\t\t\t<p class=\"date\"><svg xmlns=\"http:\/\/www.w3.org\/2000\/svg\" width=\"24\" height=\"24\" viewBox=\"0 0 24 24\" fill=\"none\" stroke=\"currentColor\" stroke-width=\"2\" stroke-linecap=\"round\" stroke-linejoin=\"round\" class=\"lucide lucide-clock-icon lucide-clock\"><path d=\"M12 6v6l4 2\"\/><circle cx=\"12\" cy=\"12\" r=\"10\"\/><\/svg> 23. apr. 13.00\u201314.30<\/p>\n\t\t\t<p class=\"location\"><svg xmlns=\"http:\/\/www.w3.org\/2000\/svg\" width=\"24\" height=\"24\" viewBox=\"0 0 24 24\" fill=\"none\" stroke=\"currentColor\" stroke-width=\"2\" stroke-linecap=\"round\" stroke-linejoin=\"round\" class=\"lucide lucide-map-pin-icon lucide-map-pin\"><path d=\"M20 10c0 4.993-5.539 10.193-7.399 11.799a1 1 0 0 1-1.202 0C9.539 20.193 4 14.993 4 10a8 8 0 0 1 16 0\"\/><circle cx=\"12\" cy=\"10\" r=\"3\"\/><\/svg> <a class=\"link\" href=\"https:\/\/maps.google.com\/?q=Vardesenteret, Ibsens gate 118\" rel=\"noopener noreferrer\">Vardesenteret, Ibsens gate 118 (google.com)<\/a><\/p>\n\t\t\t<p class=\"ticket\"><svg xmlns=\"http:\/\/www.w3.org\/2000\/svg\" width=\"24\" height=\"24\" viewBox=\"0 0 24 24\" fill=\"none\" stroke=\"currentColor\" stroke-width=\"2\" stroke-linecap=\"round\" stroke-linejoin=\"round\" class=\"lucide lucide-ticket-icon lucide-ticket\"><path d=\"M2 9a3 3 0 0 1 0 6v2a2 2 0 0 0 2 2h16a2 2 0 0 0 2-2v-2a3 3 0 0 1 0-6V7a2 2 0 0 0-2-2H4a2 2 0 0 0-2 2Z\"\/><path d=\"M13 5v2\"\/><path d=\"M13 17v2\"\/><path d=\"M13 11v2\"\/><\/svg> Gratis<\/p>\n\t\t\t\n\t\t\t\n\t\t<\/div>","protected":false},"author":71,"featured_media":184431,"parent":0,"menu_order":0,"template":"","meta":{"_relevanssi_hide_post":"","_relevanssi_hide_content":"","_relevanssi_pin_for_all":"","_relevanssi_pin_keywords":"","_relevanssi_unpin_keywords":"","_relevanssi_related_keywords":"","_relevanssi_related_include_ids":"","_relevanssi_related_exclude_ids":"","_relevanssi_related_no_append":"","_relevanssi_related_not_related":"","_relevanssi_related_posts":"3838,4597,3049,3148,4991,6763","_relevanssi_noindex_reason":"","kf_show_post_date":true,"kf_show_updated_date":false,"kf_show_print_page":false,"kf_show_chapters":false,"kf_show_chapters_expanded":false,"kf_show_post_outdated":true,"kf_toggle_title":false,"kf_is_template":false,"kf_post_authors":[],"teft_cards_label":"Vardesenteret i Bergen","teft_cards_image_id":0,"teft_cards_image_focal_point_x":0,"teft_cards_image_focal_point_y":0,"teft_cards_title":"","teft_cards_excerpt":"","kf_service_priority":false,"kf_service_duration":"single","kf_service_date_end":"2026-04-23T14:30:00","kf_service_date_start":"2026-04-23T13:00:00","kf_service_location":"Vardesenteret, Ibsens gate 118","kf_service_url":"","kf_service_price":"Gratis","kf_service_featured_image_description":"","footnotes":""},"county":[56],"subject":[64,59],"class_list":["post-7213","service","type-service","status-publish","has-post-thumbnail","hentry","county-vestland","subject-kurs-og-foredrag","subject-leve-med-og-etter-kreft"],"yoast_head":"<!-- This site is optimized with the Yoast SEO Premium plugin v27.3 (Yoast SEO v27.4) - https:\/\/yoast.com\/product\/yoast-seo-premium-wordpress\/ -->\n<title>Undervisning for pasienter etter operasjon for brystkreft. - Vardesenteret<\/title>\n<meta name=\"robots\" content=\"index, follow, max-snippet:-1, max-image-preview:large, max-video-preview:-1\" \/>\n<link rel=\"canonical\" href=\"https:\/\/kreftforeningen.no\/vardesenteret\/tilbud\/undervisning-for-pasienter-etter-operasjon-for-brystkreft-eller-forstadier-til-brystkreft-2\/\" \/>\n<meta property=\"og:locale\" content=\"nb_NO\" \/>\n<meta property=\"og:type\" content=\"article\" \/>\n<meta property=\"og:title\" content=\"Undervisning for pasienter etter operasjon for brystkreft.\" \/>\n<meta property=\"og:description\" content=\"Det er en gruppeundervisning for pasienter som har operert for brystkreft. Vi g\u00e5r gjennom \u00f8velser for rehabilitering av det opererte omr\u00e5det. \u00d8velsene gj\u00f8res st\u00e5ende. Fysioterapeut informerer og g\u00e5r gjennom \u00f8velser. Sykepleier fra Bryst- og endokrinkirurgisk poliklinikk svarer p\u00e5 sp\u00f8rsm\u00e5l og orienterer om rehabilitering.\u202f\u202f&nbsp; Tid:23. april kl. 13:00-14:30 \u00d8vrige kurs denne v\u00e5ren:28. mai kl. 13:00-14:304. juni [&hellip;]\" \/>\n<meta property=\"og:url\" content=\"https:\/\/kreftforeningen.no\/vardesenteret\/tilbud\/undervisning-for-pasienter-etter-operasjon-for-brystkreft-eller-forstadier-til-brystkreft-2\/\" \/>\n<meta property=\"og:site_name\" content=\"Vardesenteret\" \/>\n<meta property=\"article:published_time\" content=\"2024-12-20T13:16:34+00:00\" \/>\n<meta property=\"article:modified_time\" content=\"2026-03-27T08:13:22+00:00\" \/>\n<meta property=\"og:image\" content=\"https:\/\/kreftforeningen.no\/content\/uploads\/2024\/12\/2-vardesenter_Foto-Ole-Martin-Wold.jpg.jpg.webp\" \/>\n\t<meta property=\"og:image:width\" content=\"1391\" \/>\n\t<meta property=\"og:image:height\" content=\"928\" \/>\n\t<meta property=\"og:image:type\" content=\"image\/jpeg\" \/>\n<meta name=\"twitter:card\" content=\"summary_large_image\" \/>\n<meta name=\"twitter:label1\" content=\"Ansl. lesetid\" \/>\n\t<meta name=\"twitter:data1\" content=\"1 minutt\" \/>\n<script type=\"application\/ld+json\" class=\"yoast-schema-graph\">{\"@context\":\"https:\\\/\\\/schema.org\",\"@graph\":[{\"@type\":\"WebPage\",\"@id\":\"https:\\\/\\\/kreftforeningen.no\\\/vardesenteret\\\/tilbud\\\/undervisning-for-pasienter-etter-operasjon-for-brystkreft-eller-forstadier-til-brystkreft-2\\\/\",\"url\":\"https:\\\/\\\/kreftforeningen.no\\\/vardesenteret\\\/tilbud\\\/undervisning-for-pasienter-etter-operasjon-for-brystkreft-eller-forstadier-til-brystkreft-2\\\/\",\"name\":\"Undervisning for pasienter etter operasjon for brystkreft. - Vardesenteret\",\"isPartOf\":{\"@id\":\"https:\\\/\\\/kreftforeningen.no\\\/vardesenteret\\\/#website\"},\"primaryImageOfPage\":{\"@id\":\"https:\\\/\\\/kreftforeningen.no\\\/vardesenteret\\\/tilbud\\\/undervisning-for-pasienter-etter-operasjon-for-brystkreft-eller-forstadier-til-brystkreft-2\\\/#primaryimage\"},\"image\":{\"@id\":\"https:\\\/\\\/kreftforeningen.no\\\/vardesenteret\\\/tilbud\\\/undervisning-for-pasienter-etter-operasjon-for-brystkreft-eller-forstadier-til-brystkreft-2\\\/#primaryimage\"},\"thumbnailUrl\":\"https:\\\/\\\/kreftforeningen.no\\\/content\\\/uploads\\\/2024\\\/12\\\/2-vardesenter_Foto-Ole-Martin-Wold.jpg.jpg.webp\",\"datePublished\":\"2024-12-20T13:16:34+00:00\",\"dateModified\":\"2026-03-27T08:13:22+00:00\",\"breadcrumb\":{\"@id\":\"https:\\\/\\\/kreftforeningen.no\\\/vardesenteret\\\/tilbud\\\/undervisning-for-pasienter-etter-operasjon-for-brystkreft-eller-forstadier-til-brystkreft-2\\\/#breadcrumb\"},\"inLanguage\":\"nb-NO\",\"potentialAction\":[{\"@type\":\"ReadAction\",\"target\":[\"https:\\\/\\\/kreftforeningen.no\\\/vardesenteret\\\/tilbud\\\/undervisning-for-pasienter-etter-operasjon-for-brystkreft-eller-forstadier-til-brystkreft-2\\\/\"]}]},{\"@type\":\"ImageObject\",\"inLanguage\":\"nb-NO\",\"@id\":\"https:\\\/\\\/kreftforeningen.no\\\/vardesenteret\\\/tilbud\\\/undervisning-for-pasienter-etter-operasjon-for-brystkreft-eller-forstadier-til-brystkreft-2\\\/#primaryimage\",\"url\":\"https:\\\/\\\/kreftforeningen.no\\\/content\\\/uploads\\\/2024\\\/12\\\/2-vardesenter_Foto-Ole-Martin-Wold.jpg.jpg.webp\",\"contentUrl\":\"https:\\\/\\\/kreftforeningen.no\\\/content\\\/uploads\\\/2024\\\/12\\\/2-vardesenter_Foto-Ole-Martin-Wold.jpg.jpg.webp\"},{\"@type\":\"BreadcrumbList\",\"@id\":\"https:\\\/\\\/kreftforeningen.no\\\/vardesenteret\\\/tilbud\\\/undervisning-for-pasienter-etter-operasjon-for-brystkreft-eller-forstadier-til-brystkreft-2\\\/#breadcrumb\",\"itemListElement\":[{\"@type\":\"ListItem\",\"position\":1,\"name\":\"Forside\",\"item\":\"https:\\\/\\\/kreftforeningen.no\\\/vardesenteret\\\/\"},{\"@type\":\"ListItem\",\"position\":2,\"name\":\"Tilbud\",\"item\":\"https:\\\/\\\/kreftforeningen.no\\\/vardesenteret\\\/tilbud\\\/\"},{\"@type\":\"ListItem\",\"position\":3,\"name\":\"Undervisning for pasienter etter operasjon for brystkreft.\"}]},{\"@type\":\"WebSite\",\"@id\":\"https:\\\/\\\/kreftforeningen.no\\\/vardesenteret\\\/#website\",\"url\":\"https:\\\/\\\/kreftforeningen.no\\\/vardesenteret\\\/\",\"name\":\"Vardesenteret\",\"description\":\"\",\"publisher\":{\"@id\":\"https:\\\/\\\/kreftforeningen.no\\\/vardesenteret\\\/#organization\"},\"potentialAction\":[{\"@type\":\"SearchAction\",\"target\":{\"@type\":\"EntryPoint\",\"urlTemplate\":\"https:\\\/\\\/kreftforeningen.no\\\/vardesenteret\\\/?s={search_term_string}\"},\"query-input\":{\"@type\":\"PropertyValueSpecification\",\"valueRequired\":true,\"valueName\":\"search_term_string\"}}],\"inLanguage\":\"nb-NO\"},{\"@type\":\"Organization\",\"@id\":\"https:\\\/\\\/kreftforeningen.no\\\/vardesenteret\\\/#organization\",\"name\":\"Vardesenteret\",\"url\":\"https:\\\/\\\/kreftforeningen.no\\\/vardesenteret\\\/\",\"logo\":{\"@type\":\"ImageObject\",\"inLanguage\":\"nb-NO\",\"@id\":\"https:\\\/\\\/kreftforeningen.no\\\/vardesenteret\\\/#\\\/schema\\\/logo\\\/image\\\/\",\"url\":\"https:\\\/\\\/kreftforeningen.no\\\/content\\\/uploads\\\/2026\\\/02\\\/cropped-Vardesenter_signatur_sort_horisontal_uten-undertekst-e1589886700835.png\",\"contentUrl\":\"https:\\\/\\\/kreftforeningen.no\\\/content\\\/uploads\\\/2026\\\/02\\\/cropped-Vardesenter_signatur_sort_horisontal_uten-undertekst-e1589886700835.png\",\"caption\":\"Vardesenteret\"},\"image\":{\"@id\":\"https:\\\/\\\/kreftforeningen.no\\\/vardesenteret\\\/#\\\/schema\\\/logo\\\/image\\\/\"}}]}<\/script>\n<!-- \/ Yoast SEO Premium plugin. -->","yoast_head_json":{"title":"Undervisning for pasienter etter operasjon for brystkreft. - Vardesenteret","robots":{"index":"index","follow":"follow","max-snippet":"max-snippet:-1","max-image-preview":"max-image-preview:large","max-video-preview":"max-video-preview:-1"},"canonical":"https:\/\/kreftforeningen.no\/vardesenteret\/tilbud\/undervisning-for-pasienter-etter-operasjon-for-brystkreft-eller-forstadier-til-brystkreft-2\/","og_locale":"nb_NO","og_type":"article","og_title":"Undervisning for pasienter etter operasjon for brystkreft.","og_description":"Det er en gruppeundervisning for pasienter som har operert for brystkreft. Vi g\u00e5r gjennom \u00f8velser for rehabilitering av det opererte omr\u00e5det. \u00d8velsene gj\u00f8res st\u00e5ende. Fysioterapeut informerer og g\u00e5r gjennom \u00f8velser. Sykepleier fra Bryst- og endokrinkirurgisk poliklinikk svarer p\u00e5 sp\u00f8rsm\u00e5l og orienterer om rehabilitering.\u202f\u202f&nbsp; Tid:23. april kl. 13:00-14:30 \u00d8vrige kurs denne v\u00e5ren:28. mai kl. 13:00-14:304. juni [&hellip;]","og_url":"https:\/\/kreftforeningen.no\/vardesenteret\/tilbud\/undervisning-for-pasienter-etter-operasjon-for-brystkreft-eller-forstadier-til-brystkreft-2\/","og_site_name":"Vardesenteret","article_published_time":"2024-12-20T13:16:34+00:00","article_modified_time":"2026-03-27T08:13:22+00:00","og_image":[{"width":1391,"height":928,"url":"https:\/\/kreftforeningen.no\/content\/uploads\/2024\/12\/2-vardesenter_Foto-Ole-Martin-Wold.jpg.jpg.webp","type":"image\/jpeg"}],"twitter_card":"summary_large_image","twitter_misc":{"Ansl. lesetid":"1 minutt"},"schema":{"@context":"https:\/\/schema.org","@graph":[{"@type":"WebPage","@id":"https:\/\/kreftforeningen.no\/vardesenteret\/tilbud\/undervisning-for-pasienter-etter-operasjon-for-brystkreft-eller-forstadier-til-brystkreft-2\/","url":"https:\/\/kreftforeningen.no\/vardesenteret\/tilbud\/undervisning-for-pasienter-etter-operasjon-for-brystkreft-eller-forstadier-til-brystkreft-2\/","name":"Undervisning for pasienter etter operasjon for brystkreft. - Vardesenteret","isPartOf":{"@id":"https:\/\/kreftforeningen.no\/vardesenteret\/#website"},"primaryImageOfPage":{"@id":"https:\/\/kreftforeningen.no\/vardesenteret\/tilbud\/undervisning-for-pasienter-etter-operasjon-for-brystkreft-eller-forstadier-til-brystkreft-2\/#primaryimage"},"image":{"@id":"https:\/\/kreftforeningen.no\/vardesenteret\/tilbud\/undervisning-for-pasienter-etter-operasjon-for-brystkreft-eller-forstadier-til-brystkreft-2\/#primaryimage"},"thumbnailUrl":"https:\/\/kreftforeningen.no\/content\/uploads\/2024\/12\/2-vardesenter_Foto-Ole-Martin-Wold.jpg.jpg.webp","datePublished":"2024-12-20T13:16:34+00:00","dateModified":"2026-03-27T08:13:22+00:00","breadcrumb":{"@id":"https:\/\/kreftforeningen.no\/vardesenteret\/tilbud\/undervisning-for-pasienter-etter-operasjon-for-brystkreft-eller-forstadier-til-brystkreft-2\/#breadcrumb"},"inLanguage":"nb-NO","potentialAction":[{"@type":"ReadAction","target":["https:\/\/kreftforeningen.no\/vardesenteret\/tilbud\/undervisning-for-pasienter-etter-operasjon-for-brystkreft-eller-forstadier-til-brystkreft-2\/"]}]},{"@type":"ImageObject","inLanguage":"nb-NO","@id":"https:\/\/kreftforeningen.no\/vardesenteret\/tilbud\/undervisning-for-pasienter-etter-operasjon-for-brystkreft-eller-forstadier-til-brystkreft-2\/#primaryimage","url":"https:\/\/kreftforeningen.no\/content\/uploads\/2024\/12\/2-vardesenter_Foto-Ole-Martin-Wold.jpg.jpg.webp","contentUrl":"https:\/\/kreftforeningen.no\/content\/uploads\/2024\/12\/2-vardesenter_Foto-Ole-Martin-Wold.jpg.jpg.webp"},{"@type":"BreadcrumbList","@id":"https:\/\/kreftforeningen.no\/vardesenteret\/tilbud\/undervisning-for-pasienter-etter-operasjon-for-brystkreft-eller-forstadier-til-brystkreft-2\/#breadcrumb","itemListElement":[{"@type":"ListItem","position":1,"name":"Forside","item":"https:\/\/kreftforeningen.no\/vardesenteret\/"},{"@type":"ListItem","position":2,"name":"Tilbud","item":"https:\/\/kreftforeningen.no\/vardesenteret\/tilbud\/"},{"@type":"ListItem","position":3,"name":"Undervisning for pasienter etter operasjon for brystkreft."}]},{"@type":"WebSite","@id":"https:\/\/kreftforeningen.no\/vardesenteret\/#website","url":"https:\/\/kreftforeningen.no\/vardesenteret\/","name":"Vardesenteret","description":"","publisher":{"@id":"https:\/\/kreftforeningen.no\/vardesenteret\/#organization"},"potentialAction":[{"@type":"SearchAction","target":{"@type":"EntryPoint","urlTemplate":"https:\/\/kreftforeningen.no\/vardesenteret\/?s={search_term_string}"},"query-input":{"@type":"PropertyValueSpecification","valueRequired":true,"valueName":"search_term_string"}}],"inLanguage":"nb-NO"},{"@type":"Organization","@id":"https:\/\/kreftforeningen.no\/vardesenteret\/#organization","name":"Vardesenteret","url":"https:\/\/kreftforeningen.no\/vardesenteret\/","logo":{"@type":"ImageObject","inLanguage":"nb-NO","@id":"https:\/\/kreftforeningen.no\/vardesenteret\/#\/schema\/logo\/image\/","url":"https:\/\/kreftforeningen.no\/content\/uploads\/2026\/02\/cropped-Vardesenter_signatur_sort_horisontal_uten-undertekst-e1589886700835.png","contentUrl":"https:\/\/kreftforeningen.no\/content\/uploads\/2026\/02\/cropped-Vardesenter_signatur_sort_horisontal_uten-undertekst-e1589886700835.png","caption":"Vardesenteret"},"image":{"@id":"https:\/\/kreftforeningen.no\/vardesenteret\/#\/schema\/logo\/image\/"}}]}},"_links":{"self":[{"href":"https:\/\/kreftforeningen.no\/vardesenteret\/wp-json\/wp\/v2\/service\/7213","targetHints":{"allow":["GET"]}}],"collection":[{"href":"https:\/\/kreftforeningen.no\/vardesenteret\/wp-json\/wp\/v2\/service"}],"about":[{"href":"https:\/\/kreftforeningen.no\/vardesenteret\/wp-json\/wp\/v2\/types\/service"}],"author":[{"embeddable":true,"href":"https:\/\/kreftforeningen.no\/vardesenteret\/wp-json\/wp\/v2\/users\/71"}],"version-history":[{"count":14,"href":"https:\/\/kreftforeningen.no\/vardesenteret\/wp-json\/wp\/v2\/service\/7213\/revisions"}],"predecessor-version":[{"id":10078,"href":"https:\/\/kreftforeningen.no\/vardesenteret\/wp-json\/wp\/v2\/service\/7213\/revisions\/10078"}],"wp:featuredmedia":[{"embeddable":true,"href":"https:\/\/kreftforeningen.no\/vardesenteret\/wp-json\/"}],"wp:attachment":[{"href":"https:\/\/kreftforeningen.no\/vardesenteret\/wp-json\/wp\/v2\/media?parent=7213"}],"wp:term":[{"taxonomy":"county","embeddable":true,"href":"https:\/\/kreftforeningen.no\/vardesenteret\/wp-json\/wp\/v2\/county?post=7213"},{"taxonomy":"subject","embeddable":true,"href":"https:\/\/kreftforeningen.no\/vardesenteret\/wp-json\/wp\/v2\/subject?post=7213"}],"curies":[{"name":"wp","href":"https:\/\/api.w.org\/{rel}","templated":true}]}}