{"id":7273,"date":"2025-01-06T09:28:32","date_gmt":"2025-01-06T08:28:32","guid":{"rendered":"https:\/\/kreftforeningen.no\/vardesenteret\/?post_type=service&#038;p=7273"},"modified":"2026-04-24T11:17:23","modified_gmt":"2026-04-24T09:17:23","slug":"har-du-opplevd-vektoppgang-som-en-konsekvens-av-kreftbehandling-digitalt-foredrag","status":"publish","type":"service","link":"https:\/\/kreftforeningen.no\/vardesenteret\/tilbud\/har-du-opplevd-vektoppgang-som-en-konsekvens-av-kreftbehandling-digitalt-foredrag\/","title":{"rendered":"Har du opplevd vektoppgang som en konsekvens av kreftbehandling? \u2013 Digitalt foredrag"},"content":{"rendered":"\n\n\n<div class=\"wp-block-kf-ingress\"><div class=\"kf-header__ingress\"><p>Klinisk ern\u00e6ringsfysiolog Anita Helland gir r\u00e5d om hvilke grep du kan ta, og du vil f\u00e5 konkrete og praktiske tips i dette digitale kostholdskurset.<\/p><\/div><\/div>\n\n\n\n<p>Velkommen til digitalt kostholdskurs\/-foredrag. Dette gjennomf\u00f8res som et videom\u00f8te i et digitalt m\u00f8terom via Join.<\/p>\n\n\n\n<h2 class=\"wp-block-heading\" id=\"h-pamelding\">P\u00e5melding<\/h2>\n\n\n\n<p>Kurset er tilgjengelig digitalt for pasienter og p\u00e5r\u00f8rende fra hele landet.<\/p>\n\n\n\n<p>Det er begrensede plasser, men du kan melde deg p\u00e5 venteliste dersom kurset er fulltegnet.&nbsp;&nbsp;<\/p>\n\n\n\n<p>Du vil f\u00e5 presentasjonen og viktige lenker tilsendt i etterkant av m\u00f8tet.<\/p>\n\n\n<div class=\"wp-block-kf-event-info \">\n\t\t\t<div class=\"top-text\">\n\t\t\t\tDigitalt kostholdskurs: U\u00f8nsket vektoppgang etter kreftbehandling\n\t\t\t<\/div>\n\t\t\t<p class=\"date\"><svg xmlns=\"http:\/\/www.w3.org\/2000\/svg\" width=\"24\" height=\"24\" viewBox=\"0 0 24 24\" fill=\"none\" stroke=\"currentColor\" stroke-width=\"2\" stroke-linecap=\"round\" stroke-linejoin=\"round\" class=\"lucide lucide-clock-icon lucide-clock\"><path d=\"M12 6v6l4 2\"\/><circle cx=\"12\" cy=\"12\" r=\"10\"\/><\/svg> 11. mai 14.00\u201315.00<\/p>\n\t\t\t<p class=\"location\"><svg xmlns=\"http:\/\/www.w3.org\/2000\/svg\" width=\"24\" height=\"24\" viewBox=\"0 0 24 24\" fill=\"none\" stroke=\"currentColor\" stroke-width=\"2\" stroke-linecap=\"round\" stroke-linejoin=\"round\" class=\"lucide lucide-map-pin-icon lucide-map-pin\"><path d=\"M20 10c0 4.993-5.539 10.193-7.399 11.799a1 1 0 0 1-1.202 0C9.539 20.193 4 14.993 4 10a8 8 0 0 1 16 0\"\/><circle cx=\"12\" cy=\"10\" r=\"3\"\/><\/svg> <a class=\"link\" href=\"https:\/\/maps.google.com\/?q=Digitalt kurs\" rel=\"noopener noreferrer\">Digitalt kurs (google.com)<\/a><\/p>\n\t\t\t<p class=\"ticket\"><svg xmlns=\"http:\/\/www.w3.org\/2000\/svg\" width=\"24\" height=\"24\" viewBox=\"0 0 24 24\" fill=\"none\" stroke=\"currentColor\" stroke-width=\"2\" stroke-linecap=\"round\" stroke-linejoin=\"round\" class=\"lucide lucide-ticket-icon lucide-ticket\"><path d=\"M2 9a3 3 0 0 1 0 6v2a2 2 0 0 0 2 2h16a2 2 0 0 0 2-2v-2a3 3 0 0 1 0-6V7a2 2 0 0 0-2-2H4a2 2 0 0 0-2 2Z\"\/><path d=\"M13 5v2\"\/><path d=\"M13 17v2\"\/><path d=\"M13 11v2\"\/><\/svg> Gratis<\/p>\n\t\t\t<div class=\"bottom-text\">\n\t\t\t\tKurset har begrenset antall plasser, og krever p\u00e5melding\n\t\t\t<\/div>\n\t\t\t<a href=\"https:\/\/assets-eur.mkt.dynamics.com\/0da121ef-b5f8-ee11-9048-0022489e5e62\/digitalassets\/standaloneforms\/71653600-8005-f011-bae3-000d3ab80878?readableEventId=230326_Digitalt_kostholdskurs_Unsket_vektoppgang201674755\" target=\"_blank\" rel=\"noopener noreferrer\"><button>Meld deg p\u00e5 (assets-eur.mkt.dynamics.com)<\/button><\/a>\n\t\t<\/div>\n\n\n<p><\/p>\n","protected":false},"author":71,"featured_media":176072,"parent":0,"menu_order":0,"template":"","meta":{"_relevanssi_hide_post":"","_relevanssi_hide_content":"","_relevanssi_pin_for_all":"","_relevanssi_pin_keywords":"","_relevanssi_unpin_keywords":"","_relevanssi_related_keywords":"","_relevanssi_related_include_ids":"","_relevanssi_related_exclude_ids":"","_relevanssi_related_no_append":"","_relevanssi_related_not_related":"","_relevanssi_related_posts":"3288,4597,3838,3148,4991,3866","_relevanssi_noindex_reason":"","kf_show_post_date":true,"kf_show_updated_date":false,"kf_show_print_page":false,"kf_show_chapters":false,"kf_show_chapters_expanded":false,"kf_show_post_outdated":true,"kf_toggle_title":false,"kf_is_template":false,"kf_post_authors":[],"teft_cards_label":"Vardesenteret i Bergen","teft_cards_image_id":0,"teft_cards_image_focal_point_x":0,"teft_cards_image_focal_point_y":0,"teft_cards_title":"","teft_cards_excerpt":"","kf_service_priority":false,"kf_service_duration":"single","kf_service_date_end":"2026-05-11T15:00:00","kf_service_date_start":"2026-05-11T14:00:00","kf_service_location":"Digitalt kurs","kf_service_url":"https:\/\/assets-eur.mkt.dynamics.com\/0da121ef-b5f8-ee11-9048-0022489e5e62\/digitalassets\/standaloneforms\/71653600-8005-f011-bae3-000d3ab80878?readableEventId=230326_Digitalt_kostholdskurs_Unsket_vektoppgang201674755","kf_service_price":"Gratis","kf_service_featured_image_description":"","footnotes":""},"county":[47,130,129,135,48,49,50,51,131,52,133,134,55,132,56],"subject":[74,117,62],"class_list":["post-7273","service","type-service","status-publish","has-post-thumbnail","hentry","county-agder","county-akershus","county-buskerud","county-finnmark","county-innlandet","county-more-og-romsdal","county-nordland","county-oslo","county-ostfold","county-rogaland","county-telemark","county-troms","county-trondelag","county-vestfold","county-vestland","subject-digitalt","subject-foredrag","subject-mat-og-kosthold"],"yoast_head":"<!-- This site is optimized with the Yoast SEO Premium plugin v27.3 (Yoast SEO v27.4) - https:\/\/yoast.com\/product\/yoast-seo-premium-wordpress\/ -->\n<title>Har du opplevd vektoppgang som en konsekvens av kreftbehandling? \u2013 Digitalt foredrag - Vardesenteret<\/title>\n<meta name=\"robots\" content=\"index, follow, max-snippet:-1, max-image-preview:large, max-video-preview:-1\" \/>\n<link rel=\"canonical\" href=\"https:\/\/kreftforeningen.no\/vardesenteret\/tilbud\/har-du-opplevd-vektoppgang-som-en-konsekvens-av-kreftbehandling-digitalt-foredrag\/\" \/>\n<meta property=\"og:locale\" content=\"nb_NO\" \/>\n<meta property=\"og:type\" content=\"article\" \/>\n<meta property=\"og:title\" content=\"Har du opplevd vektoppgang som en konsekvens av kreftbehandling? \u2013 Digitalt foredrag\" \/>\n<meta property=\"og:description\" content=\"Velkommen til digitalt kostholdskurs\/-foredrag. Dette gjennomf\u00f8res som et videom\u00f8te i et digitalt m\u00f8terom via Join. P\u00e5melding Kurset er tilgjengelig digitalt for pasienter og p\u00e5r\u00f8rende fra hele landet. Det er begrensede plasser, men du kan melde deg p\u00e5 venteliste dersom kurset er fulltegnet.&nbsp;&nbsp; Du vil f\u00e5 presentasjonen og viktige lenker tilsendt i etterkant av m\u00f8tet.\" \/>\n<meta property=\"og:url\" content=\"https:\/\/kreftforeningen.no\/vardesenteret\/tilbud\/har-du-opplevd-vektoppgang-som-en-konsekvens-av-kreftbehandling-digitalt-foredrag\/\" \/>\n<meta property=\"og:site_name\" content=\"Vardesenteret\" \/>\n<meta property=\"article:published_time\" content=\"2025-01-06T08:28:32+00:00\" \/>\n<meta property=\"article:modified_time\" content=\"2026-04-24T09:17:23+00:00\" \/>\n<meta property=\"og:image\" content=\"https:\/\/kreftforeningen.no\/content\/uploads\/2024\/09\/bakt-torsk.jpg\" \/>\n\t<meta property=\"og:image:width\" content=\"1512\" \/>\n\t<meta property=\"og:image:height\" content=\"986\" \/>\n\t<meta property=\"og:image:type\" content=\"image\/jpeg\" \/>\n<meta name=\"twitter:card\" content=\"summary_large_image\" \/>\n<meta name=\"twitter:label1\" content=\"Ansl. lesetid\" \/>\n\t<meta name=\"twitter:data1\" content=\"1 minutt\" \/>\n<script type=\"application\/ld+json\" class=\"yoast-schema-graph\">{\"@context\":\"https:\\\/\\\/schema.org\",\"@graph\":[{\"@type\":\"WebPage\",\"@id\":\"https:\\\/\\\/kreftforeningen.no\\\/vardesenteret\\\/tilbud\\\/har-du-opplevd-vektoppgang-som-en-konsekvens-av-kreftbehandling-digitalt-foredrag\\\/\",\"url\":\"https:\\\/\\\/kreftforeningen.no\\\/vardesenteret\\\/tilbud\\\/har-du-opplevd-vektoppgang-som-en-konsekvens-av-kreftbehandling-digitalt-foredrag\\\/\",\"name\":\"Har du opplevd vektoppgang som en konsekvens av kreftbehandling? \u2013 Digitalt foredrag - Vardesenteret\",\"isPartOf\":{\"@id\":\"https:\\\/\\\/kreftforeningen.no\\\/vardesenteret\\\/#website\"},\"primaryImageOfPage\":{\"@id\":\"https:\\\/\\\/kreftforeningen.no\\\/vardesenteret\\\/tilbud\\\/har-du-opplevd-vektoppgang-som-en-konsekvens-av-kreftbehandling-digitalt-foredrag\\\/#primaryimage\"},\"image\":{\"@id\":\"https:\\\/\\\/kreftforeningen.no\\\/vardesenteret\\\/tilbud\\\/har-du-opplevd-vektoppgang-som-en-konsekvens-av-kreftbehandling-digitalt-foredrag\\\/#primaryimage\"},\"thumbnailUrl\":\"https:\\\/\\\/kreftforeningen.no\\\/content\\\/uploads\\\/2024\\\/09\\\/bakt-torsk.jpg\",\"datePublished\":\"2025-01-06T08:28:32+00:00\",\"dateModified\":\"2026-04-24T09:17:23+00:00\",\"breadcrumb\":{\"@id\":\"https:\\\/\\\/kreftforeningen.no\\\/vardesenteret\\\/tilbud\\\/har-du-opplevd-vektoppgang-som-en-konsekvens-av-kreftbehandling-digitalt-foredrag\\\/#breadcrumb\"},\"inLanguage\":\"nb-NO\",\"potentialAction\":[{\"@type\":\"ReadAction\",\"target\":[\"https:\\\/\\\/kreftforeningen.no\\\/vardesenteret\\\/tilbud\\\/har-du-opplevd-vektoppgang-som-en-konsekvens-av-kreftbehandling-digitalt-foredrag\\\/\"]}]},{\"@type\":\"ImageObject\",\"inLanguage\":\"nb-NO\",\"@id\":\"https:\\\/\\\/kreftforeningen.no\\\/vardesenteret\\\/tilbud\\\/har-du-opplevd-vektoppgang-som-en-konsekvens-av-kreftbehandling-digitalt-foredrag\\\/#primaryimage\",\"url\":\"https:\\\/\\\/kreftforeningen.no\\\/content\\\/uploads\\\/2024\\\/09\\\/bakt-torsk.jpg\",\"contentUrl\":\"https:\\\/\\\/kreftforeningen.no\\\/content\\\/uploads\\\/2024\\\/09\\\/bakt-torsk.jpg\"},{\"@type\":\"BreadcrumbList\",\"@id\":\"https:\\\/\\\/kreftforeningen.no\\\/vardesenteret\\\/tilbud\\\/har-du-opplevd-vektoppgang-som-en-konsekvens-av-kreftbehandling-digitalt-foredrag\\\/#breadcrumb\",\"itemListElement\":[{\"@type\":\"ListItem\",\"position\":1,\"name\":\"Forside\",\"item\":\"https:\\\/\\\/kreftforeningen.no\\\/vardesenteret\\\/\"},{\"@type\":\"ListItem\",\"position\":2,\"name\":\"Tilbud\",\"item\":\"https:\\\/\\\/kreftforeningen.no\\\/vardesenteret\\\/tilbud\\\/\"},{\"@type\":\"ListItem\",\"position\":3,\"name\":\"Har du opplevd vektoppgang som en konsekvens av kreftbehandling? \u2013 Digitalt foredrag\"}]},{\"@type\":\"WebSite\",\"@id\":\"https:\\\/\\\/kreftforeningen.no\\\/vardesenteret\\\/#website\",\"url\":\"https:\\\/\\\/kreftforeningen.no\\\/vardesenteret\\\/\",\"name\":\"Vardesenteret\",\"description\":\"\",\"publisher\":{\"@id\":\"https:\\\/\\\/kreftforeningen.no\\\/vardesenteret\\\/#organization\"},\"potentialAction\":[{\"@type\":\"SearchAction\",\"target\":{\"@type\":\"EntryPoint\",\"urlTemplate\":\"https:\\\/\\\/kreftforeningen.no\\\/vardesenteret\\\/?s={search_term_string}\"},\"query-input\":{\"@type\":\"PropertyValueSpecification\",\"valueRequired\":true,\"valueName\":\"search_term_string\"}}],\"inLanguage\":\"nb-NO\"},{\"@type\":\"Organization\",\"@id\":\"https:\\\/\\\/kreftforeningen.no\\\/vardesenteret\\\/#organization\",\"name\":\"Vardesenteret\",\"url\":\"https:\\\/\\\/kreftforeningen.no\\\/vardesenteret\\\/\",\"logo\":{\"@type\":\"ImageObject\",\"inLanguage\":\"nb-NO\",\"@id\":\"https:\\\/\\\/kreftforeningen.no\\\/vardesenteret\\\/#\\\/schema\\\/logo\\\/image\\\/\",\"url\":\"https:\\\/\\\/kreftforeningen.no\\\/content\\\/uploads\\\/2026\\\/02\\\/cropped-Vardesenter_signatur_sort_horisontal_uten-undertekst-e1589886700835.png\",\"contentUrl\":\"https:\\\/\\\/kreftforeningen.no\\\/content\\\/uploads\\\/2026\\\/02\\\/cropped-Vardesenter_signatur_sort_horisontal_uten-undertekst-e1589886700835.png\",\"caption\":\"Vardesenteret\"},\"image\":{\"@id\":\"https:\\\/\\\/kreftforeningen.no\\\/vardesenteret\\\/#\\\/schema\\\/logo\\\/image\\\/\"}}]}<\/script>\n<!-- \/ Yoast SEO Premium plugin. -->","yoast_head_json":{"title":"Har du opplevd vektoppgang som en konsekvens av kreftbehandling? \u2013 Digitalt foredrag - Vardesenteret","robots":{"index":"index","follow":"follow","max-snippet":"max-snippet:-1","max-image-preview":"max-image-preview:large","max-video-preview":"max-video-preview:-1"},"canonical":"https:\/\/kreftforeningen.no\/vardesenteret\/tilbud\/har-du-opplevd-vektoppgang-som-en-konsekvens-av-kreftbehandling-digitalt-foredrag\/","og_locale":"nb_NO","og_type":"article","og_title":"Har du opplevd vektoppgang som en konsekvens av kreftbehandling? \u2013 Digitalt foredrag","og_description":"Velkommen til digitalt kostholdskurs\/-foredrag. Dette gjennomf\u00f8res som et videom\u00f8te i et digitalt m\u00f8terom via Join. P\u00e5melding Kurset er tilgjengelig digitalt for pasienter og p\u00e5r\u00f8rende fra hele landet. Det er begrensede plasser, men du kan melde deg p\u00e5 venteliste dersom kurset er fulltegnet.&nbsp;&nbsp; Du vil f\u00e5 presentasjonen og viktige lenker tilsendt i etterkant av m\u00f8tet.","og_url":"https:\/\/kreftforeningen.no\/vardesenteret\/tilbud\/har-du-opplevd-vektoppgang-som-en-konsekvens-av-kreftbehandling-digitalt-foredrag\/","og_site_name":"Vardesenteret","article_published_time":"2025-01-06T08:28:32+00:00","article_modified_time":"2026-04-24T09:17:23+00:00","og_image":[{"width":1512,"height":986,"url":"https:\/\/kreftforeningen.no\/content\/uploads\/2024\/09\/bakt-torsk.jpg","type":"image\/jpeg"}],"twitter_card":"summary_large_image","twitter_misc":{"Ansl. lesetid":"1 minutt"},"schema":{"@context":"https:\/\/schema.org","@graph":[{"@type":"WebPage","@id":"https:\/\/kreftforeningen.no\/vardesenteret\/tilbud\/har-du-opplevd-vektoppgang-som-en-konsekvens-av-kreftbehandling-digitalt-foredrag\/","url":"https:\/\/kreftforeningen.no\/vardesenteret\/tilbud\/har-du-opplevd-vektoppgang-som-en-konsekvens-av-kreftbehandling-digitalt-foredrag\/","name":"Har du opplevd vektoppgang som en konsekvens av kreftbehandling? \u2013 Digitalt foredrag - Vardesenteret","isPartOf":{"@id":"https:\/\/kreftforeningen.no\/vardesenteret\/#website"},"primaryImageOfPage":{"@id":"https:\/\/kreftforeningen.no\/vardesenteret\/tilbud\/har-du-opplevd-vektoppgang-som-en-konsekvens-av-kreftbehandling-digitalt-foredrag\/#primaryimage"},"image":{"@id":"https:\/\/kreftforeningen.no\/vardesenteret\/tilbud\/har-du-opplevd-vektoppgang-som-en-konsekvens-av-kreftbehandling-digitalt-foredrag\/#primaryimage"},"thumbnailUrl":"https:\/\/kreftforeningen.no\/content\/uploads\/2024\/09\/bakt-torsk.jpg","datePublished":"2025-01-06T08:28:32+00:00","dateModified":"2026-04-24T09:17:23+00:00","breadcrumb":{"@id":"https:\/\/kreftforeningen.no\/vardesenteret\/tilbud\/har-du-opplevd-vektoppgang-som-en-konsekvens-av-kreftbehandling-digitalt-foredrag\/#breadcrumb"},"inLanguage":"nb-NO","potentialAction":[{"@type":"ReadAction","target":["https:\/\/kreftforeningen.no\/vardesenteret\/tilbud\/har-du-opplevd-vektoppgang-som-en-konsekvens-av-kreftbehandling-digitalt-foredrag\/"]}]},{"@type":"ImageObject","inLanguage":"nb-NO","@id":"https:\/\/kreftforeningen.no\/vardesenteret\/tilbud\/har-du-opplevd-vektoppgang-som-en-konsekvens-av-kreftbehandling-digitalt-foredrag\/#primaryimage","url":"https:\/\/kreftforeningen.no\/content\/uploads\/2024\/09\/bakt-torsk.jpg","contentUrl":"https:\/\/kreftforeningen.no\/content\/uploads\/2024\/09\/bakt-torsk.jpg"},{"@type":"BreadcrumbList","@id":"https:\/\/kreftforeningen.no\/vardesenteret\/tilbud\/har-du-opplevd-vektoppgang-som-en-konsekvens-av-kreftbehandling-digitalt-foredrag\/#breadcrumb","itemListElement":[{"@type":"ListItem","position":1,"name":"Forside","item":"https:\/\/kreftforeningen.no\/vardesenteret\/"},{"@type":"ListItem","position":2,"name":"Tilbud","item":"https:\/\/kreftforeningen.no\/vardesenteret\/tilbud\/"},{"@type":"ListItem","position":3,"name":"Har du opplevd vektoppgang som en konsekvens av kreftbehandling? \u2013 Digitalt foredrag"}]},{"@type":"WebSite","@id":"https:\/\/kreftforeningen.no\/vardesenteret\/#website","url":"https:\/\/kreftforeningen.no\/vardesenteret\/","name":"Vardesenteret","description":"","publisher":{"@id":"https:\/\/kreftforeningen.no\/vardesenteret\/#organization"},"potentialAction":[{"@type":"SearchAction","target":{"@type":"EntryPoint","urlTemplate":"https:\/\/kreftforeningen.no\/vardesenteret\/?s={search_term_string}"},"query-input":{"@type":"PropertyValueSpecification","valueRequired":true,"valueName":"search_term_string"}}],"inLanguage":"nb-NO"},{"@type":"Organization","@id":"https:\/\/kreftforeningen.no\/vardesenteret\/#organization","name":"Vardesenteret","url":"https:\/\/kreftforeningen.no\/vardesenteret\/","logo":{"@type":"ImageObject","inLanguage":"nb-NO","@id":"https:\/\/kreftforeningen.no\/vardesenteret\/#\/schema\/logo\/image\/","url":"https:\/\/kreftforeningen.no\/content\/uploads\/2026\/02\/cropped-Vardesenter_signatur_sort_horisontal_uten-undertekst-e1589886700835.png","contentUrl":"https:\/\/kreftforeningen.no\/content\/uploads\/2026\/02\/cropped-Vardesenter_signatur_sort_horisontal_uten-undertekst-e1589886700835.png","caption":"Vardesenteret"},"image":{"@id":"https:\/\/kreftforeningen.no\/vardesenteret\/#\/schema\/logo\/image\/"}}]}},"_links":{"self":[{"href":"https:\/\/kreftforeningen.no\/vardesenteret\/wp-json\/wp\/v2\/service\/7273","targetHints":{"allow":["GET"]}}],"collection":[{"href":"https:\/\/kreftforeningen.no\/vardesenteret\/wp-json\/wp\/v2\/service"}],"about":[{"href":"https:\/\/kreftforeningen.no\/vardesenteret\/wp-json\/wp\/v2\/types\/service"}],"author":[{"embeddable":true,"href":"https:\/\/kreftforeningen.no\/vardesenteret\/wp-json\/wp\/v2\/users\/71"}],"version-history":[{"count":10,"href":"https:\/\/kreftforeningen.no\/vardesenteret\/wp-json\/wp\/v2\/service\/7273\/revisions"}],"predecessor-version":[{"id":10247,"href":"https:\/\/kreftforeningen.no\/vardesenteret\/wp-json\/wp\/v2\/service\/7273\/revisions\/10247"}],"wp:featuredmedia":[{"embeddable":true,"href":"https:\/\/kreftforeningen.no\/vardesenteret\/wp-json\/"}],"wp:attachment":[{"href":"https:\/\/kreftforeningen.no\/vardesenteret\/wp-json\/wp\/v2\/media?parent=7273"}],"wp:term":[{"taxonomy":"county","embeddable":true,"href":"https:\/\/kreftforeningen.no\/vardesenteret\/wp-json\/wp\/v2\/county?post=7273"},{"taxonomy":"subject","embeddable":true,"href":"https:\/\/kreftforeningen.no\/vardesenteret\/wp-json\/wp\/v2\/subject?post=7273"}],"curies":[{"name":"wp","href":"https:\/\/api.w.org\/{rel}","templated":true}]}}