{"id":7312,"date":"2025-01-07T13:15:20","date_gmt":"2025-01-07T12:15:20","guid":{"rendered":"https:\/\/kreftforeningen.no\/vardesenteret\/?post_type=service&#038;p=7312"},"modified":"2026-04-17T09:50:16","modified_gmt":"2026-04-17T07:50:16","slug":"kurs-ved-lungekreft","status":"publish","type":"service","link":"https:\/\/kreftforeningen.no\/vardesenteret\/tilbud\/kurs-ved-lungekreft\/","title":{"rendered":"Kurs ved lungekreft"},"content":{"rendered":"\n\n\n<div class=\"wp-block-kf-ingress\"><div class=\"kf-header__ingress\"><p>Lungeavdelingen inviterer deg og dine p\u00e5r\u00f8rende til et kurs om lungekreft. <br>Her f\u00e5r du mer informasjon om sykdom og behandling, og l\u00e6rer mer om ulike tilbud og muligheter som kan trygge hverdagen. I tillegg opplever vi at \u00e5 utveklse erfaringer med andre i samme situasjon er sv\u00e6rt verdifult.<\/p><\/div><\/div>\n\n\n\n<p>Kurset g\u00e5r over to dager: onsdag 15. april og onsdag 22. april kl 09:30-14:15 begge dager.<\/p>\n\n\n\n<p>M\u00e5lsetningen med kurset er \u00e5 f\u00e5:<br>-\u00d8kt kunnskap om sykdom og behandling, og innblikk i nye behandlingsmuligheter<br>-Anledning til \u00e5 stille sp\u00f8rsm\u00e5l til ulike fagpersoner<br>-M\u00f8te andre i samme situasjon<br>-Motivasjon og hjelp til \u00e5 leve i hverdagen med kreftsykdom<\/p>\n\n\n\n<h2 class=\"wp-block-heading\" id=\"h-program-for-kursdagene\"><strong>Program for kursdagene<\/strong><\/h2>\n\n\n\n<p><strong>Dag 1:<\/strong><br>09:30&nbsp; Velkommen v\/kreftsykepleier<br>09.45&nbsp; \u00c5 leve med lungekreft v\/bruker representant<br>10.15&nbsp; Pause med frukt<br>10.30&nbsp; Behandling og oppf\u00f8lging ved lungekreft v\/lungespesialist<br>11.45&nbsp; Lunsj<br>12.30&nbsp; Fysisk aktivitet ved lungekreft v\/fysioterapeut<br>13.15&nbsp; Pause<br>13.30&nbsp; Lungekreftforeningens og kreftforeningens tilbud<br>14.15&nbsp; Oppsummering\/evaluering og takk for i dag<br><br><strong>Dag 2:<br><\/strong>09:30&nbsp; Oppsummering fra sist v\/kreftsykepleier<br>09:45&nbsp; Kostholdets betydning ved alvorlig sykdom og&nbsp; &nbsp; &nbsp; &nbsp; &nbsp; &nbsp; &nbsp; &nbsp; &nbsp; &nbsp; &nbsp; &nbsp; &nbsp; &nbsp; &nbsp; &nbsp; &nbsp; &nbsp; &nbsp; &nbsp; &nbsp; &nbsp; &nbsp; &nbsp; &nbsp; &nbsp; &nbsp; &nbsp; &nbsp; &nbsp; &nbsp; &nbsp; &nbsp; behandling v\/ern\u00e6ringsfysiolog<br>10:30&nbsp; Pause med frukt<br>10:45&nbsp; Muligheter og rettigheter v\/sosionom<br>11:15&nbsp; Lunsj<br>12:00&nbsp; \u00c5 leve med alvorlig sykdom v\/prest<br>13.00&nbsp; Pause med frukt<br>13:15&nbsp; Gruppesamtale 1: Om livet f\u00f8r og etter jeg ble syk<br>&nbsp;&nbsp;&nbsp;&nbsp;&nbsp;&nbsp;&nbsp;&nbsp;&nbsp;&nbsp; Gruppesamtale 2: Om det \u00e5 v\u00e6re p\u00e5r\u00f8rende<br>14:15&nbsp; Oppsummering\/evaluering og takk for i dag&nbsp;&nbsp;<\/p>\n\n\n\n<h2 class=\"wp-block-heading\" id=\"h-pamelding\">P\u00e5melding<\/h2>\n\n\n\n<p>Du og dine p\u00e5r\u00f8rende kan melde dere p\u00e5 kurset ved \u00e5 ta kontakt medLungepoliklinikken Haukeland universitetssjukehus.<br><br>Kurset er gratis for pasienter med frikort, og gratis for p\u00e5r\u00f8rende.<br>Har du ikke frikort, er det en egenandel p\u00e5 kr. 375,-<\/p>\n\n\n\n<p>Tilbudet er utviklet av lungeavdelingen ved Haukeland Universitetssykehus, Kreftforeningen, Lungekreftforeningen i samarbeid med LMS i Bergen<\/p>\n\n\n\n<p><br><em>Foto: &laquo;<a href=\"https:\/\/www.flickr.com\/photos\/45257015@N03\/7511985228\">Large Scale Lungs, Framed Anatomy Embroidery<\/a>&raquo; by&nbsp;<a href=\"https:\/\/www.flickr.com\/photos\/45257015@N03\">Hey Paul Studios<\/a>&nbsp;is licensed under&nbsp;<a href=\"https:\/\/creativecommons.org\/licenses\/by\/2.0\/?ref=openverse\">CC BY 2.0<\/a>.<\/em><\/p>\n","protected":false},"author":71,"featured_media":185128,"parent":0,"menu_order":0,"template":"","meta":{"_relevanssi_hide_post":"","_relevanssi_hide_content":"","_relevanssi_pin_for_all":"","_relevanssi_pin_keywords":"","_relevanssi_unpin_keywords":"","_relevanssi_related_keywords":"","_relevanssi_related_include_ids":"","_relevanssi_related_exclude_ids":"","_relevanssi_related_no_append":"","_relevanssi_related_not_related":"","_relevanssi_related_posts":"","_relevanssi_noindex_reason":"","kf_show_post_date":true,"kf_show_updated_date":false,"kf_show_print_page":false,"kf_show_chapters":false,"kf_show_chapters_expanded":false,"kf_show_post_outdated":true,"kf_toggle_title":false,"kf_is_template":false,"kf_post_authors":[],"teft_cards_label":"Vardesenteret i Bergen","teft_cards_image_id":0,"teft_cards_image_focal_point_x":0,"teft_cards_image_focal_point_y":0,"teft_cards_title":"","teft_cards_excerpt":"","kf_service_priority":false,"kf_service_duration":"single","kf_service_date_end":"2026-04-22T14:15:00","kf_service_date_start":"2026-04-22T09:30:00","kf_service_location":"Vardesenteret, Ibsens gate 118","kf_service_url":"","kf_service_price":"Gratis","kf_service_featured_image_description":"","footnotes":""},"county":[56],"subject":[64,59],"class_list":["post-7312","service","type-service","status-publish","has-post-thumbnail","hentry","county-vestland","subject-kurs-og-foredrag","subject-leve-med-og-etter-kreft"],"yoast_head":"<!-- This site is optimized with the Yoast SEO Premium plugin v27.3 (Yoast SEO v27.4) - https:\/\/yoast.com\/product\/yoast-seo-premium-wordpress\/ -->\n<title>Kurs ved lungekreft - Vardesenteret<\/title>\n<meta name=\"robots\" content=\"index, follow, max-snippet:-1, max-image-preview:large, max-video-preview:-1\" \/>\n<link rel=\"canonical\" href=\"https:\/\/kreftforeningen.no\/vardesenteret\/tilbud\/kurs-ved-lungekreft\/\" \/>\n<meta property=\"og:locale\" content=\"nb_NO\" \/>\n<meta property=\"og:type\" content=\"article\" \/>\n<meta property=\"og:title\" content=\"Kurs ved lungekreft\" \/>\n<meta property=\"og:description\" content=\"Kurset g\u00e5r over to dager: onsdag 15. april og onsdag 22. april kl 09:30-14:15 begge dager. M\u00e5lsetningen med kurset er \u00e5 f\u00e5:-\u00d8kt kunnskap om sykdom og behandling, og innblikk i nye behandlingsmuligheter-Anledning til \u00e5 stille sp\u00f8rsm\u00e5l til ulike fagpersoner-M\u00f8te andre i samme situasjon-Motivasjon og hjelp til \u00e5 leve i hverdagen med kreftsykdom Program for kursdagene [&hellip;]\" \/>\n<meta property=\"og:url\" content=\"https:\/\/kreftforeningen.no\/vardesenteret\/tilbud\/kurs-ved-lungekreft\/\" \/>\n<meta property=\"og:site_name\" content=\"Vardesenteret\" \/>\n<meta property=\"article:published_time\" content=\"2025-01-07T12:15:20+00:00\" \/>\n<meta property=\"article:modified_time\" content=\"2026-04-17T07:50:16+00:00\" \/>\n<meta property=\"og:image\" content=\"https:\/\/kreftforeningen.no\/content\/uploads\/2025\/01\/7511985228_535dd0f429_b.jpg.webp\" \/>\n\t<meta property=\"og:image:width\" content=\"960\" \/>\n\t<meta property=\"og:image:height\" content=\"796\" \/>\n\t<meta property=\"og:image:type\" content=\"image\/jpeg\" \/>\n<meta name=\"twitter:card\" content=\"summary_large_image\" \/>\n<meta name=\"twitter:label1\" content=\"Ansl. lesetid\" \/>\n\t<meta name=\"twitter:data1\" content=\"2 minutter\" \/>\n<script type=\"application\/ld+json\" class=\"yoast-schema-graph\">{\"@context\":\"https:\\\/\\\/schema.org\",\"@graph\":[{\"@type\":\"WebPage\",\"@id\":\"https:\\\/\\\/kreftforeningen.no\\\/vardesenteret\\\/tilbud\\\/kurs-ved-lungekreft\\\/\",\"url\":\"https:\\\/\\\/kreftforeningen.no\\\/vardesenteret\\\/tilbud\\\/kurs-ved-lungekreft\\\/\",\"name\":\"Kurs ved lungekreft - Vardesenteret\",\"isPartOf\":{\"@id\":\"https:\\\/\\\/kreftforeningen.no\\\/vardesenteret\\\/#website\"},\"primaryImageOfPage\":{\"@id\":\"https:\\\/\\\/kreftforeningen.no\\\/vardesenteret\\\/tilbud\\\/kurs-ved-lungekreft\\\/#primaryimage\"},\"image\":{\"@id\":\"https:\\\/\\\/kreftforeningen.no\\\/vardesenteret\\\/tilbud\\\/kurs-ved-lungekreft\\\/#primaryimage\"},\"thumbnailUrl\":\"https:\\\/\\\/kreftforeningen.no\\\/content\\\/uploads\\\/2025\\\/01\\\/7511985228_535dd0f429_b.jpg.webp\",\"datePublished\":\"2025-01-07T12:15:20+00:00\",\"dateModified\":\"2026-04-17T07:50:16+00:00\",\"breadcrumb\":{\"@id\":\"https:\\\/\\\/kreftforeningen.no\\\/vardesenteret\\\/tilbud\\\/kurs-ved-lungekreft\\\/#breadcrumb\"},\"inLanguage\":\"nb-NO\",\"potentialAction\":[{\"@type\":\"ReadAction\",\"target\":[\"https:\\\/\\\/kreftforeningen.no\\\/vardesenteret\\\/tilbud\\\/kurs-ved-lungekreft\\\/\"]}]},{\"@type\":\"ImageObject\",\"inLanguage\":\"nb-NO\",\"@id\":\"https:\\\/\\\/kreftforeningen.no\\\/vardesenteret\\\/tilbud\\\/kurs-ved-lungekreft\\\/#primaryimage\",\"url\":\"https:\\\/\\\/kreftforeningen.no\\\/content\\\/uploads\\\/2025\\\/01\\\/7511985228_535dd0f429_b.jpg.webp\",\"contentUrl\":\"https:\\\/\\\/kreftforeningen.no\\\/content\\\/uploads\\\/2025\\\/01\\\/7511985228_535dd0f429_b.jpg.webp\"},{\"@type\":\"BreadcrumbList\",\"@id\":\"https:\\\/\\\/kreftforeningen.no\\\/vardesenteret\\\/tilbud\\\/kurs-ved-lungekreft\\\/#breadcrumb\",\"itemListElement\":[{\"@type\":\"ListItem\",\"position\":1,\"name\":\"Forside\",\"item\":\"https:\\\/\\\/kreftforeningen.no\\\/vardesenteret\\\/\"},{\"@type\":\"ListItem\",\"position\":2,\"name\":\"Tilbud\",\"item\":\"https:\\\/\\\/kreftforeningen.no\\\/vardesenteret\\\/tilbud\\\/\"},{\"@type\":\"ListItem\",\"position\":3,\"name\":\"Kurs ved lungekreft\"}]},{\"@type\":\"WebSite\",\"@id\":\"https:\\\/\\\/kreftforeningen.no\\\/vardesenteret\\\/#website\",\"url\":\"https:\\\/\\\/kreftforeningen.no\\\/vardesenteret\\\/\",\"name\":\"Vardesenteret\",\"description\":\"\",\"publisher\":{\"@id\":\"https:\\\/\\\/kreftforeningen.no\\\/vardesenteret\\\/#organization\"},\"potentialAction\":[{\"@type\":\"SearchAction\",\"target\":{\"@type\":\"EntryPoint\",\"urlTemplate\":\"https:\\\/\\\/kreftforeningen.no\\\/vardesenteret\\\/?s={search_term_string}\"},\"query-input\":{\"@type\":\"PropertyValueSpecification\",\"valueRequired\":true,\"valueName\":\"search_term_string\"}}],\"inLanguage\":\"nb-NO\"},{\"@type\":\"Organization\",\"@id\":\"https:\\\/\\\/kreftforeningen.no\\\/vardesenteret\\\/#organization\",\"name\":\"Vardesenteret\",\"url\":\"https:\\\/\\\/kreftforeningen.no\\\/vardesenteret\\\/\",\"logo\":{\"@type\":\"ImageObject\",\"inLanguage\":\"nb-NO\",\"@id\":\"https:\\\/\\\/kreftforeningen.no\\\/vardesenteret\\\/#\\\/schema\\\/logo\\\/image\\\/\",\"url\":\"https:\\\/\\\/kreftforeningen.no\\\/content\\\/uploads\\\/2026\\\/02\\\/cropped-Vardesenter_signatur_sort_horisontal_uten-undertekst-e1589886700835.png\",\"contentUrl\":\"https:\\\/\\\/kreftforeningen.no\\\/content\\\/uploads\\\/2026\\\/02\\\/cropped-Vardesenter_signatur_sort_horisontal_uten-undertekst-e1589886700835.png\",\"caption\":\"Vardesenteret\"},\"image\":{\"@id\":\"https:\\\/\\\/kreftforeningen.no\\\/vardesenteret\\\/#\\\/schema\\\/logo\\\/image\\\/\"}}]}<\/script>\n<!-- \/ Yoast SEO Premium plugin. -->","yoast_head_json":{"title":"Kurs ved lungekreft - Vardesenteret","robots":{"index":"index","follow":"follow","max-snippet":"max-snippet:-1","max-image-preview":"max-image-preview:large","max-video-preview":"max-video-preview:-1"},"canonical":"https:\/\/kreftforeningen.no\/vardesenteret\/tilbud\/kurs-ved-lungekreft\/","og_locale":"nb_NO","og_type":"article","og_title":"Kurs ved lungekreft","og_description":"Kurset g\u00e5r over to dager: onsdag 15. april og onsdag 22. april kl 09:30-14:15 begge dager. M\u00e5lsetningen med kurset er \u00e5 f\u00e5:-\u00d8kt kunnskap om sykdom og behandling, og innblikk i nye behandlingsmuligheter-Anledning til \u00e5 stille sp\u00f8rsm\u00e5l til ulike fagpersoner-M\u00f8te andre i samme situasjon-Motivasjon og hjelp til \u00e5 leve i hverdagen med kreftsykdom Program for kursdagene [&hellip;]","og_url":"https:\/\/kreftforeningen.no\/vardesenteret\/tilbud\/kurs-ved-lungekreft\/","og_site_name":"Vardesenteret","article_published_time":"2025-01-07T12:15:20+00:00","article_modified_time":"2026-04-17T07:50:16+00:00","og_image":[{"width":960,"height":796,"url":"https:\/\/kreftforeningen.no\/content\/uploads\/2025\/01\/7511985228_535dd0f429_b.jpg.webp","type":"image\/jpeg"}],"twitter_card":"summary_large_image","twitter_misc":{"Ansl. lesetid":"2 minutter"},"schema":{"@context":"https:\/\/schema.org","@graph":[{"@type":"WebPage","@id":"https:\/\/kreftforeningen.no\/vardesenteret\/tilbud\/kurs-ved-lungekreft\/","url":"https:\/\/kreftforeningen.no\/vardesenteret\/tilbud\/kurs-ved-lungekreft\/","name":"Kurs ved lungekreft - Vardesenteret","isPartOf":{"@id":"https:\/\/kreftforeningen.no\/vardesenteret\/#website"},"primaryImageOfPage":{"@id":"https:\/\/kreftforeningen.no\/vardesenteret\/tilbud\/kurs-ved-lungekreft\/#primaryimage"},"image":{"@id":"https:\/\/kreftforeningen.no\/vardesenteret\/tilbud\/kurs-ved-lungekreft\/#primaryimage"},"thumbnailUrl":"https:\/\/kreftforeningen.no\/content\/uploads\/2025\/01\/7511985228_535dd0f429_b.jpg.webp","datePublished":"2025-01-07T12:15:20+00:00","dateModified":"2026-04-17T07:50:16+00:00","breadcrumb":{"@id":"https:\/\/kreftforeningen.no\/vardesenteret\/tilbud\/kurs-ved-lungekreft\/#breadcrumb"},"inLanguage":"nb-NO","potentialAction":[{"@type":"ReadAction","target":["https:\/\/kreftforeningen.no\/vardesenteret\/tilbud\/kurs-ved-lungekreft\/"]}]},{"@type":"ImageObject","inLanguage":"nb-NO","@id":"https:\/\/kreftforeningen.no\/vardesenteret\/tilbud\/kurs-ved-lungekreft\/#primaryimage","url":"https:\/\/kreftforeningen.no\/content\/uploads\/2025\/01\/7511985228_535dd0f429_b.jpg.webp","contentUrl":"https:\/\/kreftforeningen.no\/content\/uploads\/2025\/01\/7511985228_535dd0f429_b.jpg.webp"},{"@type":"BreadcrumbList","@id":"https:\/\/kreftforeningen.no\/vardesenteret\/tilbud\/kurs-ved-lungekreft\/#breadcrumb","itemListElement":[{"@type":"ListItem","position":1,"name":"Forside","item":"https:\/\/kreftforeningen.no\/vardesenteret\/"},{"@type":"ListItem","position":2,"name":"Tilbud","item":"https:\/\/kreftforeningen.no\/vardesenteret\/tilbud\/"},{"@type":"ListItem","position":3,"name":"Kurs ved lungekreft"}]},{"@type":"WebSite","@id":"https:\/\/kreftforeningen.no\/vardesenteret\/#website","url":"https:\/\/kreftforeningen.no\/vardesenteret\/","name":"Vardesenteret","description":"","publisher":{"@id":"https:\/\/kreftforeningen.no\/vardesenteret\/#organization"},"potentialAction":[{"@type":"SearchAction","target":{"@type":"EntryPoint","urlTemplate":"https:\/\/kreftforeningen.no\/vardesenteret\/?s={search_term_string}"},"query-input":{"@type":"PropertyValueSpecification","valueRequired":true,"valueName":"search_term_string"}}],"inLanguage":"nb-NO"},{"@type":"Organization","@id":"https:\/\/kreftforeningen.no\/vardesenteret\/#organization","name":"Vardesenteret","url":"https:\/\/kreftforeningen.no\/vardesenteret\/","logo":{"@type":"ImageObject","inLanguage":"nb-NO","@id":"https:\/\/kreftforeningen.no\/vardesenteret\/#\/schema\/logo\/image\/","url":"https:\/\/kreftforeningen.no\/content\/uploads\/2026\/02\/cropped-Vardesenter_signatur_sort_horisontal_uten-undertekst-e1589886700835.png","contentUrl":"https:\/\/kreftforeningen.no\/content\/uploads\/2026\/02\/cropped-Vardesenter_signatur_sort_horisontal_uten-undertekst-e1589886700835.png","caption":"Vardesenteret"},"image":{"@id":"https:\/\/kreftforeningen.no\/vardesenteret\/#\/schema\/logo\/image\/"}}]}},"_links":{"self":[{"href":"https:\/\/kreftforeningen.no\/vardesenteret\/wp-json\/wp\/v2\/service\/7312","targetHints":{"allow":["GET"]}}],"collection":[{"href":"https:\/\/kreftforeningen.no\/vardesenteret\/wp-json\/wp\/v2\/service"}],"about":[{"href":"https:\/\/kreftforeningen.no\/vardesenteret\/wp-json\/wp\/v2\/types\/service"}],"author":[{"embeddable":true,"href":"https:\/\/kreftforeningen.no\/vardesenteret\/wp-json\/wp\/v2\/users\/71"}],"version-history":[{"count":6,"href":"https:\/\/kreftforeningen.no\/vardesenteret\/wp-json\/wp\/v2\/service\/7312\/revisions"}],"predecessor-version":[{"id":10161,"href":"https:\/\/kreftforeningen.no\/vardesenteret\/wp-json\/wp\/v2\/service\/7312\/revisions\/10161"}],"wp:featuredmedia":[{"embeddable":true,"href":"https:\/\/kreftforeningen.no\/vardesenteret\/wp-json\/"}],"wp:attachment":[{"href":"https:\/\/kreftforeningen.no\/vardesenteret\/wp-json\/wp\/v2\/media?parent=7312"}],"wp:term":[{"taxonomy":"county","embeddable":true,"href":"https:\/\/kreftforeningen.no\/vardesenteret\/wp-json\/wp\/v2\/county?post=7312"},{"taxonomy":"subject","embeddable":true,"href":"https:\/\/kreftforeningen.no\/vardesenteret\/wp-json\/wp\/v2\/subject?post=7312"}],"curies":[{"name":"wp","href":"https:\/\/api.w.org\/{rel}","templated":true}]}}