{"id":7315,"date":"2025-01-07T13:43:53","date_gmt":"2025-01-07T12:43:53","guid":{"rendered":"https:\/\/kreftforeningen.no\/vardesenteret\/?post_type=service&#038;p=7315"},"modified":"2025-08-11T15:26:26","modified_gmt":"2025-08-11T13:26:26","slug":"kurs-for-pasieter-med-nyresvikt-og-deres-parorende","status":"publish","type":"service","link":"https:\/\/kreftforeningen.no\/vardesenteret\/tilbud\/kurs-for-pasieter-med-nyresvikt-og-deres-parorende\/","title":{"rendered":"Kurs for pasieter med nyresvikt og deres p\u00e5r\u00f8rende"},"content":{"rendered":"\n\n\n<div class=\"wp-block-kf-ingress\"><div class=\"kf-header__ingress\"><p>Dette kurset er for deg som har nyresvikt, og skal starte dialysebehandling og p\u00e5r\u00f8rende til pasienter med nyresvikt. <\/p><\/div><\/div>\n\n\n\n<p>Kurset er tverrfagleg og du m\u00f8ter lege, sjukepleiar, sosionom, fysioterapeut, klinisk ern\u00e6ringsfysiolog, psykiatar, brukarmedverkar og representantar fr\u00e5 brukarorganisasjon.&nbsp;<\/p>\n\n\n\n<p>M\u00e5lsetting&nbsp;<br>&#8211; Hjelpe pasientar og p\u00e5r\u00f8rande til \u00e5 meistre kvardagen med nyresvikt.&nbsp;<br>&#8211; Gi individuell rettleiing og undervisning som gir muligheit til \u00e5 delta aktivt i val av behandling.<\/p>\n\n\n\n<p>Kurset g\u00e5r over 3 samlinger: 18. september, 25. september og 2. oktober kl. 10:00-14:00 p\u00e5 Vardesenteret.<\/p>\n\n\n\n<h2 class=\"wp-block-heading\" id=\"h-pamelding-nbsp\">P\u00e5melding&nbsp;<\/h2>\n\n\n\n<p>Det er behov for henvisning, sendes til medisinsk klinikk, nefrologisk seksjon Haukeland Universitetssykehus.&nbsp;&nbsp;<\/p>\n\n\n\n<p>For mer informasjon:<br>Irene Hatlelid Winterseth&nbsp;<br><a href=\"mailto:irene.hatlelid.winterseth@helse-bergen.no\" target=\"_blank\" rel=\"noreferrer noopener\">irene.hatlelid.winterseth@helse-bergen.no<\/a>&nbsp;<br>Medisinsk klinikk&nbsp;&nbsp;<\/p>\n\n\n\n<p><em>&laquo;<a href=\"https:\/\/www.flickr.com\/photos\/45257015@N03\/8315238281\">Framed Embroidery Kidney Anatomy Art. Hand Embroidered.<\/a>&raquo; by&nbsp;<a href=\"https:\/\/www.flickr.com\/photos\/45257015@N03\">Hey Paul Studios<\/a>&nbsp;is licensed under&nbsp;<a href=\"https:\/\/creativecommons.org\/licenses\/by\/2.0\/?ref=openverse\">CC BY 2.0<\/a>.<\/em><\/p>\n","protected":false},"author":71,"featured_media":185135,"parent":0,"menu_order":0,"template":"","meta":{"_relevanssi_hide_post":"","_relevanssi_hide_content":"","_relevanssi_pin_for_all":"","_relevanssi_pin_keywords":"","_relevanssi_unpin_keywords":"","_relevanssi_related_keywords":"","_relevanssi_related_include_ids":"","_relevanssi_related_exclude_ids":"","_relevanssi_related_no_append":"","_relevanssi_related_not_related":"","_relevanssi_related_posts":"","_relevanssi_noindex_reason":"","kf_show_post_date":true,"kf_show_updated_date":false,"kf_show_print_page":false,"kf_show_chapters":false,"kf_show_chapters_expanded":false,"kf_show_post_outdated":true,"kf_toggle_title":false,"kf_is_template":false,"kf_post_authors":[],"teft_cards_label":"","teft_cards_image_id":0,"teft_cards_image_focal_point_x":0,"teft_cards_image_focal_point_y":0,"teft_cards_title":"","teft_cards_excerpt":"","kf_service_priority":false,"kf_service_duration":"single","kf_service_date_end":"2025-09-18T14:00:00","kf_service_date_start":"2025-09-18T10:00:00","kf_service_location":"Vardesenteret, Ibsens gate 118","kf_service_url":"","kf_service_price":"","kf_service_featured_image_description":"","footnotes":""},"county":[56],"subject":[64],"class_list":["post-7315","service","type-service","status-publish","has-post-thumbnail","hentry","county-vestland","subject-kurs-og-foredrag"],"yoast_head":"<!-- This site is optimized with the Yoast SEO Premium plugin v27.3 (Yoast SEO v27.4) - https:\/\/yoast.com\/product\/yoast-seo-premium-wordpress\/ -->\n<title>Kurs for pasieter med nyresvikt og deres p\u00e5r\u00f8rende - Vardesenteret<\/title>\n<meta name=\"robots\" content=\"index, follow, max-snippet:-1, max-image-preview:large, max-video-preview:-1\" \/>\n<link rel=\"canonical\" href=\"https:\/\/kreftforeningen.no\/vardesenteret\/tilbud\/kurs-for-pasieter-med-nyresvikt-og-deres-parorende\/\" \/>\n<meta property=\"og:locale\" content=\"nb_NO\" \/>\n<meta property=\"og:type\" content=\"article\" \/>\n<meta property=\"og:title\" content=\"Kurs for pasieter med nyresvikt og deres p\u00e5r\u00f8rende\" \/>\n<meta property=\"og:description\" content=\"Kurset er tverrfagleg og du m\u00f8ter lege, sjukepleiar, sosionom, fysioterapeut, klinisk ern\u00e6ringsfysiolog, psykiatar, brukarmedverkar og representantar fr\u00e5 brukarorganisasjon.&nbsp; M\u00e5lsetting&nbsp;&#8211; Hjelpe pasientar og p\u00e5r\u00f8rande til \u00e5 meistre kvardagen med nyresvikt.&nbsp;&#8211; Gi individuell rettleiing og undervisning som gir muligheit til \u00e5 delta aktivt i val av behandling. Kurset g\u00e5r over 3 samlinger: 18. september, 25. september og [&hellip;]\" \/>\n<meta property=\"og:url\" content=\"https:\/\/kreftforeningen.no\/vardesenteret\/tilbud\/kurs-for-pasieter-med-nyresvikt-og-deres-parorende\/\" \/>\n<meta property=\"og:site_name\" content=\"Vardesenteret\" \/>\n<meta property=\"article:published_time\" content=\"2025-01-07T12:43:53+00:00\" \/>\n<meta property=\"article:modified_time\" content=\"2025-08-11T13:26:26+00:00\" \/>\n<meta property=\"og:image\" content=\"https:\/\/kreftforeningen.no\/content\/uploads\/2025\/01\/8315238281_5da072b791_b.jpg\" \/>\n\t<meta property=\"og:image:width\" content=\"1024\" \/>\n\t<meta property=\"og:image:height\" content=\"768\" \/>\n\t<meta property=\"og:image:type\" content=\"image\/jpeg\" \/>\n<meta name=\"twitter:card\" content=\"summary_large_image\" \/>\n<meta name=\"twitter:label1\" content=\"Ansl. lesetid\" \/>\n\t<meta name=\"twitter:data1\" content=\"1 minutt\" \/>\n<script type=\"application\/ld+json\" class=\"yoast-schema-graph\">{\"@context\":\"https:\\\/\\\/schema.org\",\"@graph\":[{\"@type\":\"WebPage\",\"@id\":\"https:\\\/\\\/kreftforeningen.no\\\/vardesenteret\\\/tilbud\\\/kurs-for-pasieter-med-nyresvikt-og-deres-parorende\\\/\",\"url\":\"https:\\\/\\\/kreftforeningen.no\\\/vardesenteret\\\/tilbud\\\/kurs-for-pasieter-med-nyresvikt-og-deres-parorende\\\/\",\"name\":\"Kurs for pasieter med nyresvikt og deres p\u00e5r\u00f8rende - Vardesenteret\",\"isPartOf\":{\"@id\":\"https:\\\/\\\/kreftforeningen.no\\\/vardesenteret\\\/#website\"},\"primaryImageOfPage\":{\"@id\":\"https:\\\/\\\/kreftforeningen.no\\\/vardesenteret\\\/tilbud\\\/kurs-for-pasieter-med-nyresvikt-og-deres-parorende\\\/#primaryimage\"},\"image\":{\"@id\":\"https:\\\/\\\/kreftforeningen.no\\\/vardesenteret\\\/tilbud\\\/kurs-for-pasieter-med-nyresvikt-og-deres-parorende\\\/#primaryimage\"},\"thumbnailUrl\":\"https:\\\/\\\/kreftforeningen.no\\\/content\\\/uploads\\\/2025\\\/01\\\/8315238281_5da072b791_b.jpg\",\"datePublished\":\"2025-01-07T12:43:53+00:00\",\"dateModified\":\"2025-08-11T13:26:26+00:00\",\"breadcrumb\":{\"@id\":\"https:\\\/\\\/kreftforeningen.no\\\/vardesenteret\\\/tilbud\\\/kurs-for-pasieter-med-nyresvikt-og-deres-parorende\\\/#breadcrumb\"},\"inLanguage\":\"nb-NO\",\"potentialAction\":[{\"@type\":\"ReadAction\",\"target\":[\"https:\\\/\\\/kreftforeningen.no\\\/vardesenteret\\\/tilbud\\\/kurs-for-pasieter-med-nyresvikt-og-deres-parorende\\\/\"]}]},{\"@type\":\"ImageObject\",\"inLanguage\":\"nb-NO\",\"@id\":\"https:\\\/\\\/kreftforeningen.no\\\/vardesenteret\\\/tilbud\\\/kurs-for-pasieter-med-nyresvikt-og-deres-parorende\\\/#primaryimage\",\"url\":\"https:\\\/\\\/kreftforeningen.no\\\/content\\\/uploads\\\/2025\\\/01\\\/8315238281_5da072b791_b.jpg\",\"contentUrl\":\"https:\\\/\\\/kreftforeningen.no\\\/content\\\/uploads\\\/2025\\\/01\\\/8315238281_5da072b791_b.jpg\"},{\"@type\":\"BreadcrumbList\",\"@id\":\"https:\\\/\\\/kreftforeningen.no\\\/vardesenteret\\\/tilbud\\\/kurs-for-pasieter-med-nyresvikt-og-deres-parorende\\\/#breadcrumb\",\"itemListElement\":[{\"@type\":\"ListItem\",\"position\":1,\"name\":\"Forside\",\"item\":\"https:\\\/\\\/kreftforeningen.no\\\/vardesenteret\\\/\"},{\"@type\":\"ListItem\",\"position\":2,\"name\":\"Tilbud\",\"item\":\"https:\\\/\\\/kreftforeningen.no\\\/vardesenteret\\\/tilbud\\\/\"},{\"@type\":\"ListItem\",\"position\":3,\"name\":\"Kurs for pasieter med nyresvikt og deres p\u00e5r\u00f8rende\"}]},{\"@type\":\"WebSite\",\"@id\":\"https:\\\/\\\/kreftforeningen.no\\\/vardesenteret\\\/#website\",\"url\":\"https:\\\/\\\/kreftforeningen.no\\\/vardesenteret\\\/\",\"name\":\"Vardesenteret\",\"description\":\"\",\"publisher\":{\"@id\":\"https:\\\/\\\/kreftforeningen.no\\\/vardesenteret\\\/#organization\"},\"potentialAction\":[{\"@type\":\"SearchAction\",\"target\":{\"@type\":\"EntryPoint\",\"urlTemplate\":\"https:\\\/\\\/kreftforeningen.no\\\/vardesenteret\\\/?s={search_term_string}\"},\"query-input\":{\"@type\":\"PropertyValueSpecification\",\"valueRequired\":true,\"valueName\":\"search_term_string\"}}],\"inLanguage\":\"nb-NO\"},{\"@type\":\"Organization\",\"@id\":\"https:\\\/\\\/kreftforeningen.no\\\/vardesenteret\\\/#organization\",\"name\":\"Vardesenteret\",\"url\":\"https:\\\/\\\/kreftforeningen.no\\\/vardesenteret\\\/\",\"logo\":{\"@type\":\"ImageObject\",\"inLanguage\":\"nb-NO\",\"@id\":\"https:\\\/\\\/kreftforeningen.no\\\/vardesenteret\\\/#\\\/schema\\\/logo\\\/image\\\/\",\"url\":\"https:\\\/\\\/kreftforeningen.no\\\/content\\\/uploads\\\/2026\\\/02\\\/cropped-Vardesenter_signatur_sort_horisontal_uten-undertekst-e1589886700835.png\",\"contentUrl\":\"https:\\\/\\\/kreftforeningen.no\\\/content\\\/uploads\\\/2026\\\/02\\\/cropped-Vardesenter_signatur_sort_horisontal_uten-undertekst-e1589886700835.png\",\"caption\":\"Vardesenteret\"},\"image\":{\"@id\":\"https:\\\/\\\/kreftforeningen.no\\\/vardesenteret\\\/#\\\/schema\\\/logo\\\/image\\\/\"}}]}<\/script>\n<!-- \/ Yoast SEO Premium plugin. -->","yoast_head_json":{"title":"Kurs for pasieter med nyresvikt og deres p\u00e5r\u00f8rende - Vardesenteret","robots":{"index":"index","follow":"follow","max-snippet":"max-snippet:-1","max-image-preview":"max-image-preview:large","max-video-preview":"max-video-preview:-1"},"canonical":"https:\/\/kreftforeningen.no\/vardesenteret\/tilbud\/kurs-for-pasieter-med-nyresvikt-og-deres-parorende\/","og_locale":"nb_NO","og_type":"article","og_title":"Kurs for pasieter med nyresvikt og deres p\u00e5r\u00f8rende","og_description":"Kurset er tverrfagleg og du m\u00f8ter lege, sjukepleiar, sosionom, fysioterapeut, klinisk ern\u00e6ringsfysiolog, psykiatar, brukarmedverkar og representantar fr\u00e5 brukarorganisasjon.&nbsp; M\u00e5lsetting&nbsp;&#8211; Hjelpe pasientar og p\u00e5r\u00f8rande til \u00e5 meistre kvardagen med nyresvikt.&nbsp;&#8211; Gi individuell rettleiing og undervisning som gir muligheit til \u00e5 delta aktivt i val av behandling. Kurset g\u00e5r over 3 samlinger: 18. september, 25. september og [&hellip;]","og_url":"https:\/\/kreftforeningen.no\/vardesenteret\/tilbud\/kurs-for-pasieter-med-nyresvikt-og-deres-parorende\/","og_site_name":"Vardesenteret","article_published_time":"2025-01-07T12:43:53+00:00","article_modified_time":"2025-08-11T13:26:26+00:00","og_image":[{"width":1024,"height":768,"url":"https:\/\/kreftforeningen.no\/content\/uploads\/2025\/01\/8315238281_5da072b791_b.jpg","type":"image\/jpeg"}],"twitter_card":"summary_large_image","twitter_misc":{"Ansl. lesetid":"1 minutt"},"schema":{"@context":"https:\/\/schema.org","@graph":[{"@type":"WebPage","@id":"https:\/\/kreftforeningen.no\/vardesenteret\/tilbud\/kurs-for-pasieter-med-nyresvikt-og-deres-parorende\/","url":"https:\/\/kreftforeningen.no\/vardesenteret\/tilbud\/kurs-for-pasieter-med-nyresvikt-og-deres-parorende\/","name":"Kurs for pasieter med nyresvikt og deres p\u00e5r\u00f8rende - Vardesenteret","isPartOf":{"@id":"https:\/\/kreftforeningen.no\/vardesenteret\/#website"},"primaryImageOfPage":{"@id":"https:\/\/kreftforeningen.no\/vardesenteret\/tilbud\/kurs-for-pasieter-med-nyresvikt-og-deres-parorende\/#primaryimage"},"image":{"@id":"https:\/\/kreftforeningen.no\/vardesenteret\/tilbud\/kurs-for-pasieter-med-nyresvikt-og-deres-parorende\/#primaryimage"},"thumbnailUrl":"https:\/\/kreftforeningen.no\/content\/uploads\/2025\/01\/8315238281_5da072b791_b.jpg","datePublished":"2025-01-07T12:43:53+00:00","dateModified":"2025-08-11T13:26:26+00:00","breadcrumb":{"@id":"https:\/\/kreftforeningen.no\/vardesenteret\/tilbud\/kurs-for-pasieter-med-nyresvikt-og-deres-parorende\/#breadcrumb"},"inLanguage":"nb-NO","potentialAction":[{"@type":"ReadAction","target":["https:\/\/kreftforeningen.no\/vardesenteret\/tilbud\/kurs-for-pasieter-med-nyresvikt-og-deres-parorende\/"]}]},{"@type":"ImageObject","inLanguage":"nb-NO","@id":"https:\/\/kreftforeningen.no\/vardesenteret\/tilbud\/kurs-for-pasieter-med-nyresvikt-og-deres-parorende\/#primaryimage","url":"https:\/\/kreftforeningen.no\/content\/uploads\/2025\/01\/8315238281_5da072b791_b.jpg","contentUrl":"https:\/\/kreftforeningen.no\/content\/uploads\/2025\/01\/8315238281_5da072b791_b.jpg"},{"@type":"BreadcrumbList","@id":"https:\/\/kreftforeningen.no\/vardesenteret\/tilbud\/kurs-for-pasieter-med-nyresvikt-og-deres-parorende\/#breadcrumb","itemListElement":[{"@type":"ListItem","position":1,"name":"Forside","item":"https:\/\/kreftforeningen.no\/vardesenteret\/"},{"@type":"ListItem","position":2,"name":"Tilbud","item":"https:\/\/kreftforeningen.no\/vardesenteret\/tilbud\/"},{"@type":"ListItem","position":3,"name":"Kurs for pasieter med nyresvikt og deres p\u00e5r\u00f8rende"}]},{"@type":"WebSite","@id":"https:\/\/kreftforeningen.no\/vardesenteret\/#website","url":"https:\/\/kreftforeningen.no\/vardesenteret\/","name":"Vardesenteret","description":"","publisher":{"@id":"https:\/\/kreftforeningen.no\/vardesenteret\/#organization"},"potentialAction":[{"@type":"SearchAction","target":{"@type":"EntryPoint","urlTemplate":"https:\/\/kreftforeningen.no\/vardesenteret\/?s={search_term_string}"},"query-input":{"@type":"PropertyValueSpecification","valueRequired":true,"valueName":"search_term_string"}}],"inLanguage":"nb-NO"},{"@type":"Organization","@id":"https:\/\/kreftforeningen.no\/vardesenteret\/#organization","name":"Vardesenteret","url":"https:\/\/kreftforeningen.no\/vardesenteret\/","logo":{"@type":"ImageObject","inLanguage":"nb-NO","@id":"https:\/\/kreftforeningen.no\/vardesenteret\/#\/schema\/logo\/image\/","url":"https:\/\/kreftforeningen.no\/content\/uploads\/2026\/02\/cropped-Vardesenter_signatur_sort_horisontal_uten-undertekst-e1589886700835.png","contentUrl":"https:\/\/kreftforeningen.no\/content\/uploads\/2026\/02\/cropped-Vardesenter_signatur_sort_horisontal_uten-undertekst-e1589886700835.png","caption":"Vardesenteret"},"image":{"@id":"https:\/\/kreftforeningen.no\/vardesenteret\/#\/schema\/logo\/image\/"}}]}},"_links":{"self":[{"href":"https:\/\/kreftforeningen.no\/vardesenteret\/wp-json\/wp\/v2\/service\/7315","targetHints":{"allow":["GET"]}}],"collection":[{"href":"https:\/\/kreftforeningen.no\/vardesenteret\/wp-json\/wp\/v2\/service"}],"about":[{"href":"https:\/\/kreftforeningen.no\/vardesenteret\/wp-json\/wp\/v2\/types\/service"}],"author":[{"embeddable":true,"href":"https:\/\/kreftforeningen.no\/vardesenteret\/wp-json\/wp\/v2\/users\/71"}],"version-history":[{"count":3,"href":"https:\/\/kreftforeningen.no\/vardesenteret\/wp-json\/wp\/v2\/service\/7315\/revisions"}],"predecessor-version":[{"id":8463,"href":"https:\/\/kreftforeningen.no\/vardesenteret\/wp-json\/wp\/v2\/service\/7315\/revisions\/8463"}],"wp:featuredmedia":[{"embeddable":true,"href":"https:\/\/kreftforeningen.no\/vardesenteret\/wp-json\/"}],"wp:attachment":[{"href":"https:\/\/kreftforeningen.no\/vardesenteret\/wp-json\/wp\/v2\/media?parent=7315"}],"wp:term":[{"taxonomy":"county","embeddable":true,"href":"https:\/\/kreftforeningen.no\/vardesenteret\/wp-json\/wp\/v2\/county?post=7315"},{"taxonomy":"subject","embeddable":true,"href":"https:\/\/kreftforeningen.no\/vardesenteret\/wp-json\/wp\/v2\/subject?post=7315"}],"curies":[{"name":"wp","href":"https:\/\/api.w.org\/{rel}","templated":true}]}}