{"id":8020,"date":"2025-04-14T15:18:31","date_gmt":"2025-04-14T13:18:31","guid":{"rendered":"https:\/\/kreftforeningen.no\/vardesenteret\/?post_type=service&#038;p=8020"},"modified":"2025-09-24T11:24:34","modified_gmt":"2025-09-24T09:24:34","slug":"tema-tannhelse-og-kreft","status":"publish","type":"service","link":"https:\/\/kreftforeningen.no\/vardesenteret\/tilbud\/tema-tannhelse-og-kreft\/","title":{"rendered":"Tema| Tannhelse og kreft"},"content":{"rendered":"\n\n\n<div class=\"wp-block-kf-ingress\"><div class=\"kf-header__ingress\"><p>Vardesenteret i Stavanger inviterer til temam\u00f8te om tannhelse i forbindelse med kreftbehandling.<\/p><\/div><\/div>\n\n\n\n<p>Visste du at kreftbehandling kan p\u00e5virke tann- og munnhelsen din? Og visste du at du kan f\u00e5 deler av tannbehandlingen dekket fra Helfo? Mange kreftpasienter opplever utfordringer rundt tann- og munnhelse i forbindelse med behandling.<\/p>\n\n\n\n<p>Sommeren 2024 har derfor Kreftforeningen og Colosseum tannlege gjennomf\u00f8rt en sp\u00f8rreunders\u00f8kelse til Kreftforeningens brukerpanel for \u00e5 l\u00e6re mer, og for \u00e5 kunne gi bedre informasjon om temaet. <\/p>\n\n\n\n<p>Vi vet allerede at kreftpasienter f\u00e5r behov for tannbehandling som f\u00f8lge av sykdommen og behandlingen av denne. Da kan det og dukke opp mange sp\u00f8rsm\u00e5l som h\u00e5per vi kan besvare p\u00e5 dette &#8216;temam\u00f8tet&#8217;. Det er ogs\u00e5 mange kreftpasienter som kanskje ikke har fast oppf\u00f8lging hos tannlege og dermed f\u00e5r enda st\u00f8rre problemer.<\/p>\n\n\n\n<p>Derfor vil vi ogs\u00e5 veilede i forebygging og forberedelser f\u00f8r kreftbehandling og refusjonsordninger gjennom HELFO.<\/p>\n\n\n\n<p>Vi vil presenterer funnene i svarene fra brukerpanelet, og vil kunne svare p\u00e5 sp\u00f8rsm\u00e5l.<\/p>\n\n\n\n<p>Velkommen! Dersom dere opplever problemer med p\u00e5meldingen, er dere fortsatt velkommen til \u00e5 delta.<\/p>\n\n\n<div class=\"wp-block-kf-event-info \">\n\t\t\t\n\t\t\t<p class=\"date\"><svg xmlns=\"http:\/\/www.w3.org\/2000\/svg\" width=\"24\" height=\"24\" viewBox=\"0 0 24 24\" fill=\"none\" stroke=\"currentColor\" stroke-width=\"2\" stroke-linecap=\"round\" stroke-linejoin=\"round\" class=\"lucide lucide-clock-icon lucide-clock\"><path d=\"M12 6v6l4 2\"\/><circle cx=\"12\" cy=\"12\" r=\"10\"\/><\/svg> 24. sep. 14.30\u201315.30<\/p>\n\t\t\t<p class=\"location\"><svg xmlns=\"http:\/\/www.w3.org\/2000\/svg\" width=\"24\" height=\"24\" viewBox=\"0 0 24 24\" fill=\"none\" stroke=\"currentColor\" stroke-width=\"2\" stroke-linecap=\"round\" stroke-linejoin=\"round\" class=\"lucide lucide-map-pin-icon lucide-map-pin\"><path d=\"M20 10c0 4.993-5.539 10.193-7.399 11.799a1 1 0 0 1-1.202 0C9.539 20.193 4 14.993 4 10a8 8 0 0 1 16 0\"\/><circle cx=\"12\" cy=\"10\" r=\"3\"\/><\/svg> <a class=\"link\" href=\"https:\/\/maps.google.com\/?q=Vardesenteret i Stavanger\" rel=\"noopener noreferrer\">Vardesenteret i Stavanger (google.com)<\/a><\/p>\n\t\t\t<p class=\"ticket\"><svg xmlns=\"http:\/\/www.w3.org\/2000\/svg\" width=\"24\" height=\"24\" viewBox=\"0 0 24 24\" fill=\"none\" stroke=\"currentColor\" stroke-width=\"2\" stroke-linecap=\"round\" stroke-linejoin=\"round\" class=\"lucide lucide-ticket-icon lucide-ticket\"><path d=\"M2 9a3 3 0 0 1 0 6v2a2 2 0 0 0 2 2h16a2 2 0 0 0 2-2v-2a3 3 0 0 1 0-6V7a2 2 0 0 0-2-2H4a2 2 0 0 0-2 2Z\"\/><path d=\"M13 5v2\"\/><path d=\"M13 17v2\"\/><path d=\"M13 11v2\"\/><\/svg> Dersom dere opplever problemer med p\u00e5meldingen, er dere fortsatt velkommen til \u00e5 delta.<\/p>\n\t\t\t\n\t\t\t<a href=\"https:\/\/assets-eur.mkt.dynamics.com\/0da121ef-b5f8-ee11-9048-0022489e5e62\/digitalassets\/standaloneforms\/6fbdf3c6-7e05-f011-bae3-000d3ab80878?readableEventId=Tannhelse_og_kreft4069352901\" target=\"_blank\" rel=\"noopener noreferrer\"><button>Meld deg p\u00e5 (assets-eur.mkt.dynamics.com)<\/button><\/a>\n\t\t<\/div>","protected":false},"author":107,"featured_media":199869,"parent":0,"menu_order":0,"template":"","meta":{"_relevanssi_hide_post":"","_relevanssi_hide_content":"","_relevanssi_pin_for_all":"","_relevanssi_pin_keywords":"","_relevanssi_unpin_keywords":"","_relevanssi_related_keywords":"","_relevanssi_related_include_ids":"","_relevanssi_related_exclude_ids":"","_relevanssi_related_no_append":"","_relevanssi_related_not_related":"","_relevanssi_related_posts":"4597,3288,3049,4991,2511,6829","_relevanssi_noindex_reason":"","kf_show_post_date":true,"kf_show_updated_date":false,"kf_show_print_page":false,"kf_show_chapters":false,"kf_show_chapters_expanded":false,"kf_show_post_outdated":true,"kf_toggle_title":false,"kf_is_template":false,"kf_post_authors":[],"teft_cards_label":"Vardesenteret i Stavanger","teft_cards_image_id":0,"teft_cards_image_focal_point_x":0,"teft_cards_image_focal_point_y":0,"teft_cards_title":"","teft_cards_excerpt":"","kf_service_priority":false,"kf_service_duration":"single","kf_service_date_end":"2025-09-24T15:30:00","kf_service_date_start":"2025-09-24T14:30:00","kf_service_location":"Vardesenteret i Stavanger","kf_service_url":"https:\/\/assets-eur.mkt.dynamics.com\/0da121ef-b5f8-ee11-9048-0022489e5e62\/digitalassets\/standaloneforms\/6fbdf3c6-7e05-f011-bae3-000d3ab80878?readableEventId=Tannhelse_og_kreft4069352901","kf_service_price":"Dersom dere opplever problemer med p\u00e5meldingen, er dere fortsatt velkommen til \u00e5 delta.","kf_service_featured_image_description":"","footnotes":""},"county":[52],"subject":[117,59],"class_list":["post-8020","service","type-service","status-publish","has-post-thumbnail","hentry","county-rogaland","subject-foredrag","subject-leve-med-og-etter-kreft"],"yoast_head":"<!-- This site is optimized with the Yoast SEO Premium plugin v27.3 (Yoast SEO v27.4) - https:\/\/yoast.com\/product\/yoast-seo-premium-wordpress\/ -->\n<title>Tema| Tannhelse og kreft - Vardesenteret<\/title>\n<meta name=\"robots\" content=\"index, follow, max-snippet:-1, max-image-preview:large, max-video-preview:-1\" \/>\n<link rel=\"canonical\" href=\"https:\/\/kreftforeningen.no\/vardesenteret\/tilbud\/tema-tannhelse-og-kreft\/\" \/>\n<meta property=\"og:locale\" content=\"nb_NO\" \/>\n<meta property=\"og:type\" content=\"article\" \/>\n<meta property=\"og:title\" content=\"Tema| Tannhelse og kreft\" \/>\n<meta property=\"og:description\" content=\"Visste du at kreftbehandling kan p\u00e5virke tann- og munnhelsen din? Og visste du at du kan f\u00e5 deler av tannbehandlingen dekket fra Helfo? Mange kreftpasienter opplever utfordringer rundt tann- og munnhelse i forbindelse med behandling. Sommeren 2024 har derfor Kreftforeningen og Colosseum tannlege gjennomf\u00f8rt en sp\u00f8rreunders\u00f8kelse til Kreftforeningens brukerpanel for \u00e5 l\u00e6re mer, og for [&hellip;]\" \/>\n<meta property=\"og:url\" content=\"https:\/\/kreftforeningen.no\/vardesenteret\/tilbud\/tema-tannhelse-og-kreft\/\" \/>\n<meta property=\"og:site_name\" content=\"Vardesenteret\" \/>\n<meta property=\"article:published_time\" content=\"2025-04-14T13:18:31+00:00\" \/>\n<meta property=\"article:modified_time\" content=\"2025-09-24T09:24:34+00:00\" \/>\n<meta property=\"og:image\" content=\"https:\/\/kreftforeningen.no\/content\/uploads\/2025\/06\/Colosseum-tannbehandling.jpg\" \/>\n\t<meta property=\"og:image:width\" content=\"1920\" \/>\n\t<meta property=\"og:image:height\" content=\"1083\" \/>\n\t<meta property=\"og:image:type\" content=\"image\/jpeg\" \/>\n<meta name=\"twitter:card\" content=\"summary_large_image\" \/>\n<meta name=\"twitter:label1\" content=\"Ansl. lesetid\" \/>\n\t<meta name=\"twitter:data1\" content=\"2 minutter\" \/>\n<script type=\"application\/ld+json\" class=\"yoast-schema-graph\">{\"@context\":\"https:\\\/\\\/schema.org\",\"@graph\":[{\"@type\":\"WebPage\",\"@id\":\"https:\\\/\\\/kreftforeningen.no\\\/vardesenteret\\\/tilbud\\\/tema-tannhelse-og-kreft\\\/\",\"url\":\"https:\\\/\\\/kreftforeningen.no\\\/vardesenteret\\\/tilbud\\\/tema-tannhelse-og-kreft\\\/\",\"name\":\"Tema| Tannhelse og kreft - Vardesenteret\",\"isPartOf\":{\"@id\":\"https:\\\/\\\/kreftforeningen.no\\\/vardesenteret\\\/#website\"},\"primaryImageOfPage\":{\"@id\":\"https:\\\/\\\/kreftforeningen.no\\\/vardesenteret\\\/tilbud\\\/tema-tannhelse-og-kreft\\\/#primaryimage\"},\"image\":{\"@id\":\"https:\\\/\\\/kreftforeningen.no\\\/vardesenteret\\\/tilbud\\\/tema-tannhelse-og-kreft\\\/#primaryimage\"},\"thumbnailUrl\":\"https:\\\/\\\/kreftforeningen.no\\\/content\\\/uploads\\\/2025\\\/06\\\/Colosseum-tannbehandling.jpg\",\"datePublished\":\"2025-04-14T13:18:31+00:00\",\"dateModified\":\"2025-09-24T09:24:34+00:00\",\"breadcrumb\":{\"@id\":\"https:\\\/\\\/kreftforeningen.no\\\/vardesenteret\\\/tilbud\\\/tema-tannhelse-og-kreft\\\/#breadcrumb\"},\"inLanguage\":\"nb-NO\",\"potentialAction\":[{\"@type\":\"ReadAction\",\"target\":[\"https:\\\/\\\/kreftforeningen.no\\\/vardesenteret\\\/tilbud\\\/tema-tannhelse-og-kreft\\\/\"]}]},{\"@type\":\"ImageObject\",\"inLanguage\":\"nb-NO\",\"@id\":\"https:\\\/\\\/kreftforeningen.no\\\/vardesenteret\\\/tilbud\\\/tema-tannhelse-og-kreft\\\/#primaryimage\",\"url\":\"https:\\\/\\\/kreftforeningen.no\\\/content\\\/uploads\\\/2025\\\/06\\\/Colosseum-tannbehandling.jpg\",\"contentUrl\":\"https:\\\/\\\/kreftforeningen.no\\\/content\\\/uploads\\\/2025\\\/06\\\/Colosseum-tannbehandling.jpg\"},{\"@type\":\"BreadcrumbList\",\"@id\":\"https:\\\/\\\/kreftforeningen.no\\\/vardesenteret\\\/tilbud\\\/tema-tannhelse-og-kreft\\\/#breadcrumb\",\"itemListElement\":[{\"@type\":\"ListItem\",\"position\":1,\"name\":\"Forside\",\"item\":\"https:\\\/\\\/kreftforeningen.no\\\/vardesenteret\\\/\"},{\"@type\":\"ListItem\",\"position\":2,\"name\":\"Tilbud\",\"item\":\"https:\\\/\\\/kreftforeningen.no\\\/vardesenteret\\\/tilbud\\\/\"},{\"@type\":\"ListItem\",\"position\":3,\"name\":\"Tema| Tannhelse og kreft\"}]},{\"@type\":\"WebSite\",\"@id\":\"https:\\\/\\\/kreftforeningen.no\\\/vardesenteret\\\/#website\",\"url\":\"https:\\\/\\\/kreftforeningen.no\\\/vardesenteret\\\/\",\"name\":\"Vardesenteret\",\"description\":\"\",\"publisher\":{\"@id\":\"https:\\\/\\\/kreftforeningen.no\\\/vardesenteret\\\/#organization\"},\"potentialAction\":[{\"@type\":\"SearchAction\",\"target\":{\"@type\":\"EntryPoint\",\"urlTemplate\":\"https:\\\/\\\/kreftforeningen.no\\\/vardesenteret\\\/?s={search_term_string}\"},\"query-input\":{\"@type\":\"PropertyValueSpecification\",\"valueRequired\":true,\"valueName\":\"search_term_string\"}}],\"inLanguage\":\"nb-NO\"},{\"@type\":\"Organization\",\"@id\":\"https:\\\/\\\/kreftforeningen.no\\\/vardesenteret\\\/#organization\",\"name\":\"Vardesenteret\",\"url\":\"https:\\\/\\\/kreftforeningen.no\\\/vardesenteret\\\/\",\"logo\":{\"@type\":\"ImageObject\",\"inLanguage\":\"nb-NO\",\"@id\":\"https:\\\/\\\/kreftforeningen.no\\\/vardesenteret\\\/#\\\/schema\\\/logo\\\/image\\\/\",\"url\":\"https:\\\/\\\/kreftforeningen.no\\\/content\\\/uploads\\\/2026\\\/02\\\/cropped-Vardesenter_signatur_sort_horisontal_uten-undertekst-e1589886700835.png\",\"contentUrl\":\"https:\\\/\\\/kreftforeningen.no\\\/content\\\/uploads\\\/2026\\\/02\\\/cropped-Vardesenter_signatur_sort_horisontal_uten-undertekst-e1589886700835.png\",\"caption\":\"Vardesenteret\"},\"image\":{\"@id\":\"https:\\\/\\\/kreftforeningen.no\\\/vardesenteret\\\/#\\\/schema\\\/logo\\\/image\\\/\"}}]}<\/script>\n<!-- \/ Yoast SEO Premium plugin. -->","yoast_head_json":{"title":"Tema| Tannhelse og kreft - Vardesenteret","robots":{"index":"index","follow":"follow","max-snippet":"max-snippet:-1","max-image-preview":"max-image-preview:large","max-video-preview":"max-video-preview:-1"},"canonical":"https:\/\/kreftforeningen.no\/vardesenteret\/tilbud\/tema-tannhelse-og-kreft\/","og_locale":"nb_NO","og_type":"article","og_title":"Tema| Tannhelse og kreft","og_description":"Visste du at kreftbehandling kan p\u00e5virke tann- og munnhelsen din? Og visste du at du kan f\u00e5 deler av tannbehandlingen dekket fra Helfo? Mange kreftpasienter opplever utfordringer rundt tann- og munnhelse i forbindelse med behandling. Sommeren 2024 har derfor Kreftforeningen og Colosseum tannlege gjennomf\u00f8rt en sp\u00f8rreunders\u00f8kelse til Kreftforeningens brukerpanel for \u00e5 l\u00e6re mer, og for [&hellip;]","og_url":"https:\/\/kreftforeningen.no\/vardesenteret\/tilbud\/tema-tannhelse-og-kreft\/","og_site_name":"Vardesenteret","article_published_time":"2025-04-14T13:18:31+00:00","article_modified_time":"2025-09-24T09:24:34+00:00","og_image":[{"width":1920,"height":1083,"url":"https:\/\/kreftforeningen.no\/content\/uploads\/2025\/06\/Colosseum-tannbehandling.jpg","type":"image\/jpeg"}],"twitter_card":"summary_large_image","twitter_misc":{"Ansl. lesetid":"2 minutter"},"schema":{"@context":"https:\/\/schema.org","@graph":[{"@type":"WebPage","@id":"https:\/\/kreftforeningen.no\/vardesenteret\/tilbud\/tema-tannhelse-og-kreft\/","url":"https:\/\/kreftforeningen.no\/vardesenteret\/tilbud\/tema-tannhelse-og-kreft\/","name":"Tema| Tannhelse og kreft - Vardesenteret","isPartOf":{"@id":"https:\/\/kreftforeningen.no\/vardesenteret\/#website"},"primaryImageOfPage":{"@id":"https:\/\/kreftforeningen.no\/vardesenteret\/tilbud\/tema-tannhelse-og-kreft\/#primaryimage"},"image":{"@id":"https:\/\/kreftforeningen.no\/vardesenteret\/tilbud\/tema-tannhelse-og-kreft\/#primaryimage"},"thumbnailUrl":"https:\/\/kreftforeningen.no\/content\/uploads\/2025\/06\/Colosseum-tannbehandling.jpg","datePublished":"2025-04-14T13:18:31+00:00","dateModified":"2025-09-24T09:24:34+00:00","breadcrumb":{"@id":"https:\/\/kreftforeningen.no\/vardesenteret\/tilbud\/tema-tannhelse-og-kreft\/#breadcrumb"},"inLanguage":"nb-NO","potentialAction":[{"@type":"ReadAction","target":["https:\/\/kreftforeningen.no\/vardesenteret\/tilbud\/tema-tannhelse-og-kreft\/"]}]},{"@type":"ImageObject","inLanguage":"nb-NO","@id":"https:\/\/kreftforeningen.no\/vardesenteret\/tilbud\/tema-tannhelse-og-kreft\/#primaryimage","url":"https:\/\/kreftforeningen.no\/content\/uploads\/2025\/06\/Colosseum-tannbehandling.jpg","contentUrl":"https:\/\/kreftforeningen.no\/content\/uploads\/2025\/06\/Colosseum-tannbehandling.jpg"},{"@type":"BreadcrumbList","@id":"https:\/\/kreftforeningen.no\/vardesenteret\/tilbud\/tema-tannhelse-og-kreft\/#breadcrumb","itemListElement":[{"@type":"ListItem","position":1,"name":"Forside","item":"https:\/\/kreftforeningen.no\/vardesenteret\/"},{"@type":"ListItem","position":2,"name":"Tilbud","item":"https:\/\/kreftforeningen.no\/vardesenteret\/tilbud\/"},{"@type":"ListItem","position":3,"name":"Tema| Tannhelse og kreft"}]},{"@type":"WebSite","@id":"https:\/\/kreftforeningen.no\/vardesenteret\/#website","url":"https:\/\/kreftforeningen.no\/vardesenteret\/","name":"Vardesenteret","description":"","publisher":{"@id":"https:\/\/kreftforeningen.no\/vardesenteret\/#organization"},"potentialAction":[{"@type":"SearchAction","target":{"@type":"EntryPoint","urlTemplate":"https:\/\/kreftforeningen.no\/vardesenteret\/?s={search_term_string}"},"query-input":{"@type":"PropertyValueSpecification","valueRequired":true,"valueName":"search_term_string"}}],"inLanguage":"nb-NO"},{"@type":"Organization","@id":"https:\/\/kreftforeningen.no\/vardesenteret\/#organization","name":"Vardesenteret","url":"https:\/\/kreftforeningen.no\/vardesenteret\/","logo":{"@type":"ImageObject","inLanguage":"nb-NO","@id":"https:\/\/kreftforeningen.no\/vardesenteret\/#\/schema\/logo\/image\/","url":"https:\/\/kreftforeningen.no\/content\/uploads\/2026\/02\/cropped-Vardesenter_signatur_sort_horisontal_uten-undertekst-e1589886700835.png","contentUrl":"https:\/\/kreftforeningen.no\/content\/uploads\/2026\/02\/cropped-Vardesenter_signatur_sort_horisontal_uten-undertekst-e1589886700835.png","caption":"Vardesenteret"},"image":{"@id":"https:\/\/kreftforeningen.no\/vardesenteret\/#\/schema\/logo\/image\/"}}]}},"_links":{"self":[{"href":"https:\/\/kreftforeningen.no\/vardesenteret\/wp-json\/wp\/v2\/service\/8020","targetHints":{"allow":["GET"]}}],"collection":[{"href":"https:\/\/kreftforeningen.no\/vardesenteret\/wp-json\/wp\/v2\/service"}],"about":[{"href":"https:\/\/kreftforeningen.no\/vardesenteret\/wp-json\/wp\/v2\/types\/service"}],"author":[{"embeddable":true,"href":"https:\/\/kreftforeningen.no\/vardesenteret\/wp-json\/wp\/v2\/users\/107"}],"version-history":[{"count":9,"href":"https:\/\/kreftforeningen.no\/vardesenteret\/wp-json\/wp\/v2\/service\/8020\/revisions"}],"predecessor-version":[{"id":8863,"href":"https:\/\/kreftforeningen.no\/vardesenteret\/wp-json\/wp\/v2\/service\/8020\/revisions\/8863"}],"wp:featuredmedia":[{"embeddable":true,"href":"https:\/\/kreftforeningen.no\/vardesenteret\/wp-json\/"}],"wp:attachment":[{"href":"https:\/\/kreftforeningen.no\/vardesenteret\/wp-json\/wp\/v2\/media?parent=8020"}],"wp:term":[{"taxonomy":"county","embeddable":true,"href":"https:\/\/kreftforeningen.no\/vardesenteret\/wp-json\/wp\/v2\/county?post=8020"},{"taxonomy":"subject","embeddable":true,"href":"https:\/\/kreftforeningen.no\/vardesenteret\/wp-json\/wp\/v2\/subject?post=8020"}],"curies":[{"name":"wp","href":"https:\/\/api.w.org\/{rel}","templated":true}]}}