{"id":8057,"date":"2025-04-28T14:26:53","date_gmt":"2025-04-28T12:26:53","guid":{"rendered":"https:\/\/kreftforeningen.no\/vardesenteret\/?post_type=service&#038;p=8057"},"modified":"2025-04-28T14:26:54","modified_gmt":"2025-04-28T12:26:54","slug":"temakveld-tannhelse-i-forbindelse-med-kreftbehandling","status":"publish","type":"service","link":"https:\/\/kreftforeningen.no\/vardesenteret\/tilbud\/temakveld-tannhelse-i-forbindelse-med-kreftbehandling\/","title":{"rendered":"Temakveld: Tannhelse i forbindelse med kreftbehandling"},"content":{"rendered":"\n\n\n<div class=\"wp-block-kf-ingress\"><div class=\"kf-header__ingress\"><p>Visste du at kreftbehandling kan p\u00e5virke tann- og munnhelsen din?Og visste du at du kan f\u00e5 deler av tannbehandlingen dekket fra Helfo? <\/p><\/div><\/div>\n\n\n\n<p>Mange kreftpasienter opplever utfordringer rundt tann- og munnhelse i forbindelse med behandling. <\/p>\n\n\n\n<p>Derfor har Kreftforeningen og Colosseum tannlege gjennomf\u00f8rt en sp\u00f8rreunders\u00f8kelse til Kreftforeningens brukerpanel for \u00e5 l\u00e6re mer. Og for \u00e5 kunne gi bedre informasjon om temaet. <\/p>\n\n\n\n<p>Vi vet allerede at kreftpasienter f\u00e5r behov for tannbehandling som f\u00f8lge av sykdommen og behandlingen av denne, og det dukker opp mange sp\u00f8rsm\u00e5l som vi i dette temam\u00f8tet h\u00e5per vi kan besvare. <\/p>\n\n\n\n<p>Det er ogs\u00e5 mange kreftpasienter som kanskje ikke har fast oppf\u00f8lging hos tannlege, og dermed ogs\u00e5 f\u00e5r enda st\u00f8rre problemer. Derfor vil vi ogs\u00e5 veilede i forebygging og forberedelser f\u00f8r kreftbehandling og refusjonsordninger gjennom HELFO.<br><br>Vi vil presenterer funnene i svarene fra brukerpanelet og vil kunne svare p\u00e5 sp\u00f8rsm\u00e5l.<br><\/p>\n\n\n\n<p>Foredraget vil bli streamet.<\/p>\n\n\n\n<p>Du er hjertelig velkommen!<\/p>\n\n\n<div class=\"wp-block-kf-event-info \">\n\t\t\t<div class=\"top-text\">\n\t\t\t\tTemakveld: Tannhelse i forbindelse med kreftbehandling\n\t\t\t<\/div>\n\t\t\t<p class=\"date\"><svg xmlns=\"http:\/\/www.w3.org\/2000\/svg\" width=\"24\" height=\"24\" viewBox=\"0 0 24 24\" fill=\"none\" stroke=\"currentColor\" stroke-width=\"2\" stroke-linecap=\"round\" stroke-linejoin=\"round\" class=\"lucide lucide-clock-icon lucide-clock\"><path d=\"M12 6v6l4 2\"\/><circle cx=\"12\" cy=\"12\" r=\"10\"\/><\/svg> 14. mai 18.00\u201319.00<\/p>\n\t\t\t<p class=\"location\"><svg xmlns=\"http:\/\/www.w3.org\/2000\/svg\" width=\"24\" height=\"24\" viewBox=\"0 0 24 24\" fill=\"none\" stroke=\"currentColor\" stroke-width=\"2\" stroke-linecap=\"round\" stroke-linejoin=\"round\" class=\"lucide lucide-map-pin-icon lucide-map-pin\"><path d=\"M20 10c0 4.993-5.539 10.193-7.399 11.799a1 1 0 0 1-1.202 0C9.539 20.193 4 14.993 4 10a8 8 0 0 1 16 0\"\/><circle cx=\"12\" cy=\"10\" r=\"3\"\/><\/svg> <a class=\"link\" href=\"https:\/\/maps.google.com\/?q=Vardesenteret, Ibsens gate 118\" rel=\"noopener noreferrer\">Vardesenteret, Ibsens gate 118 (google.com)<\/a><\/p>\n\t\t\t<p class=\"ticket\"><svg xmlns=\"http:\/\/www.w3.org\/2000\/svg\" width=\"24\" height=\"24\" viewBox=\"0 0 24 24\" fill=\"none\" stroke=\"currentColor\" stroke-width=\"2\" stroke-linecap=\"round\" stroke-linejoin=\"round\" class=\"lucide lucide-ticket-icon lucide-ticket\"><path d=\"M2 9a3 3 0 0 1 0 6v2a2 2 0 0 0 2 2h16a2 2 0 0 0 2-2v-2a3 3 0 0 1 0-6V7a2 2 0 0 0-2-2H4a2 2 0 0 0-2 2Z\"\/><path d=\"M13 5v2\"\/><path d=\"M13 17v2\"\/><path d=\"M13 11v2\"\/><\/svg> Gratis<\/p>\n\t\t\t\n\t\t\t\n\t\t<\/div>","protected":false},"author":71,"featured_media":198433,"parent":0,"menu_order":0,"template":"","meta":{"_relevanssi_hide_post":"","_relevanssi_hide_content":"","_relevanssi_pin_for_all":"","_relevanssi_pin_keywords":"","_relevanssi_unpin_keywords":"","_relevanssi_related_keywords":"","_relevanssi_related_include_ids":"","_relevanssi_related_exclude_ids":"","_relevanssi_related_no_append":"","_relevanssi_related_not_related":"","_relevanssi_related_posts":"3288,3148,3049,3866,4991,6763","_relevanssi_noindex_reason":"","kf_show_post_date":true,"kf_show_updated_date":false,"kf_show_print_page":false,"kf_show_chapters":false,"kf_show_chapters_expanded":false,"kf_show_post_outdated":true,"kf_toggle_title":false,"kf_is_template":false,"kf_post_authors":[],"teft_cards_label":"Vardesenteret i Bergen","teft_cards_image_id":0,"teft_cards_image_focal_point_x":0,"teft_cards_image_focal_point_y":0,"teft_cards_title":"","teft_cards_excerpt":"","kf_service_priority":false,"kf_service_duration":"single","kf_service_date_end":"2025-05-14T19:00:00","kf_service_date_start":"2025-05-14T18:00:00","kf_service_location":"Vardesenteret, Ibsens gate 118","kf_service_url":"","kf_service_price":"Gratis","kf_service_featured_image_description":"","footnotes":""},"county":[56],"subject":[59],"class_list":["post-8057","service","type-service","status-publish","has-post-thumbnail","hentry","county-vestland","subject-leve-med-og-etter-kreft"],"yoast_head":"<!-- This site is optimized with the Yoast SEO Premium plugin v27.3 (Yoast SEO v27.4) - https:\/\/yoast.com\/product\/yoast-seo-premium-wordpress\/ -->\n<title>Temakveld: Tannhelse i forbindelse med kreftbehandling - Vardesenteret<\/title>\n<meta name=\"robots\" content=\"index, follow, max-snippet:-1, max-image-preview:large, max-video-preview:-1\" \/>\n<link rel=\"canonical\" href=\"https:\/\/kreftforeningen.no\/vardesenteret\/tilbud\/temakveld-tannhelse-i-forbindelse-med-kreftbehandling\/\" \/>\n<meta property=\"og:locale\" content=\"nb_NO\" \/>\n<meta property=\"og:type\" content=\"article\" \/>\n<meta property=\"og:title\" content=\"Temakveld: Tannhelse i forbindelse med kreftbehandling\" \/>\n<meta property=\"og:description\" content=\"Mange kreftpasienter opplever utfordringer rundt tann- og munnhelse i forbindelse med behandling. Derfor har Kreftforeningen og Colosseum tannlege gjennomf\u00f8rt en sp\u00f8rreunders\u00f8kelse til Kreftforeningens brukerpanel for \u00e5 l\u00e6re mer. Og for \u00e5 kunne gi bedre informasjon om temaet. Vi vet allerede at kreftpasienter f\u00e5r behov for tannbehandling som f\u00f8lge av sykdommen og behandlingen av denne, og [&hellip;]\" \/>\n<meta property=\"og:url\" content=\"https:\/\/kreftforeningen.no\/vardesenteret\/tilbud\/temakveld-tannhelse-i-forbindelse-med-kreftbehandling\/\" \/>\n<meta property=\"og:site_name\" content=\"Vardesenteret\" \/>\n<meta property=\"article:published_time\" content=\"2025-04-28T12:26:53+00:00\" \/>\n<meta property=\"article:modified_time\" content=\"2025-04-28T12:26:54+00:00\" \/>\n<meta property=\"og:image\" content=\"https:\/\/kreftforeningen.no\/content\/uploads\/2025\/04\/Endodonti_rontgenbilder_herobilde_behandling-kopi-1-1.webp\" \/>\n\t<meta property=\"og:image:width\" content=\"2340\" \/>\n\t<meta property=\"og:image:height\" content=\"1560\" \/>\n\t<meta property=\"og:image:type\" content=\"image\/jpeg\" \/>\n<meta name=\"twitter:card\" content=\"summary_large_image\" \/>\n<meta name=\"twitter:label1\" content=\"Ansl. lesetid\" \/>\n\t<meta name=\"twitter:data1\" content=\"2 minutter\" \/>\n<script type=\"application\/ld+json\" class=\"yoast-schema-graph\">{\"@context\":\"https:\\\/\\\/schema.org\",\"@graph\":[{\"@type\":\"WebPage\",\"@id\":\"https:\\\/\\\/kreftforeningen.no\\\/vardesenteret\\\/tilbud\\\/temakveld-tannhelse-i-forbindelse-med-kreftbehandling\\\/\",\"url\":\"https:\\\/\\\/kreftforeningen.no\\\/vardesenteret\\\/tilbud\\\/temakveld-tannhelse-i-forbindelse-med-kreftbehandling\\\/\",\"name\":\"Temakveld: Tannhelse i forbindelse med kreftbehandling - Vardesenteret\",\"isPartOf\":{\"@id\":\"https:\\\/\\\/kreftforeningen.no\\\/vardesenteret\\\/#website\"},\"primaryImageOfPage\":{\"@id\":\"https:\\\/\\\/kreftforeningen.no\\\/vardesenteret\\\/tilbud\\\/temakveld-tannhelse-i-forbindelse-med-kreftbehandling\\\/#primaryimage\"},\"image\":{\"@id\":\"https:\\\/\\\/kreftforeningen.no\\\/vardesenteret\\\/tilbud\\\/temakveld-tannhelse-i-forbindelse-med-kreftbehandling\\\/#primaryimage\"},\"thumbnailUrl\":\"https:\\\/\\\/kreftforeningen.no\\\/content\\\/uploads\\\/2025\\\/04\\\/Endodonti_rontgenbilder_herobilde_behandling-kopi-1-1.webp\",\"datePublished\":\"2025-04-28T12:26:53+00:00\",\"dateModified\":\"2025-04-28T12:26:54+00:00\",\"breadcrumb\":{\"@id\":\"https:\\\/\\\/kreftforeningen.no\\\/vardesenteret\\\/tilbud\\\/temakveld-tannhelse-i-forbindelse-med-kreftbehandling\\\/#breadcrumb\"},\"inLanguage\":\"nb-NO\",\"potentialAction\":[{\"@type\":\"ReadAction\",\"target\":[\"https:\\\/\\\/kreftforeningen.no\\\/vardesenteret\\\/tilbud\\\/temakveld-tannhelse-i-forbindelse-med-kreftbehandling\\\/\"]}]},{\"@type\":\"ImageObject\",\"inLanguage\":\"nb-NO\",\"@id\":\"https:\\\/\\\/kreftforeningen.no\\\/vardesenteret\\\/tilbud\\\/temakveld-tannhelse-i-forbindelse-med-kreftbehandling\\\/#primaryimage\",\"url\":\"https:\\\/\\\/kreftforeningen.no\\\/content\\\/uploads\\\/2025\\\/04\\\/Endodonti_rontgenbilder_herobilde_behandling-kopi-1-1.webp\",\"contentUrl\":\"https:\\\/\\\/kreftforeningen.no\\\/content\\\/uploads\\\/2025\\\/04\\\/Endodonti_rontgenbilder_herobilde_behandling-kopi-1-1.webp\"},{\"@type\":\"BreadcrumbList\",\"@id\":\"https:\\\/\\\/kreftforeningen.no\\\/vardesenteret\\\/tilbud\\\/temakveld-tannhelse-i-forbindelse-med-kreftbehandling\\\/#breadcrumb\",\"itemListElement\":[{\"@type\":\"ListItem\",\"position\":1,\"name\":\"Forside\",\"item\":\"https:\\\/\\\/kreftforeningen.no\\\/vardesenteret\\\/\"},{\"@type\":\"ListItem\",\"position\":2,\"name\":\"Tilbud\",\"item\":\"https:\\\/\\\/kreftforeningen.no\\\/vardesenteret\\\/tilbud\\\/\"},{\"@type\":\"ListItem\",\"position\":3,\"name\":\"Temakveld: Tannhelse i forbindelse med kreftbehandling\"}]},{\"@type\":\"WebSite\",\"@id\":\"https:\\\/\\\/kreftforeningen.no\\\/vardesenteret\\\/#website\",\"url\":\"https:\\\/\\\/kreftforeningen.no\\\/vardesenteret\\\/\",\"name\":\"Vardesenteret\",\"description\":\"\",\"publisher\":{\"@id\":\"https:\\\/\\\/kreftforeningen.no\\\/vardesenteret\\\/#organization\"},\"potentialAction\":[{\"@type\":\"SearchAction\",\"target\":{\"@type\":\"EntryPoint\",\"urlTemplate\":\"https:\\\/\\\/kreftforeningen.no\\\/vardesenteret\\\/?s={search_term_string}\"},\"query-input\":{\"@type\":\"PropertyValueSpecification\",\"valueRequired\":true,\"valueName\":\"search_term_string\"}}],\"inLanguage\":\"nb-NO\"},{\"@type\":\"Organization\",\"@id\":\"https:\\\/\\\/kreftforeningen.no\\\/vardesenteret\\\/#organization\",\"name\":\"Vardesenteret\",\"url\":\"https:\\\/\\\/kreftforeningen.no\\\/vardesenteret\\\/\",\"logo\":{\"@type\":\"ImageObject\",\"inLanguage\":\"nb-NO\",\"@id\":\"https:\\\/\\\/kreftforeningen.no\\\/vardesenteret\\\/#\\\/schema\\\/logo\\\/image\\\/\",\"url\":\"https:\\\/\\\/kreftforeningen.no\\\/content\\\/uploads\\\/2026\\\/02\\\/cropped-Vardesenter_signatur_sort_horisontal_uten-undertekst-e1589886700835.png\",\"contentUrl\":\"https:\\\/\\\/kreftforeningen.no\\\/content\\\/uploads\\\/2026\\\/02\\\/cropped-Vardesenter_signatur_sort_horisontal_uten-undertekst-e1589886700835.png\",\"caption\":\"Vardesenteret\"},\"image\":{\"@id\":\"https:\\\/\\\/kreftforeningen.no\\\/vardesenteret\\\/#\\\/schema\\\/logo\\\/image\\\/\"}}]}<\/script>\n<!-- \/ Yoast SEO Premium plugin. -->","yoast_head_json":{"title":"Temakveld: Tannhelse i forbindelse med kreftbehandling - Vardesenteret","robots":{"index":"index","follow":"follow","max-snippet":"max-snippet:-1","max-image-preview":"max-image-preview:large","max-video-preview":"max-video-preview:-1"},"canonical":"https:\/\/kreftforeningen.no\/vardesenteret\/tilbud\/temakveld-tannhelse-i-forbindelse-med-kreftbehandling\/","og_locale":"nb_NO","og_type":"article","og_title":"Temakveld: Tannhelse i forbindelse med kreftbehandling","og_description":"Mange kreftpasienter opplever utfordringer rundt tann- og munnhelse i forbindelse med behandling. Derfor har Kreftforeningen og Colosseum tannlege gjennomf\u00f8rt en sp\u00f8rreunders\u00f8kelse til Kreftforeningens brukerpanel for \u00e5 l\u00e6re mer. Og for \u00e5 kunne gi bedre informasjon om temaet. Vi vet allerede at kreftpasienter f\u00e5r behov for tannbehandling som f\u00f8lge av sykdommen og behandlingen av denne, og [&hellip;]","og_url":"https:\/\/kreftforeningen.no\/vardesenteret\/tilbud\/temakveld-tannhelse-i-forbindelse-med-kreftbehandling\/","og_site_name":"Vardesenteret","article_published_time":"2025-04-28T12:26:53+00:00","article_modified_time":"2025-04-28T12:26:54+00:00","og_image":[{"width":2340,"height":1560,"url":"https:\/\/kreftforeningen.no\/content\/uploads\/2025\/04\/Endodonti_rontgenbilder_herobilde_behandling-kopi-1-1.webp","type":"image\/jpeg"}],"twitter_card":"summary_large_image","twitter_misc":{"Ansl. lesetid":"2 minutter"},"schema":{"@context":"https:\/\/schema.org","@graph":[{"@type":"WebPage","@id":"https:\/\/kreftforeningen.no\/vardesenteret\/tilbud\/temakveld-tannhelse-i-forbindelse-med-kreftbehandling\/","url":"https:\/\/kreftforeningen.no\/vardesenteret\/tilbud\/temakveld-tannhelse-i-forbindelse-med-kreftbehandling\/","name":"Temakveld: Tannhelse i forbindelse med kreftbehandling - Vardesenteret","isPartOf":{"@id":"https:\/\/kreftforeningen.no\/vardesenteret\/#website"},"primaryImageOfPage":{"@id":"https:\/\/kreftforeningen.no\/vardesenteret\/tilbud\/temakveld-tannhelse-i-forbindelse-med-kreftbehandling\/#primaryimage"},"image":{"@id":"https:\/\/kreftforeningen.no\/vardesenteret\/tilbud\/temakveld-tannhelse-i-forbindelse-med-kreftbehandling\/#primaryimage"},"thumbnailUrl":"https:\/\/kreftforeningen.no\/content\/uploads\/2025\/04\/Endodonti_rontgenbilder_herobilde_behandling-kopi-1-1.webp","datePublished":"2025-04-28T12:26:53+00:00","dateModified":"2025-04-28T12:26:54+00:00","breadcrumb":{"@id":"https:\/\/kreftforeningen.no\/vardesenteret\/tilbud\/temakveld-tannhelse-i-forbindelse-med-kreftbehandling\/#breadcrumb"},"inLanguage":"nb-NO","potentialAction":[{"@type":"ReadAction","target":["https:\/\/kreftforeningen.no\/vardesenteret\/tilbud\/temakveld-tannhelse-i-forbindelse-med-kreftbehandling\/"]}]},{"@type":"ImageObject","inLanguage":"nb-NO","@id":"https:\/\/kreftforeningen.no\/vardesenteret\/tilbud\/temakveld-tannhelse-i-forbindelse-med-kreftbehandling\/#primaryimage","url":"https:\/\/kreftforeningen.no\/content\/uploads\/2025\/04\/Endodonti_rontgenbilder_herobilde_behandling-kopi-1-1.webp","contentUrl":"https:\/\/kreftforeningen.no\/content\/uploads\/2025\/04\/Endodonti_rontgenbilder_herobilde_behandling-kopi-1-1.webp"},{"@type":"BreadcrumbList","@id":"https:\/\/kreftforeningen.no\/vardesenteret\/tilbud\/temakveld-tannhelse-i-forbindelse-med-kreftbehandling\/#breadcrumb","itemListElement":[{"@type":"ListItem","position":1,"name":"Forside","item":"https:\/\/kreftforeningen.no\/vardesenteret\/"},{"@type":"ListItem","position":2,"name":"Tilbud","item":"https:\/\/kreftforeningen.no\/vardesenteret\/tilbud\/"},{"@type":"ListItem","position":3,"name":"Temakveld: Tannhelse i forbindelse med kreftbehandling"}]},{"@type":"WebSite","@id":"https:\/\/kreftforeningen.no\/vardesenteret\/#website","url":"https:\/\/kreftforeningen.no\/vardesenteret\/","name":"Vardesenteret","description":"","publisher":{"@id":"https:\/\/kreftforeningen.no\/vardesenteret\/#organization"},"potentialAction":[{"@type":"SearchAction","target":{"@type":"EntryPoint","urlTemplate":"https:\/\/kreftforeningen.no\/vardesenteret\/?s={search_term_string}"},"query-input":{"@type":"PropertyValueSpecification","valueRequired":true,"valueName":"search_term_string"}}],"inLanguage":"nb-NO"},{"@type":"Organization","@id":"https:\/\/kreftforeningen.no\/vardesenteret\/#organization","name":"Vardesenteret","url":"https:\/\/kreftforeningen.no\/vardesenteret\/","logo":{"@type":"ImageObject","inLanguage":"nb-NO","@id":"https:\/\/kreftforeningen.no\/vardesenteret\/#\/schema\/logo\/image\/","url":"https:\/\/kreftforeningen.no\/content\/uploads\/2026\/02\/cropped-Vardesenter_signatur_sort_horisontal_uten-undertekst-e1589886700835.png","contentUrl":"https:\/\/kreftforeningen.no\/content\/uploads\/2026\/02\/cropped-Vardesenter_signatur_sort_horisontal_uten-undertekst-e1589886700835.png","caption":"Vardesenteret"},"image":{"@id":"https:\/\/kreftforeningen.no\/vardesenteret\/#\/schema\/logo\/image\/"}}]}},"_links":{"self":[{"href":"https:\/\/kreftforeningen.no\/vardesenteret\/wp-json\/wp\/v2\/service\/8057","targetHints":{"allow":["GET"]}}],"collection":[{"href":"https:\/\/kreftforeningen.no\/vardesenteret\/wp-json\/wp\/v2\/service"}],"about":[{"href":"https:\/\/kreftforeningen.no\/vardesenteret\/wp-json\/wp\/v2\/types\/service"}],"author":[{"embeddable":true,"href":"https:\/\/kreftforeningen.no\/vardesenteret\/wp-json\/wp\/v2\/users\/71"}],"version-history":[{"count":1,"href":"https:\/\/kreftforeningen.no\/vardesenteret\/wp-json\/wp\/v2\/service\/8057\/revisions"}],"predecessor-version":[{"id":8090,"href":"https:\/\/kreftforeningen.no\/vardesenteret\/wp-json\/wp\/v2\/service\/8057\/revisions\/8090"}],"wp:featuredmedia":[{"embeddable":true,"href":"https:\/\/kreftforeningen.no\/vardesenteret\/wp-json\/"}],"wp:attachment":[{"href":"https:\/\/kreftforeningen.no\/vardesenteret\/wp-json\/wp\/v2\/media?parent=8057"}],"wp:term":[{"taxonomy":"county","embeddable":true,"href":"https:\/\/kreftforeningen.no\/vardesenteret\/wp-json\/wp\/v2\/county?post=8057"},{"taxonomy":"subject","embeddable":true,"href":"https:\/\/kreftforeningen.no\/vardesenteret\/wp-json\/wp\/v2\/subject?post=8057"}],"curies":[{"name":"wp","href":"https:\/\/api.w.org\/{rel}","templated":true}]}}