{"id":8133,"date":"2025-05-08T11:19:26","date_gmt":"2025-05-08T09:19:26","guid":{"rendered":"https:\/\/kreftforeningen.no\/vardesenteret\/?post_type=service&#038;p=8133"},"modified":"2026-08-31T12:38:42","modified_gmt":"2026-08-31T10:38:42","slug":"ukrainsk-kafe","status":"publish","type":"service","link":"https:\/\/kreftforeningen.no\/vardesenteret\/tilbud\/ukrainsk-kafe\/","title":{"rendered":"Ukrainsk kaf\u00e9 p\u00e5 vardesenteret"},"content":{"rendered":"\n\n\n<div class=\"wp-block-kf-ingress\"><div class=\"kf-header__ingress\"><p>Er du ukrainsk kreftpasient og \u00f8nsker \u00e5 treffe andre i samme situasjon?<\/p><\/div><\/div>\n\n\n\n<p>Vardesenteret p\u00e5 Radiumhospitalet inviterer til et hyggelig treff for ukrainske pasienter. Vi serverer mat og drikke.<\/p>\n\n\n\n<p>Du vil f\u00e5 mulighet til \u00e5 snakke med andre i samme situasjon som deg selv, og vi vil ha frivillige jurister til stede som kan hjelpe deg, samt en klinisk ern\u00e6ringsfysiolog som kan svare p\u00e5 sp\u00f8rsm\u00e5l om kosthold. Det vil v\u00e6re tolk til stede.<\/p>\n\n\n\n<p>Vi h\u00e5per du har mulighet til \u00e5 komme!<\/p>\n\n\n\n<p>Tilbudet er gratis.<\/p>\n\n\n\n<h2 class=\"wp-block-heading\" id=\"h-tid\">Tid <\/h2>\n\n\n\n<p>Klokken 10.00-12.00<\/p>\n\n\n\n<h2 class=\"wp-block-heading\" id=\"h-dato\">Dato<\/h2>\n\n\n\n<p>21. oktober<\/p>\n\n\n\n<h2 class=\"wp-block-heading\" id=\"h-sted\">Sted<\/h2>\n\n\n\n<p><strong>Vardesenteret p\u00e5 Radiumhospitalet<br><\/strong>Ullernchausseen 70, Oslo<br><a href=\"https:\/\/www.google.no\/maps\/place\/Ullernchausseen+70,+0379+Oslo\/@59.9299886,10.6614327,17z\/data=!3m1!4b1!4m5!3m4!1s0x46416da8adf77cd7:0xa13ffc27847935eb!8m2!3d59.9299886!4d10.6636213\">Se kart (Google Maps)<\/a>&nbsp;<\/p>\n\n\n\n<p>Vardesenteret ligger i bygg J. Ta heisen eller trappen til 5. etasje og g\u00e5 gjennom restauranten p\u00e5 Pasienthotellet.<\/p>\n","protected":false},"author":27,"featured_media":186803,"parent":0,"menu_order":0,"template":"","meta":{"_relevanssi_hide_post":"","_relevanssi_hide_content":"","_relevanssi_pin_for_all":"","_relevanssi_pin_keywords":"","_relevanssi_unpin_keywords":"","_relevanssi_related_keywords":"","_relevanssi_related_include_ids":"","_relevanssi_related_exclude_ids":"","_relevanssi_related_no_append":"","_relevanssi_related_not_related":"","_relevanssi_related_posts":"3866,3148,3288,6829,3049,3838","_relevanssi_noindex_reason":"","kf_show_post_date":true,"kf_show_updated_date":false,"kf_show_print_page":false,"kf_show_chapters":false,"kf_show_chapters_expanded":false,"kf_show_post_outdated":true,"kf_toggle_title":false,"kf_is_template":false,"kf_post_authors":[],"teft_cards_label":"Vardesenteret i Oslo","teft_cards_image_id":49219,"teft_cards_image_focal_point_x":0.5,"teft_cards_image_focal_point_y":0.5,"teft_cards_title":"","teft_cards_excerpt":"","kf_service_priority":false,"kf_service_duration":"single","kf_service_date_end":"2026-10-21T12:00:00","kf_service_date_start":"2026-10-21T10:00:00","kf_service_location":"Vardesenteret, Radiumhospitalet","kf_service_url":"","kf_service_price":"Gratis","kf_service_featured_image_description":"","footnotes":""},"county":[51],"subject":[65,59],"class_list":["post-8133","service","type-service","status-publish","has-post-thumbnail","hentry","county-oslo","subject-kultur-og-sosialt","subject-leve-med-og-etter-kreft"],"yoast_head":"<!-- This site is optimized with the Yoast SEO Premium plugin v27.7 (Yoast SEO v27.9) - https:\/\/yoast.com\/product\/yoast-seo-premium-wordpress\/ -->\n<title>Ukrainsk kaf\u00e9 p\u00e5 vardesenteret &#8211; Vardesenteret<\/title>\n<meta name=\"robots\" content=\"index, follow, max-snippet:-1, max-image-preview:large, max-video-preview:-1\" \/>\n<link rel=\"canonical\" href=\"https:\/\/kreftforeningen.no\/vardesenteret\/tilbud\/ukrainsk-kafe\/\" \/>\n<meta property=\"og:locale\" content=\"nb_NO\" \/>\n<meta property=\"og:type\" content=\"article\" \/>\n<meta property=\"og:title\" content=\"Ukrainsk kaf\u00e9 p\u00e5 vardesenteret\" \/>\n<meta property=\"og:description\" content=\"Vardesenteret p\u00e5 Radiumhospitalet inviterer til et hyggelig treff for ukrainske pasienter. Vi serverer mat og drikke. Du vil f\u00e5 mulighet til \u00e5 snakke med andre i samme situasjon som deg selv, og vi vil ha frivillige jurister til stede som kan hjelpe deg, samt en klinisk ern\u00e6ringsfysiolog som kan svare p\u00e5 sp\u00f8rsm\u00e5l om kosthold. Det [&hellip;]\" \/>\n<meta property=\"og:url\" content=\"https:\/\/kreftforeningen.no\/vardesenteret\/tilbud\/ukrainsk-kafe\/\" \/>\n<meta property=\"og:site_name\" content=\"Vardesenteret\" \/>\n<meta property=\"article:published_time\" content=\"2025-05-08T09:19:26+00:00\" \/>\n<meta property=\"article:modified_time\" content=\"2026-08-31T10:38:42+00:00\" \/>\n<meta property=\"og:image\" content=\"https:\/\/kreftforeningen.no\/content\/uploads\/2025\/01\/24-9302_Bruksrettighet__Fotograf_Jorunn-Valle-Nilsen_Copyright_-scaled.jpg.webp\" \/>\n\t<meta property=\"og:image:width\" content=\"2560\" \/>\n\t<meta property=\"og:image:height\" content=\"1703\" \/>\n\t<meta property=\"og:image:type\" content=\"image\/jpeg\" \/>\n<meta name=\"twitter:card\" content=\"summary_large_image\" \/>\n<meta name=\"twitter:label1\" content=\"Ansl. lesetid\" \/>\n\t<meta name=\"twitter:data1\" content=\"1 minutt\" \/>\n<script type=\"application\/ld+json\" class=\"yoast-schema-graph\">{\"@context\":\"https:\\\/\\\/schema.org\",\"@graph\":[{\"@type\":\"WebPage\",\"@id\":\"https:\\\/\\\/kreftforeningen.no\\\/vardesenteret\\\/tilbud\\\/ukrainsk-kafe\\\/\",\"url\":\"https:\\\/\\\/kreftforeningen.no\\\/vardesenteret\\\/tilbud\\\/ukrainsk-kafe\\\/\",\"name\":\"Ukrainsk kaf\u00e9 p\u00e5 vardesenteret &#8211; Vardesenteret\",\"isPartOf\":{\"@id\":\"https:\\\/\\\/kreftforeningen.no\\\/vardesenteret\\\/#website\"},\"primaryImageOfPage\":{\"@id\":\"https:\\\/\\\/kreftforeningen.no\\\/vardesenteret\\\/tilbud\\\/ukrainsk-kafe\\\/#primaryimage\"},\"image\":{\"@id\":\"https:\\\/\\\/kreftforeningen.no\\\/vardesenteret\\\/tilbud\\\/ukrainsk-kafe\\\/#primaryimage\"},\"thumbnailUrl\":\"https:\\\/\\\/kreftforeningen.no\\\/content\\\/uploads\\\/2025\\\/01\\\/24-9302_Bruksrettighet__Fotograf_Jorunn-Valle-Nilsen_Copyright_-scaled.jpg.webp\",\"datePublished\":\"2025-05-08T09:19:26+00:00\",\"dateModified\":\"2026-08-31T10:38:42+00:00\",\"breadcrumb\":{\"@id\":\"https:\\\/\\\/kreftforeningen.no\\\/vardesenteret\\\/tilbud\\\/ukrainsk-kafe\\\/#breadcrumb\"},\"inLanguage\":\"nb-NO\",\"potentialAction\":[{\"@type\":\"ReadAction\",\"target\":[\"https:\\\/\\\/kreftforeningen.no\\\/vardesenteret\\\/tilbud\\\/ukrainsk-kafe\\\/\"]}]},{\"@type\":\"ImageObject\",\"inLanguage\":\"nb-NO\",\"@id\":\"https:\\\/\\\/kreftforeningen.no\\\/vardesenteret\\\/tilbud\\\/ukrainsk-kafe\\\/#primaryimage\",\"url\":\"https:\\\/\\\/kreftforeningen.no\\\/content\\\/uploads\\\/2025\\\/01\\\/24-9302_Bruksrettighet__Fotograf_Jorunn-Valle-Nilsen_Copyright_-scaled.jpg.webp\",\"contentUrl\":\"https:\\\/\\\/kreftforeningen.no\\\/content\\\/uploads\\\/2025\\\/01\\\/24-9302_Bruksrettighet__Fotograf_Jorunn-Valle-Nilsen_Copyright_-scaled.jpg.webp\"},{\"@type\":\"BreadcrumbList\",\"@id\":\"https:\\\/\\\/kreftforeningen.no\\\/vardesenteret\\\/tilbud\\\/ukrainsk-kafe\\\/#breadcrumb\",\"itemListElement\":[{\"@type\":\"ListItem\",\"position\":1,\"name\":\"Forside\",\"item\":\"https:\\\/\\\/kreftforeningen.no\\\/vardesenteret\\\/\"},{\"@type\":\"ListItem\",\"position\":2,\"name\":\"Tilbud\",\"item\":\"https:\\\/\\\/kreftforeningen.no\\\/vardesenteret\\\/tilbud\\\/\"},{\"@type\":\"ListItem\",\"position\":3,\"name\":\"Ukrainsk kaf\u00e9 p\u00e5 vardesenteret\"}]},{\"@type\":\"WebSite\",\"@id\":\"https:\\\/\\\/kreftforeningen.no\\\/vardesenteret\\\/#website\",\"url\":\"https:\\\/\\\/kreftforeningen.no\\\/vardesenteret\\\/\",\"name\":\"Vardesenteret\",\"description\":\"\",\"publisher\":{\"@id\":\"https:\\\/\\\/kreftforeningen.no\\\/vardesenteret\\\/#organization\"},\"potentialAction\":[{\"@type\":\"SearchAction\",\"target\":{\"@type\":\"EntryPoint\",\"urlTemplate\":\"https:\\\/\\\/kreftforeningen.no\\\/vardesenteret\\\/?s={search_term_string}\"},\"query-input\":{\"@type\":\"PropertyValueSpecification\",\"valueRequired\":true,\"valueName\":\"search_term_string\"}}],\"inLanguage\":\"nb-NO\"},{\"@type\":\"Organization\",\"@id\":\"https:\\\/\\\/kreftforeningen.no\\\/vardesenteret\\\/#organization\",\"name\":\"Kreftforeningen\",\"url\":\"https:\\\/\\\/kreftforeningen.no\\\/vardesenteret\\\/\",\"logo\":{\"@type\":\"ImageObject\",\"inLanguage\":\"nb-NO\",\"@id\":\"https:\\\/\\\/kreftforeningen.no\\\/vardesenteret\\\/#\\\/schema\\\/logo\\\/image\\\/\",\"url\":\"https:\\\/\\\/kreftforeningen.no\\\/content\\\/uploads\\\/2026\\\/02\\\/cropped-Vardesenter_signatur_sort_horisontal_uten-undertekst-e1589886700835.png\",\"contentUrl\":\"https:\\\/\\\/kreftforeningen.no\\\/content\\\/uploads\\\/2026\\\/02\\\/cropped-Vardesenter_signatur_sort_horisontal_uten-undertekst-e1589886700835.png\",\"caption\":\"Kreftforeningen\"},\"image\":{\"@id\":\"https:\\\/\\\/kreftforeningen.no\\\/vardesenteret\\\/#\\\/schema\\\/logo\\\/image\\\/\"},\"description\":\"Vardesenteret er et gratis tilbud fra Kreftforeningen for kreftpasienter, p\u00e5r\u00f8rende og etterlatte.\"}]}<\/script>\n<!-- \/ Yoast SEO Premium plugin. -->","yoast_head_json":{"title":"Ukrainsk kaf\u00e9 p\u00e5 vardesenteret &#8211; Vardesenteret","robots":{"index":"index","follow":"follow","max-snippet":"max-snippet:-1","max-image-preview":"max-image-preview:large","max-video-preview":"max-video-preview:-1"},"canonical":"https:\/\/kreftforeningen.no\/vardesenteret\/tilbud\/ukrainsk-kafe\/","og_locale":"nb_NO","og_type":"article","og_title":"Ukrainsk kaf\u00e9 p\u00e5 vardesenteret","og_description":"Vardesenteret p\u00e5 Radiumhospitalet inviterer til et hyggelig treff for ukrainske pasienter. Vi serverer mat og drikke. Du vil f\u00e5 mulighet til \u00e5 snakke med andre i samme situasjon som deg selv, og vi vil ha frivillige jurister til stede som kan hjelpe deg, samt en klinisk ern\u00e6ringsfysiolog som kan svare p\u00e5 sp\u00f8rsm\u00e5l om kosthold. Det [&hellip;]","og_url":"https:\/\/kreftforeningen.no\/vardesenteret\/tilbud\/ukrainsk-kafe\/","og_site_name":"Vardesenteret","article_published_time":"2025-05-08T09:19:26+00:00","article_modified_time":"2026-08-31T10:38:42+00:00","og_image":[{"width":2560,"height":1703,"url":"https:\/\/kreftforeningen.no\/content\/uploads\/2025\/01\/24-9302_Bruksrettighet__Fotograf_Jorunn-Valle-Nilsen_Copyright_-scaled.jpg.webp","type":"image\/jpeg"}],"twitter_card":"summary_large_image","twitter_misc":{"Ansl. lesetid":"1 minutt"},"schema":{"@context":"https:\/\/schema.org","@graph":[{"@type":"WebPage","@id":"https:\/\/kreftforeningen.no\/vardesenteret\/tilbud\/ukrainsk-kafe\/","url":"https:\/\/kreftforeningen.no\/vardesenteret\/tilbud\/ukrainsk-kafe\/","name":"Ukrainsk kaf\u00e9 p\u00e5 vardesenteret &#8211; Vardesenteret","isPartOf":{"@id":"https:\/\/kreftforeningen.no\/vardesenteret\/#website"},"primaryImageOfPage":{"@id":"https:\/\/kreftforeningen.no\/vardesenteret\/tilbud\/ukrainsk-kafe\/#primaryimage"},"image":{"@id":"https:\/\/kreftforeningen.no\/vardesenteret\/tilbud\/ukrainsk-kafe\/#primaryimage"},"thumbnailUrl":"https:\/\/kreftforeningen.no\/content\/uploads\/2025\/01\/24-9302_Bruksrettighet__Fotograf_Jorunn-Valle-Nilsen_Copyright_-scaled.jpg.webp","datePublished":"2025-05-08T09:19:26+00:00","dateModified":"2026-08-31T10:38:42+00:00","breadcrumb":{"@id":"https:\/\/kreftforeningen.no\/vardesenteret\/tilbud\/ukrainsk-kafe\/#breadcrumb"},"inLanguage":"nb-NO","potentialAction":[{"@type":"ReadAction","target":["https:\/\/kreftforeningen.no\/vardesenteret\/tilbud\/ukrainsk-kafe\/"]}]},{"@type":"ImageObject","inLanguage":"nb-NO","@id":"https:\/\/kreftforeningen.no\/vardesenteret\/tilbud\/ukrainsk-kafe\/#primaryimage","url":"https:\/\/kreftforeningen.no\/content\/uploads\/2025\/01\/24-9302_Bruksrettighet__Fotograf_Jorunn-Valle-Nilsen_Copyright_-scaled.jpg.webp","contentUrl":"https:\/\/kreftforeningen.no\/content\/uploads\/2025\/01\/24-9302_Bruksrettighet__Fotograf_Jorunn-Valle-Nilsen_Copyright_-scaled.jpg.webp"},{"@type":"BreadcrumbList","@id":"https:\/\/kreftforeningen.no\/vardesenteret\/tilbud\/ukrainsk-kafe\/#breadcrumb","itemListElement":[{"@type":"ListItem","position":1,"name":"Forside","item":"https:\/\/kreftforeningen.no\/vardesenteret\/"},{"@type":"ListItem","position":2,"name":"Tilbud","item":"https:\/\/kreftforeningen.no\/vardesenteret\/tilbud\/"},{"@type":"ListItem","position":3,"name":"Ukrainsk kaf\u00e9 p\u00e5 vardesenteret"}]},{"@type":"WebSite","@id":"https:\/\/kreftforeningen.no\/vardesenteret\/#website","url":"https:\/\/kreftforeningen.no\/vardesenteret\/","name":"Vardesenteret","description":"","publisher":{"@id":"https:\/\/kreftforeningen.no\/vardesenteret\/#organization"},"potentialAction":[{"@type":"SearchAction","target":{"@type":"EntryPoint","urlTemplate":"https:\/\/kreftforeningen.no\/vardesenteret\/?s={search_term_string}"},"query-input":{"@type":"PropertyValueSpecification","valueRequired":true,"valueName":"search_term_string"}}],"inLanguage":"nb-NO"},{"@type":"Organization","@id":"https:\/\/kreftforeningen.no\/vardesenteret\/#organization","name":"Kreftforeningen","url":"https:\/\/kreftforeningen.no\/vardesenteret\/","logo":{"@type":"ImageObject","inLanguage":"nb-NO","@id":"https:\/\/kreftforeningen.no\/vardesenteret\/#\/schema\/logo\/image\/","url":"https:\/\/kreftforeningen.no\/content\/uploads\/2026\/02\/cropped-Vardesenter_signatur_sort_horisontal_uten-undertekst-e1589886700835.png","contentUrl":"https:\/\/kreftforeningen.no\/content\/uploads\/2026\/02\/cropped-Vardesenter_signatur_sort_horisontal_uten-undertekst-e1589886700835.png","caption":"Kreftforeningen"},"image":{"@id":"https:\/\/kreftforeningen.no\/vardesenteret\/#\/schema\/logo\/image\/"},"description":"Vardesenteret er et gratis tilbud fra Kreftforeningen for kreftpasienter, p\u00e5r\u00f8rende og etterlatte."}]}},"_links":{"self":[{"href":"https:\/\/kreftforeningen.no\/vardesenteret\/wp-json\/wp\/v2\/service\/8133","targetHints":{"allow":["GET"]}}],"collection":[{"href":"https:\/\/kreftforeningen.no\/vardesenteret\/wp-json\/wp\/v2\/service"}],"about":[{"href":"https:\/\/kreftforeningen.no\/vardesenteret\/wp-json\/wp\/v2\/types\/service"}],"author":[{"embeddable":true,"href":"https:\/\/kreftforeningen.no\/vardesenteret\/wp-json\/wp\/v2\/users\/27"}],"version-history":[{"count":11,"href":"https:\/\/kreftforeningen.no\/vardesenteret\/wp-json\/wp\/v2\/service\/8133\/revisions"}],"predecessor-version":[{"id":11057,"href":"https:\/\/kreftforeningen.no\/vardesenteret\/wp-json\/wp\/v2\/service\/8133\/revisions\/11057"}],"wp:featuredmedia":[{"embeddable":true,"href":"https:\/\/kreftforeningen.no\/vardesenteret\/wp-json\/"}],"wp:attachment":[{"href":"https:\/\/kreftforeningen.no\/vardesenteret\/wp-json\/wp\/v2\/media?parent=8133"}],"wp:term":[{"taxonomy":"county","embeddable":true,"href":"https:\/\/kreftforeningen.no\/vardesenteret\/wp-json\/wp\/v2\/county?post=8133"},{"taxonomy":"subject","embeddable":true,"href":"https:\/\/kreftforeningen.no\/vardesenteret\/wp-json\/wp\/v2\/subject?post=8133"}],"curies":[{"name":"wp","href":"https:\/\/api.w.org\/{rel}","templated":true}]}}