{"id":8877,"date":"2025-09-26T09:16:09","date_gmt":"2025-09-26T07:16:09","guid":{"rendered":"https:\/\/kreftforeningen.no\/vardesenteret\/?post_type=service&#038;p=8877"},"modified":"2025-09-26T09:16:09","modified_gmt":"2025-09-26T07:16:09","slug":"temamote-psykisk-helse-ved-kreftsykdom","status":"publish","type":"service","link":"https:\/\/kreftforeningen.no\/vardesenteret\/tilbud\/temamote-psykisk-helse-ved-kreftsykdom\/","title":{"rendered":"Temam\u00f8te: Psykisk helse ved kreftsykdom"},"content":{"rendered":"\n\n\n<div class=\"wp-block-kf-ingress\"><div class=\"kf-header__ingress\"><p>Hvordan har du det egentlig? Velkommen til en kveld med fokus p\u00e5 psykisk helse ved kreftsykdom. <\/p><\/div><\/div>\n\n\n<div class=\"wp-block-image is-floating is-style-rounded\">\n<figure class=\"alignright size-large is-resized\"><img loading=\"lazy\" decoding=\"async\" width=\"577\" height=\"1024\" src=\"https:\/\/kreftforeningen.no\/content\/uploads\/2025\/09\/Frode-Skanke-577x1024.jpg\" alt=\"En mann med lyst h\u00e5r og briller if\u00f8rt m\u00f8rk skjorte med knapper st\u00e5r foran en gr\u00e5 bakgrunn.\" class=\"wp-image-201458\" style=\"width:157px;height:auto\" srcset=\"https:\/\/kreftforeningen.no\/content\/uploads\/2025\/09\/Frode-Skanke-577x1024.jpg 577w, https:\/\/kreftforeningen.no\/content\/uploads\/2025\/09\/Frode-Skanke-169x300.jpg 169w, https:\/\/kreftforeningen.no\/content\/uploads\/2025\/09\/Frode-Skanke-768x1364.jpg 768w, https:\/\/kreftforeningen.no\/content\/uploads\/2025\/09\/Frode-Skanke-865x1536.jpg 865w, https:\/\/kreftforeningen.no\/content\/uploads\/2025\/09\/Frode-Skanke-1153x2048.jpg 1153w, https:\/\/kreftforeningen.no\/content\/uploads\/2025\/09\/Frode-Skanke-117x208.jpg 117w, https:\/\/kreftforeningen.no\/content\/uploads\/2025\/09\/Frode-Skanke-scaled.jpg 1441w\" sizes=\"auto, (max-width: 577px) 100vw, 577px\" \/><\/figure>\n<\/div>\n\n\n<p>M\u00f8t Frode Skanke, lege med lang erfaring fra arbeid med kreftrehabilitering og et sterkt engasjement for psykisk helse. Skanke deler sin innsikt om hvordan du kan styrke din psykiske helse og finne nye veier til mestring, og inviterer til diskusjon om temaet.<\/p>\n\n\n\n<p>I tillegg vil vi fortelle om v\u00e5re mestringstilbud. Ansatte og likepersoner fra Vardesenteret, Pusterommet og Kreftforeningen er til stede.&nbsp;&nbsp;<\/p>\n\n\n\n<p>Temam\u00f8tet varer fra 18.00 &#8211; 19.30, men Vardesenteret er \u00e5pent fra 17.00 &#8211; 20.00. <\/p>\n\n\n<div class=\"wp-block-kf-event-info \">\n\t\t\t\n\t\t\t<p class=\"date\"><svg xmlns=\"http:\/\/www.w3.org\/2000\/svg\" width=\"24\" height=\"24\" viewBox=\"0 0 24 24\" fill=\"none\" stroke=\"currentColor\" stroke-width=\"2\" stroke-linecap=\"round\" stroke-linejoin=\"round\" class=\"lucide lucide-clock-icon lucide-clock\"><path d=\"M12 6v6l4 2\"\/><circle cx=\"12\" cy=\"12\" r=\"10\"\/><\/svg> 22. okt. 18.00\u201319.30<\/p>\n\t\t\t<p class=\"location\"><svg xmlns=\"http:\/\/www.w3.org\/2000\/svg\" width=\"24\" height=\"24\" viewBox=\"0 0 24 24\" fill=\"none\" stroke=\"currentColor\" stroke-width=\"2\" stroke-linecap=\"round\" stroke-linejoin=\"round\" class=\"lucide lucide-map-pin-icon lucide-map-pin\"><path d=\"M20 10c0 4.993-5.539 10.193-7.399 11.799a1 1 0 0 1-1.202 0C9.539 20.193 4 14.993 4 10a8 8 0 0 1 16 0\"\/><circle cx=\"12\" cy=\"10\" r=\"3\"\/><\/svg> <a class=\"link\" href=\"https:\/\/maps.google.com\/?q=Mauritz Hansens gate 1F, Trondheim\" rel=\"noopener noreferrer\">Mauritz Hansens gate 1F, Trondheim (google.com)<\/a><\/p>\n\t\t\t<p class=\"ticket\"><svg xmlns=\"http:\/\/www.w3.org\/2000\/svg\" width=\"24\" height=\"24\" viewBox=\"0 0 24 24\" fill=\"none\" stroke=\"currentColor\" stroke-width=\"2\" stroke-linecap=\"round\" stroke-linejoin=\"round\" class=\"lucide lucide-ticket-icon lucide-ticket\"><path d=\"M2 9a3 3 0 0 1 0 6v2a2 2 0 0 0 2 2h16a2 2 0 0 0 2-2v-2a3 3 0 0 1 0-6V7a2 2 0 0 0-2-2H4a2 2 0 0 0-2 2Z\"\/><path d=\"M13 5v2\"\/><path d=\"M13 17v2\"\/><path d=\"M13 11v2\"\/><\/svg> Gratis<\/p>\n\t\t\t\n\t\t\t\n\t\t<\/div>","protected":false},"author":100,"featured_media":158692,"parent":0,"menu_order":0,"template":"","meta":{"_relevanssi_hide_post":"","_relevanssi_hide_content":"","_relevanssi_pin_for_all":"","_relevanssi_pin_keywords":"","_relevanssi_unpin_keywords":"","_relevanssi_related_keywords":"","_relevanssi_related_include_ids":"","_relevanssi_related_exclude_ids":"","_relevanssi_related_no_append":"","_relevanssi_related_not_related":"","_relevanssi_related_posts":"3049,3148,3838,4991,2511,3288","_relevanssi_noindex_reason":"","kf_show_post_date":true,"kf_show_updated_date":false,"kf_show_print_page":false,"kf_show_chapters":false,"kf_show_chapters_expanded":false,"kf_show_post_outdated":true,"kf_toggle_title":false,"kf_is_template":false,"kf_post_authors":[],"teft_cards_label":"Vardesenteret i Trondheim","teft_cards_image_id":158692,"teft_cards_image_focal_point_x":0.5,"teft_cards_image_focal_point_y":0.5,"teft_cards_title":"","teft_cards_excerpt":"","kf_service_priority":false,"kf_service_duration":"single","kf_service_date_end":"2025-10-22T19:30:00","kf_service_date_start":"2025-10-22T18:00:00","kf_service_location":"Mauritz Hansens gate 1F, Trondheim","kf_service_url":"","kf_service_price":"Gratis","kf_service_featured_image_description":"","footnotes":""},"county":[55],"subject":[117,59],"class_list":["post-8877","service","type-service","status-publish","has-post-thumbnail","hentry","county-trondelag","subject-foredrag","subject-leve-med-og-etter-kreft"],"yoast_head":"<!-- This site is optimized with the Yoast SEO Premium plugin v27.3 (Yoast SEO v27.4) - https:\/\/yoast.com\/product\/yoast-seo-premium-wordpress\/ -->\n<title>Temam\u00f8te: Psykisk helse ved kreftsykdom - Vardesenteret<\/title>\n<meta name=\"robots\" content=\"index, follow, max-snippet:-1, max-image-preview:large, max-video-preview:-1\" \/>\n<link rel=\"canonical\" href=\"https:\/\/kreftforeningen.no\/vardesenteret\/tilbud\/temamote-psykisk-helse-ved-kreftsykdom\/\" \/>\n<meta property=\"og:locale\" content=\"nb_NO\" \/>\n<meta property=\"og:type\" content=\"article\" \/>\n<meta property=\"og:title\" content=\"Temam\u00f8te: Psykisk helse ved kreftsykdom\" \/>\n<meta property=\"og:description\" content=\"M\u00f8t Frode Skanke, lege med lang erfaring fra arbeid med kreftrehabilitering og et sterkt engasjement for psykisk helse. Skanke deler sin innsikt om hvordan du kan styrke din psykiske helse og finne nye veier til mestring, og inviterer til diskusjon om temaet. I tillegg vil vi fortelle om v\u00e5re mestringstilbud. Ansatte og likepersoner fra Vardesenteret, [&hellip;]\" \/>\n<meta property=\"og:url\" content=\"https:\/\/kreftforeningen.no\/vardesenteret\/tilbud\/temamote-psykisk-helse-ved-kreftsykdom\/\" \/>\n<meta property=\"og:site_name\" content=\"Vardesenteret\" \/>\n<meta property=\"article:published_time\" content=\"2025-09-26T07:16:09+00:00\" \/>\n<meta property=\"og:image\" content=\"https:\/\/kreftforeningen.no\/content\/uploads\/2024\/01\/Hender-som-holder-1.jpg\" \/>\n\t<meta property=\"og:image:width\" content=\"1366\" \/>\n\t<meta property=\"og:image:height\" content=\"768\" \/>\n\t<meta property=\"og:image:type\" content=\"image\/jpeg\" \/>\n<meta name=\"twitter:card\" content=\"summary_large_image\" \/>\n<meta name=\"twitter:label1\" content=\"Ansl. lesetid\" \/>\n\t<meta name=\"twitter:data1\" content=\"1 minutt\" \/>\n<script type=\"application\/ld+json\" class=\"yoast-schema-graph\">{\"@context\":\"https:\\\/\\\/schema.org\",\"@graph\":[{\"@type\":\"WebPage\",\"@id\":\"https:\\\/\\\/kreftforeningen.no\\\/vardesenteret\\\/tilbud\\\/temamote-psykisk-helse-ved-kreftsykdom\\\/\",\"url\":\"https:\\\/\\\/kreftforeningen.no\\\/vardesenteret\\\/tilbud\\\/temamote-psykisk-helse-ved-kreftsykdom\\\/\",\"name\":\"Temam\u00f8te: Psykisk helse ved kreftsykdom - Vardesenteret\",\"isPartOf\":{\"@id\":\"https:\\\/\\\/kreftforeningen.no\\\/vardesenteret\\\/#website\"},\"primaryImageOfPage\":{\"@id\":\"https:\\\/\\\/kreftforeningen.no\\\/vardesenteret\\\/tilbud\\\/temamote-psykisk-helse-ved-kreftsykdom\\\/#primaryimage\"},\"image\":{\"@id\":\"https:\\\/\\\/kreftforeningen.no\\\/vardesenteret\\\/tilbud\\\/temamote-psykisk-helse-ved-kreftsykdom\\\/#primaryimage\"},\"thumbnailUrl\":\"https:\\\/\\\/kreftforeningen.no\\\/content\\\/uploads\\\/2024\\\/01\\\/Hender-som-holder-1.jpg\",\"datePublished\":\"2025-09-26T07:16:09+00:00\",\"breadcrumb\":{\"@id\":\"https:\\\/\\\/kreftforeningen.no\\\/vardesenteret\\\/tilbud\\\/temamote-psykisk-helse-ved-kreftsykdom\\\/#breadcrumb\"},\"inLanguage\":\"nb-NO\",\"potentialAction\":[{\"@type\":\"ReadAction\",\"target\":[\"https:\\\/\\\/kreftforeningen.no\\\/vardesenteret\\\/tilbud\\\/temamote-psykisk-helse-ved-kreftsykdom\\\/\"]}]},{\"@type\":\"ImageObject\",\"inLanguage\":\"nb-NO\",\"@id\":\"https:\\\/\\\/kreftforeningen.no\\\/vardesenteret\\\/tilbud\\\/temamote-psykisk-helse-ved-kreftsykdom\\\/#primaryimage\",\"url\":\"https:\\\/\\\/kreftforeningen.no\\\/content\\\/uploads\\\/2024\\\/01\\\/Hender-som-holder-1.jpg\",\"contentUrl\":\"https:\\\/\\\/kreftforeningen.no\\\/content\\\/uploads\\\/2024\\\/01\\\/Hender-som-holder-1.jpg\"},{\"@type\":\"BreadcrumbList\",\"@id\":\"https:\\\/\\\/kreftforeningen.no\\\/vardesenteret\\\/tilbud\\\/temamote-psykisk-helse-ved-kreftsykdom\\\/#breadcrumb\",\"itemListElement\":[{\"@type\":\"ListItem\",\"position\":1,\"name\":\"Forside\",\"item\":\"https:\\\/\\\/kreftforeningen.no\\\/vardesenteret\\\/\"},{\"@type\":\"ListItem\",\"position\":2,\"name\":\"Tilbud\",\"item\":\"https:\\\/\\\/kreftforeningen.no\\\/vardesenteret\\\/tilbud\\\/\"},{\"@type\":\"ListItem\",\"position\":3,\"name\":\"Temam\u00f8te: Psykisk helse ved kreftsykdom\"}]},{\"@type\":\"WebSite\",\"@id\":\"https:\\\/\\\/kreftforeningen.no\\\/vardesenteret\\\/#website\",\"url\":\"https:\\\/\\\/kreftforeningen.no\\\/vardesenteret\\\/\",\"name\":\"Vardesenteret\",\"description\":\"\",\"publisher\":{\"@id\":\"https:\\\/\\\/kreftforeningen.no\\\/vardesenteret\\\/#organization\"},\"potentialAction\":[{\"@type\":\"SearchAction\",\"target\":{\"@type\":\"EntryPoint\",\"urlTemplate\":\"https:\\\/\\\/kreftforeningen.no\\\/vardesenteret\\\/?s={search_term_string}\"},\"query-input\":{\"@type\":\"PropertyValueSpecification\",\"valueRequired\":true,\"valueName\":\"search_term_string\"}}],\"inLanguage\":\"nb-NO\"},{\"@type\":\"Organization\",\"@id\":\"https:\\\/\\\/kreftforeningen.no\\\/vardesenteret\\\/#organization\",\"name\":\"Vardesenteret\",\"url\":\"https:\\\/\\\/kreftforeningen.no\\\/vardesenteret\\\/\",\"logo\":{\"@type\":\"ImageObject\",\"inLanguage\":\"nb-NO\",\"@id\":\"https:\\\/\\\/kreftforeningen.no\\\/vardesenteret\\\/#\\\/schema\\\/logo\\\/image\\\/\",\"url\":\"https:\\\/\\\/kreftforeningen.no\\\/content\\\/uploads\\\/2026\\\/02\\\/cropped-Vardesenter_signatur_sort_horisontal_uten-undertekst-e1589886700835.png\",\"contentUrl\":\"https:\\\/\\\/kreftforeningen.no\\\/content\\\/uploads\\\/2026\\\/02\\\/cropped-Vardesenter_signatur_sort_horisontal_uten-undertekst-e1589886700835.png\",\"caption\":\"Vardesenteret\"},\"image\":{\"@id\":\"https:\\\/\\\/kreftforeningen.no\\\/vardesenteret\\\/#\\\/schema\\\/logo\\\/image\\\/\"}}]}<\/script>\n<!-- \/ Yoast SEO Premium plugin. -->","yoast_head_json":{"title":"Temam\u00f8te: Psykisk helse ved kreftsykdom - Vardesenteret","robots":{"index":"index","follow":"follow","max-snippet":"max-snippet:-1","max-image-preview":"max-image-preview:large","max-video-preview":"max-video-preview:-1"},"canonical":"https:\/\/kreftforeningen.no\/vardesenteret\/tilbud\/temamote-psykisk-helse-ved-kreftsykdom\/","og_locale":"nb_NO","og_type":"article","og_title":"Temam\u00f8te: Psykisk helse ved kreftsykdom","og_description":"M\u00f8t Frode Skanke, lege med lang erfaring fra arbeid med kreftrehabilitering og et sterkt engasjement for psykisk helse. Skanke deler sin innsikt om hvordan du kan styrke din psykiske helse og finne nye veier til mestring, og inviterer til diskusjon om temaet. I tillegg vil vi fortelle om v\u00e5re mestringstilbud. Ansatte og likepersoner fra Vardesenteret, [&hellip;]","og_url":"https:\/\/kreftforeningen.no\/vardesenteret\/tilbud\/temamote-psykisk-helse-ved-kreftsykdom\/","og_site_name":"Vardesenteret","article_published_time":"2025-09-26T07:16:09+00:00","og_image":[{"width":1366,"height":768,"url":"https:\/\/kreftforeningen.no\/content\/uploads\/2024\/01\/Hender-som-holder-1.jpg","type":"image\/jpeg"}],"twitter_card":"summary_large_image","twitter_misc":{"Ansl. lesetid":"1 minutt"},"schema":{"@context":"https:\/\/schema.org","@graph":[{"@type":"WebPage","@id":"https:\/\/kreftforeningen.no\/vardesenteret\/tilbud\/temamote-psykisk-helse-ved-kreftsykdom\/","url":"https:\/\/kreftforeningen.no\/vardesenteret\/tilbud\/temamote-psykisk-helse-ved-kreftsykdom\/","name":"Temam\u00f8te: Psykisk helse ved kreftsykdom - Vardesenteret","isPartOf":{"@id":"https:\/\/kreftforeningen.no\/vardesenteret\/#website"},"primaryImageOfPage":{"@id":"https:\/\/kreftforeningen.no\/vardesenteret\/tilbud\/temamote-psykisk-helse-ved-kreftsykdom\/#primaryimage"},"image":{"@id":"https:\/\/kreftforeningen.no\/vardesenteret\/tilbud\/temamote-psykisk-helse-ved-kreftsykdom\/#primaryimage"},"thumbnailUrl":"https:\/\/kreftforeningen.no\/content\/uploads\/2024\/01\/Hender-som-holder-1.jpg","datePublished":"2025-09-26T07:16:09+00:00","breadcrumb":{"@id":"https:\/\/kreftforeningen.no\/vardesenteret\/tilbud\/temamote-psykisk-helse-ved-kreftsykdom\/#breadcrumb"},"inLanguage":"nb-NO","potentialAction":[{"@type":"ReadAction","target":["https:\/\/kreftforeningen.no\/vardesenteret\/tilbud\/temamote-psykisk-helse-ved-kreftsykdom\/"]}]},{"@type":"ImageObject","inLanguage":"nb-NO","@id":"https:\/\/kreftforeningen.no\/vardesenteret\/tilbud\/temamote-psykisk-helse-ved-kreftsykdom\/#primaryimage","url":"https:\/\/kreftforeningen.no\/content\/uploads\/2024\/01\/Hender-som-holder-1.jpg","contentUrl":"https:\/\/kreftforeningen.no\/content\/uploads\/2024\/01\/Hender-som-holder-1.jpg"},{"@type":"BreadcrumbList","@id":"https:\/\/kreftforeningen.no\/vardesenteret\/tilbud\/temamote-psykisk-helse-ved-kreftsykdom\/#breadcrumb","itemListElement":[{"@type":"ListItem","position":1,"name":"Forside","item":"https:\/\/kreftforeningen.no\/vardesenteret\/"},{"@type":"ListItem","position":2,"name":"Tilbud","item":"https:\/\/kreftforeningen.no\/vardesenteret\/tilbud\/"},{"@type":"ListItem","position":3,"name":"Temam\u00f8te: Psykisk helse ved kreftsykdom"}]},{"@type":"WebSite","@id":"https:\/\/kreftforeningen.no\/vardesenteret\/#website","url":"https:\/\/kreftforeningen.no\/vardesenteret\/","name":"Vardesenteret","description":"","publisher":{"@id":"https:\/\/kreftforeningen.no\/vardesenteret\/#organization"},"potentialAction":[{"@type":"SearchAction","target":{"@type":"EntryPoint","urlTemplate":"https:\/\/kreftforeningen.no\/vardesenteret\/?s={search_term_string}"},"query-input":{"@type":"PropertyValueSpecification","valueRequired":true,"valueName":"search_term_string"}}],"inLanguage":"nb-NO"},{"@type":"Organization","@id":"https:\/\/kreftforeningen.no\/vardesenteret\/#organization","name":"Vardesenteret","url":"https:\/\/kreftforeningen.no\/vardesenteret\/","logo":{"@type":"ImageObject","inLanguage":"nb-NO","@id":"https:\/\/kreftforeningen.no\/vardesenteret\/#\/schema\/logo\/image\/","url":"https:\/\/kreftforeningen.no\/content\/uploads\/2026\/02\/cropped-Vardesenter_signatur_sort_horisontal_uten-undertekst-e1589886700835.png","contentUrl":"https:\/\/kreftforeningen.no\/content\/uploads\/2026\/02\/cropped-Vardesenter_signatur_sort_horisontal_uten-undertekst-e1589886700835.png","caption":"Vardesenteret"},"image":{"@id":"https:\/\/kreftforeningen.no\/vardesenteret\/#\/schema\/logo\/image\/"}}]}},"_links":{"self":[{"href":"https:\/\/kreftforeningen.no\/vardesenteret\/wp-json\/wp\/v2\/service\/8877","targetHints":{"allow":["GET"]}}],"collection":[{"href":"https:\/\/kreftforeningen.no\/vardesenteret\/wp-json\/wp\/v2\/service"}],"about":[{"href":"https:\/\/kreftforeningen.no\/vardesenteret\/wp-json\/wp\/v2\/types\/service"}],"author":[{"embeddable":true,"href":"https:\/\/kreftforeningen.no\/vardesenteret\/wp-json\/wp\/v2\/users\/100"}],"version-history":[{"count":1,"href":"https:\/\/kreftforeningen.no\/vardesenteret\/wp-json\/wp\/v2\/service\/8877\/revisions"}],"predecessor-version":[{"id":8878,"href":"https:\/\/kreftforeningen.no\/vardesenteret\/wp-json\/wp\/v2\/service\/8877\/revisions\/8878"}],"wp:featuredmedia":[{"embeddable":true,"href":"https:\/\/kreftforeningen.no\/vardesenteret\/wp-json\/"}],"wp:attachment":[{"href":"https:\/\/kreftforeningen.no\/vardesenteret\/wp-json\/wp\/v2\/media?parent=8877"}],"wp:term":[{"taxonomy":"county","embeddable":true,"href":"https:\/\/kreftforeningen.no\/vardesenteret\/wp-json\/wp\/v2\/county?post=8877"},{"taxonomy":"subject","embeddable":true,"href":"https:\/\/kreftforeningen.no\/vardesenteret\/wp-json\/wp\/v2\/subject?post=8877"}],"curies":[{"name":"wp","href":"https:\/\/api.w.org\/{rel}","templated":true}]}}