{"id":8954,"date":"2025-10-08T14:10:21","date_gmt":"2025-10-08T12:10:21","guid":{"rendered":"https:\/\/kreftforeningen.no\/vardesenteret\/?post_type=service&#038;p=8954"},"modified":"2025-10-08T14:10:22","modified_gmt":"2025-10-08T12:10:22","slug":"verden-trenger-oss-en-forestilling-om-arvelig-sykdom-kreft-og-livslyst","status":"publish","type":"service","link":"https:\/\/kreftforeningen.no\/vardesenteret\/tilbud\/verden-trenger-oss-en-forestilling-om-arvelig-sykdom-kreft-og-livslyst\/","title":{"rendered":"Verden trenger oss- en forestilling om arvelig sykdom, kreft og livslyst!"},"content":{"rendered":"\n\n\n<div class=\"wp-block-kf-ingress\"><div class=\"kf-header__ingress\"><p>Tvillingene Magne og \u00c5ge lever begge med Lynch syndrom, en arvelig tilstand som gir \u00f8kt risiko for kreft. N\u00e5 kommer de til Bergen for \u00e5 presentere en forestilling som kombinerer humor, personlige historier og dype refleksjoner over livet med kreft. <\/p><\/div><\/div>\n\n\n\n<p>I forestillingen deler de sine opplevelser og viser hvordan de har funnet styrke og livslyst gjennom utfordringene.<br>Etter forestillingen vil Cathrine Bjorvatn \u2013 Leder regionalt kompetansesenter for arvelig kreft, lede en samtale mellom Grimstadbr\u00f8drene, Hildegunn H\u00f8berg Vetti \u2013 Seksjonsoverlege i arvelig kreft og Geir Vangsnes, Regionleder Kreftforeningen.<\/p>\n\n\n\n<p>Etter samtalen fortsetter arrangementet p\u00e5 Vardesenteret som ligger rett ved. Her blir det enkel servering og muligheter for \u00e5 m\u00f8te og stille sp\u00f8rsm\u00e5l til genetiske veiledere, representanter fra kompetansesenteret i arvelig kreft og Kreftforeningen<\/p>\n\n\n\n<p>Arrangementet er gratis, og \u00e5pent for alle, men du m\u00e5 melde deg p\u00e5.<\/p>\n\n\n<div class=\"wp-block-kf-event-info \">\n\t\t\t<div class=\"top-text\">\n\t\t\t\tVerden trenger oss- en forestilling om arvelig sykdom, kreft og livslyst!\n\t\t\t<\/div>\n\t\t\t<p class=\"date\"><svg xmlns=\"http:\/\/www.w3.org\/2000\/svg\" width=\"24\" height=\"24\" viewBox=\"0 0 24 24\" fill=\"none\" stroke=\"currentColor\" stroke-width=\"2\" stroke-linecap=\"round\" stroke-linejoin=\"round\" class=\"lucide lucide-clock-icon lucide-clock\"><path d=\"M12 6v6l4 2\"\/><circle cx=\"12\" cy=\"12\" r=\"10\"\/><\/svg> 29. okt. 17.30\u201320.00<\/p>\n\t\t\t<p class=\"location\"><svg xmlns=\"http:\/\/www.w3.org\/2000\/svg\" width=\"24\" height=\"24\" viewBox=\"0 0 24 24\" fill=\"none\" stroke=\"currentColor\" stroke-width=\"2\" stroke-linecap=\"round\" stroke-linejoin=\"round\" class=\"lucide lucide-map-pin-icon lucide-map-pin\"><path d=\"M20 10c0 4.993-5.539 10.193-7.399 11.799a1 1 0 0 1-1.202 0C9.539 20.193 4 14.993 4 10a8 8 0 0 1 16 0\"\/><circle cx=\"12\" cy=\"10\" r=\"3\"\/><\/svg> <a class=\"link\" href=\"https:\/\/maps.google.com\/?q=Bikubek kurs og konferansesenter\" rel=\"noopener noreferrer\">Bikubek kurs og konferansesenter (google.com)<\/a><\/p>\n\t\t\t<p class=\"ticket\"><svg xmlns=\"http:\/\/www.w3.org\/2000\/svg\" width=\"24\" height=\"24\" viewBox=\"0 0 24 24\" fill=\"none\" stroke=\"currentColor\" stroke-width=\"2\" stroke-linecap=\"round\" stroke-linejoin=\"round\" class=\"lucide lucide-ticket-icon lucide-ticket\"><path d=\"M2 9a3 3 0 0 1 0 6v2a2 2 0 0 0 2 2h16a2 2 0 0 0 2-2v-2a3 3 0 0 1 0-6V7a2 2 0 0 0-2-2H4a2 2 0 0 0-2 2Z\"\/><path d=\"M13 5v2\"\/><path d=\"M13 17v2\"\/><path d=\"M13 11v2\"\/><\/svg> Gratis<\/p>\n\t\t\t\n\t\t\t<a href=\"https:\/\/forms.office.com\/pages\/responsepage.aspx?id=hWSYGQkV_0uluGePQXKA5yGHeXtDrf5En8Zms2R5GT5UOFlKV1RJV0ZXSEhNUjlRV0hEWTRQVjlUSC4u&#038;route=shorturl&#038;fbclid=IwY2xjawNTM2NleHRuA2FlbQIxMABicmlkETAwdkVpeDRJMWc4SGFDalVVAR6IUTjlM8kHSZldHh0buA7xGB0idSMn_sdMQzzrRPcD9s9SSEk5OzankPqSow_aem_sTMRGuQFldh_3QKD00-_Nw\" target=\"_blank\" rel=\"noopener noreferrer\"><button>Meld deg p\u00e5 (forms.office.com)<\/button><\/a>\n\t\t<\/div>","protected":false},"author":71,"featured_media":201732,"parent":0,"menu_order":0,"template":"","meta":{"_relevanssi_hide_post":"","_relevanssi_hide_content":"","_relevanssi_pin_for_all":"","_relevanssi_pin_keywords":"","_relevanssi_unpin_keywords":"","_relevanssi_related_keywords":"","_relevanssi_related_include_ids":"","_relevanssi_related_exclude_ids":"","_relevanssi_related_no_append":"","_relevanssi_related_not_related":"","_relevanssi_related_posts":"","_relevanssi_noindex_reason":"","kf_show_post_date":true,"kf_show_updated_date":false,"kf_show_print_page":false,"kf_show_chapters":false,"kf_show_chapters_expanded":false,"kf_show_post_outdated":true,"kf_toggle_title":false,"kf_is_template":false,"kf_post_authors":[],"teft_cards_label":"Vardesenteret i Bergen","teft_cards_image_id":0,"teft_cards_image_focal_point_x":0,"teft_cards_image_focal_point_y":0,"teft_cards_title":"","teft_cards_excerpt":"","kf_service_priority":false,"kf_service_duration":"single","kf_service_date_end":"2025-10-29T20:00:00","kf_service_date_start":"2025-10-29T17:30:00","kf_service_location":"Bikubek kurs og konferansesenter","kf_service_url":"https:\/\/forms.office.com\/pages\/responsepage.aspx?id=hWSYGQkV_0uluGePQXKA5yGHeXtDrf5En8Zms2R5GT5UOFlKV1RJV0ZXSEhNUjlRV0hEWTRQVjlUSC4u&route=shorturl&fbclid=IwY2xjawNTM2NleHRuA2FlbQIxMABicmlkETAwdkVpeDRJMWc4SGFDalVVAR6IUTjlM8kHSZldHh0buA7xGB0idSMn_sdMQzzrRPcD9s9SSEk5OzankPqSow_aem_sTMRGuQFldh_3QKD00-_Nw","kf_service_price":"Gratis","kf_service_featured_image_description":"","footnotes":""},"county":[56],"subject":[117,59],"class_list":["post-8954","service","type-service","status-publish","has-post-thumbnail","hentry","county-vestland","subject-foredrag","subject-leve-med-og-etter-kreft"],"yoast_head":"<!-- This site is optimized with the Yoast SEO Premium plugin v27.3 (Yoast SEO v27.4) - https:\/\/yoast.com\/product\/yoast-seo-premium-wordpress\/ -->\n<title>Verden trenger oss- en forestilling om arvelig sykdom, kreft og livslyst! - Vardesenteret<\/title>\n<meta name=\"robots\" content=\"index, follow, max-snippet:-1, max-image-preview:large, max-video-preview:-1\" \/>\n<link rel=\"canonical\" href=\"https:\/\/kreftforeningen.no\/vardesenteret\/tilbud\/verden-trenger-oss-en-forestilling-om-arvelig-sykdom-kreft-og-livslyst\/\" \/>\n<meta property=\"og:locale\" content=\"nb_NO\" \/>\n<meta property=\"og:type\" content=\"article\" \/>\n<meta property=\"og:title\" content=\"Verden trenger oss- en forestilling om arvelig sykdom, kreft og livslyst!\" \/>\n<meta property=\"og:description\" content=\"I forestillingen deler de sine opplevelser og viser hvordan de har funnet styrke og livslyst gjennom utfordringene.Etter forestillingen vil Cathrine Bjorvatn \u2013 Leder regionalt kompetansesenter for arvelig kreft, lede en samtale mellom Grimstadbr\u00f8drene, Hildegunn H\u00f8berg Vetti \u2013 Seksjonsoverlege i arvelig kreft og Geir Vangsnes, Regionleder Kreftforeningen. Etter samtalen fortsetter arrangementet p\u00e5 Vardesenteret som ligger rett [&hellip;]\" \/>\n<meta property=\"og:url\" content=\"https:\/\/kreftforeningen.no\/vardesenteret\/tilbud\/verden-trenger-oss-en-forestilling-om-arvelig-sykdom-kreft-og-livslyst\/\" \/>\n<meta property=\"og:site_name\" content=\"Vardesenteret\" \/>\n<meta property=\"article:published_time\" content=\"2025-10-08T12:10:21+00:00\" \/>\n<meta property=\"article:modified_time\" content=\"2025-10-08T12:10:22+00:00\" \/>\n<meta property=\"og:image\" content=\"https:\/\/kreftforeningen.no\/content\/uploads\/2025\/10\/16-9-Magne_Age_Grimstad-scaled.jpg\" \/>\n\t<meta property=\"og:image:width\" content=\"2560\" \/>\n\t<meta property=\"og:image:height\" content=\"1440\" \/>\n\t<meta property=\"og:image:type\" content=\"image\/jpeg\" \/>\n<meta name=\"twitter:card\" content=\"summary_large_image\" \/>\n<meta name=\"twitter:label1\" content=\"Ansl. lesetid\" \/>\n\t<meta name=\"twitter:data1\" content=\"1 minutt\" \/>\n<script type=\"application\/ld+json\" class=\"yoast-schema-graph\">{\"@context\":\"https:\\\/\\\/schema.org\",\"@graph\":[{\"@type\":\"WebPage\",\"@id\":\"https:\\\/\\\/kreftforeningen.no\\\/vardesenteret\\\/tilbud\\\/verden-trenger-oss-en-forestilling-om-arvelig-sykdom-kreft-og-livslyst\\\/\",\"url\":\"https:\\\/\\\/kreftforeningen.no\\\/vardesenteret\\\/tilbud\\\/verden-trenger-oss-en-forestilling-om-arvelig-sykdom-kreft-og-livslyst\\\/\",\"name\":\"Verden trenger oss- en forestilling om arvelig sykdom, kreft og livslyst! - Vardesenteret\",\"isPartOf\":{\"@id\":\"https:\\\/\\\/kreftforeningen.no\\\/vardesenteret\\\/#website\"},\"primaryImageOfPage\":{\"@id\":\"https:\\\/\\\/kreftforeningen.no\\\/vardesenteret\\\/tilbud\\\/verden-trenger-oss-en-forestilling-om-arvelig-sykdom-kreft-og-livslyst\\\/#primaryimage\"},\"image\":{\"@id\":\"https:\\\/\\\/kreftforeningen.no\\\/vardesenteret\\\/tilbud\\\/verden-trenger-oss-en-forestilling-om-arvelig-sykdom-kreft-og-livslyst\\\/#primaryimage\"},\"thumbnailUrl\":\"https:\\\/\\\/kreftforeningen.no\\\/content\\\/uploads\\\/2025\\\/10\\\/16-9-Magne_Age_Grimstad-scaled.jpg\",\"datePublished\":\"2025-10-08T12:10:21+00:00\",\"dateModified\":\"2025-10-08T12:10:22+00:00\",\"breadcrumb\":{\"@id\":\"https:\\\/\\\/kreftforeningen.no\\\/vardesenteret\\\/tilbud\\\/verden-trenger-oss-en-forestilling-om-arvelig-sykdom-kreft-og-livslyst\\\/#breadcrumb\"},\"inLanguage\":\"nb-NO\",\"potentialAction\":[{\"@type\":\"ReadAction\",\"target\":[\"https:\\\/\\\/kreftforeningen.no\\\/vardesenteret\\\/tilbud\\\/verden-trenger-oss-en-forestilling-om-arvelig-sykdom-kreft-og-livslyst\\\/\"]}]},{\"@type\":\"ImageObject\",\"inLanguage\":\"nb-NO\",\"@id\":\"https:\\\/\\\/kreftforeningen.no\\\/vardesenteret\\\/tilbud\\\/verden-trenger-oss-en-forestilling-om-arvelig-sykdom-kreft-og-livslyst\\\/#primaryimage\",\"url\":\"https:\\\/\\\/kreftforeningen.no\\\/content\\\/uploads\\\/2025\\\/10\\\/16-9-Magne_Age_Grimstad-scaled.jpg\",\"contentUrl\":\"https:\\\/\\\/kreftforeningen.no\\\/content\\\/uploads\\\/2025\\\/10\\\/16-9-Magne_Age_Grimstad-scaled.jpg\"},{\"@type\":\"BreadcrumbList\",\"@id\":\"https:\\\/\\\/kreftforeningen.no\\\/vardesenteret\\\/tilbud\\\/verden-trenger-oss-en-forestilling-om-arvelig-sykdom-kreft-og-livslyst\\\/#breadcrumb\",\"itemListElement\":[{\"@type\":\"ListItem\",\"position\":1,\"name\":\"Forside\",\"item\":\"https:\\\/\\\/kreftforeningen.no\\\/vardesenteret\\\/\"},{\"@type\":\"ListItem\",\"position\":2,\"name\":\"Tilbud\",\"item\":\"https:\\\/\\\/kreftforeningen.no\\\/vardesenteret\\\/tilbud\\\/\"},{\"@type\":\"ListItem\",\"position\":3,\"name\":\"Verden trenger oss- en forestilling om arvelig sykdom, kreft og livslyst!\"}]},{\"@type\":\"WebSite\",\"@id\":\"https:\\\/\\\/kreftforeningen.no\\\/vardesenteret\\\/#website\",\"url\":\"https:\\\/\\\/kreftforeningen.no\\\/vardesenteret\\\/\",\"name\":\"Vardesenteret\",\"description\":\"\",\"publisher\":{\"@id\":\"https:\\\/\\\/kreftforeningen.no\\\/vardesenteret\\\/#organization\"},\"potentialAction\":[{\"@type\":\"SearchAction\",\"target\":{\"@type\":\"EntryPoint\",\"urlTemplate\":\"https:\\\/\\\/kreftforeningen.no\\\/vardesenteret\\\/?s={search_term_string}\"},\"query-input\":{\"@type\":\"PropertyValueSpecification\",\"valueRequired\":true,\"valueName\":\"search_term_string\"}}],\"inLanguage\":\"nb-NO\"},{\"@type\":\"Organization\",\"@id\":\"https:\\\/\\\/kreftforeningen.no\\\/vardesenteret\\\/#organization\",\"name\":\"Vardesenteret\",\"url\":\"https:\\\/\\\/kreftforeningen.no\\\/vardesenteret\\\/\",\"logo\":{\"@type\":\"ImageObject\",\"inLanguage\":\"nb-NO\",\"@id\":\"https:\\\/\\\/kreftforeningen.no\\\/vardesenteret\\\/#\\\/schema\\\/logo\\\/image\\\/\",\"url\":\"https:\\\/\\\/kreftforeningen.no\\\/content\\\/uploads\\\/2026\\\/02\\\/cropped-Vardesenter_signatur_sort_horisontal_uten-undertekst-e1589886700835.png\",\"contentUrl\":\"https:\\\/\\\/kreftforeningen.no\\\/content\\\/uploads\\\/2026\\\/02\\\/cropped-Vardesenter_signatur_sort_horisontal_uten-undertekst-e1589886700835.png\",\"caption\":\"Vardesenteret\"},\"image\":{\"@id\":\"https:\\\/\\\/kreftforeningen.no\\\/vardesenteret\\\/#\\\/schema\\\/logo\\\/image\\\/\"}}]}<\/script>\n<!-- \/ Yoast SEO Premium plugin. -->","yoast_head_json":{"title":"Verden trenger oss- en forestilling om arvelig sykdom, kreft og livslyst! - Vardesenteret","robots":{"index":"index","follow":"follow","max-snippet":"max-snippet:-1","max-image-preview":"max-image-preview:large","max-video-preview":"max-video-preview:-1"},"canonical":"https:\/\/kreftforeningen.no\/vardesenteret\/tilbud\/verden-trenger-oss-en-forestilling-om-arvelig-sykdom-kreft-og-livslyst\/","og_locale":"nb_NO","og_type":"article","og_title":"Verden trenger oss- en forestilling om arvelig sykdom, kreft og livslyst!","og_description":"I forestillingen deler de sine opplevelser og viser hvordan de har funnet styrke og livslyst gjennom utfordringene.Etter forestillingen vil Cathrine Bjorvatn \u2013 Leder regionalt kompetansesenter for arvelig kreft, lede en samtale mellom Grimstadbr\u00f8drene, Hildegunn H\u00f8berg Vetti \u2013 Seksjonsoverlege i arvelig kreft og Geir Vangsnes, Regionleder Kreftforeningen. Etter samtalen fortsetter arrangementet p\u00e5 Vardesenteret som ligger rett [&hellip;]","og_url":"https:\/\/kreftforeningen.no\/vardesenteret\/tilbud\/verden-trenger-oss-en-forestilling-om-arvelig-sykdom-kreft-og-livslyst\/","og_site_name":"Vardesenteret","article_published_time":"2025-10-08T12:10:21+00:00","article_modified_time":"2025-10-08T12:10:22+00:00","og_image":[{"width":2560,"height":1440,"url":"https:\/\/kreftforeningen.no\/content\/uploads\/2025\/10\/16-9-Magne_Age_Grimstad-scaled.jpg","type":"image\/jpeg"}],"twitter_card":"summary_large_image","twitter_misc":{"Ansl. lesetid":"1 minutt"},"schema":{"@context":"https:\/\/schema.org","@graph":[{"@type":"WebPage","@id":"https:\/\/kreftforeningen.no\/vardesenteret\/tilbud\/verden-trenger-oss-en-forestilling-om-arvelig-sykdom-kreft-og-livslyst\/","url":"https:\/\/kreftforeningen.no\/vardesenteret\/tilbud\/verden-trenger-oss-en-forestilling-om-arvelig-sykdom-kreft-og-livslyst\/","name":"Verden trenger oss- en forestilling om arvelig sykdom, kreft og livslyst! - Vardesenteret","isPartOf":{"@id":"https:\/\/kreftforeningen.no\/vardesenteret\/#website"},"primaryImageOfPage":{"@id":"https:\/\/kreftforeningen.no\/vardesenteret\/tilbud\/verden-trenger-oss-en-forestilling-om-arvelig-sykdom-kreft-og-livslyst\/#primaryimage"},"image":{"@id":"https:\/\/kreftforeningen.no\/vardesenteret\/tilbud\/verden-trenger-oss-en-forestilling-om-arvelig-sykdom-kreft-og-livslyst\/#primaryimage"},"thumbnailUrl":"https:\/\/kreftforeningen.no\/content\/uploads\/2025\/10\/16-9-Magne_Age_Grimstad-scaled.jpg","datePublished":"2025-10-08T12:10:21+00:00","dateModified":"2025-10-08T12:10:22+00:00","breadcrumb":{"@id":"https:\/\/kreftforeningen.no\/vardesenteret\/tilbud\/verden-trenger-oss-en-forestilling-om-arvelig-sykdom-kreft-og-livslyst\/#breadcrumb"},"inLanguage":"nb-NO","potentialAction":[{"@type":"ReadAction","target":["https:\/\/kreftforeningen.no\/vardesenteret\/tilbud\/verden-trenger-oss-en-forestilling-om-arvelig-sykdom-kreft-og-livslyst\/"]}]},{"@type":"ImageObject","inLanguage":"nb-NO","@id":"https:\/\/kreftforeningen.no\/vardesenteret\/tilbud\/verden-trenger-oss-en-forestilling-om-arvelig-sykdom-kreft-og-livslyst\/#primaryimage","url":"https:\/\/kreftforeningen.no\/content\/uploads\/2025\/10\/16-9-Magne_Age_Grimstad-scaled.jpg","contentUrl":"https:\/\/kreftforeningen.no\/content\/uploads\/2025\/10\/16-9-Magne_Age_Grimstad-scaled.jpg"},{"@type":"BreadcrumbList","@id":"https:\/\/kreftforeningen.no\/vardesenteret\/tilbud\/verden-trenger-oss-en-forestilling-om-arvelig-sykdom-kreft-og-livslyst\/#breadcrumb","itemListElement":[{"@type":"ListItem","position":1,"name":"Forside","item":"https:\/\/kreftforeningen.no\/vardesenteret\/"},{"@type":"ListItem","position":2,"name":"Tilbud","item":"https:\/\/kreftforeningen.no\/vardesenteret\/tilbud\/"},{"@type":"ListItem","position":3,"name":"Verden trenger oss- en forestilling om arvelig sykdom, kreft og livslyst!"}]},{"@type":"WebSite","@id":"https:\/\/kreftforeningen.no\/vardesenteret\/#website","url":"https:\/\/kreftforeningen.no\/vardesenteret\/","name":"Vardesenteret","description":"","publisher":{"@id":"https:\/\/kreftforeningen.no\/vardesenteret\/#organization"},"potentialAction":[{"@type":"SearchAction","target":{"@type":"EntryPoint","urlTemplate":"https:\/\/kreftforeningen.no\/vardesenteret\/?s={search_term_string}"},"query-input":{"@type":"PropertyValueSpecification","valueRequired":true,"valueName":"search_term_string"}}],"inLanguage":"nb-NO"},{"@type":"Organization","@id":"https:\/\/kreftforeningen.no\/vardesenteret\/#organization","name":"Vardesenteret","url":"https:\/\/kreftforeningen.no\/vardesenteret\/","logo":{"@type":"ImageObject","inLanguage":"nb-NO","@id":"https:\/\/kreftforeningen.no\/vardesenteret\/#\/schema\/logo\/image\/","url":"https:\/\/kreftforeningen.no\/content\/uploads\/2026\/02\/cropped-Vardesenter_signatur_sort_horisontal_uten-undertekst-e1589886700835.png","contentUrl":"https:\/\/kreftforeningen.no\/content\/uploads\/2026\/02\/cropped-Vardesenter_signatur_sort_horisontal_uten-undertekst-e1589886700835.png","caption":"Vardesenteret"},"image":{"@id":"https:\/\/kreftforeningen.no\/vardesenteret\/#\/schema\/logo\/image\/"}}]}},"_links":{"self":[{"href":"https:\/\/kreftforeningen.no\/vardesenteret\/wp-json\/wp\/v2\/service\/8954","targetHints":{"allow":["GET"]}}],"collection":[{"href":"https:\/\/kreftforeningen.no\/vardesenteret\/wp-json\/wp\/v2\/service"}],"about":[{"href":"https:\/\/kreftforeningen.no\/vardesenteret\/wp-json\/wp\/v2\/types\/service"}],"author":[{"embeddable":true,"href":"https:\/\/kreftforeningen.no\/vardesenteret\/wp-json\/wp\/v2\/users\/71"}],"version-history":[{"count":1,"href":"https:\/\/kreftforeningen.no\/vardesenteret\/wp-json\/wp\/v2\/service\/8954\/revisions"}],"predecessor-version":[{"id":8955,"href":"https:\/\/kreftforeningen.no\/vardesenteret\/wp-json\/wp\/v2\/service\/8954\/revisions\/8955"}],"wp:featuredmedia":[{"embeddable":true,"href":"https:\/\/kreftforeningen.no\/vardesenteret\/wp-json\/"}],"wp:attachment":[{"href":"https:\/\/kreftforeningen.no\/vardesenteret\/wp-json\/wp\/v2\/media?parent=8954"}],"wp:term":[{"taxonomy":"county","embeddable":true,"href":"https:\/\/kreftforeningen.no\/vardesenteret\/wp-json\/wp\/v2\/county?post=8954"},{"taxonomy":"subject","embeddable":true,"href":"https:\/\/kreftforeningen.no\/vardesenteret\/wp-json\/wp\/v2\/subject?post=8954"}],"curies":[{"name":"wp","href":"https:\/\/api.w.org\/{rel}","templated":true}]}}