{"id":8963,"date":"2025-10-13T09:34:06","date_gmt":"2025-10-13T07:34:06","guid":{"rendered":"https:\/\/kreftforeningen.no\/vardesenteret\/?post_type=service&#038;p=8963"},"modified":"2025-10-14T14:33:18","modified_gmt":"2025-10-14T12:33:18","slug":"velkommen-til-utstilling-kjaerlighet-i-kreftens-tid","status":"publish","type":"service","link":"https:\/\/kreftforeningen.no\/vardesenteret\/tilbud\/velkommen-til-utstilling-kjaerlighet-i-kreftens-tid\/","title":{"rendered":"Velkommen til utstilling: Kj\u00e6rlighet i kreftens tid"},"content":{"rendered":"\n\n\n<div class=\"wp-block-kf-ingress\"><div class=\"kf-header__ingress\"><p>Skrivegruppen &laquo;Kreativ skriving og livet med kreft&raquo; inviterer til utstillingen, der de vil dele dikt og erfaringer &#8211; i samtaler, tekst og bilder.<\/p><\/div><\/div>\n\n\n\n<p>Invitasjonen til \u00e5 v\u00e6re med i skrivegruppe kom fra Vardesenteret og Kreftforeningen, da flere av oss var i behandling for ulike kreftformer.<br>\u00abKreativ skriving og livet med kreft\u00bb skulle vise seg \u00e5 gi nye krefter i en vanskelig tid.<br><br>I eksistensielle m\u00f8ter fant vi hverandre, i t\u00e5rer og latter. Vi skapte dikt og prosatekster som vi delte med hverandre og kunne kjenne oss igjen i. Det ble mange r\u00e5e, \u00e6rlige og kj\u00e6rlighetsfulle m\u00f8ter. N\u00e5 vil vi dele disse med dere. <br>Det blir utstilling l\u00f8rdag 18. oktober kl. 13:00-17:00 og s\u00f8ndag 19. oktober kl. 13:00-16:00.<\/p>\n\n\n\n<p>Program l\u00f8rdag 18. oktober: \u00e5pent fra 13.00-17.00<\/p>\n\n\n\n<p>13.00 D\u00f8rene \u00e5pner med et alkoholfritt velkomstglass&nbsp;<br>14.00 \u00c5pning av utstillingshelgen<br>14.30 Skrivesamtalen med hele skrivegruppen<br>15.00-16.00 \u00c5pent skriveverksted v\/ Berit&nbsp;Bareksten<br>17.00 Velkommen tilbake i morgen!<\/p>\n\n\n\n<p>Filmen &laquo;Elisabeth p\u00e5 Tvers&raquo;, regissert av Eivind Tol\u00e5s vises i 2. etasje &#8211; hele dagen.<br>\u00c5pen kaf\u00e8!<\/p>\n\n\n\n<p>Program s\u00f8ndag 19. oktober &#8211; \u00e5pent fra 13.00-16.00<\/p>\n\n\n\n<p>13.00 D\u00f8rene \u00e5pner\u00a0<br>13.30 Behandlingssamtalen v\/ Kristin Jakobsen og Berit Bareksten\u00a0<br>14.00-14.45 \u00c5pent skriveverksted v\/ Berit Bareksten\u00a0<br>15.00-15.30 P\u00e5r\u00f8rendesamtalen v\/ Ingvild Loe, Liv Loe og Berit Bareksten\u00a0<br>15.30-16.00 Krukkene med det gode og det vonde: Hva tar vi vare p\u00e5? Hva kaster vi p\u00e5 b\u00e5let?<br>16.00 Takk for at du var med!<br>Filmen &laquo;Elisabeth p\u00e5 Tvers&raquo;, regissert av Eivind Tol\u00e5s vises i 2. etasje &#8211; hele dagen.<br>\u00c5pen kaf\u00e8!<\/p>\n\n\n\n<p><br><\/p>\n\n\n\n<p>N\u00e5 \u00f8nsker vi \u00e5 dele v\u00e5re tekster med deg. Vi h\u00e5per tekstene vi har skrevet kan gi mening ogs\u00e5 for andre.<\/p>\n\n\n<div class=\"wp-block-kf-event-info \">\n\t\t\t<div class=\"top-text\">\n\t\t\t\tVelkommen til utstilling: Kj\u00e6rlighet i kreftens tid\n\t\t\t<\/div>\n\t\t\t<p class=\"date\"><svg xmlns=\"http:\/\/www.w3.org\/2000\/svg\" width=\"24\" height=\"24\" viewBox=\"0 0 24 24\" fill=\"none\" stroke=\"currentColor\" stroke-width=\"2\" stroke-linecap=\"round\" stroke-linejoin=\"round\" class=\"lucide lucide-clock-icon lucide-clock\"><path d=\"M12 6v6l4 2\"\/><circle cx=\"12\" cy=\"12\" r=\"10\"\/><\/svg> 18. okt. 13.00\u201319. okt. 16.00<\/p>\n\t\t\t<p class=\"location\"><svg xmlns=\"http:\/\/www.w3.org\/2000\/svg\" width=\"24\" height=\"24\" viewBox=\"0 0 24 24\" fill=\"none\" stroke=\"currentColor\" stroke-width=\"2\" stroke-linecap=\"round\" stroke-linejoin=\"round\" class=\"lucide lucide-map-pin-icon lucide-map-pin\"><path d=\"M20 10c0 4.993-5.539 10.193-7.399 11.799a1 1 0 0 1-1.202 0C9.539 20.193 4 14.993 4 10a8 8 0 0 1 16 0\"\/><circle cx=\"12\" cy=\"10\" r=\"3\"\/><\/svg> <a class=\"link\" href=\"https:\/\/maps.google.com\/?q=Vardesenteret, Ibsens gate 118\" rel=\"noopener noreferrer\">Vardesenteret, Ibsens gate 118 (google.com)<\/a><\/p>\n\t\t\t<p class=\"ticket\"><svg xmlns=\"http:\/\/www.w3.org\/2000\/svg\" width=\"24\" height=\"24\" viewBox=\"0 0 24 24\" fill=\"none\" stroke=\"currentColor\" stroke-width=\"2\" stroke-linecap=\"round\" stroke-linejoin=\"round\" class=\"lucide lucide-ticket-icon lucide-ticket\"><path d=\"M2 9a3 3 0 0 1 0 6v2a2 2 0 0 0 2 2h16a2 2 0 0 0 2-2v-2a3 3 0 0 1 0-6V7a2 2 0 0 0-2-2H4a2 2 0 0 0-2 2Z\"\/><path d=\"M13 5v2\"\/><path d=\"M13 17v2\"\/><path d=\"M13 11v2\"\/><\/svg> Gratis<\/p>\n\t\t\t\n\t\t\t\n\t\t<\/div>","protected":false},"author":71,"featured_media":201809,"parent":0,"menu_order":0,"template":"","meta":{"_relevanssi_hide_post":"","_relevanssi_hide_content":"","_relevanssi_pin_for_all":"","_relevanssi_pin_keywords":"","_relevanssi_unpin_keywords":"","_relevanssi_related_keywords":"","_relevanssi_related_include_ids":"","_relevanssi_related_exclude_ids":"","_relevanssi_related_no_append":"","_relevanssi_related_not_related":"","_relevanssi_related_posts":"3049,3838,3866,6763,3288,8940","_relevanssi_noindex_reason":"","kf_show_post_date":true,"kf_show_updated_date":false,"kf_show_print_page":false,"kf_show_chapters":false,"kf_show_chapters_expanded":false,"kf_show_post_outdated":true,"kf_toggle_title":false,"kf_is_template":false,"kf_post_authors":[],"teft_cards_label":"Vardesenteret i Bergen","teft_cards_image_id":0,"teft_cards_image_focal_point_x":0,"teft_cards_image_focal_point_y":0,"teft_cards_title":"","teft_cards_excerpt":"","kf_service_priority":false,"kf_service_duration":"single","kf_service_date_end":"2025-10-19T16:00:00","kf_service_date_start":"2025-10-18T13:00:00","kf_service_location":"Vardesenteret, Ibsens gate 118","kf_service_url":"","kf_service_price":"Gratis","kf_service_featured_image_description":"","footnotes":""},"county":[56],"subject":[117,65],"class_list":["post-8963","service","type-service","status-publish","has-post-thumbnail","hentry","county-vestland","subject-foredrag","subject-kultur-og-sosialt"],"yoast_head":"<!-- This site is optimized with the Yoast SEO Premium plugin v27.3 (Yoast SEO v27.4) - https:\/\/yoast.com\/product\/yoast-seo-premium-wordpress\/ -->\n<title>Velkommen til utstilling: Kj\u00e6rlighet i kreftens tid - Vardesenteret<\/title>\n<meta name=\"robots\" content=\"index, follow, max-snippet:-1, max-image-preview:large, max-video-preview:-1\" \/>\n<link rel=\"canonical\" href=\"https:\/\/kreftforeningen.no\/vardesenteret\/tilbud\/velkommen-til-utstilling-kjaerlighet-i-kreftens-tid\/\" \/>\n<meta property=\"og:locale\" content=\"nb_NO\" \/>\n<meta property=\"og:type\" content=\"article\" \/>\n<meta property=\"og:title\" content=\"Velkommen til utstilling: Kj\u00e6rlighet i kreftens tid\" \/>\n<meta property=\"og:description\" content=\"Invitasjonen til \u00e5 v\u00e6re med i skrivegruppe kom fra Vardesenteret og Kreftforeningen, da flere av oss var i behandling for ulike kreftformer.\u00abKreativ skriving og livet med kreft\u00bb skulle vise seg \u00e5 gi nye krefter i en vanskelig tid. I eksistensielle m\u00f8ter fant vi hverandre, i t\u00e5rer og latter. Vi skapte dikt og prosatekster som vi [&hellip;]\" \/>\n<meta property=\"og:url\" content=\"https:\/\/kreftforeningen.no\/vardesenteret\/tilbud\/velkommen-til-utstilling-kjaerlighet-i-kreftens-tid\/\" \/>\n<meta property=\"og:site_name\" content=\"Vardesenteret\" \/>\n<meta property=\"article:published_time\" content=\"2025-10-13T07:34:06+00:00\" \/>\n<meta property=\"article:modified_time\" content=\"2025-10-14T12:33:18+00:00\" \/>\n<meta property=\"og:image\" content=\"https:\/\/kreftforeningen.no\/content\/uploads\/2025\/10\/Skjermbilde-2025-10-13-093223.png\" \/>\n\t<meta property=\"og:image:width\" content=\"221\" \/>\n\t<meta property=\"og:image:height\" content=\"166\" \/>\n\t<meta property=\"og:image:type\" content=\"image\/jpeg\" \/>\n<meta name=\"twitter:card\" content=\"summary_large_image\" \/>\n<meta name=\"twitter:label1\" content=\"Ansl. lesetid\" \/>\n\t<meta name=\"twitter:data1\" content=\"2 minutter\" \/>\n<script type=\"application\/ld+json\" class=\"yoast-schema-graph\">{\"@context\":\"https:\\\/\\\/schema.org\",\"@graph\":[{\"@type\":\"WebPage\",\"@id\":\"https:\\\/\\\/kreftforeningen.no\\\/vardesenteret\\\/tilbud\\\/velkommen-til-utstilling-kjaerlighet-i-kreftens-tid\\\/\",\"url\":\"https:\\\/\\\/kreftforeningen.no\\\/vardesenteret\\\/tilbud\\\/velkommen-til-utstilling-kjaerlighet-i-kreftens-tid\\\/\",\"name\":\"Velkommen til utstilling: Kj\u00e6rlighet i kreftens tid - Vardesenteret\",\"isPartOf\":{\"@id\":\"https:\\\/\\\/kreftforeningen.no\\\/vardesenteret\\\/#website\"},\"primaryImageOfPage\":{\"@id\":\"https:\\\/\\\/kreftforeningen.no\\\/vardesenteret\\\/tilbud\\\/velkommen-til-utstilling-kjaerlighet-i-kreftens-tid\\\/#primaryimage\"},\"image\":{\"@id\":\"https:\\\/\\\/kreftforeningen.no\\\/vardesenteret\\\/tilbud\\\/velkommen-til-utstilling-kjaerlighet-i-kreftens-tid\\\/#primaryimage\"},\"thumbnailUrl\":\"https:\\\/\\\/kreftforeningen.no\\\/content\\\/uploads\\\/2025\\\/10\\\/Skjermbilde-2025-10-13-093223.png\",\"datePublished\":\"2025-10-13T07:34:06+00:00\",\"dateModified\":\"2025-10-14T12:33:18+00:00\",\"breadcrumb\":{\"@id\":\"https:\\\/\\\/kreftforeningen.no\\\/vardesenteret\\\/tilbud\\\/velkommen-til-utstilling-kjaerlighet-i-kreftens-tid\\\/#breadcrumb\"},\"inLanguage\":\"nb-NO\",\"potentialAction\":[{\"@type\":\"ReadAction\",\"target\":[\"https:\\\/\\\/kreftforeningen.no\\\/vardesenteret\\\/tilbud\\\/velkommen-til-utstilling-kjaerlighet-i-kreftens-tid\\\/\"]}]},{\"@type\":\"ImageObject\",\"inLanguage\":\"nb-NO\",\"@id\":\"https:\\\/\\\/kreftforeningen.no\\\/vardesenteret\\\/tilbud\\\/velkommen-til-utstilling-kjaerlighet-i-kreftens-tid\\\/#primaryimage\",\"url\":\"https:\\\/\\\/kreftforeningen.no\\\/content\\\/uploads\\\/2025\\\/10\\\/Skjermbilde-2025-10-13-093223.png\",\"contentUrl\":\"https:\\\/\\\/kreftforeningen.no\\\/content\\\/uploads\\\/2025\\\/10\\\/Skjermbilde-2025-10-13-093223.png\"},{\"@type\":\"BreadcrumbList\",\"@id\":\"https:\\\/\\\/kreftforeningen.no\\\/vardesenteret\\\/tilbud\\\/velkommen-til-utstilling-kjaerlighet-i-kreftens-tid\\\/#breadcrumb\",\"itemListElement\":[{\"@type\":\"ListItem\",\"position\":1,\"name\":\"Forside\",\"item\":\"https:\\\/\\\/kreftforeningen.no\\\/vardesenteret\\\/\"},{\"@type\":\"ListItem\",\"position\":2,\"name\":\"Tilbud\",\"item\":\"https:\\\/\\\/kreftforeningen.no\\\/vardesenteret\\\/tilbud\\\/\"},{\"@type\":\"ListItem\",\"position\":3,\"name\":\"Velkommen til utstilling: Kj\u00e6rlighet i kreftens tid\"}]},{\"@type\":\"WebSite\",\"@id\":\"https:\\\/\\\/kreftforeningen.no\\\/vardesenteret\\\/#website\",\"url\":\"https:\\\/\\\/kreftforeningen.no\\\/vardesenteret\\\/\",\"name\":\"Vardesenteret\",\"description\":\"\",\"publisher\":{\"@id\":\"https:\\\/\\\/kreftforeningen.no\\\/vardesenteret\\\/#organization\"},\"potentialAction\":[{\"@type\":\"SearchAction\",\"target\":{\"@type\":\"EntryPoint\",\"urlTemplate\":\"https:\\\/\\\/kreftforeningen.no\\\/vardesenteret\\\/?s={search_term_string}\"},\"query-input\":{\"@type\":\"PropertyValueSpecification\",\"valueRequired\":true,\"valueName\":\"search_term_string\"}}],\"inLanguage\":\"nb-NO\"},{\"@type\":\"Organization\",\"@id\":\"https:\\\/\\\/kreftforeningen.no\\\/vardesenteret\\\/#organization\",\"name\":\"Vardesenteret\",\"url\":\"https:\\\/\\\/kreftforeningen.no\\\/vardesenteret\\\/\",\"logo\":{\"@type\":\"ImageObject\",\"inLanguage\":\"nb-NO\",\"@id\":\"https:\\\/\\\/kreftforeningen.no\\\/vardesenteret\\\/#\\\/schema\\\/logo\\\/image\\\/\",\"url\":\"https:\\\/\\\/kreftforeningen.no\\\/content\\\/uploads\\\/2026\\\/02\\\/cropped-Vardesenter_signatur_sort_horisontal_uten-undertekst-e1589886700835.png\",\"contentUrl\":\"https:\\\/\\\/kreftforeningen.no\\\/content\\\/uploads\\\/2026\\\/02\\\/cropped-Vardesenter_signatur_sort_horisontal_uten-undertekst-e1589886700835.png\",\"caption\":\"Vardesenteret\"},\"image\":{\"@id\":\"https:\\\/\\\/kreftforeningen.no\\\/vardesenteret\\\/#\\\/schema\\\/logo\\\/image\\\/\"}}]}<\/script>\n<!-- \/ Yoast SEO Premium plugin. -->","yoast_head_json":{"title":"Velkommen til utstilling: Kj\u00e6rlighet i kreftens tid - Vardesenteret","robots":{"index":"index","follow":"follow","max-snippet":"max-snippet:-1","max-image-preview":"max-image-preview:large","max-video-preview":"max-video-preview:-1"},"canonical":"https:\/\/kreftforeningen.no\/vardesenteret\/tilbud\/velkommen-til-utstilling-kjaerlighet-i-kreftens-tid\/","og_locale":"nb_NO","og_type":"article","og_title":"Velkommen til utstilling: Kj\u00e6rlighet i kreftens tid","og_description":"Invitasjonen til \u00e5 v\u00e6re med i skrivegruppe kom fra Vardesenteret og Kreftforeningen, da flere av oss var i behandling for ulike kreftformer.\u00abKreativ skriving og livet med kreft\u00bb skulle vise seg \u00e5 gi nye krefter i en vanskelig tid. I eksistensielle m\u00f8ter fant vi hverandre, i t\u00e5rer og latter. Vi skapte dikt og prosatekster som vi [&hellip;]","og_url":"https:\/\/kreftforeningen.no\/vardesenteret\/tilbud\/velkommen-til-utstilling-kjaerlighet-i-kreftens-tid\/","og_site_name":"Vardesenteret","article_published_time":"2025-10-13T07:34:06+00:00","article_modified_time":"2025-10-14T12:33:18+00:00","og_image":[{"width":221,"height":166,"url":"https:\/\/kreftforeningen.no\/content\/uploads\/2025\/10\/Skjermbilde-2025-10-13-093223.png","type":"image\/jpeg"}],"twitter_card":"summary_large_image","twitter_misc":{"Ansl. lesetid":"2 minutter"},"schema":{"@context":"https:\/\/schema.org","@graph":[{"@type":"WebPage","@id":"https:\/\/kreftforeningen.no\/vardesenteret\/tilbud\/velkommen-til-utstilling-kjaerlighet-i-kreftens-tid\/","url":"https:\/\/kreftforeningen.no\/vardesenteret\/tilbud\/velkommen-til-utstilling-kjaerlighet-i-kreftens-tid\/","name":"Velkommen til utstilling: Kj\u00e6rlighet i kreftens tid - Vardesenteret","isPartOf":{"@id":"https:\/\/kreftforeningen.no\/vardesenteret\/#website"},"primaryImageOfPage":{"@id":"https:\/\/kreftforeningen.no\/vardesenteret\/tilbud\/velkommen-til-utstilling-kjaerlighet-i-kreftens-tid\/#primaryimage"},"image":{"@id":"https:\/\/kreftforeningen.no\/vardesenteret\/tilbud\/velkommen-til-utstilling-kjaerlighet-i-kreftens-tid\/#primaryimage"},"thumbnailUrl":"https:\/\/kreftforeningen.no\/content\/uploads\/2025\/10\/Skjermbilde-2025-10-13-093223.png","datePublished":"2025-10-13T07:34:06+00:00","dateModified":"2025-10-14T12:33:18+00:00","breadcrumb":{"@id":"https:\/\/kreftforeningen.no\/vardesenteret\/tilbud\/velkommen-til-utstilling-kjaerlighet-i-kreftens-tid\/#breadcrumb"},"inLanguage":"nb-NO","potentialAction":[{"@type":"ReadAction","target":["https:\/\/kreftforeningen.no\/vardesenteret\/tilbud\/velkommen-til-utstilling-kjaerlighet-i-kreftens-tid\/"]}]},{"@type":"ImageObject","inLanguage":"nb-NO","@id":"https:\/\/kreftforeningen.no\/vardesenteret\/tilbud\/velkommen-til-utstilling-kjaerlighet-i-kreftens-tid\/#primaryimage","url":"https:\/\/kreftforeningen.no\/content\/uploads\/2025\/10\/Skjermbilde-2025-10-13-093223.png","contentUrl":"https:\/\/kreftforeningen.no\/content\/uploads\/2025\/10\/Skjermbilde-2025-10-13-093223.png"},{"@type":"BreadcrumbList","@id":"https:\/\/kreftforeningen.no\/vardesenteret\/tilbud\/velkommen-til-utstilling-kjaerlighet-i-kreftens-tid\/#breadcrumb","itemListElement":[{"@type":"ListItem","position":1,"name":"Forside","item":"https:\/\/kreftforeningen.no\/vardesenteret\/"},{"@type":"ListItem","position":2,"name":"Tilbud","item":"https:\/\/kreftforeningen.no\/vardesenteret\/tilbud\/"},{"@type":"ListItem","position":3,"name":"Velkommen til utstilling: Kj\u00e6rlighet i kreftens tid"}]},{"@type":"WebSite","@id":"https:\/\/kreftforeningen.no\/vardesenteret\/#website","url":"https:\/\/kreftforeningen.no\/vardesenteret\/","name":"Vardesenteret","description":"","publisher":{"@id":"https:\/\/kreftforeningen.no\/vardesenteret\/#organization"},"potentialAction":[{"@type":"SearchAction","target":{"@type":"EntryPoint","urlTemplate":"https:\/\/kreftforeningen.no\/vardesenteret\/?s={search_term_string}"},"query-input":{"@type":"PropertyValueSpecification","valueRequired":true,"valueName":"search_term_string"}}],"inLanguage":"nb-NO"},{"@type":"Organization","@id":"https:\/\/kreftforeningen.no\/vardesenteret\/#organization","name":"Vardesenteret","url":"https:\/\/kreftforeningen.no\/vardesenteret\/","logo":{"@type":"ImageObject","inLanguage":"nb-NO","@id":"https:\/\/kreftforeningen.no\/vardesenteret\/#\/schema\/logo\/image\/","url":"https:\/\/kreftforeningen.no\/content\/uploads\/2026\/02\/cropped-Vardesenter_signatur_sort_horisontal_uten-undertekst-e1589886700835.png","contentUrl":"https:\/\/kreftforeningen.no\/content\/uploads\/2026\/02\/cropped-Vardesenter_signatur_sort_horisontal_uten-undertekst-e1589886700835.png","caption":"Vardesenteret"},"image":{"@id":"https:\/\/kreftforeningen.no\/vardesenteret\/#\/schema\/logo\/image\/"}}]}},"_links":{"self":[{"href":"https:\/\/kreftforeningen.no\/vardesenteret\/wp-json\/wp\/v2\/service\/8963","targetHints":{"allow":["GET"]}}],"collection":[{"href":"https:\/\/kreftforeningen.no\/vardesenteret\/wp-json\/wp\/v2\/service"}],"about":[{"href":"https:\/\/kreftforeningen.no\/vardesenteret\/wp-json\/wp\/v2\/types\/service"}],"author":[{"embeddable":true,"href":"https:\/\/kreftforeningen.no\/vardesenteret\/wp-json\/wp\/v2\/users\/71"}],"version-history":[{"count":5,"href":"https:\/\/kreftforeningen.no\/vardesenteret\/wp-json\/wp\/v2\/service\/8963\/revisions"}],"predecessor-version":[{"id":8982,"href":"https:\/\/kreftforeningen.no\/vardesenteret\/wp-json\/wp\/v2\/service\/8963\/revisions\/8982"}],"wp:featuredmedia":[{"embeddable":true,"href":"https:\/\/kreftforeningen.no\/vardesenteret\/wp-json\/"}],"wp:attachment":[{"href":"https:\/\/kreftforeningen.no\/vardesenteret\/wp-json\/wp\/v2\/media?parent=8963"}],"wp:term":[{"taxonomy":"county","embeddable":true,"href":"https:\/\/kreftforeningen.no\/vardesenteret\/wp-json\/wp\/v2\/county?post=8963"},{"taxonomy":"subject","embeddable":true,"href":"https:\/\/kreftforeningen.no\/vardesenteret\/wp-json\/wp\/v2\/subject?post=8963"}],"curies":[{"name":"wp","href":"https:\/\/api.w.org\/{rel}","templated":true}]}}