{"id":9036,"date":"2025-10-28T11:15:45","date_gmt":"2025-10-28T10:15:45","guid":{"rendered":"https:\/\/kreftforeningen.no\/vardesenteret\/?post_type=service&#038;p=9036"},"modified":"2025-10-28T11:16:47","modified_gmt":"2025-10-28T10:16:47","slug":"kreft-og-hjelpsomme-tanker","status":"publish","type":"service","link":"https:\/\/kreftforeningen.no\/vardesenteret\/tilbud\/kreft-og-hjelpsomme-tanker\/","title":{"rendered":"Kreft og hjelpsomme tanker"},"content":{"rendered":"\n\n\n<div class=\"wp-block-kf-ingress\"><div class=\"kf-header__ingress\"><p>Velkommen til digitalt foredrag arrangert av Vardesenteret ved OUS!<\/p><\/div><\/div>\n\n\n\n<p><\/p>\n\n\n\n<p>Foredraget holdes av psykologspesialist Anders Mobr\u00e5ten fra Kreftklinikken p\u00e5 OUS. Han vil prate om hvordan du kan jobbe med det psykiske ved fysisk sykdom. Foredraget vil ogs\u00e5 handle om vanlige psykologiske reaksjoner ved \u00e5 f\u00e5 kreft og gi tips rundt generelle mestringsstrategier.<\/p>\n\n\n\n<p>For sp\u00f8rsm\u00e5l kontakt Vardesenteret OUS p\u00e5 telefon 97 40 04 40.<br><br>Det er begrenset med plasser. Vi sender fra v\u00e5r digitale plattform Join.<\/p>\n\n\n\n<p>Vennligst meld deg p\u00e5 med linken <a href=\"https:\/\/l.facebook.com\/l.php?u=https%3A%2F%2Fassets-eur.mkt.dynamics.com%2F0da121ef-b5f8-ee11-9048-0022489e5e62%2Fdigitalassets%2Fstandaloneforms%2F432e0451-b7fa-4f34-bdbe-bd16d6a34eab%3FreadableEventId%3DKreft_og_hjelpsomme_tanker2847165633&amp;h=AT3XyPr-NfHkCYd0lr5eJwkZB-94eaS-T1Kx4NhVDShmeAL4upehkMhIdhy4Ee8EPoVCOmRl6k1WHLuLdPe0pnmWvkHbaF6W0YQ480IyhEiaK1LvcoS270lbzZh4x8mpQ6J6BQ87BKrZvgFdmBYapSzWIh11UzwQHNBv8kP9WhSPAMjl&amp;__tn__=q&amp;c[0]=AT2jyCHfz_ufOXbByK1w8fhv7FC4-87X-WfQYsrsWK-M8OlCQta6wUU_KiW8LQXfboJO5sEkhDdcTe88uErvF3O6B8ZryfugmIlr28N7ZFpGxBzm1p0M8Vx9uEXrkxCG1TO3u5Yk_h3tbKkDV_XhFaO1OvHhNQMUBDo\">her<\/a> for \u00e5 v\u00e6re med &#8211; da vil du f\u00e5 tilsendt link til den digitale plattformen Join et par dager f\u00f8r foredraget.&nbsp;<\/p>\n\n\n\n<h2 class=\"wp-block-heading\" id=\"h-dato\">Dato<\/h2>\n\n\n\n<p>11. november klokken 13.00-13.45<\/p>\n\n\n\n<h2 class=\"wp-block-heading\" id=\"h-sted\">Sted<\/h2>\n\n\n\n<p>Digitalt &#8211; husk logg inn p\u00e5 Join f\u00f8r m\u00f8tet starter, s\u00e5 vil du f\u00e5 tilsendt lenke til foredraget.<\/p>\n\n\n\n<p><\/p>\n","protected":false},"author":27,"featured_media":57511,"parent":0,"menu_order":0,"template":"","meta":{"_relevanssi_hide_post":"","_relevanssi_hide_content":"","_relevanssi_pin_for_all":"","_relevanssi_pin_keywords":"","_relevanssi_unpin_keywords":"","_relevanssi_related_keywords":"","_relevanssi_related_include_ids":"","_relevanssi_related_exclude_ids":"","_relevanssi_related_no_append":"","_relevanssi_related_not_related":"","_relevanssi_related_posts":"4597,3288,3049,4991,3838,2511","_relevanssi_noindex_reason":"","kf_show_post_date":true,"kf_show_updated_date":false,"kf_show_print_page":false,"kf_show_chapters":false,"kf_show_chapters_expanded":false,"kf_show_post_outdated":true,"kf_toggle_title":false,"kf_is_template":false,"kf_post_authors":[],"teft_cards_label":"Digitalt","teft_cards_image_id":57511,"teft_cards_image_focal_point_x":0.5,"teft_cards_image_focal_point_y":0.5,"teft_cards_title":"","teft_cards_excerpt":"","kf_service_priority":false,"kf_service_duration":"single","kf_service_date_end":"2025-11-11T13:45:00","kf_service_date_start":"2025-11-11T13:00:00","kf_service_location":"Digitalt","kf_service_url":"https:\/\/l.facebook.com\/l.php?u=https%3A%2F%2Fassets-eur.mkt.dynamics.com%2F0da121ef-b5f8-ee11-9048-0022489e5e62%2Fdigitalassets%2Fstandaloneforms%2F432e0451-b7fa-4f34-bdbe-bd16d6a34eab%3FreadableEventId%3DKreft_og_hjelpsomme_tanker2847165633&h=AT3XyPr-NfHkCYd0lr5eJwkZB-94eaS-T1Kx4NhVDShmeAL4upehkMhIdhy4Ee8EPoVCOmRl6k1WHLuLdPe0pnmWvkHbaF6W0YQ480IyhEiaK1LvcoS270lbzZh4x8mpQ6J6BQ87BKrZvgFdmBYapSzWIh11UzwQHNBv8kP9WhSPAMjl&__tn__=q&c[0]=AT2jyCHfz_ufOXbByK1w8fhv7FC4-87X-WfQYsrsWK-M8OlCQta6wUU_KiW8LQXfboJO5sEkhDdcTe88uErvF3O6B8ZryfugmIlr28N7ZFpGxBzm1p0M8Vx9uEXrkxCG1TO3u5Yk_h3tbKkDV_XhFaO1OvHhNQMUBDo","kf_service_price":"Gratis","kf_service_featured_image_description":"","footnotes":""},"county":[51],"subject":[74,59],"class_list":["post-9036","service","type-service","status-publish","has-post-thumbnail","hentry","county-oslo","subject-digitalt","subject-leve-med-og-etter-kreft"],"yoast_head":"<!-- This site is optimized with the Yoast SEO Premium plugin v27.3 (Yoast SEO v27.4) - https:\/\/yoast.com\/product\/yoast-seo-premium-wordpress\/ -->\n<title>Kreft og hjelpsomme tanker - Vardesenteret<\/title>\n<meta name=\"robots\" content=\"index, follow, max-snippet:-1, max-image-preview:large, max-video-preview:-1\" \/>\n<link rel=\"canonical\" href=\"https:\/\/kreftforeningen.no\/vardesenteret\/tilbud\/kreft-og-hjelpsomme-tanker\/\" \/>\n<meta property=\"og:locale\" content=\"nb_NO\" \/>\n<meta property=\"og:type\" content=\"article\" \/>\n<meta property=\"og:title\" content=\"Kreft og hjelpsomme tanker\" \/>\n<meta property=\"og:description\" content=\"Foredraget holdes av psykologspesialist Anders Mobr\u00e5ten fra Kreftklinikken p\u00e5 OUS. Han vil prate om hvordan du kan jobbe med det psykiske ved fysisk sykdom. Foredraget vil ogs\u00e5 handle om vanlige psykologiske reaksjoner ved \u00e5 f\u00e5 kreft og gi tips rundt generelle mestringsstrategier. For sp\u00f8rsm\u00e5l kontakt Vardesenteret OUS p\u00e5 telefon 97 40 04 40. Det er [&hellip;]\" \/>\n<meta property=\"og:url\" content=\"https:\/\/kreftforeningen.no\/vardesenteret\/tilbud\/kreft-og-hjelpsomme-tanker\/\" \/>\n<meta property=\"og:site_name\" content=\"Vardesenteret\" \/>\n<meta property=\"article:published_time\" content=\"2025-10-28T10:15:45+00:00\" \/>\n<meta property=\"article:modified_time\" content=\"2025-10-28T10:16:47+00:00\" \/>\n<meta property=\"og:image\" content=\"https:\/\/kreftforeningen.no\/content\/uploads\/2020\/07\/AndersVardeOslo300.jpg\" \/>\n\t<meta property=\"og:image:width\" content=\"300\" \/>\n\t<meta property=\"og:image:height\" content=\"300\" \/>\n\t<meta property=\"og:image:type\" content=\"image\/jpeg\" \/>\n<meta name=\"twitter:card\" content=\"summary_large_image\" \/>\n<meta name=\"twitter:label1\" content=\"Ansl. lesetid\" \/>\n\t<meta name=\"twitter:data1\" content=\"1 minutt\" \/>\n<script type=\"application\/ld+json\" class=\"yoast-schema-graph\">{\"@context\":\"https:\\\/\\\/schema.org\",\"@graph\":[{\"@type\":\"WebPage\",\"@id\":\"https:\\\/\\\/kreftforeningen.no\\\/vardesenteret\\\/tilbud\\\/kreft-og-hjelpsomme-tanker\\\/\",\"url\":\"https:\\\/\\\/kreftforeningen.no\\\/vardesenteret\\\/tilbud\\\/kreft-og-hjelpsomme-tanker\\\/\",\"name\":\"Kreft og hjelpsomme tanker - Vardesenteret\",\"isPartOf\":{\"@id\":\"https:\\\/\\\/kreftforeningen.no\\\/vardesenteret\\\/#website\"},\"primaryImageOfPage\":{\"@id\":\"https:\\\/\\\/kreftforeningen.no\\\/vardesenteret\\\/tilbud\\\/kreft-og-hjelpsomme-tanker\\\/#primaryimage\"},\"image\":{\"@id\":\"https:\\\/\\\/kreftforeningen.no\\\/vardesenteret\\\/tilbud\\\/kreft-og-hjelpsomme-tanker\\\/#primaryimage\"},\"thumbnailUrl\":\"https:\\\/\\\/kreftforeningen.no\\\/content\\\/uploads\\\/2020\\\/07\\\/AndersVardeOslo300.jpg\",\"datePublished\":\"2025-10-28T10:15:45+00:00\",\"dateModified\":\"2025-10-28T10:16:47+00:00\",\"breadcrumb\":{\"@id\":\"https:\\\/\\\/kreftforeningen.no\\\/vardesenteret\\\/tilbud\\\/kreft-og-hjelpsomme-tanker\\\/#breadcrumb\"},\"inLanguage\":\"nb-NO\",\"potentialAction\":[{\"@type\":\"ReadAction\",\"target\":[\"https:\\\/\\\/kreftforeningen.no\\\/vardesenteret\\\/tilbud\\\/kreft-og-hjelpsomme-tanker\\\/\"]}]},{\"@type\":\"ImageObject\",\"inLanguage\":\"nb-NO\",\"@id\":\"https:\\\/\\\/kreftforeningen.no\\\/vardesenteret\\\/tilbud\\\/kreft-og-hjelpsomme-tanker\\\/#primaryimage\",\"url\":\"https:\\\/\\\/kreftforeningen.no\\\/content\\\/uploads\\\/2020\\\/07\\\/AndersVardeOslo300.jpg\",\"contentUrl\":\"https:\\\/\\\/kreftforeningen.no\\\/content\\\/uploads\\\/2020\\\/07\\\/AndersVardeOslo300.jpg\"},{\"@type\":\"BreadcrumbList\",\"@id\":\"https:\\\/\\\/kreftforeningen.no\\\/vardesenteret\\\/tilbud\\\/kreft-og-hjelpsomme-tanker\\\/#breadcrumb\",\"itemListElement\":[{\"@type\":\"ListItem\",\"position\":1,\"name\":\"Forside\",\"item\":\"https:\\\/\\\/kreftforeningen.no\\\/vardesenteret\\\/\"},{\"@type\":\"ListItem\",\"position\":2,\"name\":\"Tilbud\",\"item\":\"https:\\\/\\\/kreftforeningen.no\\\/vardesenteret\\\/tilbud\\\/\"},{\"@type\":\"ListItem\",\"position\":3,\"name\":\"Kreft og hjelpsomme tanker\"}]},{\"@type\":\"WebSite\",\"@id\":\"https:\\\/\\\/kreftforeningen.no\\\/vardesenteret\\\/#website\",\"url\":\"https:\\\/\\\/kreftforeningen.no\\\/vardesenteret\\\/\",\"name\":\"Vardesenteret\",\"description\":\"\",\"publisher\":{\"@id\":\"https:\\\/\\\/kreftforeningen.no\\\/vardesenteret\\\/#organization\"},\"potentialAction\":[{\"@type\":\"SearchAction\",\"target\":{\"@type\":\"EntryPoint\",\"urlTemplate\":\"https:\\\/\\\/kreftforeningen.no\\\/vardesenteret\\\/?s={search_term_string}\"},\"query-input\":{\"@type\":\"PropertyValueSpecification\",\"valueRequired\":true,\"valueName\":\"search_term_string\"}}],\"inLanguage\":\"nb-NO\"},{\"@type\":\"Organization\",\"@id\":\"https:\\\/\\\/kreftforeningen.no\\\/vardesenteret\\\/#organization\",\"name\":\"Vardesenteret\",\"url\":\"https:\\\/\\\/kreftforeningen.no\\\/vardesenteret\\\/\",\"logo\":{\"@type\":\"ImageObject\",\"inLanguage\":\"nb-NO\",\"@id\":\"https:\\\/\\\/kreftforeningen.no\\\/vardesenteret\\\/#\\\/schema\\\/logo\\\/image\\\/\",\"url\":\"https:\\\/\\\/kreftforeningen.no\\\/content\\\/uploads\\\/2026\\\/02\\\/cropped-Vardesenter_signatur_sort_horisontal_uten-undertekst-e1589886700835.png\",\"contentUrl\":\"https:\\\/\\\/kreftforeningen.no\\\/content\\\/uploads\\\/2026\\\/02\\\/cropped-Vardesenter_signatur_sort_horisontal_uten-undertekst-e1589886700835.png\",\"caption\":\"Vardesenteret\"},\"image\":{\"@id\":\"https:\\\/\\\/kreftforeningen.no\\\/vardesenteret\\\/#\\\/schema\\\/logo\\\/image\\\/\"}}]}<\/script>\n<!-- \/ Yoast SEO Premium plugin. -->","yoast_head_json":{"title":"Kreft og hjelpsomme tanker - Vardesenteret","robots":{"index":"index","follow":"follow","max-snippet":"max-snippet:-1","max-image-preview":"max-image-preview:large","max-video-preview":"max-video-preview:-1"},"canonical":"https:\/\/kreftforeningen.no\/vardesenteret\/tilbud\/kreft-og-hjelpsomme-tanker\/","og_locale":"nb_NO","og_type":"article","og_title":"Kreft og hjelpsomme tanker","og_description":"Foredraget holdes av psykologspesialist Anders Mobr\u00e5ten fra Kreftklinikken p\u00e5 OUS. Han vil prate om hvordan du kan jobbe med det psykiske ved fysisk sykdom. Foredraget vil ogs\u00e5 handle om vanlige psykologiske reaksjoner ved \u00e5 f\u00e5 kreft og gi tips rundt generelle mestringsstrategier. For sp\u00f8rsm\u00e5l kontakt Vardesenteret OUS p\u00e5 telefon 97 40 04 40. Det er [&hellip;]","og_url":"https:\/\/kreftforeningen.no\/vardesenteret\/tilbud\/kreft-og-hjelpsomme-tanker\/","og_site_name":"Vardesenteret","article_published_time":"2025-10-28T10:15:45+00:00","article_modified_time":"2025-10-28T10:16:47+00:00","og_image":[{"width":300,"height":300,"url":"https:\/\/kreftforeningen.no\/content\/uploads\/2020\/07\/AndersVardeOslo300.jpg","type":"image\/jpeg"}],"twitter_card":"summary_large_image","twitter_misc":{"Ansl. lesetid":"1 minutt"},"schema":{"@context":"https:\/\/schema.org","@graph":[{"@type":"WebPage","@id":"https:\/\/kreftforeningen.no\/vardesenteret\/tilbud\/kreft-og-hjelpsomme-tanker\/","url":"https:\/\/kreftforeningen.no\/vardesenteret\/tilbud\/kreft-og-hjelpsomme-tanker\/","name":"Kreft og hjelpsomme tanker - Vardesenteret","isPartOf":{"@id":"https:\/\/kreftforeningen.no\/vardesenteret\/#website"},"primaryImageOfPage":{"@id":"https:\/\/kreftforeningen.no\/vardesenteret\/tilbud\/kreft-og-hjelpsomme-tanker\/#primaryimage"},"image":{"@id":"https:\/\/kreftforeningen.no\/vardesenteret\/tilbud\/kreft-og-hjelpsomme-tanker\/#primaryimage"},"thumbnailUrl":"https:\/\/kreftforeningen.no\/content\/uploads\/2020\/07\/AndersVardeOslo300.jpg","datePublished":"2025-10-28T10:15:45+00:00","dateModified":"2025-10-28T10:16:47+00:00","breadcrumb":{"@id":"https:\/\/kreftforeningen.no\/vardesenteret\/tilbud\/kreft-og-hjelpsomme-tanker\/#breadcrumb"},"inLanguage":"nb-NO","potentialAction":[{"@type":"ReadAction","target":["https:\/\/kreftforeningen.no\/vardesenteret\/tilbud\/kreft-og-hjelpsomme-tanker\/"]}]},{"@type":"ImageObject","inLanguage":"nb-NO","@id":"https:\/\/kreftforeningen.no\/vardesenteret\/tilbud\/kreft-og-hjelpsomme-tanker\/#primaryimage","url":"https:\/\/kreftforeningen.no\/content\/uploads\/2020\/07\/AndersVardeOslo300.jpg","contentUrl":"https:\/\/kreftforeningen.no\/content\/uploads\/2020\/07\/AndersVardeOslo300.jpg"},{"@type":"BreadcrumbList","@id":"https:\/\/kreftforeningen.no\/vardesenteret\/tilbud\/kreft-og-hjelpsomme-tanker\/#breadcrumb","itemListElement":[{"@type":"ListItem","position":1,"name":"Forside","item":"https:\/\/kreftforeningen.no\/vardesenteret\/"},{"@type":"ListItem","position":2,"name":"Tilbud","item":"https:\/\/kreftforeningen.no\/vardesenteret\/tilbud\/"},{"@type":"ListItem","position":3,"name":"Kreft og hjelpsomme tanker"}]},{"@type":"WebSite","@id":"https:\/\/kreftforeningen.no\/vardesenteret\/#website","url":"https:\/\/kreftforeningen.no\/vardesenteret\/","name":"Vardesenteret","description":"","publisher":{"@id":"https:\/\/kreftforeningen.no\/vardesenteret\/#organization"},"potentialAction":[{"@type":"SearchAction","target":{"@type":"EntryPoint","urlTemplate":"https:\/\/kreftforeningen.no\/vardesenteret\/?s={search_term_string}"},"query-input":{"@type":"PropertyValueSpecification","valueRequired":true,"valueName":"search_term_string"}}],"inLanguage":"nb-NO"},{"@type":"Organization","@id":"https:\/\/kreftforeningen.no\/vardesenteret\/#organization","name":"Vardesenteret","url":"https:\/\/kreftforeningen.no\/vardesenteret\/","logo":{"@type":"ImageObject","inLanguage":"nb-NO","@id":"https:\/\/kreftforeningen.no\/vardesenteret\/#\/schema\/logo\/image\/","url":"https:\/\/kreftforeningen.no\/content\/uploads\/2026\/02\/cropped-Vardesenter_signatur_sort_horisontal_uten-undertekst-e1589886700835.png","contentUrl":"https:\/\/kreftforeningen.no\/content\/uploads\/2026\/02\/cropped-Vardesenter_signatur_sort_horisontal_uten-undertekst-e1589886700835.png","caption":"Vardesenteret"},"image":{"@id":"https:\/\/kreftforeningen.no\/vardesenteret\/#\/schema\/logo\/image\/"}}]}},"_links":{"self":[{"href":"https:\/\/kreftforeningen.no\/vardesenteret\/wp-json\/wp\/v2\/service\/9036","targetHints":{"allow":["GET"]}}],"collection":[{"href":"https:\/\/kreftforeningen.no\/vardesenteret\/wp-json\/wp\/v2\/service"}],"about":[{"href":"https:\/\/kreftforeningen.no\/vardesenteret\/wp-json\/wp\/v2\/types\/service"}],"author":[{"embeddable":true,"href":"https:\/\/kreftforeningen.no\/vardesenteret\/wp-json\/wp\/v2\/users\/27"}],"version-history":[{"count":3,"href":"https:\/\/kreftforeningen.no\/vardesenteret\/wp-json\/wp\/v2\/service\/9036\/revisions"}],"predecessor-version":[{"id":9196,"href":"https:\/\/kreftforeningen.no\/vardesenteret\/wp-json\/wp\/v2\/service\/9036\/revisions\/9196"}],"wp:featuredmedia":[{"embeddable":true,"href":"https:\/\/kreftforeningen.no\/vardesenteret\/wp-json\/"}],"wp:attachment":[{"href":"https:\/\/kreftforeningen.no\/vardesenteret\/wp-json\/wp\/v2\/media?parent=9036"}],"wp:term":[{"taxonomy":"county","embeddable":true,"href":"https:\/\/kreftforeningen.no\/vardesenteret\/wp-json\/wp\/v2\/county?post=9036"},{"taxonomy":"subject","embeddable":true,"href":"https:\/\/kreftforeningen.no\/vardesenteret\/wp-json\/wp\/v2\/subject?post=9036"}],"curies":[{"name":"wp","href":"https:\/\/api.w.org\/{rel}","templated":true}]}}