{"id":9129,"date":"2025-11-05T09:48:57","date_gmt":"2025-11-05T08:48:57","guid":{"rendered":"https:\/\/kreftforeningen.no\/vardesenteret\/?post_type=service&#038;p=9129"},"modified":"2025-11-05T10:02:26","modified_gmt":"2025-11-05T09:02:26","slug":"floyen-med-vardesenteret-og-krefter-pa-tur","status":"publish","type":"service","link":"https:\/\/kreftforeningen.no\/vardesenteret\/tilbud\/floyen-med-vardesenteret-og-krefter-pa-tur\/","title":{"rendered":"Fl\u00f8yen med Vardesenteret og Krefter p\u00e5 tur"},"content":{"rendered":"\n\n\n<div class=\"wp-block-kf-ingress\"><div class=\"kf-header__ingress\"><p>Vi inviterer dere med til byens storstue Fl\u00f8yen og Fl\u00f8yrestauranten. Turen er lavterskel, og vi tilrettelegger for \u00e5 m\u00f8te turdeltakers behov. <\/p><\/div><\/div>\n\n\n\n<p>P\u00e5 Fl\u00f8yen nyter vi den flotte utsikten over byen og fjell og fjord rundt oss, f\u00f8r vi tar turen mot Skomakerdiket og g\u00e5r en runde der (de som \u00f8nsker kan g\u00e5 en runde p\u00e5 Fl\u00f8ysletten). <\/p>\n\n\n\n<p>Etter turen spiser vi lunsj p\u00e5 Fl\u00f8irestauranten klokken 13.00. Her vil vi f\u00e5 servert suppe, samt kake og kaffe til dessert.  \ud83e\udd63\ud83c\udf70\u2615\ufe0f  Meld fra om evt allergier.<br><br>Vi har med godkjente turledere som har god kjennskap til mennesker som har v\u00e6rt igjennom kreftbehandling. V\u00e5re gode hjelpere fra Vardesenteret, \u00c5se og Anne Berit er ogs\u00e5 med.<br><br>M\u00f8t oss ved Fl\u00f8ybanen nedre stasjon i god tid, seinest 10.45, vi har billetter til Fl\u00f8ybanen tur\/retur.<br><br>Velkommen til en hyggelig tur sammen med oss.<br><br><strong>P\u00e5 denne turen m\u00e5 vi ha p\u00e5melding, pga bestilling av mat og billetter!<\/strong><\/p>\n\n\n\n<h2 class=\"wp-block-heading\" id=\"h-pamelding\">P\u00e5melding<\/h2>\n\n\n\n<p><a href=\"https:\/\/aktiviteter.dnt.no\/register\/vardesenteretnovember25?fbclid=IwVERDUANyrjNleHRuA2FlbQIxMAABHl3-XdRpecHzOG8wmhSsXdgjYle65Mz1zaYYjDHGgW0N7aqKOxr7AkuWlcJW_aem_EUSpOhsAvRxJc46Vi24Yww#\/\">Her kan du melde deg p\u00e5 turen<\/a><\/p>\n\n\n<div class=\"wp-block-kf-event-info \">\n\t\t\t\n\t\t\t<p class=\"date\"><svg xmlns=\"http:\/\/www.w3.org\/2000\/svg\" width=\"24\" height=\"24\" viewBox=\"0 0 24 24\" fill=\"none\" stroke=\"currentColor\" stroke-width=\"2\" stroke-linecap=\"round\" stroke-linejoin=\"round\" class=\"lucide lucide-clock-icon lucide-clock\"><path d=\"M12 6v6l4 2\"\/><circle cx=\"12\" cy=\"12\" r=\"10\"\/><\/svg> 24. nov. 10.45\u201315.00<\/p>\n\t\t\t\n\t\t\t<p class=\"ticket\"><svg xmlns=\"http:\/\/www.w3.org\/2000\/svg\" width=\"24\" height=\"24\" viewBox=\"0 0 24 24\" fill=\"none\" stroke=\"currentColor\" stroke-width=\"2\" stroke-linecap=\"round\" stroke-linejoin=\"round\" class=\"lucide lucide-ticket-icon lucide-ticket\"><path d=\"M2 9a3 3 0 0 1 0 6v2a2 2 0 0 0 2 2h16a2 2 0 0 0 2-2v-2a3 3 0 0 1 0-6V7a2 2 0 0 0-2-2H4a2 2 0 0 0-2 2Z\"\/><path d=\"M13 5v2\"\/><path d=\"M13 17v2\"\/><path d=\"M13 11v2\"\/><\/svg> Gratis<\/p>\n\t\t\t\n\t\t\t<a href=\"https:\/\/aktiviteter.dnt.no\/register\/vardesenteretnovember25?fbclid=IwVERDUANyrjNleHRuA2FlbQIxMAABHl3-XdRpecHzOG8wmhSsXdgjYle65Mz1zaYYjDHGgW0N7aqKOxr7AkuWlcJW_aem_EUSpOhsAvRxJc46Vi24Yww#\/\" target=\"_blank\" rel=\"noopener noreferrer\"><button>Meld deg p\u00e5 (aktiviteter.dnt.no)<\/button><\/a>\n\t\t<\/div>","protected":false},"author":71,"featured_media":202528,"parent":0,"menu_order":0,"template":"","meta":{"_relevanssi_hide_post":"","_relevanssi_hide_content":"","_relevanssi_pin_for_all":"","_relevanssi_pin_keywords":"","_relevanssi_unpin_keywords":"","_relevanssi_related_keywords":"","_relevanssi_related_include_ids":"","_relevanssi_related_exclude_ids":"","_relevanssi_related_no_append":"","_relevanssi_related_not_related":"","_relevanssi_related_posts":"","_relevanssi_noindex_reason":"","kf_show_post_date":true,"kf_show_updated_date":false,"kf_show_print_page":false,"kf_show_chapters":false,"kf_show_chapters_expanded":false,"kf_show_post_outdated":true,"kf_toggle_title":false,"kf_is_template":false,"kf_post_authors":[],"teft_cards_label":"Vardesenteret i Bergen","teft_cards_image_id":0,"teft_cards_image_focal_point_x":0,"teft_cards_image_focal_point_y":0,"teft_cards_title":"","teft_cards_excerpt":"","kf_service_priority":false,"kf_service_duration":"single","kf_service_date_end":"2025-11-24T15:00:00","kf_service_date_start":"2025-11-24T10:45:00","kf_service_location":"","kf_service_url":"https:\/\/aktiviteter.dnt.no\/register\/vardesenteretnovember25?fbclid=IwVERDUANyrjNleHRuA2FlbQIxMAABHl3-XdRpecHzOG8wmhSsXdgjYle65Mz1zaYYjDHGgW0N7aqKOxr7AkuWlcJW_aem_EUSpOhsAvRxJc46Vi24Yww#\/","kf_service_price":"Gratis","kf_service_featured_image_description":"","footnotes":""},"county":[56],"subject":[61,59],"class_list":["post-9129","service","type-service","status-publish","has-post-thumbnail","hentry","county-vestland","subject-fysisk-aktivitet","subject-leve-med-og-etter-kreft"],"yoast_head":"<!-- This site is optimized with the Yoast SEO Premium plugin v27.3 (Yoast SEO v27.4) - https:\/\/yoast.com\/product\/yoast-seo-premium-wordpress\/ -->\n<title>Fl\u00f8yen med Vardesenteret og Krefter p\u00e5 tur - Vardesenteret<\/title>\n<meta name=\"robots\" content=\"index, follow, max-snippet:-1, max-image-preview:large, max-video-preview:-1\" \/>\n<link rel=\"canonical\" href=\"https:\/\/kreftforeningen.no\/vardesenteret\/tilbud\/floyen-med-vardesenteret-og-krefter-pa-tur\/\" \/>\n<meta property=\"og:locale\" content=\"nb_NO\" \/>\n<meta property=\"og:type\" content=\"article\" \/>\n<meta property=\"og:title\" content=\"Fl\u00f8yen med Vardesenteret og Krefter p\u00e5 tur\" \/>\n<meta property=\"og:description\" content=\"P\u00e5 Fl\u00f8yen nyter vi den flotte utsikten over byen og fjell og fjord rundt oss, f\u00f8r vi tar turen mot Skomakerdiket og g\u00e5r en runde der (de som \u00f8nsker kan g\u00e5 en runde p\u00e5 Fl\u00f8ysletten). Etter turen spiser vi lunsj p\u00e5 Fl\u00f8irestauranten klokken 13.00. Her vil vi f\u00e5 servert suppe, samt kake og kaffe til [&hellip;]\" \/>\n<meta property=\"og:url\" content=\"https:\/\/kreftforeningen.no\/vardesenteret\/tilbud\/floyen-med-vardesenteret-og-krefter-pa-tur\/\" \/>\n<meta property=\"og:site_name\" content=\"Vardesenteret\" \/>\n<meta property=\"article:published_time\" content=\"2025-11-05T08:48:57+00:00\" \/>\n<meta property=\"article:modified_time\" content=\"2025-11-05T09:02:26+00:00\" \/>\n<meta property=\"og:image\" content=\"https:\/\/kreftforeningen.no\/content\/uploads\/2025\/11\/Floyen.jpg\" \/>\n\t<meta property=\"og:image:width\" content=\"1827\" \/>\n\t<meta property=\"og:image:height\" content=\"783\" \/>\n\t<meta property=\"og:image:type\" content=\"image\/jpeg\" \/>\n<meta name=\"twitter:card\" content=\"summary_large_image\" \/>\n<meta name=\"twitter:label1\" content=\"Ansl. lesetid\" \/>\n\t<meta name=\"twitter:data1\" content=\"2 minutter\" \/>\n<script type=\"application\/ld+json\" class=\"yoast-schema-graph\">{\"@context\":\"https:\\\/\\\/schema.org\",\"@graph\":[{\"@type\":\"WebPage\",\"@id\":\"https:\\\/\\\/kreftforeningen.no\\\/vardesenteret\\\/tilbud\\\/floyen-med-vardesenteret-og-krefter-pa-tur\\\/\",\"url\":\"https:\\\/\\\/kreftforeningen.no\\\/vardesenteret\\\/tilbud\\\/floyen-med-vardesenteret-og-krefter-pa-tur\\\/\",\"name\":\"Fl\u00f8yen med Vardesenteret og Krefter p\u00e5 tur - Vardesenteret\",\"isPartOf\":{\"@id\":\"https:\\\/\\\/kreftforeningen.no\\\/vardesenteret\\\/#website\"},\"primaryImageOfPage\":{\"@id\":\"https:\\\/\\\/kreftforeningen.no\\\/vardesenteret\\\/tilbud\\\/floyen-med-vardesenteret-og-krefter-pa-tur\\\/#primaryimage\"},\"image\":{\"@id\":\"https:\\\/\\\/kreftforeningen.no\\\/vardesenteret\\\/tilbud\\\/floyen-med-vardesenteret-og-krefter-pa-tur\\\/#primaryimage\"},\"thumbnailUrl\":\"https:\\\/\\\/kreftforeningen.no\\\/content\\\/uploads\\\/2025\\\/11\\\/Floyen.jpg\",\"datePublished\":\"2025-11-05T08:48:57+00:00\",\"dateModified\":\"2025-11-05T09:02:26+00:00\",\"breadcrumb\":{\"@id\":\"https:\\\/\\\/kreftforeningen.no\\\/vardesenteret\\\/tilbud\\\/floyen-med-vardesenteret-og-krefter-pa-tur\\\/#breadcrumb\"},\"inLanguage\":\"nb-NO\",\"potentialAction\":[{\"@type\":\"ReadAction\",\"target\":[\"https:\\\/\\\/kreftforeningen.no\\\/vardesenteret\\\/tilbud\\\/floyen-med-vardesenteret-og-krefter-pa-tur\\\/\"]}]},{\"@type\":\"ImageObject\",\"inLanguage\":\"nb-NO\",\"@id\":\"https:\\\/\\\/kreftforeningen.no\\\/vardesenteret\\\/tilbud\\\/floyen-med-vardesenteret-og-krefter-pa-tur\\\/#primaryimage\",\"url\":\"https:\\\/\\\/kreftforeningen.no\\\/content\\\/uploads\\\/2025\\\/11\\\/Floyen.jpg\",\"contentUrl\":\"https:\\\/\\\/kreftforeningen.no\\\/content\\\/uploads\\\/2025\\\/11\\\/Floyen.jpg\"},{\"@type\":\"BreadcrumbList\",\"@id\":\"https:\\\/\\\/kreftforeningen.no\\\/vardesenteret\\\/tilbud\\\/floyen-med-vardesenteret-og-krefter-pa-tur\\\/#breadcrumb\",\"itemListElement\":[{\"@type\":\"ListItem\",\"position\":1,\"name\":\"Forside\",\"item\":\"https:\\\/\\\/kreftforeningen.no\\\/vardesenteret\\\/\"},{\"@type\":\"ListItem\",\"position\":2,\"name\":\"Tilbud\",\"item\":\"https:\\\/\\\/kreftforeningen.no\\\/vardesenteret\\\/tilbud\\\/\"},{\"@type\":\"ListItem\",\"position\":3,\"name\":\"Fl\u00f8yen med Vardesenteret og Krefter p\u00e5 tur\"}]},{\"@type\":\"WebSite\",\"@id\":\"https:\\\/\\\/kreftforeningen.no\\\/vardesenteret\\\/#website\",\"url\":\"https:\\\/\\\/kreftforeningen.no\\\/vardesenteret\\\/\",\"name\":\"Vardesenteret\",\"description\":\"\",\"publisher\":{\"@id\":\"https:\\\/\\\/kreftforeningen.no\\\/vardesenteret\\\/#organization\"},\"potentialAction\":[{\"@type\":\"SearchAction\",\"target\":{\"@type\":\"EntryPoint\",\"urlTemplate\":\"https:\\\/\\\/kreftforeningen.no\\\/vardesenteret\\\/?s={search_term_string}\"},\"query-input\":{\"@type\":\"PropertyValueSpecification\",\"valueRequired\":true,\"valueName\":\"search_term_string\"}}],\"inLanguage\":\"nb-NO\"},{\"@type\":\"Organization\",\"@id\":\"https:\\\/\\\/kreftforeningen.no\\\/vardesenteret\\\/#organization\",\"name\":\"Vardesenteret\",\"url\":\"https:\\\/\\\/kreftforeningen.no\\\/vardesenteret\\\/\",\"logo\":{\"@type\":\"ImageObject\",\"inLanguage\":\"nb-NO\",\"@id\":\"https:\\\/\\\/kreftforeningen.no\\\/vardesenteret\\\/#\\\/schema\\\/logo\\\/image\\\/\",\"url\":\"https:\\\/\\\/kreftforeningen.no\\\/content\\\/uploads\\\/2026\\\/02\\\/cropped-Vardesenter_signatur_sort_horisontal_uten-undertekst-e1589886700835.png\",\"contentUrl\":\"https:\\\/\\\/kreftforeningen.no\\\/content\\\/uploads\\\/2026\\\/02\\\/cropped-Vardesenter_signatur_sort_horisontal_uten-undertekst-e1589886700835.png\",\"caption\":\"Vardesenteret\"},\"image\":{\"@id\":\"https:\\\/\\\/kreftforeningen.no\\\/vardesenteret\\\/#\\\/schema\\\/logo\\\/image\\\/\"}}]}<\/script>\n<!-- \/ Yoast SEO Premium plugin. -->","yoast_head_json":{"title":"Fl\u00f8yen med Vardesenteret og Krefter p\u00e5 tur - Vardesenteret","robots":{"index":"index","follow":"follow","max-snippet":"max-snippet:-1","max-image-preview":"max-image-preview:large","max-video-preview":"max-video-preview:-1"},"canonical":"https:\/\/kreftforeningen.no\/vardesenteret\/tilbud\/floyen-med-vardesenteret-og-krefter-pa-tur\/","og_locale":"nb_NO","og_type":"article","og_title":"Fl\u00f8yen med Vardesenteret og Krefter p\u00e5 tur","og_description":"P\u00e5 Fl\u00f8yen nyter vi den flotte utsikten over byen og fjell og fjord rundt oss, f\u00f8r vi tar turen mot Skomakerdiket og g\u00e5r en runde der (de som \u00f8nsker kan g\u00e5 en runde p\u00e5 Fl\u00f8ysletten). Etter turen spiser vi lunsj p\u00e5 Fl\u00f8irestauranten klokken 13.00. Her vil vi f\u00e5 servert suppe, samt kake og kaffe til [&hellip;]","og_url":"https:\/\/kreftforeningen.no\/vardesenteret\/tilbud\/floyen-med-vardesenteret-og-krefter-pa-tur\/","og_site_name":"Vardesenteret","article_published_time":"2025-11-05T08:48:57+00:00","article_modified_time":"2025-11-05T09:02:26+00:00","og_image":[{"width":1827,"height":783,"url":"https:\/\/kreftforeningen.no\/content\/uploads\/2025\/11\/Floyen.jpg","type":"image\/jpeg"}],"twitter_card":"summary_large_image","twitter_misc":{"Ansl. lesetid":"2 minutter"},"schema":{"@context":"https:\/\/schema.org","@graph":[{"@type":"WebPage","@id":"https:\/\/kreftforeningen.no\/vardesenteret\/tilbud\/floyen-med-vardesenteret-og-krefter-pa-tur\/","url":"https:\/\/kreftforeningen.no\/vardesenteret\/tilbud\/floyen-med-vardesenteret-og-krefter-pa-tur\/","name":"Fl\u00f8yen med Vardesenteret og Krefter p\u00e5 tur - Vardesenteret","isPartOf":{"@id":"https:\/\/kreftforeningen.no\/vardesenteret\/#website"},"primaryImageOfPage":{"@id":"https:\/\/kreftforeningen.no\/vardesenteret\/tilbud\/floyen-med-vardesenteret-og-krefter-pa-tur\/#primaryimage"},"image":{"@id":"https:\/\/kreftforeningen.no\/vardesenteret\/tilbud\/floyen-med-vardesenteret-og-krefter-pa-tur\/#primaryimage"},"thumbnailUrl":"https:\/\/kreftforeningen.no\/content\/uploads\/2025\/11\/Floyen.jpg","datePublished":"2025-11-05T08:48:57+00:00","dateModified":"2025-11-05T09:02:26+00:00","breadcrumb":{"@id":"https:\/\/kreftforeningen.no\/vardesenteret\/tilbud\/floyen-med-vardesenteret-og-krefter-pa-tur\/#breadcrumb"},"inLanguage":"nb-NO","potentialAction":[{"@type":"ReadAction","target":["https:\/\/kreftforeningen.no\/vardesenteret\/tilbud\/floyen-med-vardesenteret-og-krefter-pa-tur\/"]}]},{"@type":"ImageObject","inLanguage":"nb-NO","@id":"https:\/\/kreftforeningen.no\/vardesenteret\/tilbud\/floyen-med-vardesenteret-og-krefter-pa-tur\/#primaryimage","url":"https:\/\/kreftforeningen.no\/content\/uploads\/2025\/11\/Floyen.jpg","contentUrl":"https:\/\/kreftforeningen.no\/content\/uploads\/2025\/11\/Floyen.jpg"},{"@type":"BreadcrumbList","@id":"https:\/\/kreftforeningen.no\/vardesenteret\/tilbud\/floyen-med-vardesenteret-og-krefter-pa-tur\/#breadcrumb","itemListElement":[{"@type":"ListItem","position":1,"name":"Forside","item":"https:\/\/kreftforeningen.no\/vardesenteret\/"},{"@type":"ListItem","position":2,"name":"Tilbud","item":"https:\/\/kreftforeningen.no\/vardesenteret\/tilbud\/"},{"@type":"ListItem","position":3,"name":"Fl\u00f8yen med Vardesenteret og Krefter p\u00e5 tur"}]},{"@type":"WebSite","@id":"https:\/\/kreftforeningen.no\/vardesenteret\/#website","url":"https:\/\/kreftforeningen.no\/vardesenteret\/","name":"Vardesenteret","description":"","publisher":{"@id":"https:\/\/kreftforeningen.no\/vardesenteret\/#organization"},"potentialAction":[{"@type":"SearchAction","target":{"@type":"EntryPoint","urlTemplate":"https:\/\/kreftforeningen.no\/vardesenteret\/?s={search_term_string}"},"query-input":{"@type":"PropertyValueSpecification","valueRequired":true,"valueName":"search_term_string"}}],"inLanguage":"nb-NO"},{"@type":"Organization","@id":"https:\/\/kreftforeningen.no\/vardesenteret\/#organization","name":"Vardesenteret","url":"https:\/\/kreftforeningen.no\/vardesenteret\/","logo":{"@type":"ImageObject","inLanguage":"nb-NO","@id":"https:\/\/kreftforeningen.no\/vardesenteret\/#\/schema\/logo\/image\/","url":"https:\/\/kreftforeningen.no\/content\/uploads\/2026\/02\/cropped-Vardesenter_signatur_sort_horisontal_uten-undertekst-e1589886700835.png","contentUrl":"https:\/\/kreftforeningen.no\/content\/uploads\/2026\/02\/cropped-Vardesenter_signatur_sort_horisontal_uten-undertekst-e1589886700835.png","caption":"Vardesenteret"},"image":{"@id":"https:\/\/kreftforeningen.no\/vardesenteret\/#\/schema\/logo\/image\/"}}]}},"_links":{"self":[{"href":"https:\/\/kreftforeningen.no\/vardesenteret\/wp-json\/wp\/v2\/service\/9129","targetHints":{"allow":["GET"]}}],"collection":[{"href":"https:\/\/kreftforeningen.no\/vardesenteret\/wp-json\/wp\/v2\/service"}],"about":[{"href":"https:\/\/kreftforeningen.no\/vardesenteret\/wp-json\/wp\/v2\/types\/service"}],"author":[{"embeddable":true,"href":"https:\/\/kreftforeningen.no\/vardesenteret\/wp-json\/wp\/v2\/users\/71"}],"version-history":[{"count":2,"href":"https:\/\/kreftforeningen.no\/vardesenteret\/wp-json\/wp\/v2\/service\/9129\/revisions"}],"predecessor-version":[{"id":9132,"href":"https:\/\/kreftforeningen.no\/vardesenteret\/wp-json\/wp\/v2\/service\/9129\/revisions\/9132"}],"wp:featuredmedia":[{"embeddable":true,"href":"https:\/\/kreftforeningen.no\/vardesenteret\/wp-json\/"}],"wp:attachment":[{"href":"https:\/\/kreftforeningen.no\/vardesenteret\/wp-json\/wp\/v2\/media?parent=9129"}],"wp:term":[{"taxonomy":"county","embeddable":true,"href":"https:\/\/kreftforeningen.no\/vardesenteret\/wp-json\/wp\/v2\/county?post=9129"},{"taxonomy":"subject","embeddable":true,"href":"https:\/\/kreftforeningen.no\/vardesenteret\/wp-json\/wp\/v2\/subject?post=9129"}],"curies":[{"name":"wp","href":"https:\/\/api.w.org\/{rel}","templated":true}]}}