{"id":9603,"date":"2026-01-16T09:23:19","date_gmt":"2026-01-16T08:23:19","guid":{"rendered":"https:\/\/kreftforeningen.no\/vardesenteret\/?post_type=service&#038;p=9603"},"modified":"2026-01-16T09:24:05","modified_gmt":"2026-01-16T08:24:05","slug":"temakveld-rehabilitering-etter-kreftbehandling-frisk-men-ikke-frisk","status":"publish","type":"service","link":"https:\/\/kreftforeningen.no\/vardesenteret\/tilbud\/temakveld-rehabilitering-etter-kreftbehandling-frisk-men-ikke-frisk\/","title":{"rendered":"Temakveld: Rehabilitering etter kreftbehandling; Frisk men ikke frisk"},"content":{"rendered":"\n\n\n<div class=\"wp-block-kf-ingress\"><div class=\"kf-header__ingress\"><p>Kreftsykepleier og f\u00f8rsteamanuensis Karen R. Gissum kommer til Vardesenteret for \u00e5 snakke om et tema som ber\u00f8rer stadig flere: livet etter kreft. Takket v\u00e6re medisinske fremskritt blir flere og flere kreftpasienter friske av sin sykdom. Men hva betyr det egentlig \u00e5 v\u00e6re frisk?<\/p><\/div><\/div>\n\n\n\n<p>Velkommen til temakveld p\u00e5 Vardesenteret onsdag 21. januar kl. 18:00-19:00. <\/p>\n\n\n\n<p>For mange samsvarer ikke begrepet \u2018frisk\u2019 med den opplevelsen man har etter \u00e5 ha gjennomg\u00e5tt kreftbehandling. Kroppen er endret, f\u00f8lelseslivet er endret, og for mange kreftpasienter blir hverdagen aldri helt den samme. <\/p>\n\n\n\n<p>Likevel m\u00f8ter mange en forventning \u2013 fra familie, venner, arbeidsplassen og ikke minst fra seg selv \u2013 om \u00e5 g\u00e5 tilbake til livet slik det var f\u00f8r. For mange er dette urealistisk. <\/p>\n\n\n\n<p>I stedet handler det om \u00e5 l\u00e6re \u00e5 leve i et nytt landskap: \u00e5 v\u00e6re frisk, men ikke helt frisk. I denne forelesningen skal vi utforske hva dette betyr, hvilke utfordringer det skaper, og hvordan vi kan st\u00f8tte pasienter i \u00e5 finne balansen i sitt nye liv.<\/p>\n\n\n\n<p>Temakveld er en del av kvelds\u00e5pent Vardesenter. Det er gratis og \u00e5pent for alle. Du trenger ikke melde deg p\u00e5.<\/p>\n\n\n<div class=\"wp-block-kf-event-info \">\n\t\t\t<div class=\"top-text\">\n\t\t\t\tTemakveld: Rehabilitering etter kreftbehandling; Frisk men ikke frisk\n\t\t\t<\/div>\n\t\t\t<p class=\"date\"><svg xmlns=\"http:\/\/www.w3.org\/2000\/svg\" width=\"24\" height=\"24\" viewBox=\"0 0 24 24\" fill=\"none\" stroke=\"currentColor\" stroke-width=\"2\" stroke-linecap=\"round\" stroke-linejoin=\"round\" class=\"lucide lucide-clock-icon lucide-clock\"><path d=\"M12 6v6l4 2\"\/><circle cx=\"12\" cy=\"12\" r=\"10\"\/><\/svg> 21. jan. 18.00\u201319.00<\/p>\n\t\t\t<p class=\"location\"><svg xmlns=\"http:\/\/www.w3.org\/2000\/svg\" width=\"24\" height=\"24\" viewBox=\"0 0 24 24\" fill=\"none\" stroke=\"currentColor\" stroke-width=\"2\" stroke-linecap=\"round\" stroke-linejoin=\"round\" class=\"lucide lucide-map-pin-icon lucide-map-pin\"><path d=\"M20 10c0 4.993-5.539 10.193-7.399 11.799a1 1 0 0 1-1.202 0C9.539 20.193 4 14.993 4 10a8 8 0 0 1 16 0\"\/><circle cx=\"12\" cy=\"10\" r=\"3\"\/><\/svg> <a class=\"link\" href=\"https:\/\/maps.google.com\/?q=Ibsensgate 118, 5052 Bergen\" rel=\"noopener noreferrer\">Ibsensgate 118, 5052 Bergen (google.com)<\/a><\/p>\n\t\t\t<p class=\"ticket\"><svg xmlns=\"http:\/\/www.w3.org\/2000\/svg\" width=\"24\" height=\"24\" viewBox=\"0 0 24 24\" fill=\"none\" stroke=\"currentColor\" stroke-width=\"2\" stroke-linecap=\"round\" stroke-linejoin=\"round\" class=\"lucide lucide-ticket-icon lucide-ticket\"><path d=\"M2 9a3 3 0 0 1 0 6v2a2 2 0 0 0 2 2h16a2 2 0 0 0 2-2v-2a3 3 0 0 1 0-6V7a2 2 0 0 0-2-2H4a2 2 0 0 0-2 2Z\"\/><path d=\"M13 5v2\"\/><path d=\"M13 17v2\"\/><path d=\"M13 11v2\"\/><\/svg> Gratis<\/p>\n\t\t\t\n\t\t\t\n\t\t<\/div>","protected":false},"author":71,"featured_media":204520,"parent":0,"menu_order":0,"template":"","meta":{"_relevanssi_hide_post":"","_relevanssi_hide_content":"","_relevanssi_pin_for_all":"","_relevanssi_pin_keywords":"","_relevanssi_unpin_keywords":"","_relevanssi_related_keywords":"","_relevanssi_related_include_ids":"","_relevanssi_related_exclude_ids":"","_relevanssi_related_no_append":"","_relevanssi_related_not_related":"","_relevanssi_related_posts":"","_relevanssi_noindex_reason":"","kf_show_post_date":true,"kf_show_updated_date":false,"kf_show_print_page":false,"kf_show_chapters":false,"kf_show_chapters_expanded":false,"kf_show_post_outdated":true,"kf_toggle_title":false,"kf_is_template":false,"kf_post_authors":[],"teft_cards_label":"VARDESENTERET I BERGEN","teft_cards_image_id":0,"teft_cards_image_focal_point_x":0,"teft_cards_image_focal_point_y":0,"teft_cards_title":"","teft_cards_excerpt":"","kf_service_priority":false,"kf_service_duration":"single","kf_service_date_end":"2026-01-21T19:00:00","kf_service_date_start":"2026-01-21T18:00:00","kf_service_location":"Ibsensgate 118, 5052 Bergen","kf_service_url":"","kf_service_price":"Gratis","kf_service_featured_image_description":"","footnotes":""},"county":[56],"subject":[117,59],"class_list":["post-9603","service","type-service","status-publish","has-post-thumbnail","hentry","county-vestland","subject-foredrag","subject-leve-med-og-etter-kreft"],"yoast_head":"<!-- This site is optimized with the Yoast SEO Premium plugin v27.3 (Yoast SEO v27.4) - https:\/\/yoast.com\/product\/yoast-seo-premium-wordpress\/ -->\n<title>Temakveld: Rehabilitering etter kreftbehandling; Frisk men ikke frisk - Vardesenteret<\/title>\n<meta name=\"robots\" content=\"index, follow, max-snippet:-1, max-image-preview:large, max-video-preview:-1\" \/>\n<link rel=\"canonical\" href=\"https:\/\/kreftforeningen.no\/vardesenteret\/tilbud\/temakveld-rehabilitering-etter-kreftbehandling-frisk-men-ikke-frisk\/\" \/>\n<meta property=\"og:locale\" content=\"nb_NO\" \/>\n<meta property=\"og:type\" content=\"article\" \/>\n<meta property=\"og:title\" content=\"Temakveld: Rehabilitering etter kreftbehandling; Frisk men ikke frisk\" \/>\n<meta property=\"og:description\" content=\"Velkommen til temakveld p\u00e5 Vardesenteret onsdag 21. januar kl. 18:00-19:00. For mange samsvarer ikke begrepet \u2018frisk\u2019 med den opplevelsen man har etter \u00e5 ha gjennomg\u00e5tt kreftbehandling. Kroppen er endret, f\u00f8lelseslivet er endret, og for mange kreftpasienter blir hverdagen aldri helt den samme. Likevel m\u00f8ter mange en forventning \u2013 fra familie, venner, arbeidsplassen og ikke minst [&hellip;]\" \/>\n<meta property=\"og:url\" content=\"https:\/\/kreftforeningen.no\/vardesenteret\/tilbud\/temakveld-rehabilitering-etter-kreftbehandling-frisk-men-ikke-frisk\/\" \/>\n<meta property=\"og:site_name\" content=\"Vardesenteret\" \/>\n<meta property=\"article:published_time\" content=\"2026-01-16T08:23:19+00:00\" \/>\n<meta property=\"article:modified_time\" content=\"2026-01-16T08:24:05+00:00\" \/>\n<meta property=\"og:image\" content=\"https:\/\/kreftforeningen.no\/content\/uploads\/2026\/01\/Karen-Gissum-2024-kvadratisk.jpg\" \/>\n\t<meta property=\"og:image:width\" content=\"947\" \/>\n\t<meta property=\"og:image:height\" content=\"947\" \/>\n\t<meta property=\"og:image:type\" content=\"image\/jpeg\" \/>\n<meta name=\"twitter:card\" content=\"summary_large_image\" \/>\n<meta name=\"twitter:label1\" content=\"Ansl. lesetid\" \/>\n\t<meta name=\"twitter:data1\" content=\"2 minutter\" \/>\n<script type=\"application\/ld+json\" class=\"yoast-schema-graph\">{\"@context\":\"https:\\\/\\\/schema.org\",\"@graph\":[{\"@type\":\"WebPage\",\"@id\":\"https:\\\/\\\/kreftforeningen.no\\\/vardesenteret\\\/tilbud\\\/temakveld-rehabilitering-etter-kreftbehandling-frisk-men-ikke-frisk\\\/\",\"url\":\"https:\\\/\\\/kreftforeningen.no\\\/vardesenteret\\\/tilbud\\\/temakveld-rehabilitering-etter-kreftbehandling-frisk-men-ikke-frisk\\\/\",\"name\":\"Temakveld: Rehabilitering etter kreftbehandling; Frisk men ikke frisk - Vardesenteret\",\"isPartOf\":{\"@id\":\"https:\\\/\\\/kreftforeningen.no\\\/vardesenteret\\\/#website\"},\"primaryImageOfPage\":{\"@id\":\"https:\\\/\\\/kreftforeningen.no\\\/vardesenteret\\\/tilbud\\\/temakveld-rehabilitering-etter-kreftbehandling-frisk-men-ikke-frisk\\\/#primaryimage\"},\"image\":{\"@id\":\"https:\\\/\\\/kreftforeningen.no\\\/vardesenteret\\\/tilbud\\\/temakveld-rehabilitering-etter-kreftbehandling-frisk-men-ikke-frisk\\\/#primaryimage\"},\"thumbnailUrl\":\"https:\\\/\\\/kreftforeningen.no\\\/content\\\/uploads\\\/2026\\\/01\\\/Karen-Gissum-2024-kvadratisk.jpg\",\"datePublished\":\"2026-01-16T08:23:19+00:00\",\"dateModified\":\"2026-01-16T08:24:05+00:00\",\"breadcrumb\":{\"@id\":\"https:\\\/\\\/kreftforeningen.no\\\/vardesenteret\\\/tilbud\\\/temakveld-rehabilitering-etter-kreftbehandling-frisk-men-ikke-frisk\\\/#breadcrumb\"},\"inLanguage\":\"nb-NO\",\"potentialAction\":[{\"@type\":\"ReadAction\",\"target\":[\"https:\\\/\\\/kreftforeningen.no\\\/vardesenteret\\\/tilbud\\\/temakveld-rehabilitering-etter-kreftbehandling-frisk-men-ikke-frisk\\\/\"]}]},{\"@type\":\"ImageObject\",\"inLanguage\":\"nb-NO\",\"@id\":\"https:\\\/\\\/kreftforeningen.no\\\/vardesenteret\\\/tilbud\\\/temakveld-rehabilitering-etter-kreftbehandling-frisk-men-ikke-frisk\\\/#primaryimage\",\"url\":\"https:\\\/\\\/kreftforeningen.no\\\/content\\\/uploads\\\/2026\\\/01\\\/Karen-Gissum-2024-kvadratisk.jpg\",\"contentUrl\":\"https:\\\/\\\/kreftforeningen.no\\\/content\\\/uploads\\\/2026\\\/01\\\/Karen-Gissum-2024-kvadratisk.jpg\"},{\"@type\":\"BreadcrumbList\",\"@id\":\"https:\\\/\\\/kreftforeningen.no\\\/vardesenteret\\\/tilbud\\\/temakveld-rehabilitering-etter-kreftbehandling-frisk-men-ikke-frisk\\\/#breadcrumb\",\"itemListElement\":[{\"@type\":\"ListItem\",\"position\":1,\"name\":\"Forside\",\"item\":\"https:\\\/\\\/kreftforeningen.no\\\/vardesenteret\\\/\"},{\"@type\":\"ListItem\",\"position\":2,\"name\":\"Tilbud\",\"item\":\"https:\\\/\\\/kreftforeningen.no\\\/vardesenteret\\\/tilbud\\\/\"},{\"@type\":\"ListItem\",\"position\":3,\"name\":\"Temakveld: Rehabilitering etter kreftbehandling; Frisk men ikke frisk\"}]},{\"@type\":\"WebSite\",\"@id\":\"https:\\\/\\\/kreftforeningen.no\\\/vardesenteret\\\/#website\",\"url\":\"https:\\\/\\\/kreftforeningen.no\\\/vardesenteret\\\/\",\"name\":\"Vardesenteret\",\"description\":\"\",\"publisher\":{\"@id\":\"https:\\\/\\\/kreftforeningen.no\\\/vardesenteret\\\/#organization\"},\"potentialAction\":[{\"@type\":\"SearchAction\",\"target\":{\"@type\":\"EntryPoint\",\"urlTemplate\":\"https:\\\/\\\/kreftforeningen.no\\\/vardesenteret\\\/?s={search_term_string}\"},\"query-input\":{\"@type\":\"PropertyValueSpecification\",\"valueRequired\":true,\"valueName\":\"search_term_string\"}}],\"inLanguage\":\"nb-NO\"},{\"@type\":\"Organization\",\"@id\":\"https:\\\/\\\/kreftforeningen.no\\\/vardesenteret\\\/#organization\",\"name\":\"Vardesenteret\",\"url\":\"https:\\\/\\\/kreftforeningen.no\\\/vardesenteret\\\/\",\"logo\":{\"@type\":\"ImageObject\",\"inLanguage\":\"nb-NO\",\"@id\":\"https:\\\/\\\/kreftforeningen.no\\\/vardesenteret\\\/#\\\/schema\\\/logo\\\/image\\\/\",\"url\":\"https:\\\/\\\/kreftforeningen.no\\\/content\\\/uploads\\\/2026\\\/02\\\/cropped-Vardesenter_signatur_sort_horisontal_uten-undertekst-e1589886700835.png\",\"contentUrl\":\"https:\\\/\\\/kreftforeningen.no\\\/content\\\/uploads\\\/2026\\\/02\\\/cropped-Vardesenter_signatur_sort_horisontal_uten-undertekst-e1589886700835.png\",\"caption\":\"Vardesenteret\"},\"image\":{\"@id\":\"https:\\\/\\\/kreftforeningen.no\\\/vardesenteret\\\/#\\\/schema\\\/logo\\\/image\\\/\"}}]}<\/script>\n<!-- \/ Yoast SEO Premium plugin. -->","yoast_head_json":{"title":"Temakveld: Rehabilitering etter kreftbehandling; Frisk men ikke frisk - Vardesenteret","robots":{"index":"index","follow":"follow","max-snippet":"max-snippet:-1","max-image-preview":"max-image-preview:large","max-video-preview":"max-video-preview:-1"},"canonical":"https:\/\/kreftforeningen.no\/vardesenteret\/tilbud\/temakveld-rehabilitering-etter-kreftbehandling-frisk-men-ikke-frisk\/","og_locale":"nb_NO","og_type":"article","og_title":"Temakveld: Rehabilitering etter kreftbehandling; Frisk men ikke frisk","og_description":"Velkommen til temakveld p\u00e5 Vardesenteret onsdag 21. januar kl. 18:00-19:00. For mange samsvarer ikke begrepet \u2018frisk\u2019 med den opplevelsen man har etter \u00e5 ha gjennomg\u00e5tt kreftbehandling. Kroppen er endret, f\u00f8lelseslivet er endret, og for mange kreftpasienter blir hverdagen aldri helt den samme. Likevel m\u00f8ter mange en forventning \u2013 fra familie, venner, arbeidsplassen og ikke minst [&hellip;]","og_url":"https:\/\/kreftforeningen.no\/vardesenteret\/tilbud\/temakveld-rehabilitering-etter-kreftbehandling-frisk-men-ikke-frisk\/","og_site_name":"Vardesenteret","article_published_time":"2026-01-16T08:23:19+00:00","article_modified_time":"2026-01-16T08:24:05+00:00","og_image":[{"width":947,"height":947,"url":"https:\/\/kreftforeningen.no\/content\/uploads\/2026\/01\/Karen-Gissum-2024-kvadratisk.jpg","type":"image\/jpeg"}],"twitter_card":"summary_large_image","twitter_misc":{"Ansl. lesetid":"2 minutter"},"schema":{"@context":"https:\/\/schema.org","@graph":[{"@type":"WebPage","@id":"https:\/\/kreftforeningen.no\/vardesenteret\/tilbud\/temakveld-rehabilitering-etter-kreftbehandling-frisk-men-ikke-frisk\/","url":"https:\/\/kreftforeningen.no\/vardesenteret\/tilbud\/temakveld-rehabilitering-etter-kreftbehandling-frisk-men-ikke-frisk\/","name":"Temakveld: Rehabilitering etter kreftbehandling; Frisk men ikke frisk - Vardesenteret","isPartOf":{"@id":"https:\/\/kreftforeningen.no\/vardesenteret\/#website"},"primaryImageOfPage":{"@id":"https:\/\/kreftforeningen.no\/vardesenteret\/tilbud\/temakveld-rehabilitering-etter-kreftbehandling-frisk-men-ikke-frisk\/#primaryimage"},"image":{"@id":"https:\/\/kreftforeningen.no\/vardesenteret\/tilbud\/temakveld-rehabilitering-etter-kreftbehandling-frisk-men-ikke-frisk\/#primaryimage"},"thumbnailUrl":"https:\/\/kreftforeningen.no\/content\/uploads\/2026\/01\/Karen-Gissum-2024-kvadratisk.jpg","datePublished":"2026-01-16T08:23:19+00:00","dateModified":"2026-01-16T08:24:05+00:00","breadcrumb":{"@id":"https:\/\/kreftforeningen.no\/vardesenteret\/tilbud\/temakveld-rehabilitering-etter-kreftbehandling-frisk-men-ikke-frisk\/#breadcrumb"},"inLanguage":"nb-NO","potentialAction":[{"@type":"ReadAction","target":["https:\/\/kreftforeningen.no\/vardesenteret\/tilbud\/temakveld-rehabilitering-etter-kreftbehandling-frisk-men-ikke-frisk\/"]}]},{"@type":"ImageObject","inLanguage":"nb-NO","@id":"https:\/\/kreftforeningen.no\/vardesenteret\/tilbud\/temakveld-rehabilitering-etter-kreftbehandling-frisk-men-ikke-frisk\/#primaryimage","url":"https:\/\/kreftforeningen.no\/content\/uploads\/2026\/01\/Karen-Gissum-2024-kvadratisk.jpg","contentUrl":"https:\/\/kreftforeningen.no\/content\/uploads\/2026\/01\/Karen-Gissum-2024-kvadratisk.jpg"},{"@type":"BreadcrumbList","@id":"https:\/\/kreftforeningen.no\/vardesenteret\/tilbud\/temakveld-rehabilitering-etter-kreftbehandling-frisk-men-ikke-frisk\/#breadcrumb","itemListElement":[{"@type":"ListItem","position":1,"name":"Forside","item":"https:\/\/kreftforeningen.no\/vardesenteret\/"},{"@type":"ListItem","position":2,"name":"Tilbud","item":"https:\/\/kreftforeningen.no\/vardesenteret\/tilbud\/"},{"@type":"ListItem","position":3,"name":"Temakveld: Rehabilitering etter kreftbehandling; Frisk men ikke frisk"}]},{"@type":"WebSite","@id":"https:\/\/kreftforeningen.no\/vardesenteret\/#website","url":"https:\/\/kreftforeningen.no\/vardesenteret\/","name":"Vardesenteret","description":"","publisher":{"@id":"https:\/\/kreftforeningen.no\/vardesenteret\/#organization"},"potentialAction":[{"@type":"SearchAction","target":{"@type":"EntryPoint","urlTemplate":"https:\/\/kreftforeningen.no\/vardesenteret\/?s={search_term_string}"},"query-input":{"@type":"PropertyValueSpecification","valueRequired":true,"valueName":"search_term_string"}}],"inLanguage":"nb-NO"},{"@type":"Organization","@id":"https:\/\/kreftforeningen.no\/vardesenteret\/#organization","name":"Vardesenteret","url":"https:\/\/kreftforeningen.no\/vardesenteret\/","logo":{"@type":"ImageObject","inLanguage":"nb-NO","@id":"https:\/\/kreftforeningen.no\/vardesenteret\/#\/schema\/logo\/image\/","url":"https:\/\/kreftforeningen.no\/content\/uploads\/2026\/02\/cropped-Vardesenter_signatur_sort_horisontal_uten-undertekst-e1589886700835.png","contentUrl":"https:\/\/kreftforeningen.no\/content\/uploads\/2026\/02\/cropped-Vardesenter_signatur_sort_horisontal_uten-undertekst-e1589886700835.png","caption":"Vardesenteret"},"image":{"@id":"https:\/\/kreftforeningen.no\/vardesenteret\/#\/schema\/logo\/image\/"}}]}},"_links":{"self":[{"href":"https:\/\/kreftforeningen.no\/vardesenteret\/wp-json\/wp\/v2\/service\/9603","targetHints":{"allow":["GET"]}}],"collection":[{"href":"https:\/\/kreftforeningen.no\/vardesenteret\/wp-json\/wp\/v2\/service"}],"about":[{"href":"https:\/\/kreftforeningen.no\/vardesenteret\/wp-json\/wp\/v2\/types\/service"}],"author":[{"embeddable":true,"href":"https:\/\/kreftforeningen.no\/vardesenteret\/wp-json\/wp\/v2\/users\/71"}],"version-history":[{"count":1,"href":"https:\/\/kreftforeningen.no\/vardesenteret\/wp-json\/wp\/v2\/service\/9603\/revisions"}],"predecessor-version":[{"id":9604,"href":"https:\/\/kreftforeningen.no\/vardesenteret\/wp-json\/wp\/v2\/service\/9603\/revisions\/9604"}],"wp:featuredmedia":[{"embeddable":true,"href":"https:\/\/kreftforeningen.no\/vardesenteret\/wp-json\/"}],"wp:attachment":[{"href":"https:\/\/kreftforeningen.no\/vardesenteret\/wp-json\/wp\/v2\/media?parent=9603"}],"wp:term":[{"taxonomy":"county","embeddable":true,"href":"https:\/\/kreftforeningen.no\/vardesenteret\/wp-json\/wp\/v2\/county?post=9603"},{"taxonomy":"subject","embeddable":true,"href":"https:\/\/kreftforeningen.no\/vardesenteret\/wp-json\/wp\/v2\/subject?post=9603"}],"curies":[{"name":"wp","href":"https:\/\/api.w.org\/{rel}","templated":true}]}}