{"id":9605,"date":"2026-01-16T13:27:37","date_gmt":"2026-01-16T12:27:37","guid":{"rendered":"https:\/\/kreftforeningen.no\/vardesenteret\/?post_type=service&#038;p=9605"},"modified":"2026-03-10T09:22:14","modified_gmt":"2026-03-10T08:22:14","slug":"temakafe-for-kreftpasienter-og-parorende-tema-presentasjon-av-verdighetssenteret-og-kurset-sistehjelp","status":"publish","type":"service","link":"https:\/\/kreftforeningen.no\/vardesenteret\/tilbud\/temakafe-for-kreftpasienter-og-parorende-tema-presentasjon-av-verdighetssenteret-og-kurset-sistehjelp\/","title":{"rendered":"Temakaf\u00e9 for kreftpasienter og p\u00e5r\u00f8rende Tema: Poliklinikk for seneffekter etter kreftbehandling"},"content":{"rendered":"\n\n\n<div class=\"wp-block-kf-ingress\"><div class=\"kf-header__ingress\"><p>P\u00e5 temakafeen f\u00e5r du mer informasjon omn v\u00e5rt tilbud og litt om de vanligste seneffektene v\/ kreftsykepleierne Beate Hatlenes og Janita Svinden  <\/p><\/div><\/div>\n\n\n\n<p>Tid: Tirsdag 24. februar kl. 12:00-14:00<br>Sted: Vardesenteret<\/p>\n\n\n\n<p>Temakaf\u00e9 er et uformelt m\u00f8tested for b\u00e5de kreftpasienter, p\u00e5r\u00f8rende og etterlatte. P\u00e5 temakafeen tar v iopp ulike temaer om kreft og det \u00e5 leve med kreft. Det blir srvert kaffe, te, og noe \u00e5 bite i.<\/p>\n\n\n\n<p>Temakafeen er et samarbeid mellom Bergen kommune og Kreftforeningen. P\u00e5 temakafeen vil du alltid m\u00f8te en av Bergens kreftkoordinatorer, og lege og spesialist i almennmedisin Torstein Ljones. I tillegg er Kreftforeningens fantastiske frivillige tilstede.<\/p>\n\n\n\n<h2 class=\"wp-block-heading\" id=\"h-program-varen-2026\">Program v\u00e5ren 2026<\/h2>\n\n\n\n<p>Tirsdag 21. april kl. 12:00-14:00<br>Tema: Protonbehandling<\/p>\n\n\n\n<p>Tirsdag 5. mai kl. 12:00-14:00<br>Tema: Kommer<\/p>\n\n\n\n<p>Tirsdag 16. juni kl. 12:00-14:00<br>Tema: Kommer&nbsp;<\/p>\n\n\n\n<p>Har du sp\u00f8rsm\u00e5l, ta kontakt med kreftkoordinatorene i Bergen kommune p\u00e5 408 03 883 eller epost:&nbsp;<a href=\"mailto:kreftkoordinator@bergen.kommune.no\">kreftkoordinator@bergen.kommune.no<\/a><\/p>\n\n\n\n<p>Det er ingen p\u00e5melding \u2013 du er alltid hjertelig velkommen.<\/p>\n\n\n<div class=\"wp-block-kf-event-info \">\n\t\t\t<div class=\"top-text\">\n\t\t\t\tTemakaf\u00e9 for kreftpasienter og p\u00e5r\u00f8rende \n\t\t\t<\/div>\n\t\t\t<p class=\"date\"><svg xmlns=\"http:\/\/www.w3.org\/2000\/svg\" width=\"24\" height=\"24\" viewBox=\"0 0 24 24\" fill=\"none\" stroke=\"currentColor\" stroke-width=\"2\" stroke-linecap=\"round\" stroke-linejoin=\"round\" class=\"lucide lucide-clock-icon lucide-clock\"><path d=\"M12 6v6l4 2\"\/><circle cx=\"12\" cy=\"12\" r=\"10\"\/><\/svg> 10. mar. 12.00\u201314.00<\/p>\n\t\t\t<p class=\"location\"><svg xmlns=\"http:\/\/www.w3.org\/2000\/svg\" width=\"24\" height=\"24\" viewBox=\"0 0 24 24\" fill=\"none\" stroke=\"currentColor\" stroke-width=\"2\" stroke-linecap=\"round\" stroke-linejoin=\"round\" class=\"lucide lucide-map-pin-icon lucide-map-pin\"><path d=\"M20 10c0 4.993-5.539 10.193-7.399 11.799a1 1 0 0 1-1.202 0C9.539 20.193 4 14.993 4 10a8 8 0 0 1 16 0\"\/><circle cx=\"12\" cy=\"10\" r=\"3\"\/><\/svg> <a class=\"link\" href=\"https:\/\/maps.google.com\/?q=Ibsensgate 118, 5052 Bergen\" rel=\"noopener noreferrer\">Ibsensgate 118, 5052 Bergen (google.com)<\/a><\/p>\n\t\t\t<p class=\"ticket\"><svg xmlns=\"http:\/\/www.w3.org\/2000\/svg\" width=\"24\" height=\"24\" viewBox=\"0 0 24 24\" fill=\"none\" stroke=\"currentColor\" stroke-width=\"2\" stroke-linecap=\"round\" stroke-linejoin=\"round\" class=\"lucide lucide-ticket-icon lucide-ticket\"><path d=\"M2 9a3 3 0 0 1 0 6v2a2 2 0 0 0 2 2h16a2 2 0 0 0 2-2v-2a3 3 0 0 1 0-6V7a2 2 0 0 0-2-2H4a2 2 0 0 0-2 2Z\"\/><path d=\"M13 5v2\"\/><path d=\"M13 17v2\"\/><path d=\"M13 11v2\"\/><\/svg> Gratis<\/p>\n\t\t\t\n\t\t\t\n\t\t<\/div>","protected":false},"author":71,"featured_media":204545,"parent":0,"menu_order":0,"template":"","meta":{"_relevanssi_hide_post":"","_relevanssi_hide_content":"","_relevanssi_pin_for_all":"","_relevanssi_pin_keywords":"","_relevanssi_unpin_keywords":"","_relevanssi_related_keywords":"","_relevanssi_related_include_ids":"","_relevanssi_related_exclude_ids":"","_relevanssi_related_no_append":"","_relevanssi_related_not_related":"","_relevanssi_related_posts":"3049,4597,3288,4991,8940,3866","_relevanssi_noindex_reason":"","kf_show_post_date":true,"kf_show_updated_date":false,"kf_show_print_page":false,"kf_show_chapters":false,"kf_show_chapters_expanded":false,"kf_show_post_outdated":true,"kf_toggle_title":false,"kf_is_template":false,"kf_post_authors":[],"teft_cards_label":"VARDESENTERET I BERGEN","teft_cards_image_id":0,"teft_cards_image_focal_point_x":0,"teft_cards_image_focal_point_y":0,"teft_cards_title":"","teft_cards_excerpt":"","kf_service_priority":false,"kf_service_duration":"single","kf_service_date_end":"2026-03-10T14:00:00","kf_service_date_start":"2026-03-10T12:00:00","kf_service_location":"Ibsensgate 118, 5052 Bergen","kf_service_url":"","kf_service_price":"Gratis","kf_service_featured_image_description":"","footnotes":""},"county":[56],"subject":[117,59],"class_list":["post-9605","service","type-service","status-publish","has-post-thumbnail","hentry","county-vestland","subject-foredrag","subject-leve-med-og-etter-kreft"],"yoast_head":"<!-- This site is optimized with the Yoast SEO Premium plugin v27.3 (Yoast SEO v27.4) - https:\/\/yoast.com\/product\/yoast-seo-premium-wordpress\/ -->\n<title>Temakaf\u00e9 for kreftpasienter og p\u00e5r\u00f8rende Tema: Poliklinikk for seneffekter etter kreftbehandling - Vardesenteret<\/title>\n<meta name=\"robots\" content=\"index, follow, max-snippet:-1, max-image-preview:large, max-video-preview:-1\" \/>\n<link rel=\"canonical\" href=\"https:\/\/kreftforeningen.no\/vardesenteret\/tilbud\/temakafe-for-kreftpasienter-og-parorende-tema-presentasjon-av-verdighetssenteret-og-kurset-sistehjelp\/\" \/>\n<meta property=\"og:locale\" content=\"nb_NO\" \/>\n<meta property=\"og:type\" content=\"article\" \/>\n<meta property=\"og:title\" content=\"Temakaf\u00e9 for kreftpasienter og p\u00e5r\u00f8rende Tema: Poliklinikk for seneffekter etter kreftbehandling\" \/>\n<meta property=\"og:description\" content=\"Tid: Tirsdag 24. februar kl. 12:00-14:00Sted: Vardesenteret Temakaf\u00e9 er et uformelt m\u00f8tested for b\u00e5de kreftpasienter, p\u00e5r\u00f8rende og etterlatte. P\u00e5 temakafeen tar v iopp ulike temaer om kreft og det \u00e5 leve med kreft. Det blir srvert kaffe, te, og noe \u00e5 bite i. Temakafeen er et samarbeid mellom Bergen kommune og Kreftforeningen. P\u00e5 temakafeen vil [&hellip;]\" \/>\n<meta property=\"og:url\" content=\"https:\/\/kreftforeningen.no\/vardesenteret\/tilbud\/temakafe-for-kreftpasienter-og-parorende-tema-presentasjon-av-verdighetssenteret-og-kurset-sistehjelp\/\" \/>\n<meta property=\"og:site_name\" content=\"Vardesenteret\" \/>\n<meta property=\"article:published_time\" content=\"2026-01-16T12:27:37+00:00\" \/>\n<meta property=\"article:modified_time\" content=\"2026-03-10T08:22:14+00:00\" \/>\n<meta property=\"og:image\" content=\"https:\/\/kreftforeningen.no\/content\/uploads\/2026\/01\/gammel-doende-i-seng-hender.webp\" \/>\n\t<meta property=\"og:image:width\" content=\"1124\" \/>\n\t<meta property=\"og:image:height\" content=\"900\" \/>\n\t<meta property=\"og:image:type\" content=\"image\/jpeg\" \/>\n<meta name=\"twitter:card\" content=\"summary_large_image\" \/>\n<meta name=\"twitter:label1\" content=\"Ansl. lesetid\" \/>\n\t<meta name=\"twitter:data1\" content=\"2 minutter\" \/>\n<script type=\"application\/ld+json\" class=\"yoast-schema-graph\">{\"@context\":\"https:\\\/\\\/schema.org\",\"@graph\":[{\"@type\":\"WebPage\",\"@id\":\"https:\\\/\\\/kreftforeningen.no\\\/vardesenteret\\\/tilbud\\\/temakafe-for-kreftpasienter-og-parorende-tema-presentasjon-av-verdighetssenteret-og-kurset-sistehjelp\\\/\",\"url\":\"https:\\\/\\\/kreftforeningen.no\\\/vardesenteret\\\/tilbud\\\/temakafe-for-kreftpasienter-og-parorende-tema-presentasjon-av-verdighetssenteret-og-kurset-sistehjelp\\\/\",\"name\":\"Temakaf\u00e9 for kreftpasienter og p\u00e5r\u00f8rende Tema: Poliklinikk for seneffekter etter kreftbehandling - Vardesenteret\",\"isPartOf\":{\"@id\":\"https:\\\/\\\/kreftforeningen.no\\\/vardesenteret\\\/#website\"},\"primaryImageOfPage\":{\"@id\":\"https:\\\/\\\/kreftforeningen.no\\\/vardesenteret\\\/tilbud\\\/temakafe-for-kreftpasienter-og-parorende-tema-presentasjon-av-verdighetssenteret-og-kurset-sistehjelp\\\/#primaryimage\"},\"image\":{\"@id\":\"https:\\\/\\\/kreftforeningen.no\\\/vardesenteret\\\/tilbud\\\/temakafe-for-kreftpasienter-og-parorende-tema-presentasjon-av-verdighetssenteret-og-kurset-sistehjelp\\\/#primaryimage\"},\"thumbnailUrl\":\"https:\\\/\\\/kreftforeningen.no\\\/content\\\/uploads\\\/2026\\\/01\\\/gammel-doende-i-seng-hender.webp\",\"datePublished\":\"2026-01-16T12:27:37+00:00\",\"dateModified\":\"2026-03-10T08:22:14+00:00\",\"breadcrumb\":{\"@id\":\"https:\\\/\\\/kreftforeningen.no\\\/vardesenteret\\\/tilbud\\\/temakafe-for-kreftpasienter-og-parorende-tema-presentasjon-av-verdighetssenteret-og-kurset-sistehjelp\\\/#breadcrumb\"},\"inLanguage\":\"nb-NO\",\"potentialAction\":[{\"@type\":\"ReadAction\",\"target\":[\"https:\\\/\\\/kreftforeningen.no\\\/vardesenteret\\\/tilbud\\\/temakafe-for-kreftpasienter-og-parorende-tema-presentasjon-av-verdighetssenteret-og-kurset-sistehjelp\\\/\"]}]},{\"@type\":\"ImageObject\",\"inLanguage\":\"nb-NO\",\"@id\":\"https:\\\/\\\/kreftforeningen.no\\\/vardesenteret\\\/tilbud\\\/temakafe-for-kreftpasienter-og-parorende-tema-presentasjon-av-verdighetssenteret-og-kurset-sistehjelp\\\/#primaryimage\",\"url\":\"https:\\\/\\\/kreftforeningen.no\\\/content\\\/uploads\\\/2026\\\/01\\\/gammel-doende-i-seng-hender.webp\",\"contentUrl\":\"https:\\\/\\\/kreftforeningen.no\\\/content\\\/uploads\\\/2026\\\/01\\\/gammel-doende-i-seng-hender.webp\"},{\"@type\":\"BreadcrumbList\",\"@id\":\"https:\\\/\\\/kreftforeningen.no\\\/vardesenteret\\\/tilbud\\\/temakafe-for-kreftpasienter-og-parorende-tema-presentasjon-av-verdighetssenteret-og-kurset-sistehjelp\\\/#breadcrumb\",\"itemListElement\":[{\"@type\":\"ListItem\",\"position\":1,\"name\":\"Forside\",\"item\":\"https:\\\/\\\/kreftforeningen.no\\\/vardesenteret\\\/\"},{\"@type\":\"ListItem\",\"position\":2,\"name\":\"Tilbud\",\"item\":\"https:\\\/\\\/kreftforeningen.no\\\/vardesenteret\\\/tilbud\\\/\"},{\"@type\":\"ListItem\",\"position\":3,\"name\":\"Temakaf\u00e9 for kreftpasienter og p\u00e5r\u00f8rende Tema: Poliklinikk for seneffekter etter kreftbehandling\"}]},{\"@type\":\"WebSite\",\"@id\":\"https:\\\/\\\/kreftforeningen.no\\\/vardesenteret\\\/#website\",\"url\":\"https:\\\/\\\/kreftforeningen.no\\\/vardesenteret\\\/\",\"name\":\"Vardesenteret\",\"description\":\"\",\"publisher\":{\"@id\":\"https:\\\/\\\/kreftforeningen.no\\\/vardesenteret\\\/#organization\"},\"potentialAction\":[{\"@type\":\"SearchAction\",\"target\":{\"@type\":\"EntryPoint\",\"urlTemplate\":\"https:\\\/\\\/kreftforeningen.no\\\/vardesenteret\\\/?s={search_term_string}\"},\"query-input\":{\"@type\":\"PropertyValueSpecification\",\"valueRequired\":true,\"valueName\":\"search_term_string\"}}],\"inLanguage\":\"nb-NO\"},{\"@type\":\"Organization\",\"@id\":\"https:\\\/\\\/kreftforeningen.no\\\/vardesenteret\\\/#organization\",\"name\":\"Vardesenteret\",\"url\":\"https:\\\/\\\/kreftforeningen.no\\\/vardesenteret\\\/\",\"logo\":{\"@type\":\"ImageObject\",\"inLanguage\":\"nb-NO\",\"@id\":\"https:\\\/\\\/kreftforeningen.no\\\/vardesenteret\\\/#\\\/schema\\\/logo\\\/image\\\/\",\"url\":\"https:\\\/\\\/kreftforeningen.no\\\/content\\\/uploads\\\/2026\\\/02\\\/cropped-Vardesenter_signatur_sort_horisontal_uten-undertekst-e1589886700835.png\",\"contentUrl\":\"https:\\\/\\\/kreftforeningen.no\\\/content\\\/uploads\\\/2026\\\/02\\\/cropped-Vardesenter_signatur_sort_horisontal_uten-undertekst-e1589886700835.png\",\"caption\":\"Vardesenteret\"},\"image\":{\"@id\":\"https:\\\/\\\/kreftforeningen.no\\\/vardesenteret\\\/#\\\/schema\\\/logo\\\/image\\\/\"}}]}<\/script>\n<!-- \/ Yoast SEO Premium plugin. -->","yoast_head_json":{"title":"Temakaf\u00e9 for kreftpasienter og p\u00e5r\u00f8rende Tema: Poliklinikk for seneffekter etter kreftbehandling - Vardesenteret","robots":{"index":"index","follow":"follow","max-snippet":"max-snippet:-1","max-image-preview":"max-image-preview:large","max-video-preview":"max-video-preview:-1"},"canonical":"https:\/\/kreftforeningen.no\/vardesenteret\/tilbud\/temakafe-for-kreftpasienter-og-parorende-tema-presentasjon-av-verdighetssenteret-og-kurset-sistehjelp\/","og_locale":"nb_NO","og_type":"article","og_title":"Temakaf\u00e9 for kreftpasienter og p\u00e5r\u00f8rende Tema: Poliklinikk for seneffekter etter kreftbehandling","og_description":"Tid: Tirsdag 24. februar kl. 12:00-14:00Sted: Vardesenteret Temakaf\u00e9 er et uformelt m\u00f8tested for b\u00e5de kreftpasienter, p\u00e5r\u00f8rende og etterlatte. P\u00e5 temakafeen tar v iopp ulike temaer om kreft og det \u00e5 leve med kreft. Det blir srvert kaffe, te, og noe \u00e5 bite i. Temakafeen er et samarbeid mellom Bergen kommune og Kreftforeningen. P\u00e5 temakafeen vil [&hellip;]","og_url":"https:\/\/kreftforeningen.no\/vardesenteret\/tilbud\/temakafe-for-kreftpasienter-og-parorende-tema-presentasjon-av-verdighetssenteret-og-kurset-sistehjelp\/","og_site_name":"Vardesenteret","article_published_time":"2026-01-16T12:27:37+00:00","article_modified_time":"2026-03-10T08:22:14+00:00","og_image":[{"width":1124,"height":900,"url":"https:\/\/kreftforeningen.no\/content\/uploads\/2026\/01\/gammel-doende-i-seng-hender.webp","type":"image\/jpeg"}],"twitter_card":"summary_large_image","twitter_misc":{"Ansl. lesetid":"2 minutter"},"schema":{"@context":"https:\/\/schema.org","@graph":[{"@type":"WebPage","@id":"https:\/\/kreftforeningen.no\/vardesenteret\/tilbud\/temakafe-for-kreftpasienter-og-parorende-tema-presentasjon-av-verdighetssenteret-og-kurset-sistehjelp\/","url":"https:\/\/kreftforeningen.no\/vardesenteret\/tilbud\/temakafe-for-kreftpasienter-og-parorende-tema-presentasjon-av-verdighetssenteret-og-kurset-sistehjelp\/","name":"Temakaf\u00e9 for kreftpasienter og p\u00e5r\u00f8rende Tema: Poliklinikk for seneffekter etter kreftbehandling - Vardesenteret","isPartOf":{"@id":"https:\/\/kreftforeningen.no\/vardesenteret\/#website"},"primaryImageOfPage":{"@id":"https:\/\/kreftforeningen.no\/vardesenteret\/tilbud\/temakafe-for-kreftpasienter-og-parorende-tema-presentasjon-av-verdighetssenteret-og-kurset-sistehjelp\/#primaryimage"},"image":{"@id":"https:\/\/kreftforeningen.no\/vardesenteret\/tilbud\/temakafe-for-kreftpasienter-og-parorende-tema-presentasjon-av-verdighetssenteret-og-kurset-sistehjelp\/#primaryimage"},"thumbnailUrl":"https:\/\/kreftforeningen.no\/content\/uploads\/2026\/01\/gammel-doende-i-seng-hender.webp","datePublished":"2026-01-16T12:27:37+00:00","dateModified":"2026-03-10T08:22:14+00:00","breadcrumb":{"@id":"https:\/\/kreftforeningen.no\/vardesenteret\/tilbud\/temakafe-for-kreftpasienter-og-parorende-tema-presentasjon-av-verdighetssenteret-og-kurset-sistehjelp\/#breadcrumb"},"inLanguage":"nb-NO","potentialAction":[{"@type":"ReadAction","target":["https:\/\/kreftforeningen.no\/vardesenteret\/tilbud\/temakafe-for-kreftpasienter-og-parorende-tema-presentasjon-av-verdighetssenteret-og-kurset-sistehjelp\/"]}]},{"@type":"ImageObject","inLanguage":"nb-NO","@id":"https:\/\/kreftforeningen.no\/vardesenteret\/tilbud\/temakafe-for-kreftpasienter-og-parorende-tema-presentasjon-av-verdighetssenteret-og-kurset-sistehjelp\/#primaryimage","url":"https:\/\/kreftforeningen.no\/content\/uploads\/2026\/01\/gammel-doende-i-seng-hender.webp","contentUrl":"https:\/\/kreftforeningen.no\/content\/uploads\/2026\/01\/gammel-doende-i-seng-hender.webp"},{"@type":"BreadcrumbList","@id":"https:\/\/kreftforeningen.no\/vardesenteret\/tilbud\/temakafe-for-kreftpasienter-og-parorende-tema-presentasjon-av-verdighetssenteret-og-kurset-sistehjelp\/#breadcrumb","itemListElement":[{"@type":"ListItem","position":1,"name":"Forside","item":"https:\/\/kreftforeningen.no\/vardesenteret\/"},{"@type":"ListItem","position":2,"name":"Tilbud","item":"https:\/\/kreftforeningen.no\/vardesenteret\/tilbud\/"},{"@type":"ListItem","position":3,"name":"Temakaf\u00e9 for kreftpasienter og p\u00e5r\u00f8rende Tema: Poliklinikk for seneffekter etter kreftbehandling"}]},{"@type":"WebSite","@id":"https:\/\/kreftforeningen.no\/vardesenteret\/#website","url":"https:\/\/kreftforeningen.no\/vardesenteret\/","name":"Vardesenteret","description":"","publisher":{"@id":"https:\/\/kreftforeningen.no\/vardesenteret\/#organization"},"potentialAction":[{"@type":"SearchAction","target":{"@type":"EntryPoint","urlTemplate":"https:\/\/kreftforeningen.no\/vardesenteret\/?s={search_term_string}"},"query-input":{"@type":"PropertyValueSpecification","valueRequired":true,"valueName":"search_term_string"}}],"inLanguage":"nb-NO"},{"@type":"Organization","@id":"https:\/\/kreftforeningen.no\/vardesenteret\/#organization","name":"Vardesenteret","url":"https:\/\/kreftforeningen.no\/vardesenteret\/","logo":{"@type":"ImageObject","inLanguage":"nb-NO","@id":"https:\/\/kreftforeningen.no\/vardesenteret\/#\/schema\/logo\/image\/","url":"https:\/\/kreftforeningen.no\/content\/uploads\/2026\/02\/cropped-Vardesenter_signatur_sort_horisontal_uten-undertekst-e1589886700835.png","contentUrl":"https:\/\/kreftforeningen.no\/content\/uploads\/2026\/02\/cropped-Vardesenter_signatur_sort_horisontal_uten-undertekst-e1589886700835.png","caption":"Vardesenteret"},"image":{"@id":"https:\/\/kreftforeningen.no\/vardesenteret\/#\/schema\/logo\/image\/"}}]}},"_links":{"self":[{"href":"https:\/\/kreftforeningen.no\/vardesenteret\/wp-json\/wp\/v2\/service\/9605","targetHints":{"allow":["GET"]}}],"collection":[{"href":"https:\/\/kreftforeningen.no\/vardesenteret\/wp-json\/wp\/v2\/service"}],"about":[{"href":"https:\/\/kreftforeningen.no\/vardesenteret\/wp-json\/wp\/v2\/types\/service"}],"author":[{"embeddable":true,"href":"https:\/\/kreftforeningen.no\/vardesenteret\/wp-json\/wp\/v2\/users\/71"}],"version-history":[{"count":2,"href":"https:\/\/kreftforeningen.no\/vardesenteret\/wp-json\/wp\/v2\/service\/9605\/revisions"}],"predecessor-version":[{"id":9998,"href":"https:\/\/kreftforeningen.no\/vardesenteret\/wp-json\/wp\/v2\/service\/9605\/revisions\/9998"}],"wp:featuredmedia":[{"embeddable":true,"href":"https:\/\/kreftforeningen.no\/vardesenteret\/wp-json\/"}],"wp:attachment":[{"href":"https:\/\/kreftforeningen.no\/vardesenteret\/wp-json\/wp\/v2\/media?parent=9605"}],"wp:term":[{"taxonomy":"county","embeddable":true,"href":"https:\/\/kreftforeningen.no\/vardesenteret\/wp-json\/wp\/v2\/county?post=9605"},{"taxonomy":"subject","embeddable":true,"href":"https:\/\/kreftforeningen.no\/vardesenteret\/wp-json\/wp\/v2\/subject?post=9605"}],"curies":[{"name":"wp","href":"https:\/\/api.w.org\/{rel}","templated":true}]}}